
{"id":10153,"date":"2019-08-29T16:12:56","date_gmt":"2019-08-29T14:12:56","guid":{"rendered":"http:\/\/www.comercialanma.es\/?post_type=product&#038;p=10153"},"modified":"2019-08-29T16:21:47","modified_gmt":"2019-08-29T14:21:47","slug":"cava-gran-juve-camps-brut-75cl","status":"publish","type":"product","link":"https:\/\/www.comercialanma.es\/?product=cava-gran-juve-camps-brut-75cl","title":{"rendered":"Cava Gran Juve &#038; Camps Brut  75cl."},"content":{"rendered":"<h3>D.O.:<\/h3>\n<ul>\n<li>Cava<\/li>\n<\/ul>\n<h3>Variedad:<\/h3>\n<ul>\n<li>Macabeo, Xarel\u00b7lo, Parellada y Chardonnay.<\/li>\n<\/ul>\n<h3>Nota de cata:<\/h3>\n<ul>\n<li>Cava de un expresivo color dorado que mantiene tonalidades p\u00e1lidas, a pesar de su larga crianza.<\/li>\n<li>Su aroma es penetrante, complejo, alegre y muy fresco.<\/li>\n<li>Una vez en la boca, se muestra intenso, sugerente y sumamente agradable.<\/li>\n<li>Graduaci\u00f3n: 12% vol.<\/li>\n<\/ul>\n","protected":false},"excerpt":{"rendered":"<p><span lang=\"es\"><span title=\"\">Gran<\/span> <span title=\"\">Juv\u00e9 y Camps<\/span> <span title=\"\">gran<\/span> <span title=\"\">reserva<\/span> <span title=\"\">bruto es<\/span><span title=\"\">,<\/span> <span title=\"\">quiz\u00e1s<\/span> <span title=\"\">el cava m\u00e1s<\/span> <span title=\"\">emblem\u00e1tico<\/span> <span title=\"\">de<\/span> <span title=\"\">una de las bodegas<\/span> <span title=\"\">m\u00e1s<\/span> <span title=\"\">cl\u00e1sicos<\/span> <span title=\"\">y<\/span> <span title=\"\">representativos de la<\/span> <span title=\"\">D.O.<\/span> <span title=\"\">Cava<\/span> <span title=\"\">situado<\/span> <span title=\"\">en Sant<\/span> <span title=\"\">Sadurn\u00ed<\/span> <span title=\"\">d&#8217;Anoia.<\/span> <span title=\"\">Su<\/span> <span title=\"\">elaboraci\u00f3n<\/span> <span title=\"\">est\u00e1 rigurosamente<\/span> <span title=\"\">limitada<\/span> <span title=\"\">a los grandes<\/span> <span title=\"\">vinos<\/span> <span title=\"\">procedentes<\/span> <span title=\"\">de cosechas<\/span> <span title=\"\">excepcionales<\/span><span title=\"\">,<\/span> <span title=\"\">obtenidas<\/span> <span title=\"\">en su<\/span> <span title=\"\">Propiedad<\/span> <span title=\"\">de Espiells<\/span><span title=\"\">.<\/span> <span title=\"\">Permanece un<\/span> <span title=\"\">m\u00ednimo de<\/span> <span title=\"\">42 meses<\/span> <span title=\"\">de rima<\/span> <span title=\"\">en las cavas<\/span> <span title=\"\">antes del<\/span> <span title=\"\">deg\u00fcello.<\/span><\/span><\/p>\n","protected":false},"featured_media":10155,"template":"","meta":{"spay_email":""},"yoast_head":"<!-- This site is optimized with the Yoast SEO plugin v15.9 - https:\/\/yoast.com\/wordpress\/plugins\/seo\/ -->\n<title>Cava Gran Juve &amp; Camps Brut 75cl. - Comercial de Hosteleria Anma<\/title>\n<meta name=\"robots\" content=\"index, follow, max-snippet:-1, max-image-preview:large, max-video-preview:-1\" \/>\n<link rel=\"canonical\" href=\"https:\/\/www.comercialanma.es\/?product=cava-gran-juve-camps-brut-75cl\" \/>\n<meta property=\"og:locale\" content=\"es_ES\" \/>\n<meta property=\"og:type\" content=\"article\" \/>\n<meta property=\"og:title\" content=\"Cava Gran Juve &amp; Camps Brut 75cl. - Comercial de Hosteleria Anma\" \/>\n<meta property=\"og:description\" content=\"Gran Juv\u00e9 y Camps gran reserva bruto es, quiz\u00e1s el cava m\u00e1s emblem\u00e1tico de una de las bodegas m\u00e1s cl\u00e1sicos y representativos de la D.O. Cava situado en Sant Sadurn\u00ed d&#039;Anoia. Su elaboraci\u00f3n est\u00e1 rigurosamente limitada a los grandes vinos procedentes de cosechas excepcionales, obtenidas en su Propiedad de Espiells. Permanece un m\u00ednimo de 42 meses de rima en las cavas antes del deg\u00fcello.\" \/>\n<meta property=\"og:url\" content=\"https:\/\/www.comercialanma.es\/?product=cava-gran-juve-camps-brut-75cl\" \/>\n<meta property=\"og:site_name\" content=\"Comercial de Hosteleria Anma\" \/>\n<meta property=\"article:publisher\" content=\"https:\/\/www.facebook.com\/AnmaHosteleria\" \/>\n<meta property=\"article:modified_time\" content=\"2019-08-29T14:21:47+00:00\" \/>\n<meta property=\"og:image\" content=\"https:\/\/i1.wp.com\/www.comercialanma.es\/wp-content\/uploads\/2019\/08\/Gran-Juve-Camps-Brut.jpg?fit=1200%2C1200&#038;ssl=1\" \/>\n\t<meta property=\"og:image:width\" content=\"1200\" \/>\n\t<meta property=\"og:image:height\" content=\"1200\" \/>\n<meta name=\"twitter:card\" content=\"summary_large_image\" \/>\n<script type=\"application\/ld+json\" class=\"yoast-schema-graph\">{\"@context\":\"https:\/\/schema.org\",\"@graph\":[{\"@type\":\"Organization\",\"@id\":\"https:\/\/www.comercialanma.es\/#organization\",\"name\":\"Comercial Anma\",\"url\":\"https:\/\/www.comercialanma.es\/\",\"sameAs\":[\"https:\/\/www.facebook.com\/AnmaHosteleria\",\"https:\/\/www.instagram.com\/anmahosteleria\/?hl=es\",\"https:\/\/www.youtube.com\/channel\/UCT2nmn08Ntks0hmpZPnDgCA\"],\"logo\":{\"@type\":\"ImageObject\",\"@id\":\"https:\/\/www.comercialanma.es\/#logo\",\"inLanguage\":\"es\",\"url\":\"https:\/\/i2.wp.com\/www.comercialanma.es\/wp-content\/uploads\/2019\/06\/logo-anma-color.png?fit=247%2C101&ssl=1\",\"width\":247,\"height\":101,\"caption\":\"Comercial Anma\"},\"image\":{\"@id\":\"https:\/\/www.comercialanma.es\/#logo\"}},{\"@type\":\"WebSite\",\"@id\":\"https:\/\/www.comercialanma.es\/#website\",\"url\":\"https:\/\/www.comercialanma.es\/\",\"name\":\"Comercial de Hosteleria Anma\",\"description\":\"\",\"publisher\":{\"@id\":\"https:\/\/www.comercialanma.es\/#organization\"},\"potentialAction\":[{\"@type\":\"SearchAction\",\"target\":\"https:\/\/www.comercialanma.es\/?s={search_term_string}\",\"query-input\":\"required name=search_term_string\"}],\"inLanguage\":\"es\"},{\"@type\":\"ImageObject\",\"@id\":\"https:\/\/www.comercialanma.es\/?product=cava-gran-juve-camps-brut-75cl#primaryimage\",\"inLanguage\":\"es\",\"url\":\"https:\/\/i1.wp.com\/www.comercialanma.es\/wp-content\/uploads\/2019\/08\/Gran-Juve-Camps-Brut.jpg?fit=1200%2C1200&ssl=1\",\"width\":1200,\"height\":1200},{\"@type\":\"WebPage\",\"@id\":\"https:\/\/www.comercialanma.es\/?product=cava-gran-juve-camps-brut-75cl#webpage\",\"url\":\"https:\/\/www.comercialanma.es\/?product=cava-gran-juve-camps-brut-75cl\",\"name\":\"Cava Gran Juve & Camps Brut 75cl. - Comercial de Hosteleria Anma\",\"isPartOf\":{\"@id\":\"https:\/\/www.comercialanma.es\/#website\"},\"primaryImageOfPage\":{\"@id\":\"https:\/\/www.comercialanma.es\/?product=cava-gran-juve-camps-brut-75cl#primaryimage\"},\"datePublished\":\"2019-08-29T14:12:56+00:00\",\"dateModified\":\"2019-08-29T14:21:47+00:00\",\"breadcrumb\":{\"@id\":\"https:\/\/www.comercialanma.es\/?product=cava-gran-juve-camps-brut-75cl#breadcrumb\"},\"inLanguage\":\"es\",\"potentialAction\":[{\"@type\":\"ReadAction\",\"target\":[\"https:\/\/www.comercialanma.es\/?product=cava-gran-juve-camps-brut-75cl\"]}]},{\"@type\":\"BreadcrumbList\",\"@id\":\"https:\/\/www.comercialanma.es\/?product=cava-gran-juve-camps-brut-75cl#breadcrumb\",\"itemListElement\":[{\"@type\":\"ListItem\",\"position\":1,\"item\":{\"@type\":\"WebPage\",\"@id\":\"https:\/\/www.comercialanma.es\/\",\"url\":\"https:\/\/www.comercialanma.es\/\",\"name\":\"Portada\"}},{\"@type\":\"ListItem\",\"position\":2,\"item\":{\"@type\":\"WebPage\",\"@id\":\"https:\/\/www.comercialanma.es\/?page_id=3963\",\"url\":\"https:\/\/www.comercialanma.es\/?page_id=3963\",\"name\":\"Cat\\u00e1logo de Productos\"}},{\"@type\":\"ListItem\",\"position\":3,\"item\":{\"@type\":\"WebPage\",\"@id\":\"https:\/\/www.comercialanma.es\/?product=cava-gran-juve-camps-brut-75cl\",\"url\":\"https:\/\/www.comercialanma.es\/?product=cava-gran-juve-camps-brut-75cl\",\"name\":\"Cava Gran Juve &#038; Camps Brut 75cl.\"}}]}]}<\/script>\n<!-- \/ Yoast SEO plugin. -->","_links":{"self":[{"href":"https:\/\/www.comercialanma.es\/index.php?rest_route=\/wp\/v2\/product\/10153"}],"collection":[{"href":"https:\/\/www.comercialanma.es\/index.php?rest_route=\/wp\/v2\/product"}],"about":[{"href":"https:\/\/www.comercialanma.es\/index.php?rest_route=\/wp\/v2\/types\/product"}],"version-history":[{"count":2,"href":"https:\/\/www.comercialanma.es\/index.php?rest_route=\/wp\/v2\/product\/10153\/revisions"}],"predecessor-version":[{"id":10157,"href":"https:\/\/www.comercialanma.es\/index.php?rest_route=\/wp\/v2\/product\/10153\/revisions\/10157"}],"wp:featuredmedia":[{"embeddable":true,"href":"https:\/\/www.comercialanma.es\/index.php?rest_route=\/wp\/v2\/media\/10155"}],"wp:attachment":[{"href":"https:\/\/www.comercialanma.es\/index.php?rest_route=%2Fwp%2Fv2%2Fmedia&parent=10153"}],"curies":[{"name":"wp","href":"https:\/\/api.w.org\/{rel}","templated":true}]}}