
{"id":10467,"date":"2019-09-03T11:29:15","date_gmt":"2019-09-03T09:29:15","guid":{"rendered":"http:\/\/www.comercialanma.es\/?post_type=product&#038;p=10467"},"modified":"2023-04-27T12:57:09","modified_gmt":"2023-04-27T10:57:09","slug":"vino-gramona-gessami-blanco-75cl","status":"publish","type":"product","link":"https:\/\/www.comercialanma.es\/?product=vino-gramona-gessami-blanco-75cl","title":{"rendered":"Vino Gramona Gessam\u00ed Blanco 75cl."},"content":{"rendered":"<h3>D.O.:<\/h3>\n<ul>\n<li>Pened\u00e9s<\/li>\n<\/ul>\n<h3>Variedades de uva:<\/h3>\n<ul>\n<li>Moscato de Frontigan, moscato de Alejandr\u00eda, sauvignon blanc y gew\u00fcrztraminer.<\/li>\n<\/ul>\n<h3>Graduaci\u00f3n:<\/h3>\n<ul>\n<li>Graduaci\u00f3n: 11,0% vol.<\/li>\n<\/ul>\n<h3>Nota de cata:<\/h3>\n<ul>\n<li><span class=\"cata_content\">Gramona Gessam\u00ed es un vino blanco ligero, arom\u00e1tico y fresco.<\/span><\/li>\n<li><span class=\"cata_content\"> Esta a\u00f1ada muy arom\u00e1tica, mucha fruta madura en nariz. <\/span><\/li>\n<li><span class=\"cata_content\">En boca muestra m\u00e1s amplitud, con un final largo y fresco.<\/span><\/li>\n<\/ul>\n","protected":false},"excerpt":{"rendered":"<p><img loading=\"lazy\" class=\"alignnone wp-image-11065\" src=\"http:\/\/www.comercialanma.es\/wp-content\/uploads\/2019\/10\/simbolo-producto-ecologico.jpg\" alt=\"\" width=\"35\" height=\"23\" \/><\/p>\n<p>Gramona Gessam\u00ed es un vino blanco de la D.O. Pened\u00e8s elaborado por Gramona, una bodega fundada en 1881 y que, por lo tanto, cuenta con m\u00e1s de 130 a\u00f1os de experiencia en el mundo vitivin\u00edcola. Actualmente se encuentra al mando del negocio la quinta generaci\u00f3n, que sigue manteniendo la tradici\u00f3n familiar y la filosof\u00eda a partir de la cual han enfocado el trabajo en la bodega a lo largo de los a\u00f1os.<\/p>\n","protected":false},"featured_media":10468,"template":"","meta":{"spay_email":""},"yoast_head":"<!-- This site is optimized with the Yoast SEO plugin v15.9 - https:\/\/yoast.com\/wordpress\/plugins\/seo\/ -->\n<title>Vino Gramona Gessam\u00ed Blanco 75cl. - Comercial de Hosteleria Anma<\/title>\n<meta name=\"robots\" content=\"index, follow, max-snippet:-1, max-image-preview:large, max-video-preview:-1\" \/>\n<link rel=\"canonical\" href=\"https:\/\/www.comercialanma.es\/?product=vino-gramona-gessami-blanco-75cl\" \/>\n<meta property=\"og:locale\" content=\"es_ES\" \/>\n<meta property=\"og:type\" content=\"article\" \/>\n<meta property=\"og:title\" content=\"Vino Gramona Gessam\u00ed Blanco 75cl. - Comercial de Hosteleria Anma\" \/>\n<meta property=\"og:description\" content=\"Gramona Gessam\u00ed es un vino blanco de la D.O. Pened\u00e8s elaborado por Gramona, una bodega fundada en 1881 y que, por lo tanto, cuenta con m\u00e1s de 130 a\u00f1os de experiencia en el mundo vitivin\u00edcola. Actualmente se encuentra al mando del negocio la quinta generaci\u00f3n, que sigue manteniendo la tradici\u00f3n familiar y la filosof\u00eda a partir de la cual han enfocado el trabajo en la bodega a lo largo de los a\u00f1os.\" \/>\n<meta property=\"og:url\" content=\"https:\/\/www.comercialanma.es\/?product=vino-gramona-gessami-blanco-75cl\" \/>\n<meta property=\"og:site_name\" content=\"Comercial de Hosteleria Anma\" \/>\n<meta property=\"article:publisher\" content=\"https:\/\/www.facebook.com\/AnmaHosteleria\" \/>\n<meta property=\"article:modified_time\" content=\"2023-04-27T10:57:09+00:00\" \/>\n<meta property=\"og:image\" content=\"https:\/\/i2.wp.com\/www.comercialanma.es\/wp-content\/uploads\/2019\/09\/Gessami-Blanco.jpg?fit=1200%2C1200&#038;ssl=1\" \/>\n\t<meta property=\"og:image:width\" content=\"1200\" \/>\n\t<meta property=\"og:image:height\" content=\"1200\" \/>\n<meta name=\"twitter:card\" content=\"summary_large_image\" \/>\n<meta name=\"twitter:label1\" content=\"Tiempo de lectura\">\n\t<meta name=\"twitter:data1\" content=\"1 minuto\">\n<script type=\"application\/ld+json\" class=\"yoast-schema-graph\">{\"@context\":\"https:\/\/schema.org\",\"@graph\":[{\"@type\":\"Organization\",\"@id\":\"https:\/\/www.comercialanma.es\/#organization\",\"name\":\"Comercial Anma\",\"url\":\"https:\/\/www.comercialanma.es\/\",\"sameAs\":[\"https:\/\/www.facebook.com\/AnmaHosteleria\",\"https:\/\/www.instagram.com\/anmahosteleria\/?hl=es\",\"https:\/\/www.youtube.com\/channel\/UCT2nmn08Ntks0hmpZPnDgCA\"],\"logo\":{\"@type\":\"ImageObject\",\"@id\":\"https:\/\/www.comercialanma.es\/#logo\",\"inLanguage\":\"es\",\"url\":\"https:\/\/i2.wp.com\/www.comercialanma.es\/wp-content\/uploads\/2019\/06\/logo-anma-color.png?fit=247%2C101&ssl=1\",\"width\":247,\"height\":101,\"caption\":\"Comercial Anma\"},\"image\":{\"@id\":\"https:\/\/www.comercialanma.es\/#logo\"}},{\"@type\":\"WebSite\",\"@id\":\"https:\/\/www.comercialanma.es\/#website\",\"url\":\"https:\/\/www.comercialanma.es\/\",\"name\":\"Comercial de Hosteleria Anma\",\"description\":\"\",\"publisher\":{\"@id\":\"https:\/\/www.comercialanma.es\/#organization\"},\"potentialAction\":[{\"@type\":\"SearchAction\",\"target\":\"https:\/\/www.comercialanma.es\/?s={search_term_string}\",\"query-input\":\"required name=search_term_string\"}],\"inLanguage\":\"es\"},{\"@type\":\"ImageObject\",\"@id\":\"https:\/\/www.comercialanma.es\/?product=vino-gramona-gessami-blanco-75cl#primaryimage\",\"inLanguage\":\"es\",\"url\":\"https:\/\/i2.wp.com\/www.comercialanma.es\/wp-content\/uploads\/2019\/09\/Gessami-Blanco.jpg?fit=1200%2C1200&ssl=1\",\"width\":1200,\"height\":1200},{\"@type\":\"WebPage\",\"@id\":\"https:\/\/www.comercialanma.es\/?product=vino-gramona-gessami-blanco-75cl#webpage\",\"url\":\"https:\/\/www.comercialanma.es\/?product=vino-gramona-gessami-blanco-75cl\",\"name\":\"Vino Gramona Gessam\\u00ed Blanco 75cl. - Comercial de Hosteleria Anma\",\"isPartOf\":{\"@id\":\"https:\/\/www.comercialanma.es\/#website\"},\"primaryImageOfPage\":{\"@id\":\"https:\/\/www.comercialanma.es\/?product=vino-gramona-gessami-blanco-75cl#primaryimage\"},\"datePublished\":\"2019-09-03T09:29:15+00:00\",\"dateModified\":\"2023-04-27T10:57:09+00:00\",\"breadcrumb\":{\"@id\":\"https:\/\/www.comercialanma.es\/?product=vino-gramona-gessami-blanco-75cl#breadcrumb\"},\"inLanguage\":\"es\",\"potentialAction\":[{\"@type\":\"ReadAction\",\"target\":[\"https:\/\/www.comercialanma.es\/?product=vino-gramona-gessami-blanco-75cl\"]}]},{\"@type\":\"BreadcrumbList\",\"@id\":\"https:\/\/www.comercialanma.es\/?product=vino-gramona-gessami-blanco-75cl#breadcrumb\",\"itemListElement\":[{\"@type\":\"ListItem\",\"position\":1,\"item\":{\"@type\":\"WebPage\",\"@id\":\"https:\/\/www.comercialanma.es\/\",\"url\":\"https:\/\/www.comercialanma.es\/\",\"name\":\"Portada\"}},{\"@type\":\"ListItem\",\"position\":2,\"item\":{\"@type\":\"WebPage\",\"@id\":\"https:\/\/www.comercialanma.es\/?page_id=3963\",\"url\":\"https:\/\/www.comercialanma.es\/?page_id=3963\",\"name\":\"Cat\\u00e1logo de Productos\"}},{\"@type\":\"ListItem\",\"position\":3,\"item\":{\"@type\":\"WebPage\",\"@id\":\"https:\/\/www.comercialanma.es\/?product=vino-gramona-gessami-blanco-75cl\",\"url\":\"https:\/\/www.comercialanma.es\/?product=vino-gramona-gessami-blanco-75cl\",\"name\":\"Vino Gramona Gessam\\u00ed Blanco 75cl.\"}}]}]}<\/script>\n<!-- \/ Yoast SEO plugin. -->","_links":{"self":[{"href":"https:\/\/www.comercialanma.es\/index.php?rest_route=\/wp\/v2\/product\/10467"}],"collection":[{"href":"https:\/\/www.comercialanma.es\/index.php?rest_route=\/wp\/v2\/product"}],"about":[{"href":"https:\/\/www.comercialanma.es\/index.php?rest_route=\/wp\/v2\/types\/product"}],"version-history":[{"count":4,"href":"https:\/\/www.comercialanma.es\/index.php?rest_route=\/wp\/v2\/product\/10467\/revisions"}],"predecessor-version":[{"id":22187,"href":"https:\/\/www.comercialanma.es\/index.php?rest_route=\/wp\/v2\/product\/10467\/revisions\/22187"}],"wp:featuredmedia":[{"embeddable":true,"href":"https:\/\/www.comercialanma.es\/index.php?rest_route=\/wp\/v2\/media\/10468"}],"wp:attachment":[{"href":"https:\/\/www.comercialanma.es\/index.php?rest_route=%2Fwp%2Fv2%2Fmedia&parent=10467"}],"curies":[{"name":"wp","href":"https:\/\/api.w.org\/{rel}","templated":true}]}}