
{"id":10518,"date":"2019-09-03T15:40:54","date_gmt":"2019-09-03T13:40:54","guid":{"rendered":"http:\/\/www.comercialanma.es\/?post_type=product&#038;p=10518"},"modified":"2019-09-03T17:11:40","modified_gmt":"2019-09-03T15:11:40","slug":"vino-torres-rosado-de-casta-375cl","status":"publish","type":"product","link":"https:\/\/www.comercialanma.es\/?product=vino-torres-rosado-de-casta-375cl","title":{"rendered":"Vino Torres Rosado de Casta 37,5cl."},"content":{"rendered":"<h3>D.O.:<\/h3>\n<ul>\n<li>Catalu\u00f1a<\/li>\n<\/ul>\n<h3>Variedades de uva:<\/h3>\n<ul>\n<li>Cari\u00f1ena, Garnacha .<\/li>\n<\/ul>\n<h3>Graduaci\u00f3n:<\/h3>\n<ul>\n<li>Graduaci\u00f3n: 13,5% vol.<\/li>\n<\/ul>\n<h3>Nota de cata:<\/h3>\n<ul>\n<li>Elegante color cereza sobre suaves fondos morados. Fino aroma floral que recuerda a ciertas flores como la mimosa y el lirio complementado por discretos matices afrutados (ciruela, cereza&#8230;).<\/li>\n<li>Paladar untuoso, y equilibrado por una buena evoluci\u00f3n sensorial del vino. En el final de boca, las sensaciones del aroma se prolongan, agradables y delicadas.<\/li>\n<\/ul>\n","protected":false},"excerpt":{"rendered":"<p>Ya han pasado 40 a\u00f1os desde que elaboramos por primera vez este vino con personalidad propia. Mi padre, mientras buscaba un rosado de color intenso y aromas afrutados, experiment\u00f3 con las variedades de Garnacha Tinta y Cari\u00f1ena y consigui\u00f3 un rosado que marc\u00f3 una diferencia que se ha mantenido constante durante estos a\u00f1os.<\/p>\n","protected":false},"featured_media":0,"template":"","meta":{"spay_email":""},"yoast_head":"<!-- This site is optimized with the Yoast SEO plugin v15.9 - https:\/\/yoast.com\/wordpress\/plugins\/seo\/ -->\n<title>Vino Torres Rosado de Casta 37,5cl. - Comercial de Hosteleria Anma<\/title>\n<meta name=\"robots\" content=\"index, follow, max-snippet:-1, max-image-preview:large, max-video-preview:-1\" \/>\n<link rel=\"canonical\" href=\"https:\/\/www.comercialanma.es\/?product=vino-torres-rosado-de-casta-375cl\" \/>\n<meta property=\"og:locale\" content=\"es_ES\" \/>\n<meta property=\"og:type\" content=\"article\" \/>\n<meta property=\"og:title\" content=\"Vino Torres Rosado de Casta 37,5cl. - Comercial de Hosteleria Anma\" \/>\n<meta property=\"og:description\" content=\"Ya han pasado 40 a\u00f1os desde que elaboramos por primera vez este vino con personalidad propia. Mi padre, mientras buscaba un rosado de color intenso y aromas afrutados, experiment\u00f3 con las variedades de Garnacha Tinta y Cari\u00f1ena y consigui\u00f3 un rosado que marc\u00f3 una diferencia que se ha mantenido constante durante estos a\u00f1os.\" \/>\n<meta property=\"og:url\" content=\"https:\/\/www.comercialanma.es\/?product=vino-torres-rosado-de-casta-375cl\" \/>\n<meta property=\"og:site_name\" content=\"Comercial de Hosteleria Anma\" \/>\n<meta property=\"article:publisher\" content=\"https:\/\/www.facebook.com\/AnmaHosteleria\" \/>\n<meta property=\"article:modified_time\" content=\"2019-09-03T15:11:40+00:00\" \/>\n<meta name=\"twitter:card\" content=\"summary_large_image\" \/>\n<script type=\"application\/ld+json\" class=\"yoast-schema-graph\">{\"@context\":\"https:\/\/schema.org\",\"@graph\":[{\"@type\":\"Organization\",\"@id\":\"https:\/\/www.comercialanma.es\/#organization\",\"name\":\"Comercial Anma\",\"url\":\"https:\/\/www.comercialanma.es\/\",\"sameAs\":[\"https:\/\/www.facebook.com\/AnmaHosteleria\",\"https:\/\/www.instagram.com\/anmahosteleria\/?hl=es\",\"https:\/\/www.youtube.com\/channel\/UCT2nmn08Ntks0hmpZPnDgCA\"],\"logo\":{\"@type\":\"ImageObject\",\"@id\":\"https:\/\/www.comercialanma.es\/#logo\",\"inLanguage\":\"es\",\"url\":\"https:\/\/i2.wp.com\/www.comercialanma.es\/wp-content\/uploads\/2019\/06\/logo-anma-color.png?fit=247%2C101&ssl=1\",\"width\":247,\"height\":101,\"caption\":\"Comercial Anma\"},\"image\":{\"@id\":\"https:\/\/www.comercialanma.es\/#logo\"}},{\"@type\":\"WebSite\",\"@id\":\"https:\/\/www.comercialanma.es\/#website\",\"url\":\"https:\/\/www.comercialanma.es\/\",\"name\":\"Comercial de Hosteleria Anma\",\"description\":\"\",\"publisher\":{\"@id\":\"https:\/\/www.comercialanma.es\/#organization\"},\"potentialAction\":[{\"@type\":\"SearchAction\",\"target\":\"https:\/\/www.comercialanma.es\/?s={search_term_string}\",\"query-input\":\"required name=search_term_string\"}],\"inLanguage\":\"es\"},{\"@type\":\"WebPage\",\"@id\":\"https:\/\/www.comercialanma.es\/?product=vino-torres-rosado-de-casta-375cl#webpage\",\"url\":\"https:\/\/www.comercialanma.es\/?product=vino-torres-rosado-de-casta-375cl\",\"name\":\"Vino Torres Rosado de Casta 37,5cl. - Comercial de Hosteleria Anma\",\"isPartOf\":{\"@id\":\"https:\/\/www.comercialanma.es\/#website\"},\"datePublished\":\"2019-09-03T13:40:54+00:00\",\"dateModified\":\"2019-09-03T15:11:40+00:00\",\"breadcrumb\":{\"@id\":\"https:\/\/www.comercialanma.es\/?product=vino-torres-rosado-de-casta-375cl#breadcrumb\"},\"inLanguage\":\"es\",\"potentialAction\":[{\"@type\":\"ReadAction\",\"target\":[\"https:\/\/www.comercialanma.es\/?product=vino-torres-rosado-de-casta-375cl\"]}]},{\"@type\":\"BreadcrumbList\",\"@id\":\"https:\/\/www.comercialanma.es\/?product=vino-torres-rosado-de-casta-375cl#breadcrumb\",\"itemListElement\":[{\"@type\":\"ListItem\",\"position\":1,\"item\":{\"@type\":\"WebPage\",\"@id\":\"https:\/\/www.comercialanma.es\/\",\"url\":\"https:\/\/www.comercialanma.es\/\",\"name\":\"Portada\"}},{\"@type\":\"ListItem\",\"position\":2,\"item\":{\"@type\":\"WebPage\",\"@id\":\"https:\/\/www.comercialanma.es\/?page_id=3963\",\"url\":\"https:\/\/www.comercialanma.es\/?page_id=3963\",\"name\":\"Cat\\u00e1logo de Productos\"}},{\"@type\":\"ListItem\",\"position\":3,\"item\":{\"@type\":\"WebPage\",\"@id\":\"https:\/\/www.comercialanma.es\/?product=vino-torres-rosado-de-casta-375cl\",\"url\":\"https:\/\/www.comercialanma.es\/?product=vino-torres-rosado-de-casta-375cl\",\"name\":\"Vino Torres Rosado de Casta 37,5cl.\"}}]}]}<\/script>\n<!-- \/ Yoast SEO plugin. -->","_links":{"self":[{"href":"https:\/\/www.comercialanma.es\/index.php?rest_route=\/wp\/v2\/product\/10518"}],"collection":[{"href":"https:\/\/www.comercialanma.es\/index.php?rest_route=\/wp\/v2\/product"}],"about":[{"href":"https:\/\/www.comercialanma.es\/index.php?rest_route=\/wp\/v2\/types\/product"}],"version-history":[{"count":1,"href":"https:\/\/www.comercialanma.es\/index.php?rest_route=\/wp\/v2\/product\/10518\/revisions"}],"predecessor-version":[{"id":10520,"href":"https:\/\/www.comercialanma.es\/index.php?rest_route=\/wp\/v2\/product\/10518\/revisions\/10520"}],"wp:attachment":[{"href":"https:\/\/www.comercialanma.es\/index.php?rest_route=%2Fwp%2Fv2%2Fmedia&parent=10518"}],"curies":[{"name":"wp","href":"https:\/\/api.w.org\/{rel}","templated":true}]}}