
{"id":10747,"date":"2019-10-07T10:05:59","date_gmt":"2019-10-07T08:05:59","guid":{"rendered":"http:\/\/www.comercialanma.es\/?post_type=product&#038;p=10747"},"modified":"2023-08-30T11:22:45","modified_gmt":"2023-08-30T09:22:45","slug":"vino-jean-leon-vinya-le-havre-reserva-75cl","status":"publish","type":"product","link":"https:\/\/www.comercialanma.es\/?product=vino-jean-leon-vinya-le-havre-reserva-75cl","title":{"rendered":"Vino Jean Leon Vinya Le Havre Reserva 75cl."},"content":{"rendered":"<h3>D.O.:<\/h3>\n<ul>\n<li>Pened\u00e8s<\/li>\n<\/ul>\n<h3>Variedades de uva:<\/h3>\n<ul>\n<li><span lang=\"es\"><span title=\"\">\u00a0 Cabernet Sauvignon, Cabernet Franc.<br \/>\n<\/span><\/span><\/li>\n<\/ul>\n<h3>Graduaci\u00f3n:<\/h3>\n<ul>\n<li>Graduaci\u00f3n: 14,5% vol.<\/li>\n<\/ul>\n<h3>Nota de cata:<\/h3>\n<div>\n<div class=\"col-sm-4\">\n<div class=\"page\" title=\"Page 1\">\n<div class=\"layoutArea\">\n<div class=\"column\">\n<div class=\"page\" title=\"Page 1\">\n<div class=\"layoutArea\">\n<div class=\"column\">\n<div class=\"page\" title=\"Page 1\">\n<div class=\"layoutArea\">\n<div class=\"column\">\n<ul>\n<li><span data-sheets-value=\"{&quot;1&quot;:2,&quot;2&quot;:&quot;Color rojo cereza picota de capa media alta.&quot;}\" data-sheets-userformat=\"{&quot;2&quot;:7107,&quot;3&quot;:{&quot;1&quot;:0},&quot;4&quot;:[null,2,16777215],&quot;9&quot;:0,&quot;10&quot;:1,&quot;11&quot;:4,&quot;12&quot;:0,&quot;14&quot;:[null,2,0],&quot;15&quot;:&quot;Arial&quot;}\">Color rojo cereza picota de capa media alta.<\/span><\/li>\n<li>Destaca por sus notas a pimiento, fruta roja madura y notas a tostados y especiados procedentes de su envejecimiento en barrica.<\/li>\n<li>Vivacidad; de cuerpo medio-alto con concentraci\u00f3n t\u00e1nica presente que le confiere corpulencia. Los taninos son vivaces confiriendo una frescura y linealidad al vino.<\/li>\n<\/ul>\n<\/div>\n<\/div>\n<\/div>\n<\/div>\n<\/div>\n<\/div>\n<\/div>\n<\/div>\n<\/div>\n<\/div>\n<\/div>\n","protected":false},"excerpt":{"rendered":"<p>Desde el puerto franc\u00e9s de Le Havre, Jean Leon embarc\u00f3 como poliz\u00f3n rumbo a Estados Unidos. No tard\u00f3 en ser descubierto por un marinero que en un acto de generosidad decidi\u00f3 encubrir su presencia. Vinya Le Havre es un homenaje a aquel marinero desconocido que cambiar\u00eda su vida para siempre.<\/p>\n","protected":false},"featured_media":22454,"template":"","meta":{"spay_email":""},"yoast_head":"<!-- This site is optimized with the Yoast SEO plugin v15.9 - https:\/\/yoast.com\/wordpress\/plugins\/seo\/ -->\n<title>Vino Jean Leon Vinya Le Havre Reserva 75cl. - Comercial de Hosteleria Anma<\/title>\n<meta name=\"robots\" content=\"index, follow, max-snippet:-1, max-image-preview:large, max-video-preview:-1\" \/>\n<link rel=\"canonical\" href=\"https:\/\/www.comercialanma.es\/?product=vino-jean-leon-vinya-le-havre-reserva-75cl\" \/>\n<meta property=\"og:locale\" content=\"es_ES\" \/>\n<meta property=\"og:type\" content=\"article\" \/>\n<meta property=\"og:title\" content=\"Vino Jean Leon Vinya Le Havre Reserva 75cl. - Comercial de Hosteleria Anma\" \/>\n<meta property=\"og:description\" content=\"Desde el puerto franc\u00e9s de Le Havre, Jean Leon embarc\u00f3 como poliz\u00f3n rumbo a Estados Unidos. No tard\u00f3 en ser descubierto por un marinero que en un acto de generosidad decidi\u00f3 encubrir su presencia. Vinya Le Havre es un homenaje a aquel marinero desconocido que cambiar\u00eda su vida para siempre.\" \/>\n<meta property=\"og:url\" content=\"https:\/\/www.comercialanma.es\/?product=vino-jean-leon-vinya-le-havre-reserva-75cl\" \/>\n<meta property=\"og:site_name\" content=\"Comercial de Hosteleria Anma\" \/>\n<meta property=\"article:publisher\" content=\"https:\/\/www.facebook.com\/AnmaHosteleria\" \/>\n<meta property=\"article:modified_time\" content=\"2023-08-30T09:22:45+00:00\" \/>\n<meta property=\"og:image\" content=\"https:\/\/i2.wp.com\/www.comercialanma.es\/wp-content\/uploads\/2019\/10\/JEAN-LEON-VIN\u0303A-LE-HAVRE.jpg?fit=1080%2C1080&#038;ssl=1\" \/>\n\t<meta property=\"og:image:width\" content=\"1080\" \/>\n\t<meta property=\"og:image:height\" content=\"1080\" \/>\n<meta name=\"twitter:card\" content=\"summary_large_image\" \/>\n<meta name=\"twitter:label1\" content=\"Tiempo de lectura\">\n\t<meta name=\"twitter:data1\" content=\"1 minuto\">\n<script type=\"application\/ld+json\" class=\"yoast-schema-graph\">{\"@context\":\"https:\/\/schema.org\",\"@graph\":[{\"@type\":\"Organization\",\"@id\":\"https:\/\/www.comercialanma.es\/#organization\",\"name\":\"Comercial Anma\",\"url\":\"https:\/\/www.comercialanma.es\/\",\"sameAs\":[\"https:\/\/www.facebook.com\/AnmaHosteleria\",\"https:\/\/www.instagram.com\/anmahosteleria\/?hl=es\",\"https:\/\/www.youtube.com\/channel\/UCT2nmn08Ntks0hmpZPnDgCA\"],\"logo\":{\"@type\":\"ImageObject\",\"@id\":\"https:\/\/www.comercialanma.es\/#logo\",\"inLanguage\":\"es\",\"url\":\"https:\/\/i2.wp.com\/www.comercialanma.es\/wp-content\/uploads\/2019\/06\/logo-anma-color.png?fit=247%2C101&ssl=1\",\"width\":247,\"height\":101,\"caption\":\"Comercial Anma\"},\"image\":{\"@id\":\"https:\/\/www.comercialanma.es\/#logo\"}},{\"@type\":\"WebSite\",\"@id\":\"https:\/\/www.comercialanma.es\/#website\",\"url\":\"https:\/\/www.comercialanma.es\/\",\"name\":\"Comercial de Hosteleria Anma\",\"description\":\"\",\"publisher\":{\"@id\":\"https:\/\/www.comercialanma.es\/#organization\"},\"potentialAction\":[{\"@type\":\"SearchAction\",\"target\":\"https:\/\/www.comercialanma.es\/?s={search_term_string}\",\"query-input\":\"required name=search_term_string\"}],\"inLanguage\":\"es\"},{\"@type\":\"ImageObject\",\"@id\":\"https:\/\/www.comercialanma.es\/?product=vino-jean-leon-vinya-le-havre-reserva-75cl#primaryimage\",\"inLanguage\":\"es\",\"url\":\"https:\/\/i2.wp.com\/www.comercialanma.es\/wp-content\/uploads\/2019\/10\/JEAN-LEON-VIN\\u0303A-LE-HAVRE.jpg?fit=1080%2C1080&ssl=1\",\"width\":1080,\"height\":1080},{\"@type\":\"WebPage\",\"@id\":\"https:\/\/www.comercialanma.es\/?product=vino-jean-leon-vinya-le-havre-reserva-75cl#webpage\",\"url\":\"https:\/\/www.comercialanma.es\/?product=vino-jean-leon-vinya-le-havre-reserva-75cl\",\"name\":\"Vino Jean Leon Vinya Le Havre Reserva 75cl. - Comercial de Hosteleria Anma\",\"isPartOf\":{\"@id\":\"https:\/\/www.comercialanma.es\/#website\"},\"primaryImageOfPage\":{\"@id\":\"https:\/\/www.comercialanma.es\/?product=vino-jean-leon-vinya-le-havre-reserva-75cl#primaryimage\"},\"datePublished\":\"2019-10-07T08:05:59+00:00\",\"dateModified\":\"2023-08-30T09:22:45+00:00\",\"breadcrumb\":{\"@id\":\"https:\/\/www.comercialanma.es\/?product=vino-jean-leon-vinya-le-havre-reserva-75cl#breadcrumb\"},\"inLanguage\":\"es\",\"potentialAction\":[{\"@type\":\"ReadAction\",\"target\":[\"https:\/\/www.comercialanma.es\/?product=vino-jean-leon-vinya-le-havre-reserva-75cl\"]}]},{\"@type\":\"BreadcrumbList\",\"@id\":\"https:\/\/www.comercialanma.es\/?product=vino-jean-leon-vinya-le-havre-reserva-75cl#breadcrumb\",\"itemListElement\":[{\"@type\":\"ListItem\",\"position\":1,\"item\":{\"@type\":\"WebPage\",\"@id\":\"https:\/\/www.comercialanma.es\/\",\"url\":\"https:\/\/www.comercialanma.es\/\",\"name\":\"Portada\"}},{\"@type\":\"ListItem\",\"position\":2,\"item\":{\"@type\":\"WebPage\",\"@id\":\"https:\/\/www.comercialanma.es\/?page_id=3963\",\"url\":\"https:\/\/www.comercialanma.es\/?page_id=3963\",\"name\":\"Cat\\u00e1logo de Productos\"}},{\"@type\":\"ListItem\",\"position\":3,\"item\":{\"@type\":\"WebPage\",\"@id\":\"https:\/\/www.comercialanma.es\/?product=vino-jean-leon-vinya-le-havre-reserva-75cl\",\"url\":\"https:\/\/www.comercialanma.es\/?product=vino-jean-leon-vinya-le-havre-reserva-75cl\",\"name\":\"Vino Jean Leon Vinya Le Havre Reserva 75cl.\"}}]}]}<\/script>\n<!-- \/ Yoast SEO plugin. -->","_links":{"self":[{"href":"https:\/\/www.comercialanma.es\/index.php?rest_route=\/wp\/v2\/product\/10747"}],"collection":[{"href":"https:\/\/www.comercialanma.es\/index.php?rest_route=\/wp\/v2\/product"}],"about":[{"href":"https:\/\/www.comercialanma.es\/index.php?rest_route=\/wp\/v2\/types\/product"}],"version-history":[{"count":3,"href":"https:\/\/www.comercialanma.es\/index.php?rest_route=\/wp\/v2\/product\/10747\/revisions"}],"predecessor-version":[{"id":22456,"href":"https:\/\/www.comercialanma.es\/index.php?rest_route=\/wp\/v2\/product\/10747\/revisions\/22456"}],"wp:featuredmedia":[{"embeddable":true,"href":"https:\/\/www.comercialanma.es\/index.php?rest_route=\/wp\/v2\/media\/22454"}],"wp:attachment":[{"href":"https:\/\/www.comercialanma.es\/index.php?rest_route=%2Fwp%2Fv2%2Fmedia&parent=10747"}],"curies":[{"name":"wp","href":"https:\/\/api.w.org\/{rel}","templated":true}]}}