
{"id":11908,"date":"2019-12-13T17:15:11","date_gmt":"2019-12-13T16:15:11","guid":{"rendered":"http:\/\/www.comercialanma.es\/?post_type=product&#038;p=11908"},"modified":"2025-04-03T09:12:29","modified_gmt":"2025-04-03T07:12:29","slug":"vino-ramon-bilbao-rosado-75cl","status":"publish","type":"product","link":"https:\/\/www.comercialanma.es\/?product=vino-ramon-bilbao-rosado-75cl","title":{"rendered":"Vino Ram\u00f3n Bilbao Rosado 75cl."},"content":{"rendered":"<h3>D.O.Ca:<\/h3>\n<ul>\n<li>Rioja<\/li>\n<\/ul>\n<h3>Variedades de uva:<\/h3>\n<ul>\n<li><span class=\"tlid-translation translation\" lang=\"es\"><span title=\"\"><span class=\"tablaValorContenido\">Garnacha.<br \/>\n<\/span><\/span><\/span><\/li>\n<\/ul>\n<h3>Graduaci\u00f3n:<\/h3>\n<ul>\n<li>Graduaci\u00f3n: 12,5% vol.<\/li>\n<\/ul>\n<h3>Nota de cata:<\/h3>\n<div>\n<ul>\n<li>Vista: Color salm\u00f3n p\u00e1lido. Limpio y brillante, presencia de alguna l\u00e1grima.<\/li>\n<li>Nariz: En nariz es fino y fresco, de intensidad media. Con aromas dominados por fruta fresca, especialmente c\u00edtricos (naranja sanguina y pomelo), notas florales de rosas y herbales como la planta de tomate.<\/li>\n<li>Boca: En boca es refrescante, de cuerpo ligero, buena acidez y agradable retronasal principalmente de notas florales.<\/li>\n<\/ul>\n<\/div>\n<p>&nbsp;<\/p>\n","protected":false},"excerpt":{"rendered":"<p>Ram\u00f3n Bilbao recupera un vino cl\u00e1sico de esta zona, acostumbrada a los p\u00e1lidos tonos del rosado y al poder de la sutileza. Este rosado destaca por su delicada y fragante frescura. El car\u00e1cter inquieto e innovador de los vinos Ram\u00f3n Bilbao siempre se ha compaginado a la perfecci\u00f3n con un respeto por la tradici\u00f3n, siempre unido a la tecnolog\u00eda m\u00e1s puntera.<\/p>\n","protected":false},"featured_media":24231,"template":"","meta":{"spay_email":""},"yoast_head":"<!-- This site is optimized with the Yoast SEO plugin v15.9 - https:\/\/yoast.com\/wordpress\/plugins\/seo\/ -->\n<title>Vino Ram\u00f3n Bilbao Rosado 75cl. - Comercial de Hosteleria Anma<\/title>\n<meta name=\"robots\" content=\"index, follow, max-snippet:-1, max-image-preview:large, max-video-preview:-1\" \/>\n<link rel=\"canonical\" href=\"https:\/\/www.comercialanma.es\/?product=vino-ramon-bilbao-rosado-75cl\" \/>\n<meta property=\"og:locale\" content=\"es_ES\" \/>\n<meta property=\"og:type\" content=\"article\" \/>\n<meta property=\"og:title\" content=\"Vino Ram\u00f3n Bilbao Rosado 75cl. - Comercial de Hosteleria Anma\" \/>\n<meta property=\"og:description\" content=\"Ram\u00f3n Bilbao recupera un vino cl\u00e1sico de esta zona, acostumbrada a los p\u00e1lidos tonos del rosado y al poder de la sutileza. Este rosado destaca por su delicada y fragante frescura. El car\u00e1cter inquieto e innovador de los vinos Ram\u00f3n Bilbao siempre se ha compaginado a la perfecci\u00f3n con un respeto por la tradici\u00f3n, siempre unido a la tecnolog\u00eda m\u00e1s puntera.\" \/>\n<meta property=\"og:url\" content=\"https:\/\/www.comercialanma.es\/?product=vino-ramon-bilbao-rosado-75cl\" \/>\n<meta property=\"og:site_name\" content=\"Comercial de Hosteleria Anma\" \/>\n<meta property=\"article:publisher\" content=\"https:\/\/www.facebook.com\/AnmaHosteleria\" \/>\n<meta property=\"article:modified_time\" content=\"2025-04-03T07:12:29+00:00\" \/>\n<meta property=\"og:image\" content=\"https:\/\/i0.wp.com\/www.comercialanma.es\/wp-content\/uploads\/2019\/12\/Ramo\u0301n-bilbao-rosado-2025.jpg?fit=1080%2C1080&#038;ssl=1\" \/>\n\t<meta property=\"og:image:width\" content=\"1080\" \/>\n\t<meta property=\"og:image:height\" content=\"1080\" \/>\n<meta name=\"twitter:card\" content=\"summary_large_image\" \/>\n<script type=\"application\/ld+json\" class=\"yoast-schema-graph\">{\"@context\":\"https:\/\/schema.org\",\"@graph\":[{\"@type\":\"Organization\",\"@id\":\"https:\/\/www.comercialanma.es\/#organization\",\"name\":\"Comercial Anma\",\"url\":\"https:\/\/www.comercialanma.es\/\",\"sameAs\":[\"https:\/\/www.facebook.com\/AnmaHosteleria\",\"https:\/\/www.instagram.com\/anmahosteleria\/?hl=es\",\"https:\/\/www.youtube.com\/channel\/UCT2nmn08Ntks0hmpZPnDgCA\"],\"logo\":{\"@type\":\"ImageObject\",\"@id\":\"https:\/\/www.comercialanma.es\/#logo\",\"inLanguage\":\"es\",\"url\":\"https:\/\/i2.wp.com\/www.comercialanma.es\/wp-content\/uploads\/2019\/06\/logo-anma-color.png?fit=247%2C101&ssl=1\",\"width\":247,\"height\":101,\"caption\":\"Comercial Anma\"},\"image\":{\"@id\":\"https:\/\/www.comercialanma.es\/#logo\"}},{\"@type\":\"WebSite\",\"@id\":\"https:\/\/www.comercialanma.es\/#website\",\"url\":\"https:\/\/www.comercialanma.es\/\",\"name\":\"Comercial de Hosteleria Anma\",\"description\":\"\",\"publisher\":{\"@id\":\"https:\/\/www.comercialanma.es\/#organization\"},\"potentialAction\":[{\"@type\":\"SearchAction\",\"target\":\"https:\/\/www.comercialanma.es\/?s={search_term_string}\",\"query-input\":\"required name=search_term_string\"}],\"inLanguage\":\"es\"},{\"@type\":\"ImageObject\",\"@id\":\"https:\/\/www.comercialanma.es\/?product=vino-ramon-bilbao-rosado-75cl#primaryimage\",\"inLanguage\":\"es\",\"url\":\"https:\/\/i0.wp.com\/www.comercialanma.es\/wp-content\/uploads\/2019\/12\/Ramo\\u0301n-bilbao-rosado-2025.jpg?fit=1080%2C1080&ssl=1\",\"width\":1080,\"height\":1080},{\"@type\":\"WebPage\",\"@id\":\"https:\/\/www.comercialanma.es\/?product=vino-ramon-bilbao-rosado-75cl#webpage\",\"url\":\"https:\/\/www.comercialanma.es\/?product=vino-ramon-bilbao-rosado-75cl\",\"name\":\"Vino Ram\\u00f3n Bilbao Rosado 75cl. - Comercial de Hosteleria Anma\",\"isPartOf\":{\"@id\":\"https:\/\/www.comercialanma.es\/#website\"},\"primaryImageOfPage\":{\"@id\":\"https:\/\/www.comercialanma.es\/?product=vino-ramon-bilbao-rosado-75cl#primaryimage\"},\"datePublished\":\"2019-12-13T16:15:11+00:00\",\"dateModified\":\"2025-04-03T07:12:29+00:00\",\"breadcrumb\":{\"@id\":\"https:\/\/www.comercialanma.es\/?product=vino-ramon-bilbao-rosado-75cl#breadcrumb\"},\"inLanguage\":\"es\",\"potentialAction\":[{\"@type\":\"ReadAction\",\"target\":[\"https:\/\/www.comercialanma.es\/?product=vino-ramon-bilbao-rosado-75cl\"]}]},{\"@type\":\"BreadcrumbList\",\"@id\":\"https:\/\/www.comercialanma.es\/?product=vino-ramon-bilbao-rosado-75cl#breadcrumb\",\"itemListElement\":[{\"@type\":\"ListItem\",\"position\":1,\"item\":{\"@type\":\"WebPage\",\"@id\":\"https:\/\/www.comercialanma.es\/\",\"url\":\"https:\/\/www.comercialanma.es\/\",\"name\":\"Portada\"}},{\"@type\":\"ListItem\",\"position\":2,\"item\":{\"@type\":\"WebPage\",\"@id\":\"https:\/\/www.comercialanma.es\/?page_id=3963\",\"url\":\"https:\/\/www.comercialanma.es\/?page_id=3963\",\"name\":\"Cat\\u00e1logo de Productos\"}},{\"@type\":\"ListItem\",\"position\":3,\"item\":{\"@type\":\"WebPage\",\"@id\":\"https:\/\/www.comercialanma.es\/?product=vino-ramon-bilbao-rosado-75cl\",\"url\":\"https:\/\/www.comercialanma.es\/?product=vino-ramon-bilbao-rosado-75cl\",\"name\":\"Vino Ram\\u00f3n Bilbao Rosado 75cl.\"}}]}]}<\/script>\n<!-- \/ Yoast SEO plugin. -->","_links":{"self":[{"href":"https:\/\/www.comercialanma.es\/index.php?rest_route=\/wp\/v2\/product\/11908"}],"collection":[{"href":"https:\/\/www.comercialanma.es\/index.php?rest_route=\/wp\/v2\/product"}],"about":[{"href":"https:\/\/www.comercialanma.es\/index.php?rest_route=\/wp\/v2\/types\/product"}],"version-history":[{"count":1,"href":"https:\/\/www.comercialanma.es\/index.php?rest_route=\/wp\/v2\/product\/11908\/revisions"}],"predecessor-version":[{"id":11910,"href":"https:\/\/www.comercialanma.es\/index.php?rest_route=\/wp\/v2\/product\/11908\/revisions\/11910"}],"wp:featuredmedia":[{"embeddable":true,"href":"https:\/\/www.comercialanma.es\/index.php?rest_route=\/wp\/v2\/media\/24231"}],"wp:attachment":[{"href":"https:\/\/www.comercialanma.es\/index.php?rest_route=%2Fwp%2Fv2%2Fmedia&parent=11908"}],"curies":[{"name":"wp","href":"https:\/\/api.w.org\/{rel}","templated":true}]}}