
{"id":13170,"date":"2020-02-27T17:09:58","date_gmt":"2020-02-27T16:09:58","guid":{"rendered":"http:\/\/www.comercialanma.es\/?post_type=product&#038;p=13170"},"modified":"2022-04-05T12:37:02","modified_gmt":"2022-04-05T10:37:02","slug":"vinagre-vino-dulce-el-majuelo","status":"publish","type":"product","link":"https:\/\/www.comercialanma.es\/?product=vinagre-vino-dulce-el-majuelo","title":{"rendered":"Salsa Bals\u00e1mica al Vino dulce Pedro Xim\u00e9nez El Majuelo 180ml."},"content":{"rendered":"<p>Resultante de la reducci\u00f3n conjunta de Vino Pedro Xim\u00e9nez y Mosto de uva.<\/p>\n<h3>Nota de cata:<\/h3>\n<ul>\n<li>Vista: caoba oscuro.<\/li>\n<li>Nariz: caramelo, pasas, chocolate y boller\u00eda en equilibrio perfecto con los aromas mas cl\u00e1sicos de vino Pedro Xim\u00e9nez.<\/li>\n<li>Boca: un producto denso y viscoso con mezcla de sabores a pasas y caramelo.<\/li>\n<\/ul>\n<h3>Maridaje:<\/h3>\n<ul>\n<li>Perfecta para acompa\u00f1ar o decorar carnes, patatas, pastas, ensaladas, carpaccio de pescado, algunas frutas y helados. Lista para usar.<\/li>\n<\/ul>\n<h3>Ingredientes:<\/h3>\n<ul>\n<li>Ingredientes: Vinagre de Jerez, Vino dulce Pedro Xim\u00e9nez, Caramelo de mosto de uva, espesante goma xantana (E-415) y estabilizante (E-202). Sin gluten.<\/li>\n<\/ul>\n<p>&nbsp;<\/p>\n","protected":false},"excerpt":{"rendered":"<p><span class=\"drop-caps\">Tras una cuidadosa selecci\u00f3n de los mejores Vinagres de Jerez se elabora lentamente una reducci\u00f3n densa y arom\u00e1tica. Este producto innovador ha sido desarrollado pensando en la necesidad actual de los chefs de disponer de una salsa lista para usar, tanto como condimento, como para decoraci\u00f3n.<\/span><\/p>\n","protected":false},"featured_media":21126,"template":"","meta":{"spay_email":""},"yoast_head":"<!-- This site is optimized with the Yoast SEO plugin v15.9 - https:\/\/yoast.com\/wordpress\/plugins\/seo\/ -->\n<title>Salsa Bals\u00e1mica al Vino dulce Pedro Xim\u00e9nez El Majuelo 180ml. - Comercial de Hosteleria Anma<\/title>\n<meta name=\"description\" content=\"Salsa Bals\u00e1mica al Vino dulce Pedro Xim\u00e9nez | El Majuelo | 180ml. | Resultado de una reducci\u00f3n de Vinagres de Jer\u00e9z. Salsa densa y arom\u00e1tica.\" \/>\n<meta name=\"robots\" content=\"index, follow, max-snippet:-1, max-image-preview:large, max-video-preview:-1\" \/>\n<link rel=\"canonical\" href=\"https:\/\/www.comercialanma.es\/?product=vinagre-vino-dulce-el-majuelo\" \/>\n<meta property=\"og:locale\" content=\"es_ES\" \/>\n<meta property=\"og:type\" content=\"article\" \/>\n<meta property=\"og:title\" content=\"Salsa Bals\u00e1mica al Vino dulce Pedro Xim\u00e9nez El Majuelo 180ml. - Comercial de Hosteleria Anma\" \/>\n<meta property=\"og:description\" content=\"Salsa Bals\u00e1mica al Vino dulce Pedro Xim\u00e9nez | El Majuelo | 180ml. | Resultado de una reducci\u00f3n de Vinagres de Jer\u00e9z. Salsa densa y arom\u00e1tica.\" \/>\n<meta property=\"og:url\" content=\"https:\/\/www.comercialanma.es\/?product=vinagre-vino-dulce-el-majuelo\" \/>\n<meta property=\"og:site_name\" content=\"Comercial de Hosteleria Anma\" \/>\n<meta property=\"article:publisher\" content=\"https:\/\/www.facebook.com\/AnmaHosteleria\" \/>\n<meta property=\"article:modified_time\" content=\"2022-04-05T10:37:02+00:00\" \/>\n<meta property=\"og:image\" content=\"https:\/\/i1.wp.com\/www.comercialanma.es\/wp-content\/uploads\/2020\/02\/VINGRE-DE-VINO-DULCE-PEDRO-XIMENEZ-EL-MAJUELO.jpg?fit=1080%2C1080&#038;ssl=1\" \/>\n\t<meta property=\"og:image:width\" content=\"1080\" \/>\n\t<meta property=\"og:image:height\" content=\"1080\" \/>\n<meta name=\"twitter:card\" content=\"summary_large_image\" \/>\n<meta name=\"twitter:label1\" content=\"Tiempo de lectura\">\n\t<meta name=\"twitter:data1\" content=\"1 minuto\">\n<script type=\"application\/ld+json\" class=\"yoast-schema-graph\">{\"@context\":\"https:\/\/schema.org\",\"@graph\":[{\"@type\":\"Organization\",\"@id\":\"https:\/\/www.comercialanma.es\/#organization\",\"name\":\"Comercial Anma\",\"url\":\"https:\/\/www.comercialanma.es\/\",\"sameAs\":[\"https:\/\/www.facebook.com\/AnmaHosteleria\",\"https:\/\/www.instagram.com\/anmahosteleria\/?hl=es\",\"https:\/\/www.youtube.com\/channel\/UCT2nmn08Ntks0hmpZPnDgCA\"],\"logo\":{\"@type\":\"ImageObject\",\"@id\":\"https:\/\/www.comercialanma.es\/#logo\",\"inLanguage\":\"es\",\"url\":\"https:\/\/i2.wp.com\/www.comercialanma.es\/wp-content\/uploads\/2019\/06\/logo-anma-color.png?fit=247%2C101&ssl=1\",\"width\":247,\"height\":101,\"caption\":\"Comercial Anma\"},\"image\":{\"@id\":\"https:\/\/www.comercialanma.es\/#logo\"}},{\"@type\":\"WebSite\",\"@id\":\"https:\/\/www.comercialanma.es\/#website\",\"url\":\"https:\/\/www.comercialanma.es\/\",\"name\":\"Comercial de Hosteleria Anma\",\"description\":\"\",\"publisher\":{\"@id\":\"https:\/\/www.comercialanma.es\/#organization\"},\"potentialAction\":[{\"@type\":\"SearchAction\",\"target\":\"https:\/\/www.comercialanma.es\/?s={search_term_string}\",\"query-input\":\"required name=search_term_string\"}],\"inLanguage\":\"es\"},{\"@type\":\"ImageObject\",\"@id\":\"https:\/\/www.comercialanma.es\/?product=vinagre-vino-dulce-el-majuelo#primaryimage\",\"inLanguage\":\"es\",\"url\":\"https:\/\/i1.wp.com\/www.comercialanma.es\/wp-content\/uploads\/2020\/02\/VINGRE-DE-VINO-DULCE-PEDRO-XIMENEZ-EL-MAJUELO.jpg?fit=1080%2C1080&ssl=1\",\"width\":1080,\"height\":1080},{\"@type\":\"WebPage\",\"@id\":\"https:\/\/www.comercialanma.es\/?product=vinagre-vino-dulce-el-majuelo#webpage\",\"url\":\"https:\/\/www.comercialanma.es\/?product=vinagre-vino-dulce-el-majuelo\",\"name\":\"Salsa Bals\\u00e1mica al Vino dulce Pedro Xim\\u00e9nez El Majuelo 180ml. - Comercial de Hosteleria Anma\",\"isPartOf\":{\"@id\":\"https:\/\/www.comercialanma.es\/#website\"},\"primaryImageOfPage\":{\"@id\":\"https:\/\/www.comercialanma.es\/?product=vinagre-vino-dulce-el-majuelo#primaryimage\"},\"datePublished\":\"2020-02-27T16:09:58+00:00\",\"dateModified\":\"2022-04-05T10:37:02+00:00\",\"description\":\"Salsa Bals\\u00e1mica al Vino dulce Pedro Xim\\u00e9nez | El Majuelo | 180ml. | Resultado de una reducci\\u00f3n de Vinagres de Jer\\u00e9z. Salsa densa y arom\\u00e1tica.\",\"breadcrumb\":{\"@id\":\"https:\/\/www.comercialanma.es\/?product=vinagre-vino-dulce-el-majuelo#breadcrumb\"},\"inLanguage\":\"es\",\"potentialAction\":[{\"@type\":\"ReadAction\",\"target\":[\"https:\/\/www.comercialanma.es\/?product=vinagre-vino-dulce-el-majuelo\"]}]},{\"@type\":\"BreadcrumbList\",\"@id\":\"https:\/\/www.comercialanma.es\/?product=vinagre-vino-dulce-el-majuelo#breadcrumb\",\"itemListElement\":[{\"@type\":\"ListItem\",\"position\":1,\"item\":{\"@type\":\"WebPage\",\"@id\":\"https:\/\/www.comercialanma.es\/\",\"url\":\"https:\/\/www.comercialanma.es\/\",\"name\":\"Portada\"}},{\"@type\":\"ListItem\",\"position\":2,\"item\":{\"@type\":\"WebPage\",\"@id\":\"https:\/\/www.comercialanma.es\/?page_id=3963\",\"url\":\"https:\/\/www.comercialanma.es\/?page_id=3963\",\"name\":\"Cat\\u00e1logo de Productos\"}},{\"@type\":\"ListItem\",\"position\":3,\"item\":{\"@type\":\"WebPage\",\"@id\":\"https:\/\/www.comercialanma.es\/?product=vinagre-vino-dulce-el-majuelo\",\"url\":\"https:\/\/www.comercialanma.es\/?product=vinagre-vino-dulce-el-majuelo\",\"name\":\"Salsa Bals\\u00e1mica al Vino dulce Pedro Xim\\u00e9nez El Majuelo 180ml.\"}}]}]}<\/script>\n<!-- \/ Yoast SEO plugin. -->","_links":{"self":[{"href":"https:\/\/www.comercialanma.es\/index.php?rest_route=\/wp\/v2\/product\/13170"}],"collection":[{"href":"https:\/\/www.comercialanma.es\/index.php?rest_route=\/wp\/v2\/product"}],"about":[{"href":"https:\/\/www.comercialanma.es\/index.php?rest_route=\/wp\/v2\/types\/product"}],"version-history":[{"count":6,"href":"https:\/\/www.comercialanma.es\/index.php?rest_route=\/wp\/v2\/product\/13170\/revisions"}],"predecessor-version":[{"id":21128,"href":"https:\/\/www.comercialanma.es\/index.php?rest_route=\/wp\/v2\/product\/13170\/revisions\/21128"}],"wp:featuredmedia":[{"embeddable":true,"href":"https:\/\/www.comercialanma.es\/index.php?rest_route=\/wp\/v2\/media\/21126"}],"wp:attachment":[{"href":"https:\/\/www.comercialanma.es\/index.php?rest_route=%2Fwp%2Fv2%2Fmedia&parent=13170"}],"curies":[{"name":"wp","href":"https:\/\/api.w.org\/{rel}","templated":true}]}}