
{"id":14516,"date":"2020-12-16T16:58:11","date_gmt":"2020-12-16T15:58:11","guid":{"rendered":"https:\/\/www.comercialanma.es\/?post_type=product&#038;p=14516"},"modified":"2025-11-26T11:22:57","modified_gmt":"2025-11-26T10:22:57","slug":"olivas-rellenas-baymar","status":"publish","type":"product","link":"https:\/\/www.comercialanma.es\/?product=olivas-rellenas-baymar","title":{"rendered":"Aceitunas rellenas BAYMAR 350gr."},"content":{"rendered":"<div>Las aceitunas que disponemos en\u00a0Conservas BayMar\u00a0proceden de Andaluc\u00eda, concretamente de\u00a0Sevilla. Son de la\u00a0variedad manzanilla\u00a0y tienen un\u00a0calibre de entre 160\/200 frutos\/kg.<\/p>\n<\/div>\n<div>En cuanto a la\u00a0textura, resultan\u00a0consistentes, mientras que\u00a0el bocado es entero y firme, con un punto crujiente muy agradable. Presentan un\u00a0color verde brillante exquisito\u00a0y un\u00a0aroma excelente. Por \u00faltimo, su relaci\u00f3n calidad-precio es magn\u00edfica.<\/div>\n","protected":false},"excerpt":{"rendered":"<p>Las aceitunas de Conservas BayMar destacan por su sabor, as\u00ed como por el equilibrio perfecto entre el salaz\u00f3n de la anchoa y la acidez del fruto.<\/p>\n","protected":false},"featured_media":24539,"template":"","meta":{"spay_email":""},"yoast_head":"<!-- This site is optimized with the Yoast SEO plugin v15.9 - https:\/\/yoast.com\/wordpress\/plugins\/seo\/ -->\n<title>Aceitunas rellenas BAYMAR 350gr. - Comercial de Hosteleria Anma<\/title>\n<meta name=\"description\" content=\"Aceitunas rellenas de anchoa | Baymar | 350gr. | Envase lata | Tama\u00f1o grande | Para acompa\u00f1ar ensaladas o vermut.\" \/>\n<meta name=\"robots\" content=\"index, follow, max-snippet:-1, max-image-preview:large, max-video-preview:-1\" \/>\n<link rel=\"canonical\" href=\"https:\/\/www.comercialanma.es\/?product=olivas-rellenas-baymar\" \/>\n<meta property=\"og:locale\" content=\"es_ES\" \/>\n<meta property=\"og:type\" content=\"article\" \/>\n<meta property=\"og:title\" content=\"Aceitunas rellenas BAYMAR 350gr. - Comercial de Hosteleria Anma\" \/>\n<meta property=\"og:description\" content=\"Aceitunas rellenas de anchoa | Baymar | 350gr. | Envase lata | Tama\u00f1o grande | Para acompa\u00f1ar ensaladas o vermut.\" \/>\n<meta property=\"og:url\" content=\"https:\/\/www.comercialanma.es\/?product=olivas-rellenas-baymar\" \/>\n<meta property=\"og:site_name\" content=\"Comercial de Hosteleria Anma\" \/>\n<meta property=\"article:publisher\" content=\"https:\/\/www.facebook.com\/AnmaHosteleria\" \/>\n<meta property=\"article:modified_time\" content=\"2025-11-26T10:22:57+00:00\" \/>\n<meta property=\"og:image\" content=\"https:\/\/i1.wp.com\/www.comercialanma.es\/wp-content\/uploads\/2020\/12\/Olivas-rellenas-Baymar-grandes-350gr.jpg?fit=1080%2C1080&#038;ssl=1\" \/>\n\t<meta property=\"og:image:width\" content=\"1080\" \/>\n\t<meta property=\"og:image:height\" content=\"1080\" \/>\n<meta name=\"twitter:card\" content=\"summary_large_image\" \/>\n<meta name=\"twitter:label1\" content=\"Tiempo de lectura\">\n\t<meta name=\"twitter:data1\" content=\"1 minuto\">\n<script type=\"application\/ld+json\" class=\"yoast-schema-graph\">{\"@context\":\"https:\/\/schema.org\",\"@graph\":[{\"@type\":\"Organization\",\"@id\":\"https:\/\/www.comercialanma.es\/#organization\",\"name\":\"Comercial Anma\",\"url\":\"https:\/\/www.comercialanma.es\/\",\"sameAs\":[\"https:\/\/www.facebook.com\/AnmaHosteleria\",\"https:\/\/www.instagram.com\/anmahosteleria\/?hl=es\",\"https:\/\/www.youtube.com\/channel\/UCT2nmn08Ntks0hmpZPnDgCA\"],\"logo\":{\"@type\":\"ImageObject\",\"@id\":\"https:\/\/www.comercialanma.es\/#logo\",\"inLanguage\":\"es\",\"url\":\"https:\/\/i2.wp.com\/www.comercialanma.es\/wp-content\/uploads\/2019\/06\/logo-anma-color.png?fit=247%2C101&ssl=1\",\"width\":247,\"height\":101,\"caption\":\"Comercial Anma\"},\"image\":{\"@id\":\"https:\/\/www.comercialanma.es\/#logo\"}},{\"@type\":\"WebSite\",\"@id\":\"https:\/\/www.comercialanma.es\/#website\",\"url\":\"https:\/\/www.comercialanma.es\/\",\"name\":\"Comercial de Hosteleria Anma\",\"description\":\"\",\"publisher\":{\"@id\":\"https:\/\/www.comercialanma.es\/#organization\"},\"potentialAction\":[{\"@type\":\"SearchAction\",\"target\":\"https:\/\/www.comercialanma.es\/?s={search_term_string}\",\"query-input\":\"required name=search_term_string\"}],\"inLanguage\":\"es\"},{\"@type\":\"ImageObject\",\"@id\":\"https:\/\/www.comercialanma.es\/?product=olivas-rellenas-baymar#primaryimage\",\"inLanguage\":\"es\",\"url\":\"https:\/\/i1.wp.com\/www.comercialanma.es\/wp-content\/uploads\/2020\/12\/Olivas-rellenas-Baymar-grandes-350gr.jpg?fit=1080%2C1080&ssl=1\",\"width\":1080,\"height\":1080},{\"@type\":\"WebPage\",\"@id\":\"https:\/\/www.comercialanma.es\/?product=olivas-rellenas-baymar#webpage\",\"url\":\"https:\/\/www.comercialanma.es\/?product=olivas-rellenas-baymar\",\"name\":\"Aceitunas rellenas BAYMAR 350gr. - Comercial de Hosteleria Anma\",\"isPartOf\":{\"@id\":\"https:\/\/www.comercialanma.es\/#website\"},\"primaryImageOfPage\":{\"@id\":\"https:\/\/www.comercialanma.es\/?product=olivas-rellenas-baymar#primaryimage\"},\"datePublished\":\"2020-12-16T15:58:11+00:00\",\"dateModified\":\"2025-11-26T10:22:57+00:00\",\"description\":\"Aceitunas rellenas de anchoa | Baymar | 350gr. | Envase lata | Tama\\u00f1o grande | Para acompa\\u00f1ar ensaladas o vermut.\",\"breadcrumb\":{\"@id\":\"https:\/\/www.comercialanma.es\/?product=olivas-rellenas-baymar#breadcrumb\"},\"inLanguage\":\"es\",\"potentialAction\":[{\"@type\":\"ReadAction\",\"target\":[\"https:\/\/www.comercialanma.es\/?product=olivas-rellenas-baymar\"]}]},{\"@type\":\"BreadcrumbList\",\"@id\":\"https:\/\/www.comercialanma.es\/?product=olivas-rellenas-baymar#breadcrumb\",\"itemListElement\":[{\"@type\":\"ListItem\",\"position\":1,\"item\":{\"@type\":\"WebPage\",\"@id\":\"https:\/\/www.comercialanma.es\/\",\"url\":\"https:\/\/www.comercialanma.es\/\",\"name\":\"Portada\"}},{\"@type\":\"ListItem\",\"position\":2,\"item\":{\"@type\":\"WebPage\",\"@id\":\"https:\/\/www.comercialanma.es\/?page_id=3963\",\"url\":\"https:\/\/www.comercialanma.es\/?page_id=3963\",\"name\":\"Cat\\u00e1logo de Productos\"}},{\"@type\":\"ListItem\",\"position\":3,\"item\":{\"@type\":\"WebPage\",\"@id\":\"https:\/\/www.comercialanma.es\/?product=olivas-rellenas-baymar\",\"url\":\"https:\/\/www.comercialanma.es\/?product=olivas-rellenas-baymar\",\"name\":\"Aceitunas rellenas BAYMAR 350gr.\"}}]}]}<\/script>\n<!-- \/ Yoast SEO plugin. -->","_links":{"self":[{"href":"https:\/\/www.comercialanma.es\/index.php?rest_route=\/wp\/v2\/product\/14516"}],"collection":[{"href":"https:\/\/www.comercialanma.es\/index.php?rest_route=\/wp\/v2\/product"}],"about":[{"href":"https:\/\/www.comercialanma.es\/index.php?rest_route=\/wp\/v2\/types\/product"}],"version-history":[{"count":3,"href":"https:\/\/www.comercialanma.es\/index.php?rest_route=\/wp\/v2\/product\/14516\/revisions"}],"predecessor-version":[{"id":24540,"href":"https:\/\/www.comercialanma.es\/index.php?rest_route=\/wp\/v2\/product\/14516\/revisions\/24540"}],"wp:featuredmedia":[{"embeddable":true,"href":"https:\/\/www.comercialanma.es\/index.php?rest_route=\/wp\/v2\/media\/24539"}],"wp:attachment":[{"href":"https:\/\/www.comercialanma.es\/index.php?rest_route=%2Fwp%2Fv2%2Fmedia&parent=14516"}],"curies":[{"name":"wp","href":"https:\/\/api.w.org\/{rel}","templated":true}]}}