
{"id":14937,"date":"2021-01-25T12:33:46","date_gmt":"2021-01-25T11:33:46","guid":{"rendered":"https:\/\/www.comercialanma.es\/?post_type=product&#038;p=14937"},"modified":"2021-01-25T12:43:26","modified_gmt":"2021-01-25T11:43:26","slug":"nitrilo-talla-l","status":"publish","type":"product","link":"https:\/\/www.comercialanma.es\/?product=nitrilo-talla-l","title":{"rendered":"Guantes Sanyc Nitrilo azul sin polvo Talla M"},"content":{"rendered":"<h3>Caracteristicas:<\/h3>\n<div class=\"et_pb_slide et_pb_bg_layout_dark et_pb_media_alignment_center et_pb_slide_4 et-pb-active-slide\">\n<div class=\"et_pb_container clearfix et_pb_empty_slide\">\n<div class=\"et_pb_slider_container_inner\">\n<div class=\"et_pb_slide_description\">\n<div class=\"et_pb_slide_content\">\n<div class=\"et_pb_slide et_pb_bg_layout_dark et_pb_media_alignment_center et_pb_slide_4 et-pb-active-slide\">\n<div class=\"et_pb_container clearfix et_pb_empty_slide\">\n<div class=\"et_pb_slider_container_inner\">\n<div class=\"et_pb_slide_description\">\n<div class=\"et_pb_slide_content\">\n<ul>\n<li>Guantes para exploraci\u00f3n 100% de nitrilo, sin polvo.<\/li>\n<li>Para al\u00e9rgicos al l\u00e1tex.<\/li>\n<li>Muy resistentes a la perforaci\u00f3n.<\/li>\n<li>Superficie microtexturada antideslizante sin p\u00e9rdida de sensibilidad t\u00e1ctil.<\/li>\n<li>Ambidiestros.<\/li>\n<li>No est\u00e9riles.<\/li>\n<li>Color: Azul.<\/li>\n<\/ul>\n<\/div>\n<div>\n<h3>E.P.I:<\/h3>\n<div>Categor\u00eda III<\/div>\n<\/div>\n<\/div>\n<\/div>\n<\/div>\n<\/div>\n<\/div>\n<\/div>\n<\/div>\n<\/div>\n<\/div>\n","protected":false},"excerpt":{"rendered":"<p>Guante Nitrilo azul | Sanyc | Sin polvo| Caja 100u.|<\/p>\n<p>Los guantes de nitrilo azul sin polvo son guantes para exploraci\u00f3n ideales para usuarios y pacientes al\u00e9rgicos al l\u00e1tex. Est\u00e1n fabricados 100% en nitrilo, no contienen polvo y poseen mayor resistencia a la perforaci\u00f3n que los guantes de l\u00e1tex. Este modelo de guantes de nitrilo son ambidiestros, no est\u00e9riles, de un solo uso y est\u00e1n elaborados bajo las normativas europeas.<\/p>\n<p>&nbsp;<\/p>\n<p>&nbsp;<\/p>\n<p>&nbsp;<\/p>\n<p>&nbsp;<\/p>\n<p>&nbsp;<\/p>\n<p>&nbsp;<\/p>\n<p>&nbsp;<\/p>\n<p>&nbsp;<\/p>\n","protected":false},"featured_media":14939,"template":"","meta":{"spay_email":""},"yoast_head":"<!-- This site is optimized with the Yoast SEO plugin v15.9 - https:\/\/yoast.com\/wordpress\/plugins\/seo\/ -->\n<title>Guantes Sanyc Nitrilo azul sin polvo Talla M - Comercial de Hosteleria Anma<\/title>\n<meta name=\"description\" content=\"Guante Nitrilo azul | Sanyc | Sin polvo| Caja 100u.| Ideales para usuarios y pacientes al\u00e9rgicos al l\u00e1tex | No est\u00e9riles | Un solo uso.\" \/>\n<meta name=\"robots\" content=\"index, follow, max-snippet:-1, max-image-preview:large, max-video-preview:-1\" \/>\n<link rel=\"canonical\" href=\"https:\/\/www.comercialanma.es\/?product=nitrilo-talla-l\" \/>\n<meta property=\"og:locale\" content=\"es_ES\" \/>\n<meta property=\"og:type\" content=\"article\" \/>\n<meta property=\"og:title\" content=\"Guantes Sanyc Nitrilo azul sin polvo Talla M - Comercial de Hosteleria Anma\" \/>\n<meta property=\"og:description\" content=\"Guante Nitrilo azul | Sanyc | Sin polvo| Caja 100u.| Ideales para usuarios y pacientes al\u00e9rgicos al l\u00e1tex | No est\u00e9riles | Un solo uso.\" \/>\n<meta property=\"og:url\" content=\"https:\/\/www.comercialanma.es\/?product=nitrilo-talla-l\" \/>\n<meta property=\"og:site_name\" content=\"Comercial de Hosteleria Anma\" \/>\n<meta property=\"article:publisher\" content=\"https:\/\/www.facebook.com\/AnmaHosteleria\" \/>\n<meta property=\"article:modified_time\" content=\"2021-01-25T11:43:26+00:00\" \/>\n<meta property=\"og:image\" content=\"https:\/\/i2.wp.com\/www.comercialanma.es\/wp-content\/uploads\/2021\/01\/guantes-nitrilo-sin-polvo-caja.jpg?fit=1080%2C1080&#038;ssl=1\" \/>\n\t<meta property=\"og:image:width\" content=\"1080\" \/>\n\t<meta property=\"og:image:height\" content=\"1080\" \/>\n<meta name=\"twitter:card\" content=\"summary_large_image\" \/>\n<script type=\"application\/ld+json\" class=\"yoast-schema-graph\">{\"@context\":\"https:\/\/schema.org\",\"@graph\":[{\"@type\":\"Organization\",\"@id\":\"https:\/\/www.comercialanma.es\/#organization\",\"name\":\"Comercial Anma\",\"url\":\"https:\/\/www.comercialanma.es\/\",\"sameAs\":[\"https:\/\/www.facebook.com\/AnmaHosteleria\",\"https:\/\/www.instagram.com\/anmahosteleria\/?hl=es\",\"https:\/\/www.youtube.com\/channel\/UCT2nmn08Ntks0hmpZPnDgCA\"],\"logo\":{\"@type\":\"ImageObject\",\"@id\":\"https:\/\/www.comercialanma.es\/#logo\",\"inLanguage\":\"es\",\"url\":\"https:\/\/i2.wp.com\/www.comercialanma.es\/wp-content\/uploads\/2019\/06\/logo-anma-color.png?fit=247%2C101&ssl=1\",\"width\":247,\"height\":101,\"caption\":\"Comercial Anma\"},\"image\":{\"@id\":\"https:\/\/www.comercialanma.es\/#logo\"}},{\"@type\":\"WebSite\",\"@id\":\"https:\/\/www.comercialanma.es\/#website\",\"url\":\"https:\/\/www.comercialanma.es\/\",\"name\":\"Comercial de Hosteleria Anma\",\"description\":\"\",\"publisher\":{\"@id\":\"https:\/\/www.comercialanma.es\/#organization\"},\"potentialAction\":[{\"@type\":\"SearchAction\",\"target\":\"https:\/\/www.comercialanma.es\/?s={search_term_string}\",\"query-input\":\"required name=search_term_string\"}],\"inLanguage\":\"es\"},{\"@type\":\"ImageObject\",\"@id\":\"https:\/\/www.comercialanma.es\/?product=nitrilo-talla-l#primaryimage\",\"inLanguage\":\"es\",\"url\":\"https:\/\/i2.wp.com\/www.comercialanma.es\/wp-content\/uploads\/2021\/01\/guantes-nitrilo-sin-polvo-caja.jpg?fit=1080%2C1080&ssl=1\",\"width\":1080,\"height\":1080},{\"@type\":\"WebPage\",\"@id\":\"https:\/\/www.comercialanma.es\/?product=nitrilo-talla-l#webpage\",\"url\":\"https:\/\/www.comercialanma.es\/?product=nitrilo-talla-l\",\"name\":\"Guantes Sanyc Nitrilo azul sin polvo Talla M - Comercial de Hosteleria Anma\",\"isPartOf\":{\"@id\":\"https:\/\/www.comercialanma.es\/#website\"},\"primaryImageOfPage\":{\"@id\":\"https:\/\/www.comercialanma.es\/?product=nitrilo-talla-l#primaryimage\"},\"datePublished\":\"2021-01-25T11:33:46+00:00\",\"dateModified\":\"2021-01-25T11:43:26+00:00\",\"description\":\"Guante Nitrilo azul | Sanyc | Sin polvo| Caja 100u.| Ideales para usuarios y pacientes al\\u00e9rgicos al l\\u00e1tex | No est\\u00e9riles | Un solo uso.\",\"breadcrumb\":{\"@id\":\"https:\/\/www.comercialanma.es\/?product=nitrilo-talla-l#breadcrumb\"},\"inLanguage\":\"es\",\"potentialAction\":[{\"@type\":\"ReadAction\",\"target\":[\"https:\/\/www.comercialanma.es\/?product=nitrilo-talla-l\"]}]},{\"@type\":\"BreadcrumbList\",\"@id\":\"https:\/\/www.comercialanma.es\/?product=nitrilo-talla-l#breadcrumb\",\"itemListElement\":[{\"@type\":\"ListItem\",\"position\":1,\"item\":{\"@type\":\"WebPage\",\"@id\":\"https:\/\/www.comercialanma.es\/\",\"url\":\"https:\/\/www.comercialanma.es\/\",\"name\":\"Portada\"}},{\"@type\":\"ListItem\",\"position\":2,\"item\":{\"@type\":\"WebPage\",\"@id\":\"https:\/\/www.comercialanma.es\/?page_id=3963\",\"url\":\"https:\/\/www.comercialanma.es\/?page_id=3963\",\"name\":\"Cat\\u00e1logo de Productos\"}},{\"@type\":\"ListItem\",\"position\":3,\"item\":{\"@type\":\"WebPage\",\"@id\":\"https:\/\/www.comercialanma.es\/?product=nitrilo-talla-l\",\"url\":\"https:\/\/www.comercialanma.es\/?product=nitrilo-talla-l\",\"name\":\"Guantes Sanyc Nitrilo azul sin polvo Talla M\"}}]}]}<\/script>\n<!-- \/ Yoast SEO plugin. -->","_links":{"self":[{"href":"https:\/\/www.comercialanma.es\/index.php?rest_route=\/wp\/v2\/product\/14937"}],"collection":[{"href":"https:\/\/www.comercialanma.es\/index.php?rest_route=\/wp\/v2\/product"}],"about":[{"href":"https:\/\/www.comercialanma.es\/index.php?rest_route=\/wp\/v2\/types\/product"}],"version-history":[{"count":2,"href":"https:\/\/www.comercialanma.es\/index.php?rest_route=\/wp\/v2\/product\/14937\/revisions"}],"predecessor-version":[{"id":14944,"href":"https:\/\/www.comercialanma.es\/index.php?rest_route=\/wp\/v2\/product\/14937\/revisions\/14944"}],"wp:featuredmedia":[{"embeddable":true,"href":"https:\/\/www.comercialanma.es\/index.php?rest_route=\/wp\/v2\/media\/14939"}],"wp:attachment":[{"href":"https:\/\/www.comercialanma.es\/index.php?rest_route=%2Fwp%2Fv2%2Fmedia&parent=14937"}],"curies":[{"name":"wp","href":"https:\/\/api.w.org\/{rel}","templated":true}]}}