
{"id":14966,"date":"2021-01-26T08:55:16","date_gmt":"2021-01-26T07:55:16","guid":{"rendered":"https:\/\/www.comercialanma.es\/?post_type=product&#038;p=14966"},"modified":"2021-01-26T09:25:38","modified_gmt":"2021-01-26T08:25:38","slug":"insecticida-exterior","status":"publish","type":"product","link":"https:\/\/www.comercialanma.es\/?product=insecticida-exterior","title":{"rendered":"Insecticida Antimosquitos Exteriores Bayer aerosol 500ml."},"content":{"rendered":"<h3><strong>Caracteristicas:<\/strong><\/h3>\n<div class=\"et_pb_slide et_pb_bg_layout_dark et_pb_media_alignment_center et_pb_slide_4 et-pb-active-slide\">\n<div class=\"et_pb_container clearfix et_pb_empty_slide\">\n<div class=\"et_pb_slider_container_inner\">\n<div class=\"et_pb_slide_description\">\n<div class=\"et_pb_slide_content\">\n<div class=\"et_pb_slide et_pb_bg_layout_dark et_pb_media_alignment_center et_pb_slide_4 et-pb-active-slide\">\n<div class=\"et_pb_container clearfix et_pb_empty_slide\">\n<div class=\"et_pb_slider_container_inner\">\n<div class=\"et_pb_slide_description\">\n<div class=\"et_pb_slide_content\">\n<ul>\n<li>Espacio libre de moscas, mosquitos y peque\u00f1os insectos voladores<\/li>\n<li>Libre de olores<\/li>\n<li>8 horas de protecci\u00f3n<\/li>\n<li>No mancha<\/li>\n<\/ul>\n<\/div>\n<\/div>\n<\/div>\n<\/div>\n<\/div>\n<\/div>\n<\/div>\n<\/div>\n<\/div>\n<\/div>\n","protected":false},"excerpt":{"rendered":"<p>Insecticida antimosquitos exteriores | Bayer | Formato aerosol | 500ml.|<\/p>\n<ul class=\"a-unordered-list a-vertical a-spacing-mini\">\n<li><span class=\"a-list-item\"> Insecticida persistente para exteriores <\/span><\/li>\n<li><span class=\"a-list-item\"> Insecticida especialmente formulado para garantizar durante el d\u00eda y la noche una eficaz protecci\u00f3n contra moscas, mosquitos, mosquito tigre y otros peque\u00f1os insectos en espacios abiertos o semiabiertos tales como terrazas, porches, patios.; creando un espacio libre de insectos y eliminando los existentes <\/span><\/li>\n<li><span class=\"a-list-item\"> La evaporaci\u00f3n continuada del insecticida aplicado a las superficies garantiza una protecci\u00f3n ante mosquitos y otros peque\u00f1os insectos de forma estable alrededor de 8 horas <\/span><\/li>\n<li><span class=\"a-list-item\"> Libre de olores y no mancha <\/span><\/li>\n<li><span class=\"a-list-item\"> Ideal para balcones, terrazas y jardines <\/span><\/li>\n<\/ul>\n<p>&nbsp;<\/p>\n<p>&nbsp;<\/p>\n","protected":false},"featured_media":14967,"template":"","meta":{"spay_email":""},"yoast_head":"<!-- This site is optimized with the Yoast SEO plugin v15.9 - https:\/\/yoast.com\/wordpress\/plugins\/seo\/ -->\n<title>Insecticida Antimosquitos Exteriores Bayer aerosol 500ml. - Comercial de Hosteleria Anma<\/title>\n<meta name=\"description\" content=\"Insecticida antimosquitos exteriores | Bayer | Formato aerosol | 500ml.| contra moscas, mosquitos, mosquito tigre y otros peque\u00f1os insectos.\" \/>\n<meta name=\"robots\" content=\"index, follow, max-snippet:-1, max-image-preview:large, max-video-preview:-1\" \/>\n<link rel=\"canonical\" href=\"https:\/\/www.comercialanma.es\/?product=insecticida-exterior\" \/>\n<meta property=\"og:locale\" content=\"es_ES\" \/>\n<meta property=\"og:type\" content=\"article\" \/>\n<meta property=\"og:title\" content=\"Insecticida Antimosquitos Exteriores Bayer aerosol 500ml. - Comercial de Hosteleria Anma\" \/>\n<meta property=\"og:description\" content=\"Insecticida antimosquitos exteriores | Bayer | Formato aerosol | 500ml.| contra moscas, mosquitos, mosquito tigre y otros peque\u00f1os insectos.\" \/>\n<meta property=\"og:url\" content=\"https:\/\/www.comercialanma.es\/?product=insecticida-exterior\" \/>\n<meta property=\"og:site_name\" content=\"Comercial de Hosteleria Anma\" \/>\n<meta property=\"article:publisher\" content=\"https:\/\/www.facebook.com\/AnmaHosteleria\" \/>\n<meta property=\"article:modified_time\" content=\"2021-01-26T08:25:38+00:00\" \/>\n<meta property=\"og:image\" content=\"https:\/\/i1.wp.com\/www.comercialanma.es\/wp-content\/uploads\/2021\/01\/INSECTICIDA-EXTERIOR-BAYER.jpg?fit=1080%2C1080&#038;ssl=1\" \/>\n\t<meta property=\"og:image:width\" content=\"1080\" \/>\n\t<meta property=\"og:image:height\" content=\"1080\" \/>\n<meta name=\"twitter:card\" content=\"summary_large_image\" \/>\n<script type=\"application\/ld+json\" class=\"yoast-schema-graph\">{\"@context\":\"https:\/\/schema.org\",\"@graph\":[{\"@type\":\"Organization\",\"@id\":\"https:\/\/www.comercialanma.es\/#organization\",\"name\":\"Comercial Anma\",\"url\":\"https:\/\/www.comercialanma.es\/\",\"sameAs\":[\"https:\/\/www.facebook.com\/AnmaHosteleria\",\"https:\/\/www.instagram.com\/anmahosteleria\/?hl=es\",\"https:\/\/www.youtube.com\/channel\/UCT2nmn08Ntks0hmpZPnDgCA\"],\"logo\":{\"@type\":\"ImageObject\",\"@id\":\"https:\/\/www.comercialanma.es\/#logo\",\"inLanguage\":\"es\",\"url\":\"https:\/\/i2.wp.com\/www.comercialanma.es\/wp-content\/uploads\/2019\/06\/logo-anma-color.png?fit=247%2C101&ssl=1\",\"width\":247,\"height\":101,\"caption\":\"Comercial Anma\"},\"image\":{\"@id\":\"https:\/\/www.comercialanma.es\/#logo\"}},{\"@type\":\"WebSite\",\"@id\":\"https:\/\/www.comercialanma.es\/#website\",\"url\":\"https:\/\/www.comercialanma.es\/\",\"name\":\"Comercial de Hosteleria Anma\",\"description\":\"\",\"publisher\":{\"@id\":\"https:\/\/www.comercialanma.es\/#organization\"},\"potentialAction\":[{\"@type\":\"SearchAction\",\"target\":\"https:\/\/www.comercialanma.es\/?s={search_term_string}\",\"query-input\":\"required name=search_term_string\"}],\"inLanguage\":\"es\"},{\"@type\":\"ImageObject\",\"@id\":\"https:\/\/www.comercialanma.es\/?product=insecticida-exterior#primaryimage\",\"inLanguage\":\"es\",\"url\":\"https:\/\/i1.wp.com\/www.comercialanma.es\/wp-content\/uploads\/2021\/01\/INSECTICIDA-EXTERIOR-BAYER.jpg?fit=1080%2C1080&ssl=1\",\"width\":1080,\"height\":1080},{\"@type\":\"WebPage\",\"@id\":\"https:\/\/www.comercialanma.es\/?product=insecticida-exterior#webpage\",\"url\":\"https:\/\/www.comercialanma.es\/?product=insecticida-exterior\",\"name\":\"Insecticida Antimosquitos Exteriores Bayer aerosol 500ml. - Comercial de Hosteleria Anma\",\"isPartOf\":{\"@id\":\"https:\/\/www.comercialanma.es\/#website\"},\"primaryImageOfPage\":{\"@id\":\"https:\/\/www.comercialanma.es\/?product=insecticida-exterior#primaryimage\"},\"datePublished\":\"2021-01-26T07:55:16+00:00\",\"dateModified\":\"2021-01-26T08:25:38+00:00\",\"description\":\"Insecticida antimosquitos exteriores | Bayer | Formato aerosol | 500ml.| contra moscas, mosquitos, mosquito tigre y otros peque\\u00f1os insectos.\",\"breadcrumb\":{\"@id\":\"https:\/\/www.comercialanma.es\/?product=insecticida-exterior#breadcrumb\"},\"inLanguage\":\"es\",\"potentialAction\":[{\"@type\":\"ReadAction\",\"target\":[\"https:\/\/www.comercialanma.es\/?product=insecticida-exterior\"]}]},{\"@type\":\"BreadcrumbList\",\"@id\":\"https:\/\/www.comercialanma.es\/?product=insecticida-exterior#breadcrumb\",\"itemListElement\":[{\"@type\":\"ListItem\",\"position\":1,\"item\":{\"@type\":\"WebPage\",\"@id\":\"https:\/\/www.comercialanma.es\/\",\"url\":\"https:\/\/www.comercialanma.es\/\",\"name\":\"Portada\"}},{\"@type\":\"ListItem\",\"position\":2,\"item\":{\"@type\":\"WebPage\",\"@id\":\"https:\/\/www.comercialanma.es\/?page_id=3963\",\"url\":\"https:\/\/www.comercialanma.es\/?page_id=3963\",\"name\":\"Cat\\u00e1logo de Productos\"}},{\"@type\":\"ListItem\",\"position\":3,\"item\":{\"@type\":\"WebPage\",\"@id\":\"https:\/\/www.comercialanma.es\/?product=insecticida-exterior\",\"url\":\"https:\/\/www.comercialanma.es\/?product=insecticida-exterior\",\"name\":\"Insecticida Antimosquitos Exteriores Bayer aerosol 500ml.\"}}]}]}<\/script>\n<!-- \/ Yoast SEO plugin. -->","_links":{"self":[{"href":"https:\/\/www.comercialanma.es\/index.php?rest_route=\/wp\/v2\/product\/14966"}],"collection":[{"href":"https:\/\/www.comercialanma.es\/index.php?rest_route=\/wp\/v2\/product"}],"about":[{"href":"https:\/\/www.comercialanma.es\/index.php?rest_route=\/wp\/v2\/types\/product"}],"version-history":[{"count":1,"href":"https:\/\/www.comercialanma.es\/index.php?rest_route=\/wp\/v2\/product\/14966\/revisions"}],"predecessor-version":[{"id":14968,"href":"https:\/\/www.comercialanma.es\/index.php?rest_route=\/wp\/v2\/product\/14966\/revisions\/14968"}],"wp:featuredmedia":[{"embeddable":true,"href":"https:\/\/www.comercialanma.es\/index.php?rest_route=\/wp\/v2\/media\/14967"}],"wp:attachment":[{"href":"https:\/\/www.comercialanma.es\/index.php?rest_route=%2Fwp%2Fv2%2Fmedia&parent=14966"}],"curies":[{"name":"wp","href":"https:\/\/api.w.org\/{rel}","templated":true}]}}