
{"id":15167,"date":"2021-02-02T12:11:08","date_gmt":"2021-02-02T11:11:08","guid":{"rendered":"https:\/\/www.comercialanma.es\/?post_type=product&#038;p=15167"},"modified":"2021-02-02T17:49:04","modified_gmt":"2021-02-02T16:49:04","slug":"vermout-st-petroni-blanco-1l","status":"publish","type":"product","link":"https:\/\/www.comercialanma.es\/?product=vermout-st-petroni-blanco-1l","title":{"rendered":"Vermout St. Petroni Blanco 1L."},"content":{"rendered":"<p>Se elabora a partir de uvas de la variedad albari\u00f1o procedentes del Pazo Arret\u00e9n, cuyos vi\u00f1edos est\u00e1n especialmente mimados por el microclima del valle de Padr\u00f3n.<\/p>\n<h3>Pa\u00eds:<\/h3>\n<ul>\n<li>Espa\u00f1a (Gal\u00edcia)<\/li>\n<\/ul>\n<h3>Nota de Cata<\/h3>\n<ul>\n<li>COLOR De color amarillo p\u00e1lido con destellos verdosos. Equilibrada anatom\u00eda, gran cristalinidad y brillo destellante.<\/li>\n<li>OLOR Su evoluci\u00f3n en nariz es m\u00e1s que evidente. De alta intensidad y marcado car\u00e1cter varietal, con toques minerales, destacando las notas c\u00edtricas y herb\u00e1ceas muy frescas aportadas por el pimiento de Herb\u00f3n, envueltas en elegantes aromas de botica antigua ba\u00f1adas en flores blancas.<\/li>\n<li>SABOR El paso por boca se muestra equilibrado, estructurado y muy fresco. Con un volumen bien definido y de potente acidez, a la vez que de agradable suavidad. De largo recorrido, destacando un postgusto amplio y elegante de golosina especiada. De gran complejidad y multitud de matices.<\/li>\n<\/ul>\n<h3>Graduaci\u00f3n:<\/h3>\n<ul>\n<li>15\u00ba vol.<\/li>\n<\/ul>\n","protected":false},"excerpt":{"rendered":"<div id=\"info_valoracion\">\n<div id=\"short_description_block\">\n<div id=\"short_description_content\"><\/div>\n<\/div>\n<div>Verm\u00fa blanco | St. Petroni | 1L.<\/div>\n<div>St Petroni es un verm\u00fa blanco muy singular ya que se elabora con la variedad Albari\u00f1o. Vinificado sobre l\u00edas, posteriormente se somete a una maceraci\u00f3n controlada artesanalmente de 29 bot\u00e1nicos<\/div>\n<\/div>\n","protected":false},"featured_media":15168,"template":"","meta":{"spay_email":""},"yoast_head":"<!-- This site is optimized with the Yoast SEO plugin v15.9 - https:\/\/yoast.com\/wordpress\/plugins\/seo\/ -->\n<title>Vermout St. Petroni Blanco 1L. - Comercial de Hosteleria Anma<\/title>\n<meta name=\"description\" content=\"Verm\u00fa rojo | St. Petroni | 1L.| St Petroni\u00a0es un verm\u00fa blanco muy singular ya que se elabora con la variedad Albari\u00f1o.\" \/>\n<meta name=\"robots\" content=\"index, follow, max-snippet:-1, max-image-preview:large, max-video-preview:-1\" \/>\n<link rel=\"canonical\" href=\"https:\/\/www.comercialanma.es\/?product=vermout-st-petroni-blanco-1l\" \/>\n<meta property=\"og:locale\" content=\"es_ES\" \/>\n<meta property=\"og:type\" content=\"article\" \/>\n<meta property=\"og:title\" content=\"Vermout St. Petroni Blanco 1L. - Comercial de Hosteleria Anma\" \/>\n<meta property=\"og:description\" content=\"Verm\u00fa rojo | St. Petroni | 1L.| St Petroni\u00a0es un verm\u00fa blanco muy singular ya que se elabora con la variedad Albari\u00f1o.\" \/>\n<meta property=\"og:url\" content=\"https:\/\/www.comercialanma.es\/?product=vermout-st-petroni-blanco-1l\" \/>\n<meta property=\"og:site_name\" content=\"Comercial de Hosteleria Anma\" \/>\n<meta property=\"article:publisher\" content=\"https:\/\/www.facebook.com\/AnmaHosteleria\" \/>\n<meta property=\"article:modified_time\" content=\"2021-02-02T16:49:04+00:00\" \/>\n<meta property=\"og:image\" content=\"https:\/\/i2.wp.com\/www.comercialanma.es\/wp-content\/uploads\/2021\/02\/Vermut-St-Petroni-blanco.jpg?fit=1080%2C1080&#038;ssl=1\" \/>\n\t<meta property=\"og:image:width\" content=\"1080\" \/>\n\t<meta property=\"og:image:height\" content=\"1080\" \/>\n<meta name=\"twitter:card\" content=\"summary_large_image\" \/>\n<meta name=\"twitter:label1\" content=\"Tiempo de lectura\">\n\t<meta name=\"twitter:data1\" content=\"1 minuto\">\n<script type=\"application\/ld+json\" class=\"yoast-schema-graph\">{\"@context\":\"https:\/\/schema.org\",\"@graph\":[{\"@type\":\"Organization\",\"@id\":\"https:\/\/www.comercialanma.es\/#organization\",\"name\":\"Comercial Anma\",\"url\":\"https:\/\/www.comercialanma.es\/\",\"sameAs\":[\"https:\/\/www.facebook.com\/AnmaHosteleria\",\"https:\/\/www.instagram.com\/anmahosteleria\/?hl=es\",\"https:\/\/www.youtube.com\/channel\/UCT2nmn08Ntks0hmpZPnDgCA\"],\"logo\":{\"@type\":\"ImageObject\",\"@id\":\"https:\/\/www.comercialanma.es\/#logo\",\"inLanguage\":\"es\",\"url\":\"https:\/\/i2.wp.com\/www.comercialanma.es\/wp-content\/uploads\/2019\/06\/logo-anma-color.png?fit=247%2C101&ssl=1\",\"width\":247,\"height\":101,\"caption\":\"Comercial Anma\"},\"image\":{\"@id\":\"https:\/\/www.comercialanma.es\/#logo\"}},{\"@type\":\"WebSite\",\"@id\":\"https:\/\/www.comercialanma.es\/#website\",\"url\":\"https:\/\/www.comercialanma.es\/\",\"name\":\"Comercial de Hosteleria Anma\",\"description\":\"\",\"publisher\":{\"@id\":\"https:\/\/www.comercialanma.es\/#organization\"},\"potentialAction\":[{\"@type\":\"SearchAction\",\"target\":\"https:\/\/www.comercialanma.es\/?s={search_term_string}\",\"query-input\":\"required name=search_term_string\"}],\"inLanguage\":\"es\"},{\"@type\":\"ImageObject\",\"@id\":\"https:\/\/www.comercialanma.es\/?product=vermout-st-petroni-blanco-1l#primaryimage\",\"inLanguage\":\"es\",\"url\":\"https:\/\/i2.wp.com\/www.comercialanma.es\/wp-content\/uploads\/2021\/02\/Vermut-St-Petroni-blanco.jpg?fit=1080%2C1080&ssl=1\",\"width\":1080,\"height\":1080},{\"@type\":\"WebPage\",\"@id\":\"https:\/\/www.comercialanma.es\/?product=vermout-st-petroni-blanco-1l#webpage\",\"url\":\"https:\/\/www.comercialanma.es\/?product=vermout-st-petroni-blanco-1l\",\"name\":\"Vermout St. Petroni Blanco 1L. - Comercial de Hosteleria Anma\",\"isPartOf\":{\"@id\":\"https:\/\/www.comercialanma.es\/#website\"},\"primaryImageOfPage\":{\"@id\":\"https:\/\/www.comercialanma.es\/?product=vermout-st-petroni-blanco-1l#primaryimage\"},\"datePublished\":\"2021-02-02T11:11:08+00:00\",\"dateModified\":\"2021-02-02T16:49:04+00:00\",\"description\":\"Verm\\u00fa rojo | St. Petroni | 1L.| St Petroni\\u00a0es un verm\\u00fa blanco muy singular ya que se elabora con la variedad Albari\\u00f1o.\",\"breadcrumb\":{\"@id\":\"https:\/\/www.comercialanma.es\/?product=vermout-st-petroni-blanco-1l#breadcrumb\"},\"inLanguage\":\"es\",\"potentialAction\":[{\"@type\":\"ReadAction\",\"target\":[\"https:\/\/www.comercialanma.es\/?product=vermout-st-petroni-blanco-1l\"]}]},{\"@type\":\"BreadcrumbList\",\"@id\":\"https:\/\/www.comercialanma.es\/?product=vermout-st-petroni-blanco-1l#breadcrumb\",\"itemListElement\":[{\"@type\":\"ListItem\",\"position\":1,\"item\":{\"@type\":\"WebPage\",\"@id\":\"https:\/\/www.comercialanma.es\/\",\"url\":\"https:\/\/www.comercialanma.es\/\",\"name\":\"Portada\"}},{\"@type\":\"ListItem\",\"position\":2,\"item\":{\"@type\":\"WebPage\",\"@id\":\"https:\/\/www.comercialanma.es\/?page_id=3963\",\"url\":\"https:\/\/www.comercialanma.es\/?page_id=3963\",\"name\":\"Cat\\u00e1logo de Productos\"}},{\"@type\":\"ListItem\",\"position\":3,\"item\":{\"@type\":\"WebPage\",\"@id\":\"https:\/\/www.comercialanma.es\/?product=vermout-st-petroni-blanco-1l\",\"url\":\"https:\/\/www.comercialanma.es\/?product=vermout-st-petroni-blanco-1l\",\"name\":\"Vermout St. Petroni Blanco 1L.\"}}]}]}<\/script>\n<!-- \/ Yoast SEO plugin. -->","_links":{"self":[{"href":"https:\/\/www.comercialanma.es\/index.php?rest_route=\/wp\/v2\/product\/15167"}],"collection":[{"href":"https:\/\/www.comercialanma.es\/index.php?rest_route=\/wp\/v2\/product"}],"about":[{"href":"https:\/\/www.comercialanma.es\/index.php?rest_route=\/wp\/v2\/types\/product"}],"version-history":[{"count":2,"href":"https:\/\/www.comercialanma.es\/index.php?rest_route=\/wp\/v2\/product\/15167\/revisions"}],"predecessor-version":[{"id":15174,"href":"https:\/\/www.comercialanma.es\/index.php?rest_route=\/wp\/v2\/product\/15167\/revisions\/15174"}],"wp:featuredmedia":[{"embeddable":true,"href":"https:\/\/www.comercialanma.es\/index.php?rest_route=\/wp\/v2\/media\/15168"}],"wp:attachment":[{"href":"https:\/\/www.comercialanma.es\/index.php?rest_route=%2Fwp%2Fv2%2Fmedia&parent=15167"}],"curies":[{"name":"wp","href":"https:\/\/api.w.org\/{rel}","templated":true}]}}