
{"id":15591,"date":"2021-02-10T12:32:57","date_gmt":"2021-02-10T11:32:57","guid":{"rendered":"https:\/\/www.comercialanma.es\/?post_type=product&#038;p=15591"},"modified":"2021-02-10T12:35:33","modified_gmt":"2021-02-10T11:35:33","slug":"garbanzos-secos-luengo-1k","status":"publish","type":"product","link":"https:\/\/www.comercialanma.es\/?product=garbanzos-secos-luengo-1k","title":{"rendered":"Garbanzos secos Luengo 1Kg."},"content":{"rendered":"<ul>\n<li>Formato 1kg.<\/li>\n<li>Producto: Garbanzos secos<\/li>\n<li>Legumbres Luengo<\/li>\n<\/ul>\n","protected":false},"excerpt":{"rendered":"<p>Garbanzos secos | 1Kg. | Luengo |<\/p>\n<p>Este garbanzo es capaz de poner de tiros largos las recetas m\u00e1s sencillas. Delicioso con pocos o muchos ingredientes, una vez cocido es tan tierno y suave como el que m\u00e1s, y conserva una pinta de lo m\u00e1s apetitosa.<\/p>\n","protected":false},"featured_media":15592,"template":"","meta":{"spay_email":""},"yoast_head":"<!-- This site is optimized with the Yoast SEO plugin v15.9 - https:\/\/yoast.com\/wordpress\/plugins\/seo\/ -->\n<title>Garbanzos secos Luengo 1Kg. - Comercial de Hosteleria Anma<\/title>\n<meta name=\"description\" content=\"Garbanzos secos | 1Kg. | Luengo | Este garbanzo es capaz de poner de tiros largos las recetas m\u00e1s sencillas.\" \/>\n<meta name=\"robots\" content=\"index, follow, max-snippet:-1, max-image-preview:large, max-video-preview:-1\" \/>\n<link rel=\"canonical\" href=\"https:\/\/www.comercialanma.es\/?product=garbanzos-secos-luengo-1k\" \/>\n<meta property=\"og:locale\" content=\"es_ES\" \/>\n<meta property=\"og:type\" content=\"article\" \/>\n<meta property=\"og:title\" content=\"Garbanzos secos Luengo 1Kg. - Comercial de Hosteleria Anma\" \/>\n<meta property=\"og:description\" content=\"Garbanzos secos | 1Kg. | Luengo | Este garbanzo es capaz de poner de tiros largos las recetas m\u00e1s sencillas.\" \/>\n<meta property=\"og:url\" content=\"https:\/\/www.comercialanma.es\/?product=garbanzos-secos-luengo-1k\" \/>\n<meta property=\"og:site_name\" content=\"Comercial de Hosteleria Anma\" \/>\n<meta property=\"article:publisher\" content=\"https:\/\/www.facebook.com\/AnmaHosteleria\" \/>\n<meta property=\"article:modified_time\" content=\"2021-02-10T11:35:33+00:00\" \/>\n<meta property=\"og:image\" content=\"https:\/\/i1.wp.com\/www.comercialanma.es\/wp-content\/uploads\/2021\/02\/Garbanzos-secos-luengo.jpg?fit=1080%2C1080&#038;ssl=1\" \/>\n\t<meta property=\"og:image:width\" content=\"1080\" \/>\n\t<meta property=\"og:image:height\" content=\"1080\" \/>\n<meta name=\"twitter:card\" content=\"summary_large_image\" \/>\n<meta name=\"twitter:label1\" content=\"Tiempo de lectura\">\n\t<meta name=\"twitter:data1\" content=\"1 minuto\">\n<script type=\"application\/ld+json\" class=\"yoast-schema-graph\">{\"@context\":\"https:\/\/schema.org\",\"@graph\":[{\"@type\":\"Organization\",\"@id\":\"https:\/\/www.comercialanma.es\/#organization\",\"name\":\"Comercial Anma\",\"url\":\"https:\/\/www.comercialanma.es\/\",\"sameAs\":[\"https:\/\/www.facebook.com\/AnmaHosteleria\",\"https:\/\/www.instagram.com\/anmahosteleria\/?hl=es\",\"https:\/\/www.youtube.com\/channel\/UCT2nmn08Ntks0hmpZPnDgCA\"],\"logo\":{\"@type\":\"ImageObject\",\"@id\":\"https:\/\/www.comercialanma.es\/#logo\",\"inLanguage\":\"es\",\"url\":\"https:\/\/i2.wp.com\/www.comercialanma.es\/wp-content\/uploads\/2019\/06\/logo-anma-color.png?fit=247%2C101&ssl=1\",\"width\":247,\"height\":101,\"caption\":\"Comercial Anma\"},\"image\":{\"@id\":\"https:\/\/www.comercialanma.es\/#logo\"}},{\"@type\":\"WebSite\",\"@id\":\"https:\/\/www.comercialanma.es\/#website\",\"url\":\"https:\/\/www.comercialanma.es\/\",\"name\":\"Comercial de Hosteleria Anma\",\"description\":\"\",\"publisher\":{\"@id\":\"https:\/\/www.comercialanma.es\/#organization\"},\"potentialAction\":[{\"@type\":\"SearchAction\",\"target\":\"https:\/\/www.comercialanma.es\/?s={search_term_string}\",\"query-input\":\"required name=search_term_string\"}],\"inLanguage\":\"es\"},{\"@type\":\"ImageObject\",\"@id\":\"https:\/\/www.comercialanma.es\/?product=garbanzos-secos-luengo-1k#primaryimage\",\"inLanguage\":\"es\",\"url\":\"https:\/\/i1.wp.com\/www.comercialanma.es\/wp-content\/uploads\/2021\/02\/Garbanzos-secos-luengo.jpg?fit=1080%2C1080&ssl=1\",\"width\":1080,\"height\":1080},{\"@type\":\"WebPage\",\"@id\":\"https:\/\/www.comercialanma.es\/?product=garbanzos-secos-luengo-1k#webpage\",\"url\":\"https:\/\/www.comercialanma.es\/?product=garbanzos-secos-luengo-1k\",\"name\":\"Garbanzos secos Luengo 1Kg. - Comercial de Hosteleria Anma\",\"isPartOf\":{\"@id\":\"https:\/\/www.comercialanma.es\/#website\"},\"primaryImageOfPage\":{\"@id\":\"https:\/\/www.comercialanma.es\/?product=garbanzos-secos-luengo-1k#primaryimage\"},\"datePublished\":\"2021-02-10T11:32:57+00:00\",\"dateModified\":\"2021-02-10T11:35:33+00:00\",\"description\":\"Garbanzos secos | 1Kg. | Luengo | Este garbanzo es capaz de poner de tiros largos las recetas m\\u00e1s sencillas.\",\"breadcrumb\":{\"@id\":\"https:\/\/www.comercialanma.es\/?product=garbanzos-secos-luengo-1k#breadcrumb\"},\"inLanguage\":\"es\",\"potentialAction\":[{\"@type\":\"ReadAction\",\"target\":[\"https:\/\/www.comercialanma.es\/?product=garbanzos-secos-luengo-1k\"]}]},{\"@type\":\"BreadcrumbList\",\"@id\":\"https:\/\/www.comercialanma.es\/?product=garbanzos-secos-luengo-1k#breadcrumb\",\"itemListElement\":[{\"@type\":\"ListItem\",\"position\":1,\"item\":{\"@type\":\"WebPage\",\"@id\":\"https:\/\/www.comercialanma.es\/\",\"url\":\"https:\/\/www.comercialanma.es\/\",\"name\":\"Portada\"}},{\"@type\":\"ListItem\",\"position\":2,\"item\":{\"@type\":\"WebPage\",\"@id\":\"https:\/\/www.comercialanma.es\/?page_id=3963\",\"url\":\"https:\/\/www.comercialanma.es\/?page_id=3963\",\"name\":\"Cat\\u00e1logo de Productos\"}},{\"@type\":\"ListItem\",\"position\":3,\"item\":{\"@type\":\"WebPage\",\"@id\":\"https:\/\/www.comercialanma.es\/?product=garbanzos-secos-luengo-1k\",\"url\":\"https:\/\/www.comercialanma.es\/?product=garbanzos-secos-luengo-1k\",\"name\":\"Garbanzos secos Luengo 1Kg.\"}}]}]}<\/script>\n<!-- \/ Yoast SEO plugin. -->","_links":{"self":[{"href":"https:\/\/www.comercialanma.es\/index.php?rest_route=\/wp\/v2\/product\/15591"}],"collection":[{"href":"https:\/\/www.comercialanma.es\/index.php?rest_route=\/wp\/v2\/product"}],"about":[{"href":"https:\/\/www.comercialanma.es\/index.php?rest_route=\/wp\/v2\/types\/product"}],"version-history":[{"count":1,"href":"https:\/\/www.comercialanma.es\/index.php?rest_route=\/wp\/v2\/product\/15591\/revisions"}],"predecessor-version":[{"id":15593,"href":"https:\/\/www.comercialanma.es\/index.php?rest_route=\/wp\/v2\/product\/15591\/revisions\/15593"}],"wp:featuredmedia":[{"embeddable":true,"href":"https:\/\/www.comercialanma.es\/index.php?rest_route=\/wp\/v2\/media\/15592"}],"wp:attachment":[{"href":"https:\/\/www.comercialanma.es\/index.php?rest_route=%2Fwp%2Fv2%2Fmedia&parent=15591"}],"curies":[{"name":"wp","href":"https:\/\/api.w.org\/{rel}","templated":true}]}}