
{"id":15877,"date":"2021-02-22T09:46:06","date_gmt":"2021-02-22T08:46:06","guid":{"rendered":"https:\/\/www.comercialanma.es\/?post_type=product&#038;p=15877"},"modified":"2021-02-22T09:49:35","modified_gmt":"2021-02-22T08:49:35","slug":"lomo-jabuguena-cebo-campo","status":"publish","type":"product","link":"https:\/\/www.comercialanma.es\/?product=lomo-jabuguena-cebo-campo","title":{"rendered":"Lomo Ib\u00e9rico cebo campo La Jabugue\u00f1a"},"content":{"rendered":"<ul>\n<li>Ca\u00f1a de lomo<\/li>\n<li>Ib\u00e9rico cebo campo<\/li>\n<li>Marca La Jabugue\u00f1a<\/li>\n<\/ul>\n","protected":false},"excerpt":{"rendered":"<p>Lomo Ib\u00e9rico cebo campo |La Jabugue\u00f1a |<\/p>\n<p>Este delicioso lomo de cebo campo ib\u00e9rico 50% raza ib\u00e9rica de cerdos 50% ib\u00e9ricos alimentados con pastos naturales, ha sido producido por La Jabugue\u00f1a.<\/p>\n<p>&nbsp;<\/p>\n","protected":false},"featured_media":15878,"template":"","meta":{"spay_email":""},"yoast_head":"<!-- This site is optimized with the Yoast SEO plugin v15.9 - https:\/\/yoast.com\/wordpress\/plugins\/seo\/ -->\n<title>Lomo Ib\u00e9rico cebo campo La Jabugue\u00f1a - Comercial de Hosteleria Anma<\/title>\n<meta name=\"description\" content=\"Lomo Ib\u00e9rico cebo campo |La Jabugue\u00f1a | Este delicioso lomo de cebo campo ib\u00e9rico 50% raza ib\u00e9rica de cerdos 50% ib\u00e9ricos.\" \/>\n<meta name=\"robots\" content=\"index, follow, max-snippet:-1, max-image-preview:large, max-video-preview:-1\" \/>\n<link rel=\"canonical\" href=\"https:\/\/www.comercialanma.es\/?product=lomo-jabuguena-cebo-campo\" \/>\n<meta property=\"og:locale\" content=\"es_ES\" \/>\n<meta property=\"og:type\" content=\"article\" \/>\n<meta property=\"og:title\" content=\"Lomo Ib\u00e9rico cebo campo La Jabugue\u00f1a - Comercial de Hosteleria Anma\" \/>\n<meta property=\"og:description\" content=\"Lomo Ib\u00e9rico cebo campo |La Jabugue\u00f1a | Este delicioso lomo de cebo campo ib\u00e9rico 50% raza ib\u00e9rica de cerdos 50% ib\u00e9ricos.\" \/>\n<meta property=\"og:url\" content=\"https:\/\/www.comercialanma.es\/?product=lomo-jabuguena-cebo-campo\" \/>\n<meta property=\"og:site_name\" content=\"Comercial de Hosteleria Anma\" \/>\n<meta property=\"article:publisher\" content=\"https:\/\/www.facebook.com\/AnmaHosteleria\" \/>\n<meta property=\"article:modified_time\" content=\"2021-02-22T08:49:35+00:00\" \/>\n<meta property=\"og:image\" content=\"https:\/\/i2.wp.com\/www.comercialanma.es\/wp-content\/uploads\/2021\/02\/Lomo-cebo-campo-la-jabuguena.jpg?fit=1080%2C1080&#038;ssl=1\" \/>\n\t<meta property=\"og:image:width\" content=\"1080\" \/>\n\t<meta property=\"og:image:height\" content=\"1080\" \/>\n<meta name=\"twitter:card\" content=\"summary_large_image\" \/>\n<meta name=\"twitter:label1\" content=\"Tiempo de lectura\">\n\t<meta name=\"twitter:data1\" content=\"1 minuto\">\n<script type=\"application\/ld+json\" class=\"yoast-schema-graph\">{\"@context\":\"https:\/\/schema.org\",\"@graph\":[{\"@type\":\"Organization\",\"@id\":\"https:\/\/www.comercialanma.es\/#organization\",\"name\":\"Comercial Anma\",\"url\":\"https:\/\/www.comercialanma.es\/\",\"sameAs\":[\"https:\/\/www.facebook.com\/AnmaHosteleria\",\"https:\/\/www.instagram.com\/anmahosteleria\/?hl=es\",\"https:\/\/www.youtube.com\/channel\/UCT2nmn08Ntks0hmpZPnDgCA\"],\"logo\":{\"@type\":\"ImageObject\",\"@id\":\"https:\/\/www.comercialanma.es\/#logo\",\"inLanguage\":\"es\",\"url\":\"https:\/\/i2.wp.com\/www.comercialanma.es\/wp-content\/uploads\/2019\/06\/logo-anma-color.png?fit=247%2C101&ssl=1\",\"width\":247,\"height\":101,\"caption\":\"Comercial Anma\"},\"image\":{\"@id\":\"https:\/\/www.comercialanma.es\/#logo\"}},{\"@type\":\"WebSite\",\"@id\":\"https:\/\/www.comercialanma.es\/#website\",\"url\":\"https:\/\/www.comercialanma.es\/\",\"name\":\"Comercial de Hosteleria Anma\",\"description\":\"\",\"publisher\":{\"@id\":\"https:\/\/www.comercialanma.es\/#organization\"},\"potentialAction\":[{\"@type\":\"SearchAction\",\"target\":\"https:\/\/www.comercialanma.es\/?s={search_term_string}\",\"query-input\":\"required name=search_term_string\"}],\"inLanguage\":\"es\"},{\"@type\":\"ImageObject\",\"@id\":\"https:\/\/www.comercialanma.es\/?product=lomo-jabuguena-cebo-campo#primaryimage\",\"inLanguage\":\"es\",\"url\":\"https:\/\/i2.wp.com\/www.comercialanma.es\/wp-content\/uploads\/2021\/02\/Lomo-cebo-campo-la-jabuguena.jpg?fit=1080%2C1080&ssl=1\",\"width\":1080,\"height\":1080},{\"@type\":\"WebPage\",\"@id\":\"https:\/\/www.comercialanma.es\/?product=lomo-jabuguena-cebo-campo#webpage\",\"url\":\"https:\/\/www.comercialanma.es\/?product=lomo-jabuguena-cebo-campo\",\"name\":\"Lomo Ib\\u00e9rico cebo campo La Jabugue\\u00f1a - Comercial de Hosteleria Anma\",\"isPartOf\":{\"@id\":\"https:\/\/www.comercialanma.es\/#website\"},\"primaryImageOfPage\":{\"@id\":\"https:\/\/www.comercialanma.es\/?product=lomo-jabuguena-cebo-campo#primaryimage\"},\"datePublished\":\"2021-02-22T08:46:06+00:00\",\"dateModified\":\"2021-02-22T08:49:35+00:00\",\"description\":\"Lomo Ib\\u00e9rico cebo campo |La Jabugue\\u00f1a | Este delicioso lomo de cebo campo ib\\u00e9rico 50% raza ib\\u00e9rica de cerdos 50% ib\\u00e9ricos.\",\"breadcrumb\":{\"@id\":\"https:\/\/www.comercialanma.es\/?product=lomo-jabuguena-cebo-campo#breadcrumb\"},\"inLanguage\":\"es\",\"potentialAction\":[{\"@type\":\"ReadAction\",\"target\":[\"https:\/\/www.comercialanma.es\/?product=lomo-jabuguena-cebo-campo\"]}]},{\"@type\":\"BreadcrumbList\",\"@id\":\"https:\/\/www.comercialanma.es\/?product=lomo-jabuguena-cebo-campo#breadcrumb\",\"itemListElement\":[{\"@type\":\"ListItem\",\"position\":1,\"item\":{\"@type\":\"WebPage\",\"@id\":\"https:\/\/www.comercialanma.es\/\",\"url\":\"https:\/\/www.comercialanma.es\/\",\"name\":\"Portada\"}},{\"@type\":\"ListItem\",\"position\":2,\"item\":{\"@type\":\"WebPage\",\"@id\":\"https:\/\/www.comercialanma.es\/?page_id=3963\",\"url\":\"https:\/\/www.comercialanma.es\/?page_id=3963\",\"name\":\"Cat\\u00e1logo de Productos\"}},{\"@type\":\"ListItem\",\"position\":3,\"item\":{\"@type\":\"WebPage\",\"@id\":\"https:\/\/www.comercialanma.es\/?product=lomo-jabuguena-cebo-campo\",\"url\":\"https:\/\/www.comercialanma.es\/?product=lomo-jabuguena-cebo-campo\",\"name\":\"Lomo Ib\\u00e9rico cebo campo La Jabugue\\u00f1a\"}}]}]}<\/script>\n<!-- \/ Yoast SEO plugin. -->","_links":{"self":[{"href":"https:\/\/www.comercialanma.es\/index.php?rest_route=\/wp\/v2\/product\/15877"}],"collection":[{"href":"https:\/\/www.comercialanma.es\/index.php?rest_route=\/wp\/v2\/product"}],"about":[{"href":"https:\/\/www.comercialanma.es\/index.php?rest_route=\/wp\/v2\/types\/product"}],"version-history":[{"count":1,"href":"https:\/\/www.comercialanma.es\/index.php?rest_route=\/wp\/v2\/product\/15877\/revisions"}],"predecessor-version":[{"id":15879,"href":"https:\/\/www.comercialanma.es\/index.php?rest_route=\/wp\/v2\/product\/15877\/revisions\/15879"}],"wp:featuredmedia":[{"embeddable":true,"href":"https:\/\/www.comercialanma.es\/index.php?rest_route=\/wp\/v2\/media\/15878"}],"wp:attachment":[{"href":"https:\/\/www.comercialanma.es\/index.php?rest_route=%2Fwp%2Fv2%2Fmedia&parent=15877"}],"curies":[{"name":"wp","href":"https:\/\/api.w.org\/{rel}","templated":true}]}}