
{"id":15883,"date":"2021-02-22T09:59:02","date_gmt":"2021-02-22T08:59:02","guid":{"rendered":"https:\/\/www.comercialanma.es\/?post_type=product&#038;p=15883"},"modified":"2021-02-22T10:29:45","modified_gmt":"2021-02-22T09:29:45","slug":"lomo-iberico-bellota","status":"publish","type":"product","link":"https:\/\/www.comercialanma.es\/?product=lomo-iberico-bellota","title":{"rendered":"Lomo Ib\u00e9rico 100% bellota La Jabugue\u00f1a"},"content":{"rendered":"<ul>\n<li>Ca\u00f1a de lomo<\/li>\n<li>Lomo Ib\u00e9rico 100% Bellota<\/li>\n<li>Marca La Jabugue\u00f1a<\/li>\n<\/ul>\n","protected":false},"excerpt":{"rendered":"<p>Lomo Ib\u00e9rico 100% bellota |La Jabugue\u00f1a |<\/p>\n<p>A partir de la carne de cerdo 100% ib\u00e9rico,\u00a0La Jabugue\u00f1a\u00a0produce artesanalmente este\u00a0lomo\u00a0de bellota tan delicioso.<\/p>\n<p>&nbsp;<\/p>\n","protected":false},"featured_media":15884,"template":"","meta":{"spay_email":""},"yoast_head":"<!-- This site is optimized with the Yoast SEO plugin v15.9 - https:\/\/yoast.com\/wordpress\/plugins\/seo\/ -->\n<title>Lomo Ib\u00e9rico 100% bellota La Jabugue\u00f1a - Comercial de Hosteleria Anma<\/title>\n<meta name=\"description\" content=\"Lomo Ib\u00e9rico 100% bellota |La Jabugue\u00f1a | A partir de carne de cerdo 100% ib\u00e9rico, este lomo tan delicioso a sido producido artesanalmente.\" \/>\n<meta name=\"robots\" content=\"index, follow, max-snippet:-1, max-image-preview:large, max-video-preview:-1\" \/>\n<link rel=\"canonical\" href=\"https:\/\/www.comercialanma.es\/?product=lomo-iberico-bellota\" \/>\n<meta property=\"og:locale\" content=\"es_ES\" \/>\n<meta property=\"og:type\" content=\"article\" \/>\n<meta property=\"og:title\" content=\"Lomo Ib\u00e9rico 100% bellota La Jabugue\u00f1a - Comercial de Hosteleria Anma\" \/>\n<meta property=\"og:description\" content=\"Lomo Ib\u00e9rico 100% bellota |La Jabugue\u00f1a | A partir de carne de cerdo 100% ib\u00e9rico, este lomo tan delicioso a sido producido artesanalmente.\" \/>\n<meta property=\"og:url\" content=\"https:\/\/www.comercialanma.es\/?product=lomo-iberico-bellota\" \/>\n<meta property=\"og:site_name\" content=\"Comercial de Hosteleria Anma\" \/>\n<meta property=\"article:publisher\" content=\"https:\/\/www.facebook.com\/AnmaHosteleria\" \/>\n<meta property=\"article:modified_time\" content=\"2021-02-22T09:29:45+00:00\" \/>\n<meta property=\"og:image\" content=\"https:\/\/i2.wp.com\/www.comercialanma.es\/wp-content\/uploads\/2021\/02\/Lomo-iberico-bellota-jabuguena.jpg?fit=1080%2C1080&#038;ssl=1\" \/>\n\t<meta property=\"og:image:width\" content=\"1080\" \/>\n\t<meta property=\"og:image:height\" content=\"1080\" \/>\n<meta name=\"twitter:card\" content=\"summary_large_image\" \/>\n<meta name=\"twitter:label1\" content=\"Tiempo de lectura\">\n\t<meta name=\"twitter:data1\" content=\"1 minuto\">\n<script type=\"application\/ld+json\" class=\"yoast-schema-graph\">{\"@context\":\"https:\/\/schema.org\",\"@graph\":[{\"@type\":\"Organization\",\"@id\":\"https:\/\/www.comercialanma.es\/#organization\",\"name\":\"Comercial Anma\",\"url\":\"https:\/\/www.comercialanma.es\/\",\"sameAs\":[\"https:\/\/www.facebook.com\/AnmaHosteleria\",\"https:\/\/www.instagram.com\/anmahosteleria\/?hl=es\",\"https:\/\/www.youtube.com\/channel\/UCT2nmn08Ntks0hmpZPnDgCA\"],\"logo\":{\"@type\":\"ImageObject\",\"@id\":\"https:\/\/www.comercialanma.es\/#logo\",\"inLanguage\":\"es\",\"url\":\"https:\/\/i2.wp.com\/www.comercialanma.es\/wp-content\/uploads\/2019\/06\/logo-anma-color.png?fit=247%2C101&ssl=1\",\"width\":247,\"height\":101,\"caption\":\"Comercial Anma\"},\"image\":{\"@id\":\"https:\/\/www.comercialanma.es\/#logo\"}},{\"@type\":\"WebSite\",\"@id\":\"https:\/\/www.comercialanma.es\/#website\",\"url\":\"https:\/\/www.comercialanma.es\/\",\"name\":\"Comercial de Hosteleria Anma\",\"description\":\"\",\"publisher\":{\"@id\":\"https:\/\/www.comercialanma.es\/#organization\"},\"potentialAction\":[{\"@type\":\"SearchAction\",\"target\":\"https:\/\/www.comercialanma.es\/?s={search_term_string}\",\"query-input\":\"required name=search_term_string\"}],\"inLanguage\":\"es\"},{\"@type\":\"ImageObject\",\"@id\":\"https:\/\/www.comercialanma.es\/?product=lomo-iberico-bellota#primaryimage\",\"inLanguage\":\"es\",\"url\":\"https:\/\/i2.wp.com\/www.comercialanma.es\/wp-content\/uploads\/2021\/02\/Lomo-iberico-bellota-jabuguena.jpg?fit=1080%2C1080&ssl=1\",\"width\":1080,\"height\":1080},{\"@type\":\"WebPage\",\"@id\":\"https:\/\/www.comercialanma.es\/?product=lomo-iberico-bellota#webpage\",\"url\":\"https:\/\/www.comercialanma.es\/?product=lomo-iberico-bellota\",\"name\":\"Lomo Ib\\u00e9rico 100% bellota La Jabugue\\u00f1a - Comercial de Hosteleria Anma\",\"isPartOf\":{\"@id\":\"https:\/\/www.comercialanma.es\/#website\"},\"primaryImageOfPage\":{\"@id\":\"https:\/\/www.comercialanma.es\/?product=lomo-iberico-bellota#primaryimage\"},\"datePublished\":\"2021-02-22T08:59:02+00:00\",\"dateModified\":\"2021-02-22T09:29:45+00:00\",\"description\":\"Lomo Ib\\u00e9rico 100% bellota |La Jabugue\\u00f1a | A partir de carne de cerdo 100% ib\\u00e9rico, este lomo tan delicioso a sido producido artesanalmente.\",\"breadcrumb\":{\"@id\":\"https:\/\/www.comercialanma.es\/?product=lomo-iberico-bellota#breadcrumb\"},\"inLanguage\":\"es\",\"potentialAction\":[{\"@type\":\"ReadAction\",\"target\":[\"https:\/\/www.comercialanma.es\/?product=lomo-iberico-bellota\"]}]},{\"@type\":\"BreadcrumbList\",\"@id\":\"https:\/\/www.comercialanma.es\/?product=lomo-iberico-bellota#breadcrumb\",\"itemListElement\":[{\"@type\":\"ListItem\",\"position\":1,\"item\":{\"@type\":\"WebPage\",\"@id\":\"https:\/\/www.comercialanma.es\/\",\"url\":\"https:\/\/www.comercialanma.es\/\",\"name\":\"Portada\"}},{\"@type\":\"ListItem\",\"position\":2,\"item\":{\"@type\":\"WebPage\",\"@id\":\"https:\/\/www.comercialanma.es\/?page_id=3963\",\"url\":\"https:\/\/www.comercialanma.es\/?page_id=3963\",\"name\":\"Cat\\u00e1logo de Productos\"}},{\"@type\":\"ListItem\",\"position\":3,\"item\":{\"@type\":\"WebPage\",\"@id\":\"https:\/\/www.comercialanma.es\/?product=lomo-iberico-bellota\",\"url\":\"https:\/\/www.comercialanma.es\/?product=lomo-iberico-bellota\",\"name\":\"Lomo Ib\\u00e9rico 100% bellota La Jabugue\\u00f1a\"}}]}]}<\/script>\n<!-- \/ Yoast SEO plugin. -->","_links":{"self":[{"href":"https:\/\/www.comercialanma.es\/index.php?rest_route=\/wp\/v2\/product\/15883"}],"collection":[{"href":"https:\/\/www.comercialanma.es\/index.php?rest_route=\/wp\/v2\/product"}],"about":[{"href":"https:\/\/www.comercialanma.es\/index.php?rest_route=\/wp\/v2\/types\/product"}],"version-history":[{"count":1,"href":"https:\/\/www.comercialanma.es\/index.php?rest_route=\/wp\/v2\/product\/15883\/revisions"}],"predecessor-version":[{"id":15885,"href":"https:\/\/www.comercialanma.es\/index.php?rest_route=\/wp\/v2\/product\/15883\/revisions\/15885"}],"wp:featuredmedia":[{"embeddable":true,"href":"https:\/\/www.comercialanma.es\/index.php?rest_route=\/wp\/v2\/media\/15884"}],"wp:attachment":[{"href":"https:\/\/www.comercialanma.es\/index.php?rest_route=%2Fwp%2Fv2%2Fmedia&parent=15883"}],"curies":[{"name":"wp","href":"https:\/\/api.w.org\/{rel}","templated":true}]}}