
{"id":16045,"date":"2021-02-24T10:58:30","date_gmt":"2021-02-24T09:58:30","guid":{"rendered":"https:\/\/www.comercialanma.es\/?post_type=product&#038;p=16045"},"modified":"2021-02-24T11:02:40","modified_gmt":"2021-02-24T10:02:40","slug":"carne-cocida-vacuno","status":"publish","type":"product","link":"https:\/\/www.comercialanma.es\/?product=carne-cocida-vacuno","title":{"rendered":"Carne cocida vacuno Almirez 2,5kg."},"content":{"rendered":"<ul>\n<li>Peso 2,5kg.<\/li>\n<li>Carne cocida vacuno<\/li>\n<li>Especial Hosteler\u00eda<\/li>\n<li>Marca Almirez<\/li>\n<\/ul>\n","protected":false},"excerpt":{"rendered":"<div class=\"col span_12 left\">\n<div class=\"vc_col-sm-12 wpb_column column_container vc_column_container col has-animation no-extra-padding instance-2 animated-in\" data-bg-cover=\"\" data-padding-pos=\"all\" data-has-bg-color=\"false\" data-bg-color=\"\" data-bg-opacity=\"1\" data-hover-bg=\"\" data-hover-bg-opacity=\"1\" data-animation=\"fade-in-from-bottom\" data-delay=\"300\">\n<div class=\"vc_column-inner\">\n<div class=\"wpb_wrapper\">Carne cocida vacuno | Especial Hosteler\u00eda | 2,5kg. | Almirez |<\/div>\n<div class=\"wpb_wrapper\">\n<p>As\u00ed es la carne cocinada de vacuno de ElPozo, carne para ahorrarte horas en la cocina y preparar platos llenos de prote\u00edna y sabor. Un envase sencillo de 2,5 kilos, ideal para hosteler\u00eda y familias numerosas. Es una carne lista para servir al plato como embutido o pasarla por la sart\u00e9n y acompa\u00f1arla con unas patatas fritas caseras.<\/p>\n<p>La carne de vacuno es la acompa\u00f1ante perfecta de platos de lasa\u00f1a, canelones o incluso de una masa de pizza crujiente con queso.<\/p>\n<p>Desde ElPozo hacemos una selecci\u00f3n de productos para ti con la calidad que acompa\u00f1a nuestra marca. 90% de carne de vacuno cocinada para saber en todo momento qu\u00e9 es lo que comes.<\/p>\n<\/div>\n<\/div>\n<\/div>\n<\/div>\n","protected":false},"featured_media":16046,"template":"","meta":{"spay_email":""},"yoast_head":"<!-- This site is optimized with the Yoast SEO plugin v15.9 - https:\/\/yoast.com\/wordpress\/plugins\/seo\/ -->\n<title>Carne cocida vacuno Almirez 2,5kg. - Comercial de Hosteleria Anma<\/title>\n<meta name=\"description\" content=\"Carne cocida vacuno | Especial Hosteler\u00eda | 2,5kg. | Almirez | Es una carne lista para servir al plato como embutido o pasarla por la sart\u00e9n.\" \/>\n<meta name=\"robots\" content=\"index, follow, max-snippet:-1, max-image-preview:large, max-video-preview:-1\" \/>\n<link rel=\"canonical\" href=\"https:\/\/www.comercialanma.es\/?product=carne-cocida-vacuno\" \/>\n<meta property=\"og:locale\" content=\"es_ES\" \/>\n<meta property=\"og:type\" content=\"article\" \/>\n<meta property=\"og:title\" content=\"Carne cocida vacuno Almirez 2,5kg. - Comercial de Hosteleria Anma\" \/>\n<meta property=\"og:description\" content=\"Carne cocida vacuno | Especial Hosteler\u00eda | 2,5kg. | Almirez | Es una carne lista para servir al plato como embutido o pasarla por la sart\u00e9n.\" \/>\n<meta property=\"og:url\" content=\"https:\/\/www.comercialanma.es\/?product=carne-cocida-vacuno\" \/>\n<meta property=\"og:site_name\" content=\"Comercial de Hosteleria Anma\" \/>\n<meta property=\"article:publisher\" content=\"https:\/\/www.facebook.com\/AnmaHosteleria\" \/>\n<meta property=\"article:modified_time\" content=\"2021-02-24T10:02:40+00:00\" \/>\n<meta property=\"og:image\" content=\"https:\/\/i2.wp.com\/www.comercialanma.es\/wp-content\/uploads\/2021\/02\/Carne-vacuno-cocinada-almirez.jpg?fit=1080%2C1080&#038;ssl=1\" \/>\n\t<meta property=\"og:image:width\" content=\"1080\" \/>\n\t<meta property=\"og:image:height\" content=\"1080\" \/>\n<meta name=\"twitter:card\" content=\"summary_large_image\" \/>\n<meta name=\"twitter:label1\" content=\"Tiempo de lectura\">\n\t<meta name=\"twitter:data1\" content=\"1 minuto\">\n<script type=\"application\/ld+json\" class=\"yoast-schema-graph\">{\"@context\":\"https:\/\/schema.org\",\"@graph\":[{\"@type\":\"Organization\",\"@id\":\"https:\/\/www.comercialanma.es\/#organization\",\"name\":\"Comercial Anma\",\"url\":\"https:\/\/www.comercialanma.es\/\",\"sameAs\":[\"https:\/\/www.facebook.com\/AnmaHosteleria\",\"https:\/\/www.instagram.com\/anmahosteleria\/?hl=es\",\"https:\/\/www.youtube.com\/channel\/UCT2nmn08Ntks0hmpZPnDgCA\"],\"logo\":{\"@type\":\"ImageObject\",\"@id\":\"https:\/\/www.comercialanma.es\/#logo\",\"inLanguage\":\"es\",\"url\":\"https:\/\/i2.wp.com\/www.comercialanma.es\/wp-content\/uploads\/2019\/06\/logo-anma-color.png?fit=247%2C101&ssl=1\",\"width\":247,\"height\":101,\"caption\":\"Comercial Anma\"},\"image\":{\"@id\":\"https:\/\/www.comercialanma.es\/#logo\"}},{\"@type\":\"WebSite\",\"@id\":\"https:\/\/www.comercialanma.es\/#website\",\"url\":\"https:\/\/www.comercialanma.es\/\",\"name\":\"Comercial de Hosteleria Anma\",\"description\":\"\",\"publisher\":{\"@id\":\"https:\/\/www.comercialanma.es\/#organization\"},\"potentialAction\":[{\"@type\":\"SearchAction\",\"target\":\"https:\/\/www.comercialanma.es\/?s={search_term_string}\",\"query-input\":\"required name=search_term_string\"}],\"inLanguage\":\"es\"},{\"@type\":\"ImageObject\",\"@id\":\"https:\/\/www.comercialanma.es\/?product=carne-cocida-vacuno#primaryimage\",\"inLanguage\":\"es\",\"url\":\"https:\/\/i2.wp.com\/www.comercialanma.es\/wp-content\/uploads\/2021\/02\/Carne-vacuno-cocinada-almirez.jpg?fit=1080%2C1080&ssl=1\",\"width\":1080,\"height\":1080},{\"@type\":\"WebPage\",\"@id\":\"https:\/\/www.comercialanma.es\/?product=carne-cocida-vacuno#webpage\",\"url\":\"https:\/\/www.comercialanma.es\/?product=carne-cocida-vacuno\",\"name\":\"Carne cocida vacuno Almirez 2,5kg. - Comercial de Hosteleria Anma\",\"isPartOf\":{\"@id\":\"https:\/\/www.comercialanma.es\/#website\"},\"primaryImageOfPage\":{\"@id\":\"https:\/\/www.comercialanma.es\/?product=carne-cocida-vacuno#primaryimage\"},\"datePublished\":\"2021-02-24T09:58:30+00:00\",\"dateModified\":\"2021-02-24T10:02:40+00:00\",\"description\":\"Carne cocida vacuno | Especial Hosteler\\u00eda | 2,5kg. | Almirez | Es una carne lista para servir al plato como embutido o pasarla por la sart\\u00e9n.\",\"breadcrumb\":{\"@id\":\"https:\/\/www.comercialanma.es\/?product=carne-cocida-vacuno#breadcrumb\"},\"inLanguage\":\"es\",\"potentialAction\":[{\"@type\":\"ReadAction\",\"target\":[\"https:\/\/www.comercialanma.es\/?product=carne-cocida-vacuno\"]}]},{\"@type\":\"BreadcrumbList\",\"@id\":\"https:\/\/www.comercialanma.es\/?product=carne-cocida-vacuno#breadcrumb\",\"itemListElement\":[{\"@type\":\"ListItem\",\"position\":1,\"item\":{\"@type\":\"WebPage\",\"@id\":\"https:\/\/www.comercialanma.es\/\",\"url\":\"https:\/\/www.comercialanma.es\/\",\"name\":\"Portada\"}},{\"@type\":\"ListItem\",\"position\":2,\"item\":{\"@type\":\"WebPage\",\"@id\":\"https:\/\/www.comercialanma.es\/?page_id=3963\",\"url\":\"https:\/\/www.comercialanma.es\/?page_id=3963\",\"name\":\"Cat\\u00e1logo de Productos\"}},{\"@type\":\"ListItem\",\"position\":3,\"item\":{\"@type\":\"WebPage\",\"@id\":\"https:\/\/www.comercialanma.es\/?product=carne-cocida-vacuno\",\"url\":\"https:\/\/www.comercialanma.es\/?product=carne-cocida-vacuno\",\"name\":\"Carne cocida vacuno Almirez 2,5kg.\"}}]}]}<\/script>\n<!-- \/ Yoast SEO plugin. -->","_links":{"self":[{"href":"https:\/\/www.comercialanma.es\/index.php?rest_route=\/wp\/v2\/product\/16045"}],"collection":[{"href":"https:\/\/www.comercialanma.es\/index.php?rest_route=\/wp\/v2\/product"}],"about":[{"href":"https:\/\/www.comercialanma.es\/index.php?rest_route=\/wp\/v2\/types\/product"}],"version-history":[{"count":1,"href":"https:\/\/www.comercialanma.es\/index.php?rest_route=\/wp\/v2\/product\/16045\/revisions"}],"predecessor-version":[{"id":16047,"href":"https:\/\/www.comercialanma.es\/index.php?rest_route=\/wp\/v2\/product\/16045\/revisions\/16047"}],"wp:featuredmedia":[{"embeddable":true,"href":"https:\/\/www.comercialanma.es\/index.php?rest_route=\/wp\/v2\/media\/16046"}],"wp:attachment":[{"href":"https:\/\/www.comercialanma.es\/index.php?rest_route=%2Fwp%2Fv2%2Fmedia&parent=16045"}],"curies":[{"name":"wp","href":"https:\/\/api.w.org\/{rel}","templated":true}]}}