
{"id":16381,"date":"2021-05-13T10:13:53","date_gmt":"2021-05-13T08:13:53","guid":{"rendered":"https:\/\/www.comercialanma.es\/?post_type=product&#038;p=16381"},"modified":"2021-12-31T11:47:55","modified_gmt":"2021-12-31T10:47:55","slug":"expovitrina-6n12","status":"publish","type":"product","link":"https:\/\/www.comercialanma.es\/?product=expovitrina-6n12","title":{"rendered":"Expovitrina 6N1+2"},"content":{"rendered":"<div class=\"field-items\">\n<div>Expovitrina 6N1+2 |<\/div>\n<div>Las bandejas Araven sirven para cualquier tipolog\u00eda de alimentos y se adaptan a distintas capacidades dada la gran variedad de medidas y acabados.<\/div>\n<div><\/div>\n<div class=\"field-item even\">Las expovitrinas Araven cuenta con bandejas y campanas de protecci\u00f3n para pasar de exposici\u00f3n a conservaci\u00f3n en un solo paso. (basta con colocar la tapa). La Expovitrina dise\u00f1ada para alimentos de mayor volumen con campana transparente para una r\u00e1pida visualizaci\u00f3n del contenido y con pomo met\u00e1lico inoxidable para facilitar su uso.<\/div>\n<\/div>\n","protected":false},"excerpt":{"rendered":"<div class=\"field field-name-body field-type-text-with-summary field-label-hidden\">\n<div class=\"field-items\"><\/div>\n<div>\n<ul class=\"keyFeatures__wrapper__list\">\n<li class=\"product-brand ng-star-inserted\">Fabricante: <span class=\"product-brand__name\">ARAVEN<\/span><\/li>\n<li class=\"ng-star-inserted\"><span class=\"ng-star-inserted\"> Material<\/span>: <span class=\"ng-star-inserted\">PVC<\/span><\/li>\n<li class=\"ng-star-inserted\"><span class=\"ng-star-inserted\"> Dimensiones del producto (AL x AN x P)<\/span>:\u00a0325x265x118<\/li>\n<li class=\"ng-star-inserted\"><span class=\"ng-star-inserted\"> Peso del producto<\/span>: <span class=\"ng-star-inserted\"> 2.76 kg<\/span><\/li>\n<\/ul>\n<\/div>\n<\/div>\n<p>&nbsp;<\/p>\n","protected":false},"featured_media":16382,"template":"","meta":{"spay_email":""},"yoast_head":"<!-- This site is optimized with the Yoast SEO plugin v15.9 - https:\/\/yoast.com\/wordpress\/plugins\/seo\/ -->\n<title>Expovitrina 6N1+2 - Comercial de Hosteleria Anma<\/title>\n<meta name=\"description\" content=\"Expovitrina 6N1+2 | Cuenta con bandejas y campanas de protecci\u00f3n para pasar de exposici\u00f3n a conservaci\u00f3n en un solo paso.\" \/>\n<meta name=\"robots\" content=\"index, follow, max-snippet:-1, max-image-preview:large, max-video-preview:-1\" \/>\n<link rel=\"canonical\" href=\"https:\/\/www.comercialanma.es\/?product=expovitrina-6n12\" \/>\n<meta property=\"og:locale\" content=\"es_ES\" \/>\n<meta property=\"og:type\" content=\"article\" \/>\n<meta property=\"og:title\" content=\"Expovitrina 6N1+2 - Comercial de Hosteleria Anma\" \/>\n<meta property=\"og:description\" content=\"Expovitrina 6N1+2 | Cuenta con bandejas y campanas de protecci\u00f3n para pasar de exposici\u00f3n a conservaci\u00f3n en un solo paso.\" \/>\n<meta property=\"og:url\" content=\"https:\/\/www.comercialanma.es\/?product=expovitrina-6n12\" \/>\n<meta property=\"og:site_name\" content=\"Comercial de Hosteleria Anma\" \/>\n<meta property=\"article:publisher\" content=\"https:\/\/www.facebook.com\/AnmaHosteleria\" \/>\n<meta property=\"article:modified_time\" content=\"2021-12-31T10:47:55+00:00\" \/>\n<meta property=\"og:image\" content=\"https:\/\/i2.wp.com\/www.comercialanma.es\/wp-content\/uploads\/2021\/05\/expovitrina-6n12.jpg?fit=1080%2C1080&#038;ssl=1\" \/>\n\t<meta property=\"og:image:width\" content=\"1080\" \/>\n\t<meta property=\"og:image:height\" content=\"1080\" \/>\n<meta name=\"twitter:card\" content=\"summary_large_image\" \/>\n<meta name=\"twitter:label1\" content=\"Tiempo de lectura\">\n\t<meta name=\"twitter:data1\" content=\"1 minuto\">\n<script type=\"application\/ld+json\" class=\"yoast-schema-graph\">{\"@context\":\"https:\/\/schema.org\",\"@graph\":[{\"@type\":\"Organization\",\"@id\":\"https:\/\/www.comercialanma.es\/#organization\",\"name\":\"Comercial Anma\",\"url\":\"https:\/\/www.comercialanma.es\/\",\"sameAs\":[\"https:\/\/www.facebook.com\/AnmaHosteleria\",\"https:\/\/www.instagram.com\/anmahosteleria\/?hl=es\",\"https:\/\/www.youtube.com\/channel\/UCT2nmn08Ntks0hmpZPnDgCA\"],\"logo\":{\"@type\":\"ImageObject\",\"@id\":\"https:\/\/www.comercialanma.es\/#logo\",\"inLanguage\":\"es\",\"url\":\"https:\/\/i2.wp.com\/www.comercialanma.es\/wp-content\/uploads\/2019\/06\/logo-anma-color.png?fit=247%2C101&ssl=1\",\"width\":247,\"height\":101,\"caption\":\"Comercial Anma\"},\"image\":{\"@id\":\"https:\/\/www.comercialanma.es\/#logo\"}},{\"@type\":\"WebSite\",\"@id\":\"https:\/\/www.comercialanma.es\/#website\",\"url\":\"https:\/\/www.comercialanma.es\/\",\"name\":\"Comercial de Hosteleria Anma\",\"description\":\"\",\"publisher\":{\"@id\":\"https:\/\/www.comercialanma.es\/#organization\"},\"potentialAction\":[{\"@type\":\"SearchAction\",\"target\":\"https:\/\/www.comercialanma.es\/?s={search_term_string}\",\"query-input\":\"required name=search_term_string\"}],\"inLanguage\":\"es\"},{\"@type\":\"ImageObject\",\"@id\":\"https:\/\/www.comercialanma.es\/?product=expovitrina-6n12#primaryimage\",\"inLanguage\":\"es\",\"url\":\"https:\/\/i2.wp.com\/www.comercialanma.es\/wp-content\/uploads\/2021\/05\/expovitrina-6n12.jpg?fit=1080%2C1080&ssl=1\",\"width\":1080,\"height\":1080},{\"@type\":\"WebPage\",\"@id\":\"https:\/\/www.comercialanma.es\/?product=expovitrina-6n12#webpage\",\"url\":\"https:\/\/www.comercialanma.es\/?product=expovitrina-6n12\",\"name\":\"Expovitrina 6N1+2 - Comercial de Hosteleria Anma\",\"isPartOf\":{\"@id\":\"https:\/\/www.comercialanma.es\/#website\"},\"primaryImageOfPage\":{\"@id\":\"https:\/\/www.comercialanma.es\/?product=expovitrina-6n12#primaryimage\"},\"datePublished\":\"2021-05-13T08:13:53+00:00\",\"dateModified\":\"2021-12-31T10:47:55+00:00\",\"description\":\"Expovitrina 6N1+2 | Cuenta con bandejas y campanas de protecci\\u00f3n para pasar de exposici\\u00f3n a conservaci\\u00f3n en un solo paso.\",\"breadcrumb\":{\"@id\":\"https:\/\/www.comercialanma.es\/?product=expovitrina-6n12#breadcrumb\"},\"inLanguage\":\"es\",\"potentialAction\":[{\"@type\":\"ReadAction\",\"target\":[\"https:\/\/www.comercialanma.es\/?product=expovitrina-6n12\"]}]},{\"@type\":\"BreadcrumbList\",\"@id\":\"https:\/\/www.comercialanma.es\/?product=expovitrina-6n12#breadcrumb\",\"itemListElement\":[{\"@type\":\"ListItem\",\"position\":1,\"item\":{\"@type\":\"WebPage\",\"@id\":\"https:\/\/www.comercialanma.es\/\",\"url\":\"https:\/\/www.comercialanma.es\/\",\"name\":\"Portada\"}},{\"@type\":\"ListItem\",\"position\":2,\"item\":{\"@type\":\"WebPage\",\"@id\":\"https:\/\/www.comercialanma.es\/?page_id=3963\",\"url\":\"https:\/\/www.comercialanma.es\/?page_id=3963\",\"name\":\"Cat\\u00e1logo de Productos\"}},{\"@type\":\"ListItem\",\"position\":3,\"item\":{\"@type\":\"WebPage\",\"@id\":\"https:\/\/www.comercialanma.es\/?product=expovitrina-6n12\",\"url\":\"https:\/\/www.comercialanma.es\/?product=expovitrina-6n12\",\"name\":\"Expovitrina 6N1+2\"}}]}]}<\/script>\n<!-- \/ Yoast SEO plugin. -->","_links":{"self":[{"href":"https:\/\/www.comercialanma.es\/index.php?rest_route=\/wp\/v2\/product\/16381"}],"collection":[{"href":"https:\/\/www.comercialanma.es\/index.php?rest_route=\/wp\/v2\/product"}],"about":[{"href":"https:\/\/www.comercialanma.es\/index.php?rest_route=\/wp\/v2\/types\/product"}],"version-history":[{"count":2,"href":"https:\/\/www.comercialanma.es\/index.php?rest_route=\/wp\/v2\/product\/16381\/revisions"}],"predecessor-version":[{"id":20578,"href":"https:\/\/www.comercialanma.es\/index.php?rest_route=\/wp\/v2\/product\/16381\/revisions\/20578"}],"wp:featuredmedia":[{"embeddable":true,"href":"https:\/\/www.comercialanma.es\/index.php?rest_route=\/wp\/v2\/media\/16382"}],"wp:attachment":[{"href":"https:\/\/www.comercialanma.es\/index.php?rest_route=%2Fwp%2Fv2%2Fmedia&parent=16381"}],"curies":[{"name":"wp","href":"https:\/\/api.w.org\/{rel}","templated":true}]}}