
{"id":16464,"date":"2021-05-18T16:59:53","date_gmt":"2021-05-18T14:59:53","guid":{"rendered":"https:\/\/www.comercialanma.es\/?post_type=product&#038;p=16464"},"modified":"2021-12-14T10:38:24","modified_gmt":"2021-12-14T09:38:24","slug":"plata-el-valle","status":"publish","type":"product","link":"https:\/\/www.comercialanma.es\/?product=plata-el-valle","title":{"rendered":"Queso curado Plata El Valle 3Kg."},"content":{"rendered":"<div id=\"panel-50334-0-0-4\" class=\"so-panel widget widget_sow-editor\" data-index=\"4\">\n<div class=\"so-widget-sow-editor so-widget-sow-editor-base\">\n<div class=\"siteorigin-widget-tinymce textwidget\">\n<h3>CURACI\u00d3N M\u00cdNIMA<\/h3>\n<p>M\u00e1s de 105 d\u00edas<\/p>\n<\/div>\n<\/div>\n<\/div>\n<div id=\"panel-50334-0-0-5\" class=\"so-panel widget widget_sow-editor\" data-index=\"5\">\n<div class=\"so-widget-sow-editor so-widget-sow-editor-base\">\n<div class=\"siteorigin-widget-tinymce textwidget\">\n<h3>ELABORACI\u00d3N<\/h3>\n<p>Queso Elaborado con Leche Pasteurizada<br \/>\nQueso madurado graso. M\u00ednimo 45% MG\/ESL.<br \/>\nESL m\u00ednimo 56%. Contenido neto en venta.<\/p>\n<\/div>\n<\/div>\n<\/div>\n<div id=\"panel-50334-0-0-6\" class=\"so-panel widget widget_sow-editor\" data-index=\"6\">\n<div class=\"so-widget-sow-editor so-widget-sow-editor-base\">\n<div class=\"siteorigin-widget-tinymce textwidget\">\n<h3>INGREDIENTES<\/h3>\n<p>Ingredientes: Leche de Vaca (60% m\u00ednimo), Oveja (15% m\u00ednimo),<br \/>\nCabra (15% m\u00ednimo), sal, cloruro c\u00e1lcico (E-509), fermentos l\u00e1cticos,<br \/>\ncuajo y Lisozima de huevo. Corteza no comestible<\/p>\n<\/div>\n<\/div>\n<\/div>\n","protected":false},"excerpt":{"rendered":"<p>Queso curado Plata El Valle | 3Kg. |<\/p>\n<p>De textura firme. De sabor intenso. Con car\u00e1cter. Aromas equilibrados con matices a frutos secos y notas l\u00e1cteas. Final suave<br \/>\ny persistente. Para los amantes de los quesos.<\/p>\n","protected":false},"featured_media":20051,"template":"","meta":{"spay_email":""},"yoast_head":"<!-- This site is optimized with the Yoast SEO plugin v15.9 - https:\/\/yoast.com\/wordpress\/plugins\/seo\/ -->\n<title>Queso curado Plata El Valle 3Kg. - Comercial de Hosteleria Anma<\/title>\n<meta name=\"description\" content=\"Queso curado Plata El Valle | 3Kg. | De textura firme. De sabor intenso. Con car\u00e1cter. Aromas equilibrados.\" \/>\n<meta name=\"robots\" content=\"index, follow, max-snippet:-1, max-image-preview:large, max-video-preview:-1\" \/>\n<link rel=\"canonical\" href=\"https:\/\/www.comercialanma.es\/?product=plata-el-valle\" \/>\n<meta property=\"og:locale\" content=\"es_ES\" \/>\n<meta property=\"og:type\" content=\"article\" \/>\n<meta property=\"og:title\" content=\"Queso curado Plata El Valle 3Kg. - Comercial de Hosteleria Anma\" \/>\n<meta property=\"og:description\" content=\"Queso curado Plata El Valle | 3Kg. | De textura firme. De sabor intenso. Con car\u00e1cter. Aromas equilibrados.\" \/>\n<meta property=\"og:url\" content=\"https:\/\/www.comercialanma.es\/?product=plata-el-valle\" \/>\n<meta property=\"og:site_name\" content=\"Comercial de Hosteleria Anma\" \/>\n<meta property=\"article:publisher\" content=\"https:\/\/www.facebook.com\/AnmaHosteleria\" \/>\n<meta property=\"article:modified_time\" content=\"2021-12-14T09:38:24+00:00\" \/>\n<meta property=\"og:image\" content=\"https:\/\/i0.wp.com\/www.comercialanma.es\/wp-content\/uploads\/2021\/05\/queso-curado-el-valle-mezcla.jpg?fit=1080%2C1080&#038;ssl=1\" \/>\n\t<meta property=\"og:image:width\" content=\"1080\" \/>\n\t<meta property=\"og:image:height\" content=\"1080\" \/>\n<meta name=\"twitter:card\" content=\"summary_large_image\" \/>\n<meta name=\"twitter:label1\" content=\"Tiempo de lectura\">\n\t<meta name=\"twitter:data1\" content=\"1 minuto\">\n<script type=\"application\/ld+json\" class=\"yoast-schema-graph\">{\"@context\":\"https:\/\/schema.org\",\"@graph\":[{\"@type\":\"Organization\",\"@id\":\"https:\/\/www.comercialanma.es\/#organization\",\"name\":\"Comercial Anma\",\"url\":\"https:\/\/www.comercialanma.es\/\",\"sameAs\":[\"https:\/\/www.facebook.com\/AnmaHosteleria\",\"https:\/\/www.instagram.com\/anmahosteleria\/?hl=es\",\"https:\/\/www.youtube.com\/channel\/UCT2nmn08Ntks0hmpZPnDgCA\"],\"logo\":{\"@type\":\"ImageObject\",\"@id\":\"https:\/\/www.comercialanma.es\/#logo\",\"inLanguage\":\"es\",\"url\":\"https:\/\/i2.wp.com\/www.comercialanma.es\/wp-content\/uploads\/2019\/06\/logo-anma-color.png?fit=247%2C101&ssl=1\",\"width\":247,\"height\":101,\"caption\":\"Comercial Anma\"},\"image\":{\"@id\":\"https:\/\/www.comercialanma.es\/#logo\"}},{\"@type\":\"WebSite\",\"@id\":\"https:\/\/www.comercialanma.es\/#website\",\"url\":\"https:\/\/www.comercialanma.es\/\",\"name\":\"Comercial de Hosteleria Anma\",\"description\":\"\",\"publisher\":{\"@id\":\"https:\/\/www.comercialanma.es\/#organization\"},\"potentialAction\":[{\"@type\":\"SearchAction\",\"target\":\"https:\/\/www.comercialanma.es\/?s={search_term_string}\",\"query-input\":\"required name=search_term_string\"}],\"inLanguage\":\"es\"},{\"@type\":\"ImageObject\",\"@id\":\"https:\/\/www.comercialanma.es\/?product=plata-el-valle#primaryimage\",\"inLanguage\":\"es\",\"url\":\"https:\/\/i0.wp.com\/www.comercialanma.es\/wp-content\/uploads\/2021\/05\/queso-curado-el-valle-mezcla.jpg?fit=1080%2C1080&ssl=1\",\"width\":1080,\"height\":1080},{\"@type\":\"WebPage\",\"@id\":\"https:\/\/www.comercialanma.es\/?product=plata-el-valle#webpage\",\"url\":\"https:\/\/www.comercialanma.es\/?product=plata-el-valle\",\"name\":\"Queso curado Plata El Valle 3Kg. - Comercial de Hosteleria Anma\",\"isPartOf\":{\"@id\":\"https:\/\/www.comercialanma.es\/#website\"},\"primaryImageOfPage\":{\"@id\":\"https:\/\/www.comercialanma.es\/?product=plata-el-valle#primaryimage\"},\"datePublished\":\"2021-05-18T14:59:53+00:00\",\"dateModified\":\"2021-12-14T09:38:24+00:00\",\"description\":\"Queso curado Plata El Valle | 3Kg. | De textura firme. De sabor intenso. Con car\\u00e1cter. Aromas equilibrados.\",\"breadcrumb\":{\"@id\":\"https:\/\/www.comercialanma.es\/?product=plata-el-valle#breadcrumb\"},\"inLanguage\":\"es\",\"potentialAction\":[{\"@type\":\"ReadAction\",\"target\":[\"https:\/\/www.comercialanma.es\/?product=plata-el-valle\"]}]},{\"@type\":\"BreadcrumbList\",\"@id\":\"https:\/\/www.comercialanma.es\/?product=plata-el-valle#breadcrumb\",\"itemListElement\":[{\"@type\":\"ListItem\",\"position\":1,\"item\":{\"@type\":\"WebPage\",\"@id\":\"https:\/\/www.comercialanma.es\/\",\"url\":\"https:\/\/www.comercialanma.es\/\",\"name\":\"Portada\"}},{\"@type\":\"ListItem\",\"position\":2,\"item\":{\"@type\":\"WebPage\",\"@id\":\"https:\/\/www.comercialanma.es\/?page_id=3963\",\"url\":\"https:\/\/www.comercialanma.es\/?page_id=3963\",\"name\":\"Cat\\u00e1logo de Productos\"}},{\"@type\":\"ListItem\",\"position\":3,\"item\":{\"@type\":\"WebPage\",\"@id\":\"https:\/\/www.comercialanma.es\/?product=plata-el-valle\",\"url\":\"https:\/\/www.comercialanma.es\/?product=plata-el-valle\",\"name\":\"Queso curado Plata El Valle 3Kg.\"}}]}]}<\/script>\n<!-- \/ Yoast SEO plugin. -->","_links":{"self":[{"href":"https:\/\/www.comercialanma.es\/index.php?rest_route=\/wp\/v2\/product\/16464"}],"collection":[{"href":"https:\/\/www.comercialanma.es\/index.php?rest_route=\/wp\/v2\/product"}],"about":[{"href":"https:\/\/www.comercialanma.es\/index.php?rest_route=\/wp\/v2\/types\/product"}],"version-history":[{"count":3,"href":"https:\/\/www.comercialanma.es\/index.php?rest_route=\/wp\/v2\/product\/16464\/revisions"}],"predecessor-version":[{"id":16468,"href":"https:\/\/www.comercialanma.es\/index.php?rest_route=\/wp\/v2\/product\/16464\/revisions\/16468"}],"wp:featuredmedia":[{"embeddable":true,"href":"https:\/\/www.comercialanma.es\/index.php?rest_route=\/wp\/v2\/media\/20051"}],"wp:attachment":[{"href":"https:\/\/www.comercialanma.es\/index.php?rest_route=%2Fwp%2Fv2%2Fmedia&parent=16464"}],"curies":[{"name":"wp","href":"https:\/\/api.w.org\/{rel}","templated":true}]}}