
{"id":16473,"date":"2021-05-18T17:51:43","date_gmt":"2021-05-18T15:51:43","guid":{"rendered":"https:\/\/www.comercialanma.es\/?post_type=product&#038;p=16473"},"modified":"2022-04-25T08:59:34","modified_gmt":"2022-04-25T06:59:34","slug":"semicurado-montelareina-3kg","status":"publish","type":"product","link":"https:\/\/www.comercialanma.es\/?product=semicurado-montelareina-3kg","title":{"rendered":"Queso Semicurado Se\u00f1orio Montelareina 3kg."},"content":{"rendered":"<ul>\n<li>Montelareina<\/li>\n<li>Peso 3kg.<\/li>\n<li>Queso Semicurado<\/li>\n<\/ul>\n","protected":false},"excerpt":{"rendered":"<div class=\"col span_12 left\">\n<div class=\"vc_col-sm-12 wpb_column column_container vc_column_container col has-animation no-extra-padding instance-2 animated-in\" data-bg-cover=\"\" data-padding-pos=\"all\" data-has-bg-color=\"false\" data-bg-color=\"\" data-bg-opacity=\"1\" data-hover-bg=\"\" data-hover-bg-opacity=\"1\" data-animation=\"fade-in-from-bottom\" data-delay=\"300\">\n<div class=\"vc_column-inner\">\n<div class=\"wpb_wrapper\">Queso semicurado Se\u00f1orio Montelareina | 3kg |<\/div>\n<div>\n<p><span class=\"a-list-item\">Un gran queso con una personalidad \u00fanica a\u00f1os y sabor intenso, para m\u00e1s de un a\u00f1o en Castilla<\/span>.<\/p>\n<div>De intensidad media, agradable, desprende aromas l\u00e1cticas que recuerdan a la cuajada, tambi\u00e9n aromas vegetales que son llevan hac\u00eda los desprendidos por la paja seca e incluso el heno.<\/div>\n<div>Su entrada en boca es agradable, su pasta es flexible y compacta, percibi\u00e9ndose las notas l\u00e1cticas en su paso y las vegetales de paja seca en retronasal. En retrogusto deja ligeras notas tostadas y su intensidad es de grado medio. Esta bastante equilibrado, aunque un poco salino.<\/div>\n<\/div>\n<\/div>\n<\/div>\n<\/div>\n","protected":false},"featured_media":16474,"template":"","meta":{"spay_email":""},"yoast_head":"<!-- This site is optimized with the Yoast SEO plugin v15.9 - https:\/\/yoast.com\/wordpress\/plugins\/seo\/ -->\n<title>Queso Semicurado Se\u00f1orio Montelareina 3kg. - Comercial de Hosteleria Anma<\/title>\n<meta name=\"description\" content=\"Queso semicurado Se\u00f1orio Montelareina | 3kg. | Un gran queso con una personalidad \u00fanica a\u00f1os y sabor intenso, para m\u00e1s de un a\u00f1o en Castilla.\" \/>\n<meta name=\"robots\" content=\"index, follow, max-snippet:-1, max-image-preview:large, max-video-preview:-1\" \/>\n<link rel=\"canonical\" href=\"https:\/\/www.comercialanma.es\/?product=semicurado-montelareina-3kg\" \/>\n<meta property=\"og:locale\" content=\"es_ES\" \/>\n<meta property=\"og:type\" content=\"article\" \/>\n<meta property=\"og:title\" content=\"Queso Semicurado Se\u00f1orio Montelareina 3kg. - Comercial de Hosteleria Anma\" \/>\n<meta property=\"og:description\" content=\"Queso semicurado Se\u00f1orio Montelareina | 3kg. | Un gran queso con una personalidad \u00fanica a\u00f1os y sabor intenso, para m\u00e1s de un a\u00f1o en Castilla.\" \/>\n<meta property=\"og:url\" content=\"https:\/\/www.comercialanma.es\/?product=semicurado-montelareina-3kg\" \/>\n<meta property=\"og:site_name\" content=\"Comercial de Hosteleria Anma\" \/>\n<meta property=\"article:publisher\" content=\"https:\/\/www.facebook.com\/AnmaHosteleria\" \/>\n<meta property=\"article:modified_time\" content=\"2022-04-25T06:59:34+00:00\" \/>\n<meta property=\"og:image\" content=\"https:\/\/i0.wp.com\/www.comercialanma.es\/wp-content\/uploads\/2021\/05\/montelareina-semicurado-3kg.jpg?fit=1080%2C1080&#038;ssl=1\" \/>\n\t<meta property=\"og:image:width\" content=\"1080\" \/>\n\t<meta property=\"og:image:height\" content=\"1080\" \/>\n<meta name=\"twitter:card\" content=\"summary_large_image\" \/>\n<meta name=\"twitter:label1\" content=\"Tiempo de lectura\">\n\t<meta name=\"twitter:data1\" content=\"1 minuto\">\n<script type=\"application\/ld+json\" class=\"yoast-schema-graph\">{\"@context\":\"https:\/\/schema.org\",\"@graph\":[{\"@type\":\"Organization\",\"@id\":\"https:\/\/www.comercialanma.es\/#organization\",\"name\":\"Comercial Anma\",\"url\":\"https:\/\/www.comercialanma.es\/\",\"sameAs\":[\"https:\/\/www.facebook.com\/AnmaHosteleria\",\"https:\/\/www.instagram.com\/anmahosteleria\/?hl=es\",\"https:\/\/www.youtube.com\/channel\/UCT2nmn08Ntks0hmpZPnDgCA\"],\"logo\":{\"@type\":\"ImageObject\",\"@id\":\"https:\/\/www.comercialanma.es\/#logo\",\"inLanguage\":\"es\",\"url\":\"https:\/\/i2.wp.com\/www.comercialanma.es\/wp-content\/uploads\/2019\/06\/logo-anma-color.png?fit=247%2C101&ssl=1\",\"width\":247,\"height\":101,\"caption\":\"Comercial Anma\"},\"image\":{\"@id\":\"https:\/\/www.comercialanma.es\/#logo\"}},{\"@type\":\"WebSite\",\"@id\":\"https:\/\/www.comercialanma.es\/#website\",\"url\":\"https:\/\/www.comercialanma.es\/\",\"name\":\"Comercial de Hosteleria Anma\",\"description\":\"\",\"publisher\":{\"@id\":\"https:\/\/www.comercialanma.es\/#organization\"},\"potentialAction\":[{\"@type\":\"SearchAction\",\"target\":\"https:\/\/www.comercialanma.es\/?s={search_term_string}\",\"query-input\":\"required name=search_term_string\"}],\"inLanguage\":\"es\"},{\"@type\":\"ImageObject\",\"@id\":\"https:\/\/www.comercialanma.es\/?product=semicurado-montelareina-3kg#primaryimage\",\"inLanguage\":\"es\",\"url\":\"https:\/\/i0.wp.com\/www.comercialanma.es\/wp-content\/uploads\/2021\/05\/montelareina-semicurado-3kg.jpg?fit=1080%2C1080&ssl=1\",\"width\":1080,\"height\":1080},{\"@type\":\"WebPage\",\"@id\":\"https:\/\/www.comercialanma.es\/?product=semicurado-montelareina-3kg#webpage\",\"url\":\"https:\/\/www.comercialanma.es\/?product=semicurado-montelareina-3kg\",\"name\":\"Queso Semicurado Se\\u00f1orio Montelareina 3kg. - Comercial de Hosteleria Anma\",\"isPartOf\":{\"@id\":\"https:\/\/www.comercialanma.es\/#website\"},\"primaryImageOfPage\":{\"@id\":\"https:\/\/www.comercialanma.es\/?product=semicurado-montelareina-3kg#primaryimage\"},\"datePublished\":\"2021-05-18T15:51:43+00:00\",\"dateModified\":\"2022-04-25T06:59:34+00:00\",\"description\":\"Queso semicurado Se\\u00f1orio Montelareina | 3kg. | Un gran queso con una personalidad \\u00fanica a\\u00f1os y sabor intenso, para m\\u00e1s de un a\\u00f1o en Castilla.\",\"breadcrumb\":{\"@id\":\"https:\/\/www.comercialanma.es\/?product=semicurado-montelareina-3kg#breadcrumb\"},\"inLanguage\":\"es\",\"potentialAction\":[{\"@type\":\"ReadAction\",\"target\":[\"https:\/\/www.comercialanma.es\/?product=semicurado-montelareina-3kg\"]}]},{\"@type\":\"BreadcrumbList\",\"@id\":\"https:\/\/www.comercialanma.es\/?product=semicurado-montelareina-3kg#breadcrumb\",\"itemListElement\":[{\"@type\":\"ListItem\",\"position\":1,\"item\":{\"@type\":\"WebPage\",\"@id\":\"https:\/\/www.comercialanma.es\/\",\"url\":\"https:\/\/www.comercialanma.es\/\",\"name\":\"Portada\"}},{\"@type\":\"ListItem\",\"position\":2,\"item\":{\"@type\":\"WebPage\",\"@id\":\"https:\/\/www.comercialanma.es\/?page_id=3963\",\"url\":\"https:\/\/www.comercialanma.es\/?page_id=3963\",\"name\":\"Cat\\u00e1logo de Productos\"}},{\"@type\":\"ListItem\",\"position\":3,\"item\":{\"@type\":\"WebPage\",\"@id\":\"https:\/\/www.comercialanma.es\/?product=semicurado-montelareina-3kg\",\"url\":\"https:\/\/www.comercialanma.es\/?product=semicurado-montelareina-3kg\",\"name\":\"Queso Semicurado Se\\u00f1orio Montelareina 3kg.\"}}]}]}<\/script>\n<!-- \/ Yoast SEO plugin. -->","_links":{"self":[{"href":"https:\/\/www.comercialanma.es\/index.php?rest_route=\/wp\/v2\/product\/16473"}],"collection":[{"href":"https:\/\/www.comercialanma.es\/index.php?rest_route=\/wp\/v2\/product"}],"about":[{"href":"https:\/\/www.comercialanma.es\/index.php?rest_route=\/wp\/v2\/types\/product"}],"version-history":[{"count":2,"href":"https:\/\/www.comercialanma.es\/index.php?rest_route=\/wp\/v2\/product\/16473\/revisions"}],"predecessor-version":[{"id":16479,"href":"https:\/\/www.comercialanma.es\/index.php?rest_route=\/wp\/v2\/product\/16473\/revisions\/16479"}],"wp:featuredmedia":[{"embeddable":true,"href":"https:\/\/www.comercialanma.es\/index.php?rest_route=\/wp\/v2\/media\/16474"}],"wp:attachment":[{"href":"https:\/\/www.comercialanma.es\/index.php?rest_route=%2Fwp%2Fv2%2Fmedia&parent=16473"}],"curies":[{"name":"wp","href":"https:\/\/api.w.org\/{rel}","templated":true}]}}