
{"id":16867,"date":"2021-06-18T17:37:48","date_gmt":"2021-06-18T15:37:48","guid":{"rendered":"https:\/\/www.comercialanma.es\/?post_type=product&#038;p=16867"},"modified":"2021-06-18T17:41:30","modified_gmt":"2021-06-18T15:41:30","slug":"granini-melocoton-1l","status":"publish","type":"product","link":"https:\/\/www.comercialanma.es\/?product=granini-melocoton-1l","title":{"rendered":"Zumo Granini Melocot\u00f3n 1L."},"content":{"rendered":"<h3><strong>Denominaci\u00f3n:<\/strong><\/h3>\n<p>N\u00e9ctar de Melocot\u00f3n hecho parcialmente a partir de concentrado con az\u00facar y edulcorante: con extracto de la hoja de Stevia.<\/p>\n<h3>\n<strong>Contenido de fruta:<\/strong><\/h3>\n<p>50%<\/p>\n<h3>\n<strong>Ingredientes:<\/strong><\/h3>\n<p>Agua, pur\u00e9 de melocot\u00f3n (45%), zumo de melocot\u00f3n a partir de concentrado (5%), az\u00facar, acidulante: \u00e1cido c\u00edtrico, antioxidante: \u00e1cido asc\u00f3rbico, edulcorante: gluc\u00f3sidos de esteviol.<\/p>\n","protected":false},"excerpt":{"rendered":"<p>Zumo Melocot\u00f3n | Granini | 1L. |<\/p>\n<p>Una variedad cl\u00e1sica, con un sabor \u00fanico. El melocot\u00f3n de toda la vida como no lo has probado nunca.<\/p>\n<p>&nbsp;<\/p>\n<p>&nbsp;<\/p>\n<p>&nbsp;<\/p>\n<p>&nbsp;<\/p>\n","protected":false},"featured_media":16868,"template":"","meta":{"spay_email":""},"yoast_head":"<!-- This site is optimized with the Yoast SEO plugin v15.9 - https:\/\/yoast.com\/wordpress\/plugins\/seo\/ -->\n<title>Zumo Granini Melocot\u00f3n 1L. - Comercial de Hosteleria Anma<\/title>\n<meta name=\"description\" content=\"Zumo Melocot\u00f3n | Granini | 1L. | Una variedad cl\u00e1sica, con un sabor \u00fanico. El melocot\u00f3n de toda la vida como no lo has probado nunca.\" \/>\n<meta name=\"robots\" content=\"index, follow, max-snippet:-1, max-image-preview:large, max-video-preview:-1\" \/>\n<link rel=\"canonical\" href=\"https:\/\/www.comercialanma.es\/?product=granini-melocoton-1l\" \/>\n<meta property=\"og:locale\" content=\"es_ES\" \/>\n<meta property=\"og:type\" content=\"article\" \/>\n<meta property=\"og:title\" content=\"Zumo Granini Melocot\u00f3n 1L. - Comercial de Hosteleria Anma\" \/>\n<meta property=\"og:description\" content=\"Zumo Melocot\u00f3n | Granini | 1L. | Una variedad cl\u00e1sica, con un sabor \u00fanico. El melocot\u00f3n de toda la vida como no lo has probado nunca.\" \/>\n<meta property=\"og:url\" content=\"https:\/\/www.comercialanma.es\/?product=granini-melocoton-1l\" \/>\n<meta property=\"og:site_name\" content=\"Comercial de Hosteleria Anma\" \/>\n<meta property=\"article:publisher\" content=\"https:\/\/www.facebook.com\/AnmaHosteleria\" \/>\n<meta property=\"article:modified_time\" content=\"2021-06-18T15:41:30+00:00\" \/>\n<meta property=\"og:image\" content=\"https:\/\/i0.wp.com\/www.comercialanma.es\/wp-content\/uploads\/2021\/06\/Zumo-melocoton-granini_1l.jpg?fit=1080%2C1080&#038;ssl=1\" \/>\n\t<meta property=\"og:image:width\" content=\"1080\" \/>\n\t<meta property=\"og:image:height\" content=\"1080\" \/>\n<meta name=\"twitter:card\" content=\"summary_large_image\" \/>\n<meta name=\"twitter:label1\" content=\"Tiempo de lectura\">\n\t<meta name=\"twitter:data1\" content=\"1 minuto\">\n<script type=\"application\/ld+json\" class=\"yoast-schema-graph\">{\"@context\":\"https:\/\/schema.org\",\"@graph\":[{\"@type\":\"Organization\",\"@id\":\"https:\/\/www.comercialanma.es\/#organization\",\"name\":\"Comercial Anma\",\"url\":\"https:\/\/www.comercialanma.es\/\",\"sameAs\":[\"https:\/\/www.facebook.com\/AnmaHosteleria\",\"https:\/\/www.instagram.com\/anmahosteleria\/?hl=es\",\"https:\/\/www.youtube.com\/channel\/UCT2nmn08Ntks0hmpZPnDgCA\"],\"logo\":{\"@type\":\"ImageObject\",\"@id\":\"https:\/\/www.comercialanma.es\/#logo\",\"inLanguage\":\"es\",\"url\":\"https:\/\/i2.wp.com\/www.comercialanma.es\/wp-content\/uploads\/2019\/06\/logo-anma-color.png?fit=247%2C101&ssl=1\",\"width\":247,\"height\":101,\"caption\":\"Comercial Anma\"},\"image\":{\"@id\":\"https:\/\/www.comercialanma.es\/#logo\"}},{\"@type\":\"WebSite\",\"@id\":\"https:\/\/www.comercialanma.es\/#website\",\"url\":\"https:\/\/www.comercialanma.es\/\",\"name\":\"Comercial de Hosteleria Anma\",\"description\":\"\",\"publisher\":{\"@id\":\"https:\/\/www.comercialanma.es\/#organization\"},\"potentialAction\":[{\"@type\":\"SearchAction\",\"target\":\"https:\/\/www.comercialanma.es\/?s={search_term_string}\",\"query-input\":\"required name=search_term_string\"}],\"inLanguage\":\"es\"},{\"@type\":\"ImageObject\",\"@id\":\"https:\/\/www.comercialanma.es\/?product=granini-melocoton-1l#primaryimage\",\"inLanguage\":\"es\",\"url\":\"https:\/\/i0.wp.com\/www.comercialanma.es\/wp-content\/uploads\/2021\/06\/Zumo-melocoton-granini_1l.jpg?fit=1080%2C1080&ssl=1\",\"width\":1080,\"height\":1080},{\"@type\":\"WebPage\",\"@id\":\"https:\/\/www.comercialanma.es\/?product=granini-melocoton-1l#webpage\",\"url\":\"https:\/\/www.comercialanma.es\/?product=granini-melocoton-1l\",\"name\":\"Zumo Granini Melocot\\u00f3n 1L. - Comercial de Hosteleria Anma\",\"isPartOf\":{\"@id\":\"https:\/\/www.comercialanma.es\/#website\"},\"primaryImageOfPage\":{\"@id\":\"https:\/\/www.comercialanma.es\/?product=granini-melocoton-1l#primaryimage\"},\"datePublished\":\"2021-06-18T15:37:48+00:00\",\"dateModified\":\"2021-06-18T15:41:30+00:00\",\"description\":\"Zumo Melocot\\u00f3n | Granini | 1L. | Una variedad cl\\u00e1sica, con un sabor \\u00fanico. El melocot\\u00f3n de toda la vida como no lo has probado nunca.\",\"breadcrumb\":{\"@id\":\"https:\/\/www.comercialanma.es\/?product=granini-melocoton-1l#breadcrumb\"},\"inLanguage\":\"es\",\"potentialAction\":[{\"@type\":\"ReadAction\",\"target\":[\"https:\/\/www.comercialanma.es\/?product=granini-melocoton-1l\"]}]},{\"@type\":\"BreadcrumbList\",\"@id\":\"https:\/\/www.comercialanma.es\/?product=granini-melocoton-1l#breadcrumb\",\"itemListElement\":[{\"@type\":\"ListItem\",\"position\":1,\"item\":{\"@type\":\"WebPage\",\"@id\":\"https:\/\/www.comercialanma.es\/\",\"url\":\"https:\/\/www.comercialanma.es\/\",\"name\":\"Portada\"}},{\"@type\":\"ListItem\",\"position\":2,\"item\":{\"@type\":\"WebPage\",\"@id\":\"https:\/\/www.comercialanma.es\/?page_id=3963\",\"url\":\"https:\/\/www.comercialanma.es\/?page_id=3963\",\"name\":\"Cat\\u00e1logo de Productos\"}},{\"@type\":\"ListItem\",\"position\":3,\"item\":{\"@type\":\"WebPage\",\"@id\":\"https:\/\/www.comercialanma.es\/?product=granini-melocoton-1l\",\"url\":\"https:\/\/www.comercialanma.es\/?product=granini-melocoton-1l\",\"name\":\"Zumo Granini Melocot\\u00f3n 1L.\"}}]}]}<\/script>\n<!-- \/ Yoast SEO plugin. -->","_links":{"self":[{"href":"https:\/\/www.comercialanma.es\/index.php?rest_route=\/wp\/v2\/product\/16867"}],"collection":[{"href":"https:\/\/www.comercialanma.es\/index.php?rest_route=\/wp\/v2\/product"}],"about":[{"href":"https:\/\/www.comercialanma.es\/index.php?rest_route=\/wp\/v2\/types\/product"}],"version-history":[{"count":1,"href":"https:\/\/www.comercialanma.es\/index.php?rest_route=\/wp\/v2\/product\/16867\/revisions"}],"predecessor-version":[{"id":16869,"href":"https:\/\/www.comercialanma.es\/index.php?rest_route=\/wp\/v2\/product\/16867\/revisions\/16869"}],"wp:featuredmedia":[{"embeddable":true,"href":"https:\/\/www.comercialanma.es\/index.php?rest_route=\/wp\/v2\/media\/16868"}],"wp:attachment":[{"href":"https:\/\/www.comercialanma.es\/index.php?rest_route=%2Fwp%2Fv2%2Fmedia&parent=16867"}],"curies":[{"name":"wp","href":"https:\/\/api.w.org\/{rel}","templated":true}]}}