
{"id":16991,"date":"2021-06-23T10:52:28","date_gmt":"2021-06-23T08:52:28","guid":{"rendered":"https:\/\/www.comercialanma.es\/?post_type=product&#038;p=16991"},"modified":"2021-10-19T16:17:02","modified_gmt":"2021-10-19T14:17:02","slug":"gran-esencia-natural-bazar","status":"publish","type":"product","link":"https:\/\/www.comercialanma.es\/?product=gran-esencia-natural-bazar","title":{"rendered":"Caf\u00e9 Bazar Gran Esencia Natural 1Kg."},"content":{"rendered":"<ul class=\"a-unordered-list a-vertical a-spacing-mini\">\n<li>Marca: Caf\u00e9s Bazar<\/li>\n<li>Cantidad: 1Kg.<\/li>\n<\/ul>\n<p><img loading=\"lazy\" class=\"alignnone size-medium wp-image-19677\" src=\"https:\/\/i2.wp.com\/www.comercialanma.es\/wp-content\/uploads\/2021\/06\/gran-esencia-natural.png?resize=300%2C221&#038;ssl=1\" alt=\"\" width=\"300\" height=\"221\" srcset=\"https:\/\/i2.wp.com\/www.comercialanma.es\/wp-content\/uploads\/2021\/06\/gran-esencia-natural.png?resize=300%2C221&amp;ssl=1 300w, https:\/\/i2.wp.com\/www.comercialanma.es\/wp-content\/uploads\/2021\/06\/gran-esencia-natural.png?resize=560%2C413&amp;ssl=1 560w, https:\/\/i2.wp.com\/www.comercialanma.es\/wp-content\/uploads\/2021\/06\/gran-esencia-natural.png?resize=64%2C47&amp;ssl=1 64w, https:\/\/i2.wp.com\/www.comercialanma.es\/wp-content\/uploads\/2021\/06\/gran-esencia-natural.png?w=596&amp;ssl=1 596w\" sizes=\"(max-width: 300px) 100vw, 300px\" data-recalc-dims=\"1\" \/><\/p>\n","protected":false},"excerpt":{"rendered":"<p>Caf\u00e9 Bazar gran esencia natural | 1Kg. |<\/p>\n<p>Caf\u00e9 con m\u00e1s aporte de ar\u00e1bicas Centroamericanas. Un caf\u00e9 100% Natural. Taza perfecta tanto en caf\u00e9 solo como en caf\u00e9 con leche.<\/p>\n<p>&nbsp;<\/p>\n","protected":false},"featured_media":16992,"template":"","meta":{"spay_email":""},"yoast_head":"<!-- This site is optimized with the Yoast SEO plugin v15.9 - https:\/\/yoast.com\/wordpress\/plugins\/seo\/ -->\n<title>Caf\u00e9 Bazar Gran Esencia Natural 1Kg. - Comercial de Hosteleria Anma<\/title>\n<meta name=\"description\" content=\"Caf\u00e9 Bazar gran esencia natural | 1Kg. | Caf\u00e9 con m\u00e1s aporte de ar\u00e1bicas Centroamericanas. Un caf\u00e9 100% Natural.\" \/>\n<meta name=\"robots\" content=\"index, follow, max-snippet:-1, max-image-preview:large, max-video-preview:-1\" \/>\n<link rel=\"canonical\" href=\"https:\/\/www.comercialanma.es\/?product=gran-esencia-natural-bazar\" \/>\n<meta property=\"og:locale\" content=\"es_ES\" \/>\n<meta property=\"og:type\" content=\"article\" \/>\n<meta property=\"og:title\" content=\"Caf\u00e9 Bazar Gran Esencia Natural 1Kg. - Comercial de Hosteleria Anma\" \/>\n<meta property=\"og:description\" content=\"Caf\u00e9 Bazar gran esencia natural | 1Kg. | Caf\u00e9 con m\u00e1s aporte de ar\u00e1bicas Centroamericanas. Un caf\u00e9 100% Natural.\" \/>\n<meta property=\"og:url\" content=\"https:\/\/www.comercialanma.es\/?product=gran-esencia-natural-bazar\" \/>\n<meta property=\"og:site_name\" content=\"Comercial de Hosteleria Anma\" \/>\n<meta property=\"article:publisher\" content=\"https:\/\/www.facebook.com\/AnmaHosteleria\" \/>\n<meta property=\"article:modified_time\" content=\"2021-10-19T14:17:02+00:00\" \/>\n<meta property=\"og:image\" content=\"https:\/\/i0.wp.com\/www.comercialanma.es\/wp-content\/uploads\/2021\/06\/cafe-bazar-gran-esencia-1kg.jpg?fit=1080%2C1080&#038;ssl=1\" \/>\n\t<meta property=\"og:image:width\" content=\"1080\" \/>\n\t<meta property=\"og:image:height\" content=\"1080\" \/>\n<meta name=\"twitter:card\" content=\"summary_large_image\" \/>\n<meta name=\"twitter:label1\" content=\"Tiempo de lectura\">\n\t<meta name=\"twitter:data1\" content=\"1 minuto\">\n<script type=\"application\/ld+json\" class=\"yoast-schema-graph\">{\"@context\":\"https:\/\/schema.org\",\"@graph\":[{\"@type\":\"Organization\",\"@id\":\"https:\/\/www.comercialanma.es\/#organization\",\"name\":\"Comercial Anma\",\"url\":\"https:\/\/www.comercialanma.es\/\",\"sameAs\":[\"https:\/\/www.facebook.com\/AnmaHosteleria\",\"https:\/\/www.instagram.com\/anmahosteleria\/?hl=es\",\"https:\/\/www.youtube.com\/channel\/UCT2nmn08Ntks0hmpZPnDgCA\"],\"logo\":{\"@type\":\"ImageObject\",\"@id\":\"https:\/\/www.comercialanma.es\/#logo\",\"inLanguage\":\"es\",\"url\":\"https:\/\/i2.wp.com\/www.comercialanma.es\/wp-content\/uploads\/2019\/06\/logo-anma-color.png?fit=247%2C101&ssl=1\",\"width\":247,\"height\":101,\"caption\":\"Comercial Anma\"},\"image\":{\"@id\":\"https:\/\/www.comercialanma.es\/#logo\"}},{\"@type\":\"WebSite\",\"@id\":\"https:\/\/www.comercialanma.es\/#website\",\"url\":\"https:\/\/www.comercialanma.es\/\",\"name\":\"Comercial de Hosteleria Anma\",\"description\":\"\",\"publisher\":{\"@id\":\"https:\/\/www.comercialanma.es\/#organization\"},\"potentialAction\":[{\"@type\":\"SearchAction\",\"target\":\"https:\/\/www.comercialanma.es\/?s={search_term_string}\",\"query-input\":\"required name=search_term_string\"}],\"inLanguage\":\"es\"},{\"@type\":\"ImageObject\",\"@id\":\"https:\/\/www.comercialanma.es\/?product=gran-esencia-natural-bazar#primaryimage\",\"inLanguage\":\"es\",\"url\":\"https:\/\/i0.wp.com\/www.comercialanma.es\/wp-content\/uploads\/2021\/06\/cafe-bazar-gran-esencia-1kg.jpg?fit=1080%2C1080&ssl=1\",\"width\":1080,\"height\":1080},{\"@type\":\"WebPage\",\"@id\":\"https:\/\/www.comercialanma.es\/?product=gran-esencia-natural-bazar#webpage\",\"url\":\"https:\/\/www.comercialanma.es\/?product=gran-esencia-natural-bazar\",\"name\":\"Caf\\u00e9 Bazar Gran Esencia Natural 1Kg. - Comercial de Hosteleria Anma\",\"isPartOf\":{\"@id\":\"https:\/\/www.comercialanma.es\/#website\"},\"primaryImageOfPage\":{\"@id\":\"https:\/\/www.comercialanma.es\/?product=gran-esencia-natural-bazar#primaryimage\"},\"datePublished\":\"2021-06-23T08:52:28+00:00\",\"dateModified\":\"2021-10-19T14:17:02+00:00\",\"description\":\"Caf\\u00e9 Bazar gran esencia natural | 1Kg. | Caf\\u00e9 con m\\u00e1s aporte de ar\\u00e1bicas Centroamericanas. Un caf\\u00e9 100% Natural.\",\"breadcrumb\":{\"@id\":\"https:\/\/www.comercialanma.es\/?product=gran-esencia-natural-bazar#breadcrumb\"},\"inLanguage\":\"es\",\"potentialAction\":[{\"@type\":\"ReadAction\",\"target\":[\"https:\/\/www.comercialanma.es\/?product=gran-esencia-natural-bazar\"]}]},{\"@type\":\"BreadcrumbList\",\"@id\":\"https:\/\/www.comercialanma.es\/?product=gran-esencia-natural-bazar#breadcrumb\",\"itemListElement\":[{\"@type\":\"ListItem\",\"position\":1,\"item\":{\"@type\":\"WebPage\",\"@id\":\"https:\/\/www.comercialanma.es\/\",\"url\":\"https:\/\/www.comercialanma.es\/\",\"name\":\"Portada\"}},{\"@type\":\"ListItem\",\"position\":2,\"item\":{\"@type\":\"WebPage\",\"@id\":\"https:\/\/www.comercialanma.es\/?page_id=3963\",\"url\":\"https:\/\/www.comercialanma.es\/?page_id=3963\",\"name\":\"Cat\\u00e1logo de Productos\"}},{\"@type\":\"ListItem\",\"position\":3,\"item\":{\"@type\":\"WebPage\",\"@id\":\"https:\/\/www.comercialanma.es\/?product=gran-esencia-natural-bazar\",\"url\":\"https:\/\/www.comercialanma.es\/?product=gran-esencia-natural-bazar\",\"name\":\"Caf\\u00e9 Bazar Gran Esencia Natural 1Kg.\"}}]}]}<\/script>\n<!-- \/ Yoast SEO plugin. -->","_links":{"self":[{"href":"https:\/\/www.comercialanma.es\/index.php?rest_route=\/wp\/v2\/product\/16991"}],"collection":[{"href":"https:\/\/www.comercialanma.es\/index.php?rest_route=\/wp\/v2\/product"}],"about":[{"href":"https:\/\/www.comercialanma.es\/index.php?rest_route=\/wp\/v2\/types\/product"}],"version-history":[{"count":5,"href":"https:\/\/www.comercialanma.es\/index.php?rest_route=\/wp\/v2\/product\/16991\/revisions"}],"predecessor-version":[{"id":19678,"href":"https:\/\/www.comercialanma.es\/index.php?rest_route=\/wp\/v2\/product\/16991\/revisions\/19678"}],"wp:featuredmedia":[{"embeddable":true,"href":"https:\/\/www.comercialanma.es\/index.php?rest_route=\/wp\/v2\/media\/16992"}],"wp:attachment":[{"href":"https:\/\/www.comercialanma.es\/index.php?rest_route=%2Fwp%2Fv2%2Fmedia&parent=16991"}],"curies":[{"name":"wp","href":"https:\/\/api.w.org\/{rel}","templated":true}]}}