
{"id":17004,"date":"2021-06-23T11:45:53","date_gmt":"2021-06-23T09:45:53","guid":{"rendered":"https:\/\/www.comercialanma.es\/?post_type=product&#038;p=17004"},"modified":"2021-06-23T17:43:11","modified_gmt":"2021-06-23T15:43:11","slug":"fusione-intenso-natural","status":"publish","type":"product","link":"https:\/\/www.comercialanma.es\/?product=fusione-intenso-natural","title":{"rendered":"Caf\u00e9 Fusione Intenso Natural 1Kg."},"content":{"rendered":"<ul class=\"a-unordered-list a-vertical a-spacing-mini\">\n<li>Marca: Caf\u00e9s Fusione<\/li>\n<li>Cantidad: 1Kg<\/li>\n<\/ul>\n","protected":false},"excerpt":{"rendered":"<p>Caf\u00e9 Fusione Intenso natural | 1Kg. |<\/p>\n<p>Es un caf\u00e9 premium cuya exquisita mezcla de caf\u00e9s de la variedad ar\u00e1bica, hemos a\u00f1adido un peque\u00f1o toque de robusta lavado que imprime a la taza una personalidad propia, con un balance extraordinario.<\/p>\n<p>&nbsp;<\/p>\n","protected":false},"featured_media":17005,"template":"","meta":{"spay_email":""},"yoast_head":"<!-- This site is optimized with the Yoast SEO plugin v15.9 - https:\/\/yoast.com\/wordpress\/plugins\/seo\/ -->\n<title>Caf\u00e9 Fusione Intenso Natural 1Kg. - Comercial de Hosteleria Anma<\/title>\n<meta name=\"description\" content=\"Caf\u00e9 Fusione Intenso natural | 1Kg. | Es un caf\u00e9 premium cuya exquisita mezcla de caf\u00e9s de la variedad ar\u00e1bica.\" \/>\n<meta name=\"robots\" content=\"index, follow, max-snippet:-1, max-image-preview:large, max-video-preview:-1\" \/>\n<link rel=\"canonical\" href=\"https:\/\/www.comercialanma.es\/?product=fusione-intenso-natural\" \/>\n<meta property=\"og:locale\" content=\"es_ES\" \/>\n<meta property=\"og:type\" content=\"article\" \/>\n<meta property=\"og:title\" content=\"Caf\u00e9 Fusione Intenso Natural 1Kg. - Comercial de Hosteleria Anma\" \/>\n<meta property=\"og:description\" content=\"Caf\u00e9 Fusione Intenso natural | 1Kg. | Es un caf\u00e9 premium cuya exquisita mezcla de caf\u00e9s de la variedad ar\u00e1bica.\" \/>\n<meta property=\"og:url\" content=\"https:\/\/www.comercialanma.es\/?product=fusione-intenso-natural\" \/>\n<meta property=\"og:site_name\" content=\"Comercial de Hosteleria Anma\" \/>\n<meta property=\"article:publisher\" content=\"https:\/\/www.facebook.com\/AnmaHosteleria\" \/>\n<meta property=\"article:modified_time\" content=\"2021-06-23T15:43:11+00:00\" \/>\n<meta property=\"og:image\" content=\"https:\/\/i0.wp.com\/www.comercialanma.es\/wp-content\/uploads\/2021\/06\/fusione-natural-intenso.jpg?fit=1080%2C1080&#038;ssl=1\" \/>\n\t<meta property=\"og:image:width\" content=\"1080\" \/>\n\t<meta property=\"og:image:height\" content=\"1080\" \/>\n<meta name=\"twitter:card\" content=\"summary_large_image\" \/>\n<meta name=\"twitter:label1\" content=\"Tiempo de lectura\">\n\t<meta name=\"twitter:data1\" content=\"1 minuto\">\n<script type=\"application\/ld+json\" class=\"yoast-schema-graph\">{\"@context\":\"https:\/\/schema.org\",\"@graph\":[{\"@type\":\"Organization\",\"@id\":\"https:\/\/www.comercialanma.es\/#organization\",\"name\":\"Comercial Anma\",\"url\":\"https:\/\/www.comercialanma.es\/\",\"sameAs\":[\"https:\/\/www.facebook.com\/AnmaHosteleria\",\"https:\/\/www.instagram.com\/anmahosteleria\/?hl=es\",\"https:\/\/www.youtube.com\/channel\/UCT2nmn08Ntks0hmpZPnDgCA\"],\"logo\":{\"@type\":\"ImageObject\",\"@id\":\"https:\/\/www.comercialanma.es\/#logo\",\"inLanguage\":\"es\",\"url\":\"https:\/\/i2.wp.com\/www.comercialanma.es\/wp-content\/uploads\/2019\/06\/logo-anma-color.png?fit=247%2C101&ssl=1\",\"width\":247,\"height\":101,\"caption\":\"Comercial Anma\"},\"image\":{\"@id\":\"https:\/\/www.comercialanma.es\/#logo\"}},{\"@type\":\"WebSite\",\"@id\":\"https:\/\/www.comercialanma.es\/#website\",\"url\":\"https:\/\/www.comercialanma.es\/\",\"name\":\"Comercial de Hosteleria Anma\",\"description\":\"\",\"publisher\":{\"@id\":\"https:\/\/www.comercialanma.es\/#organization\"},\"potentialAction\":[{\"@type\":\"SearchAction\",\"target\":\"https:\/\/www.comercialanma.es\/?s={search_term_string}\",\"query-input\":\"required name=search_term_string\"}],\"inLanguage\":\"es\"},{\"@type\":\"ImageObject\",\"@id\":\"https:\/\/www.comercialanma.es\/?product=fusione-intenso-natural#primaryimage\",\"inLanguage\":\"es\",\"url\":\"https:\/\/i0.wp.com\/www.comercialanma.es\/wp-content\/uploads\/2021\/06\/fusione-natural-intenso.jpg?fit=1080%2C1080&ssl=1\",\"width\":1080,\"height\":1080},{\"@type\":\"WebPage\",\"@id\":\"https:\/\/www.comercialanma.es\/?product=fusione-intenso-natural#webpage\",\"url\":\"https:\/\/www.comercialanma.es\/?product=fusione-intenso-natural\",\"name\":\"Caf\\u00e9 Fusione Intenso Natural 1Kg. - Comercial de Hosteleria Anma\",\"isPartOf\":{\"@id\":\"https:\/\/www.comercialanma.es\/#website\"},\"primaryImageOfPage\":{\"@id\":\"https:\/\/www.comercialanma.es\/?product=fusione-intenso-natural#primaryimage\"},\"datePublished\":\"2021-06-23T09:45:53+00:00\",\"dateModified\":\"2021-06-23T15:43:11+00:00\",\"description\":\"Caf\\u00e9 Fusione Intenso natural | 1Kg. | Es un caf\\u00e9 premium cuya exquisita mezcla de caf\\u00e9s de la variedad ar\\u00e1bica.\",\"breadcrumb\":{\"@id\":\"https:\/\/www.comercialanma.es\/?product=fusione-intenso-natural#breadcrumb\"},\"inLanguage\":\"es\",\"potentialAction\":[{\"@type\":\"ReadAction\",\"target\":[\"https:\/\/www.comercialanma.es\/?product=fusione-intenso-natural\"]}]},{\"@type\":\"BreadcrumbList\",\"@id\":\"https:\/\/www.comercialanma.es\/?product=fusione-intenso-natural#breadcrumb\",\"itemListElement\":[{\"@type\":\"ListItem\",\"position\":1,\"item\":{\"@type\":\"WebPage\",\"@id\":\"https:\/\/www.comercialanma.es\/\",\"url\":\"https:\/\/www.comercialanma.es\/\",\"name\":\"Portada\"}},{\"@type\":\"ListItem\",\"position\":2,\"item\":{\"@type\":\"WebPage\",\"@id\":\"https:\/\/www.comercialanma.es\/?page_id=3963\",\"url\":\"https:\/\/www.comercialanma.es\/?page_id=3963\",\"name\":\"Cat\\u00e1logo de Productos\"}},{\"@type\":\"ListItem\",\"position\":3,\"item\":{\"@type\":\"WebPage\",\"@id\":\"https:\/\/www.comercialanma.es\/?product=fusione-intenso-natural\",\"url\":\"https:\/\/www.comercialanma.es\/?product=fusione-intenso-natural\",\"name\":\"Caf\\u00e9 Fusione Intenso Natural 1Kg.\"}}]}]}<\/script>\n<!-- \/ Yoast SEO plugin. -->","_links":{"self":[{"href":"https:\/\/www.comercialanma.es\/index.php?rest_route=\/wp\/v2\/product\/17004"}],"collection":[{"href":"https:\/\/www.comercialanma.es\/index.php?rest_route=\/wp\/v2\/product"}],"about":[{"href":"https:\/\/www.comercialanma.es\/index.php?rest_route=\/wp\/v2\/types\/product"}],"version-history":[{"count":1,"href":"https:\/\/www.comercialanma.es\/index.php?rest_route=\/wp\/v2\/product\/17004\/revisions"}],"predecessor-version":[{"id":17006,"href":"https:\/\/www.comercialanma.es\/index.php?rest_route=\/wp\/v2\/product\/17004\/revisions\/17006"}],"wp:featuredmedia":[{"embeddable":true,"href":"https:\/\/www.comercialanma.es\/index.php?rest_route=\/wp\/v2\/media\/17005"}],"wp:attachment":[{"href":"https:\/\/www.comercialanma.es\/index.php?rest_route=%2Fwp%2Fv2%2Fmedia&parent=17004"}],"curies":[{"name":"wp","href":"https:\/\/api.w.org\/{rel}","templated":true}]}}