
{"id":17025,"date":"2021-06-23T16:39:21","date_gmt":"2021-06-23T14:39:21","guid":{"rendered":"https:\/\/www.comercialanma.es\/?post_type=product&#038;p=17025"},"modified":"2021-06-23T17:39:55","modified_gmt":"2021-06-23T15:39:55","slug":"capsulas-descafeinado-fusione","status":"publish","type":"product","link":"https:\/\/www.comercialanma.es\/?product=capsulas-descafeinado-fusione","title":{"rendered":"Caf\u00e9 en c\u00e1psula Descafeinado 100u."},"content":{"rendered":"<ul class=\"a-unordered-list a-vertical a-spacing-mini\">\n<li>Marca: Caf\u00e9s Fusione<\/li>\n<li>Cantidad: 100u.<\/li>\n<li>Formato: C\u00e1psula<\/li>\n<\/ul>\n","protected":false},"excerpt":{"rendered":"<p>Caf\u00e9 en c\u00e1psula Descafeinado | 100U. |<\/p>\n<p>Es una mezcla de caf\u00e9s ar\u00e1bicas y robustas descafeinados de diferentes procedencias.<br \/>\nCaf\u00e9 ar\u00e1bica lavado de Centroam\u00e9rica, ar\u00e1bica natural de Sudam\u00e9rica y robusta premium de Asia.<\/p>\n<p>&nbsp;<\/p>\n","protected":false},"featured_media":17026,"template":"","meta":{"spay_email":""},"yoast_head":"<!-- This site is optimized with the Yoast SEO plugin v15.9 - https:\/\/yoast.com\/wordpress\/plugins\/seo\/ -->\n<title>Caf\u00e9 en c\u00e1psula Descafeinado 100u. - Comercial de Hosteleria Anma<\/title>\n<meta name=\"description\" content=\"Caf\u00e9 en c\u00e1psula descafeinado | 100U. | Es una mezcla de caf\u00e9s ar\u00e1bicas y robustas descafeinados de diferentes procedencias.\" \/>\n<meta name=\"robots\" content=\"index, follow, max-snippet:-1, max-image-preview:large, max-video-preview:-1\" \/>\n<link rel=\"canonical\" href=\"https:\/\/www.comercialanma.es\/?product=capsulas-descafeinado-fusione\" \/>\n<meta property=\"og:locale\" content=\"es_ES\" \/>\n<meta property=\"og:type\" content=\"article\" \/>\n<meta property=\"og:title\" content=\"Caf\u00e9 en c\u00e1psula Descafeinado 100u. - Comercial de Hosteleria Anma\" \/>\n<meta property=\"og:description\" content=\"Caf\u00e9 en c\u00e1psula descafeinado | 100U. | Es una mezcla de caf\u00e9s ar\u00e1bicas y robustas descafeinados de diferentes procedencias.\" \/>\n<meta property=\"og:url\" content=\"https:\/\/www.comercialanma.es\/?product=capsulas-descafeinado-fusione\" \/>\n<meta property=\"og:site_name\" content=\"Comercial de Hosteleria Anma\" \/>\n<meta property=\"article:publisher\" content=\"https:\/\/www.facebook.com\/AnmaHosteleria\" \/>\n<meta property=\"article:modified_time\" content=\"2021-06-23T15:39:55+00:00\" \/>\n<meta property=\"og:image\" content=\"https:\/\/i2.wp.com\/www.comercialanma.es\/wp-content\/uploads\/2021\/06\/cafe-capsula-fusione-descafeinado.jpg?fit=1080%2C1080&#038;ssl=1\" \/>\n\t<meta property=\"og:image:width\" content=\"1080\" \/>\n\t<meta property=\"og:image:height\" content=\"1080\" \/>\n<meta name=\"twitter:card\" content=\"summary_large_image\" \/>\n<meta name=\"twitter:label1\" content=\"Tiempo de lectura\">\n\t<meta name=\"twitter:data1\" content=\"1 minuto\">\n<script type=\"application\/ld+json\" class=\"yoast-schema-graph\">{\"@context\":\"https:\/\/schema.org\",\"@graph\":[{\"@type\":\"Organization\",\"@id\":\"https:\/\/www.comercialanma.es\/#organization\",\"name\":\"Comercial Anma\",\"url\":\"https:\/\/www.comercialanma.es\/\",\"sameAs\":[\"https:\/\/www.facebook.com\/AnmaHosteleria\",\"https:\/\/www.instagram.com\/anmahosteleria\/?hl=es\",\"https:\/\/www.youtube.com\/channel\/UCT2nmn08Ntks0hmpZPnDgCA\"],\"logo\":{\"@type\":\"ImageObject\",\"@id\":\"https:\/\/www.comercialanma.es\/#logo\",\"inLanguage\":\"es\",\"url\":\"https:\/\/i2.wp.com\/www.comercialanma.es\/wp-content\/uploads\/2019\/06\/logo-anma-color.png?fit=247%2C101&ssl=1\",\"width\":247,\"height\":101,\"caption\":\"Comercial Anma\"},\"image\":{\"@id\":\"https:\/\/www.comercialanma.es\/#logo\"}},{\"@type\":\"WebSite\",\"@id\":\"https:\/\/www.comercialanma.es\/#website\",\"url\":\"https:\/\/www.comercialanma.es\/\",\"name\":\"Comercial de Hosteleria Anma\",\"description\":\"\",\"publisher\":{\"@id\":\"https:\/\/www.comercialanma.es\/#organization\"},\"potentialAction\":[{\"@type\":\"SearchAction\",\"target\":\"https:\/\/www.comercialanma.es\/?s={search_term_string}\",\"query-input\":\"required name=search_term_string\"}],\"inLanguage\":\"es\"},{\"@type\":\"ImageObject\",\"@id\":\"https:\/\/www.comercialanma.es\/?product=capsulas-descafeinado-fusione#primaryimage\",\"inLanguage\":\"es\",\"url\":\"https:\/\/i2.wp.com\/www.comercialanma.es\/wp-content\/uploads\/2021\/06\/cafe-capsula-fusione-descafeinado.jpg?fit=1080%2C1080&ssl=1\",\"width\":1080,\"height\":1080},{\"@type\":\"WebPage\",\"@id\":\"https:\/\/www.comercialanma.es\/?product=capsulas-descafeinado-fusione#webpage\",\"url\":\"https:\/\/www.comercialanma.es\/?product=capsulas-descafeinado-fusione\",\"name\":\"Caf\\u00e9 en c\\u00e1psula Descafeinado 100u. - Comercial de Hosteleria Anma\",\"isPartOf\":{\"@id\":\"https:\/\/www.comercialanma.es\/#website\"},\"primaryImageOfPage\":{\"@id\":\"https:\/\/www.comercialanma.es\/?product=capsulas-descafeinado-fusione#primaryimage\"},\"datePublished\":\"2021-06-23T14:39:21+00:00\",\"dateModified\":\"2021-06-23T15:39:55+00:00\",\"description\":\"Caf\\u00e9 en c\\u00e1psula descafeinado | 100U. | Es una mezcla de caf\\u00e9s ar\\u00e1bicas y robustas descafeinados de diferentes procedencias.\",\"breadcrumb\":{\"@id\":\"https:\/\/www.comercialanma.es\/?product=capsulas-descafeinado-fusione#breadcrumb\"},\"inLanguage\":\"es\",\"potentialAction\":[{\"@type\":\"ReadAction\",\"target\":[\"https:\/\/www.comercialanma.es\/?product=capsulas-descafeinado-fusione\"]}]},{\"@type\":\"BreadcrumbList\",\"@id\":\"https:\/\/www.comercialanma.es\/?product=capsulas-descafeinado-fusione#breadcrumb\",\"itemListElement\":[{\"@type\":\"ListItem\",\"position\":1,\"item\":{\"@type\":\"WebPage\",\"@id\":\"https:\/\/www.comercialanma.es\/\",\"url\":\"https:\/\/www.comercialanma.es\/\",\"name\":\"Portada\"}},{\"@type\":\"ListItem\",\"position\":2,\"item\":{\"@type\":\"WebPage\",\"@id\":\"https:\/\/www.comercialanma.es\/?page_id=3963\",\"url\":\"https:\/\/www.comercialanma.es\/?page_id=3963\",\"name\":\"Cat\\u00e1logo de Productos\"}},{\"@type\":\"ListItem\",\"position\":3,\"item\":{\"@type\":\"WebPage\",\"@id\":\"https:\/\/www.comercialanma.es\/?product=capsulas-descafeinado-fusione\",\"url\":\"https:\/\/www.comercialanma.es\/?product=capsulas-descafeinado-fusione\",\"name\":\"Caf\\u00e9 en c\\u00e1psula Descafeinado 100u.\"}}]}]}<\/script>\n<!-- \/ Yoast SEO plugin. -->","_links":{"self":[{"href":"https:\/\/www.comercialanma.es\/index.php?rest_route=\/wp\/v2\/product\/17025"}],"collection":[{"href":"https:\/\/www.comercialanma.es\/index.php?rest_route=\/wp\/v2\/product"}],"about":[{"href":"https:\/\/www.comercialanma.es\/index.php?rest_route=\/wp\/v2\/types\/product"}],"version-history":[{"count":1,"href":"https:\/\/www.comercialanma.es\/index.php?rest_route=\/wp\/v2\/product\/17025\/revisions"}],"predecessor-version":[{"id":17027,"href":"https:\/\/www.comercialanma.es\/index.php?rest_route=\/wp\/v2\/product\/17025\/revisions\/17027"}],"wp:featuredmedia":[{"embeddable":true,"href":"https:\/\/www.comercialanma.es\/index.php?rest_route=\/wp\/v2\/media\/17026"}],"wp:attachment":[{"href":"https:\/\/www.comercialanma.es\/index.php?rest_route=%2Fwp%2Fv2%2Fmedia&parent=17025"}],"curies":[{"name":"wp","href":"https:\/\/api.w.org\/{rel}","templated":true}]}}