
{"id":17071,"date":"2021-06-25T12:29:38","date_gmt":"2021-06-25T10:29:38","guid":{"rendered":"https:\/\/www.comercialanma.es\/?post_type=product&#038;p=17071"},"modified":"2021-06-25T12:34:27","modified_gmt":"2021-06-25T10:34:27","slug":"te-verde-primavera","status":"publish","type":"product","link":"https:\/\/www.comercialanma.es\/?product=te-verde-primavera","title":{"rendered":"T\u00e9 verde primavera Fusione 25u."},"content":{"rendered":"<ul>\n<li>Formato: Bolsa de 25 Pir\u00e1mides. Disponible en otros formatos.<\/li>\n<li>Ingredientes: <span lang=\"ES-ES\" xml:lang=\"ES-ES\" data-contrast=\"auto\">T\u00e9 verde, p\u00e9talos de flores y aroma<\/span><span lang=\"ES-ES\" xml:lang=\"ES-ES\" data-contrast=\"auto\">\u00a0<\/span><span lang=\"ES-ES\" xml:lang=\"ES-ES\" data-contrast=\"auto\">Hibisco.<\/span><\/li>\n<li>Producto Fabricado en la UE.<\/li>\n<\/ul>\n","protected":false},"excerpt":{"rendered":"<div>\n<p>Las\u00a0Pir\u00e1mides\u00a0de T\u00e9 Verde Primavera Fusione Bolsa 25\u00a0est\u00e1n elaboradas con\u00a0un exclusivo t\u00e9 de intenso y ex\u00f3tico aroma a\u00a0c\u00edtricos y a fruta de la pasi\u00f3n. Se trata de una\u00a0infusi\u00f3n muy refrescante que ayuda de manera natural a eliminar l\u00edquidos.<\/p>\n<p><strong><br \/>\n<\/strong><\/div>\n","protected":false},"featured_media":17072,"template":"","meta":{"spay_email":""},"yoast_head":"<!-- This site is optimized with the Yoast SEO plugin v15.9 - https:\/\/yoast.com\/wordpress\/plugins\/seo\/ -->\n<title>T\u00e9 verde primavera Fusione 25u. - Comercial de Hosteleria Anma<\/title>\n<meta name=\"description\" content=\"T\u00e9 verde primavera Fusione |25u.| T\u00e9 refrescante con aromas a c\u00edtricos y fruta de la pasi\u00f3n. Bolsa de 25 pir\u00e1mides.\" \/>\n<meta name=\"robots\" content=\"index, follow, max-snippet:-1, max-image-preview:large, max-video-preview:-1\" \/>\n<link rel=\"canonical\" href=\"https:\/\/www.comercialanma.es\/?product=te-verde-primavera\" \/>\n<meta property=\"og:locale\" content=\"es_ES\" \/>\n<meta property=\"og:type\" content=\"article\" \/>\n<meta property=\"og:title\" content=\"T\u00e9 verde primavera Fusione 25u. - Comercial de Hosteleria Anma\" \/>\n<meta property=\"og:description\" content=\"T\u00e9 verde primavera Fusione |25u.| T\u00e9 refrescante con aromas a c\u00edtricos y fruta de la pasi\u00f3n. Bolsa de 25 pir\u00e1mides.\" \/>\n<meta property=\"og:url\" content=\"https:\/\/www.comercialanma.es\/?product=te-verde-primavera\" \/>\n<meta property=\"og:site_name\" content=\"Comercial de Hosteleria Anma\" \/>\n<meta property=\"article:publisher\" content=\"https:\/\/www.facebook.com\/AnmaHosteleria\" \/>\n<meta property=\"article:modified_time\" content=\"2021-06-25T10:34:27+00:00\" \/>\n<meta property=\"og:image\" content=\"https:\/\/i2.wp.com\/www.comercialanma.es\/wp-content\/uploads\/2021\/06\/te-verde-primavera.jpg?fit=1080%2C1080&#038;ssl=1\" \/>\n\t<meta property=\"og:image:width\" content=\"1080\" \/>\n\t<meta property=\"og:image:height\" content=\"1080\" \/>\n<meta name=\"twitter:card\" content=\"summary_large_image\" \/>\n<meta name=\"twitter:label1\" content=\"Tiempo de lectura\">\n\t<meta name=\"twitter:data1\" content=\"1 minuto\">\n<script type=\"application\/ld+json\" class=\"yoast-schema-graph\">{\"@context\":\"https:\/\/schema.org\",\"@graph\":[{\"@type\":\"Organization\",\"@id\":\"https:\/\/www.comercialanma.es\/#organization\",\"name\":\"Comercial Anma\",\"url\":\"https:\/\/www.comercialanma.es\/\",\"sameAs\":[\"https:\/\/www.facebook.com\/AnmaHosteleria\",\"https:\/\/www.instagram.com\/anmahosteleria\/?hl=es\",\"https:\/\/www.youtube.com\/channel\/UCT2nmn08Ntks0hmpZPnDgCA\"],\"logo\":{\"@type\":\"ImageObject\",\"@id\":\"https:\/\/www.comercialanma.es\/#logo\",\"inLanguage\":\"es\",\"url\":\"https:\/\/i2.wp.com\/www.comercialanma.es\/wp-content\/uploads\/2019\/06\/logo-anma-color.png?fit=247%2C101&ssl=1\",\"width\":247,\"height\":101,\"caption\":\"Comercial Anma\"},\"image\":{\"@id\":\"https:\/\/www.comercialanma.es\/#logo\"}},{\"@type\":\"WebSite\",\"@id\":\"https:\/\/www.comercialanma.es\/#website\",\"url\":\"https:\/\/www.comercialanma.es\/\",\"name\":\"Comercial de Hosteleria Anma\",\"description\":\"\",\"publisher\":{\"@id\":\"https:\/\/www.comercialanma.es\/#organization\"},\"potentialAction\":[{\"@type\":\"SearchAction\",\"target\":\"https:\/\/www.comercialanma.es\/?s={search_term_string}\",\"query-input\":\"required name=search_term_string\"}],\"inLanguage\":\"es\"},{\"@type\":\"ImageObject\",\"@id\":\"https:\/\/www.comercialanma.es\/?product=te-verde-primavera#primaryimage\",\"inLanguage\":\"es\",\"url\":\"https:\/\/i2.wp.com\/www.comercialanma.es\/wp-content\/uploads\/2021\/06\/te-verde-primavera.jpg?fit=1080%2C1080&ssl=1\",\"width\":1080,\"height\":1080},{\"@type\":\"WebPage\",\"@id\":\"https:\/\/www.comercialanma.es\/?product=te-verde-primavera#webpage\",\"url\":\"https:\/\/www.comercialanma.es\/?product=te-verde-primavera\",\"name\":\"T\\u00e9 verde primavera Fusione 25u. - Comercial de Hosteleria Anma\",\"isPartOf\":{\"@id\":\"https:\/\/www.comercialanma.es\/#website\"},\"primaryImageOfPage\":{\"@id\":\"https:\/\/www.comercialanma.es\/?product=te-verde-primavera#primaryimage\"},\"datePublished\":\"2021-06-25T10:29:38+00:00\",\"dateModified\":\"2021-06-25T10:34:27+00:00\",\"description\":\"T\\u00e9 verde primavera Fusione |25u.| T\\u00e9 refrescante con aromas a c\\u00edtricos y fruta de la pasi\\u00f3n. Bolsa de 25 pir\\u00e1mides.\",\"breadcrumb\":{\"@id\":\"https:\/\/www.comercialanma.es\/?product=te-verde-primavera#breadcrumb\"},\"inLanguage\":\"es\",\"potentialAction\":[{\"@type\":\"ReadAction\",\"target\":[\"https:\/\/www.comercialanma.es\/?product=te-verde-primavera\"]}]},{\"@type\":\"BreadcrumbList\",\"@id\":\"https:\/\/www.comercialanma.es\/?product=te-verde-primavera#breadcrumb\",\"itemListElement\":[{\"@type\":\"ListItem\",\"position\":1,\"item\":{\"@type\":\"WebPage\",\"@id\":\"https:\/\/www.comercialanma.es\/\",\"url\":\"https:\/\/www.comercialanma.es\/\",\"name\":\"Portada\"}},{\"@type\":\"ListItem\",\"position\":2,\"item\":{\"@type\":\"WebPage\",\"@id\":\"https:\/\/www.comercialanma.es\/?page_id=3963\",\"url\":\"https:\/\/www.comercialanma.es\/?page_id=3963\",\"name\":\"Cat\\u00e1logo de Productos\"}},{\"@type\":\"ListItem\",\"position\":3,\"item\":{\"@type\":\"WebPage\",\"@id\":\"https:\/\/www.comercialanma.es\/?product=te-verde-primavera\",\"url\":\"https:\/\/www.comercialanma.es\/?product=te-verde-primavera\",\"name\":\"T\\u00e9 verde primavera Fusione 25u.\"}}]}]}<\/script>\n<!-- \/ Yoast SEO plugin. -->","_links":{"self":[{"href":"https:\/\/www.comercialanma.es\/index.php?rest_route=\/wp\/v2\/product\/17071"}],"collection":[{"href":"https:\/\/www.comercialanma.es\/index.php?rest_route=\/wp\/v2\/product"}],"about":[{"href":"https:\/\/www.comercialanma.es\/index.php?rest_route=\/wp\/v2\/types\/product"}],"version-history":[{"count":1,"href":"https:\/\/www.comercialanma.es\/index.php?rest_route=\/wp\/v2\/product\/17071\/revisions"}],"predecessor-version":[{"id":17073,"href":"https:\/\/www.comercialanma.es\/index.php?rest_route=\/wp\/v2\/product\/17071\/revisions\/17073"}],"wp:featuredmedia":[{"embeddable":true,"href":"https:\/\/www.comercialanma.es\/index.php?rest_route=\/wp\/v2\/media\/17072"}],"wp:attachment":[{"href":"https:\/\/www.comercialanma.es\/index.php?rest_route=%2Fwp%2Fv2%2Fmedia&parent=17071"}],"curies":[{"name":"wp","href":"https:\/\/api.w.org\/{rel}","templated":true}]}}