
{"id":17315,"date":"2021-07-08T11:56:50","date_gmt":"2021-07-08T09:56:50","guid":{"rendered":"https:\/\/www.comercialanma.es\/?post_type=product&#038;p=17315"},"modified":"2021-07-08T11:59:21","modified_gmt":"2021-07-08T09:59:21","slug":"pate-la-piera-tapa-negra-800gr","status":"publish","type":"product","link":"https:\/\/www.comercialanma.es\/?product=pate-la-piera-tapa-negra-800gr","title":{"rendered":"Pat\u00e9 La Piara Tapa negra 800gr."},"content":{"rendered":"<p>Marca: La Piara<\/p>\n<p>Formato: Lata 800gr.<\/p>\n<p>Ingredientes:<\/p>\n<p>Carne, h\u00edgado y tocino de cerdo, agua, harina de trigo, fibra vegetal, sal, estabilizantes (Tripolifosfato s\u00f3dico, carragenanos), Potenciador del sabor (Glutamato monos\u00f3dico), az\u00facar, especias, aromas, conservador (Nitrito s\u00f3dico).<\/p>\n<p>&nbsp;<\/p>\n","protected":false},"excerpt":{"rendered":"<p>Pat\u00e9 La Piara Tapa Negra | 800gr.|<\/p>\n<p>Pat\u00e9 tapa negra 800 gr. Es un alimento fuente de prote\u00ednas que contribuyen al crecimiento y mantenimiento de los m\u00fasculos y de los huesos.<\/p>\n","protected":false},"featured_media":17316,"template":"","meta":{"spay_email":""},"yoast_head":"<!-- This site is optimized with the Yoast SEO plugin v15.9 - https:\/\/yoast.com\/wordpress\/plugins\/seo\/ -->\n<title>Pat\u00e9 La Piara Tapa negra 800gr. - Comercial de Hosteleria Anma<\/title>\n<meta name=\"description\" content=\"Pat\u00e9 La Piara Tapa Negra | 800gr. | Alimento fuente de prote\u00ednas, contribuyen al crecimiento y mantenimiento de los m\u00fasculos y huesos.\" \/>\n<meta name=\"robots\" content=\"index, follow, max-snippet:-1, max-image-preview:large, max-video-preview:-1\" \/>\n<link rel=\"canonical\" href=\"https:\/\/www.comercialanma.es\/?product=pate-la-piera-tapa-negra-800gr\" \/>\n<meta property=\"og:locale\" content=\"es_ES\" \/>\n<meta property=\"og:type\" content=\"article\" \/>\n<meta property=\"og:title\" content=\"Pat\u00e9 La Piara Tapa negra 800gr. - Comercial de Hosteleria Anma\" \/>\n<meta property=\"og:description\" content=\"Pat\u00e9 La Piara Tapa Negra | 800gr. | Alimento fuente de prote\u00ednas, contribuyen al crecimiento y mantenimiento de los m\u00fasculos y huesos.\" \/>\n<meta property=\"og:url\" content=\"https:\/\/www.comercialanma.es\/?product=pate-la-piera-tapa-negra-800gr\" \/>\n<meta property=\"og:site_name\" content=\"Comercial de Hosteleria Anma\" \/>\n<meta property=\"article:publisher\" content=\"https:\/\/www.facebook.com\/AnmaHosteleria\" \/>\n<meta property=\"article:modified_time\" content=\"2021-07-08T09:59:21+00:00\" \/>\n<meta property=\"og:image\" content=\"https:\/\/i1.wp.com\/www.comercialanma.es\/wp-content\/uploads\/2021\/07\/Pate-la-piara-800gr.jpg?fit=1080%2C1080&#038;ssl=1\" \/>\n\t<meta property=\"og:image:width\" content=\"1080\" \/>\n\t<meta property=\"og:image:height\" content=\"1080\" \/>\n<meta name=\"twitter:card\" content=\"summary_large_image\" \/>\n<meta name=\"twitter:label1\" content=\"Tiempo de lectura\">\n\t<meta name=\"twitter:data1\" content=\"1 minuto\">\n<script type=\"application\/ld+json\" class=\"yoast-schema-graph\">{\"@context\":\"https:\/\/schema.org\",\"@graph\":[{\"@type\":\"Organization\",\"@id\":\"https:\/\/www.comercialanma.es\/#organization\",\"name\":\"Comercial Anma\",\"url\":\"https:\/\/www.comercialanma.es\/\",\"sameAs\":[\"https:\/\/www.facebook.com\/AnmaHosteleria\",\"https:\/\/www.instagram.com\/anmahosteleria\/?hl=es\",\"https:\/\/www.youtube.com\/channel\/UCT2nmn08Ntks0hmpZPnDgCA\"],\"logo\":{\"@type\":\"ImageObject\",\"@id\":\"https:\/\/www.comercialanma.es\/#logo\",\"inLanguage\":\"es\",\"url\":\"https:\/\/i2.wp.com\/www.comercialanma.es\/wp-content\/uploads\/2019\/06\/logo-anma-color.png?fit=247%2C101&ssl=1\",\"width\":247,\"height\":101,\"caption\":\"Comercial Anma\"},\"image\":{\"@id\":\"https:\/\/www.comercialanma.es\/#logo\"}},{\"@type\":\"WebSite\",\"@id\":\"https:\/\/www.comercialanma.es\/#website\",\"url\":\"https:\/\/www.comercialanma.es\/\",\"name\":\"Comercial de Hosteleria Anma\",\"description\":\"\",\"publisher\":{\"@id\":\"https:\/\/www.comercialanma.es\/#organization\"},\"potentialAction\":[{\"@type\":\"SearchAction\",\"target\":\"https:\/\/www.comercialanma.es\/?s={search_term_string}\",\"query-input\":\"required name=search_term_string\"}],\"inLanguage\":\"es\"},{\"@type\":\"ImageObject\",\"@id\":\"https:\/\/www.comercialanma.es\/?product=pate-la-piera-tapa-negra-800gr#primaryimage\",\"inLanguage\":\"es\",\"url\":\"https:\/\/i1.wp.com\/www.comercialanma.es\/wp-content\/uploads\/2021\/07\/Pate-la-piara-800gr.jpg?fit=1080%2C1080&ssl=1\",\"width\":1080,\"height\":1080},{\"@type\":\"WebPage\",\"@id\":\"https:\/\/www.comercialanma.es\/?product=pate-la-piera-tapa-negra-800gr#webpage\",\"url\":\"https:\/\/www.comercialanma.es\/?product=pate-la-piera-tapa-negra-800gr\",\"name\":\"Pat\\u00e9 La Piara Tapa negra 800gr. - Comercial de Hosteleria Anma\",\"isPartOf\":{\"@id\":\"https:\/\/www.comercialanma.es\/#website\"},\"primaryImageOfPage\":{\"@id\":\"https:\/\/www.comercialanma.es\/?product=pate-la-piera-tapa-negra-800gr#primaryimage\"},\"datePublished\":\"2021-07-08T09:56:50+00:00\",\"dateModified\":\"2021-07-08T09:59:21+00:00\",\"description\":\"Pat\\u00e9 La Piara Tapa Negra | 800gr. | Alimento fuente de prote\\u00ednas, contribuyen al crecimiento y mantenimiento de los m\\u00fasculos y huesos.\",\"breadcrumb\":{\"@id\":\"https:\/\/www.comercialanma.es\/?product=pate-la-piera-tapa-negra-800gr#breadcrumb\"},\"inLanguage\":\"es\",\"potentialAction\":[{\"@type\":\"ReadAction\",\"target\":[\"https:\/\/www.comercialanma.es\/?product=pate-la-piera-tapa-negra-800gr\"]}]},{\"@type\":\"BreadcrumbList\",\"@id\":\"https:\/\/www.comercialanma.es\/?product=pate-la-piera-tapa-negra-800gr#breadcrumb\",\"itemListElement\":[{\"@type\":\"ListItem\",\"position\":1,\"item\":{\"@type\":\"WebPage\",\"@id\":\"https:\/\/www.comercialanma.es\/\",\"url\":\"https:\/\/www.comercialanma.es\/\",\"name\":\"Portada\"}},{\"@type\":\"ListItem\",\"position\":2,\"item\":{\"@type\":\"WebPage\",\"@id\":\"https:\/\/www.comercialanma.es\/?page_id=3963\",\"url\":\"https:\/\/www.comercialanma.es\/?page_id=3963\",\"name\":\"Cat\\u00e1logo de Productos\"}},{\"@type\":\"ListItem\",\"position\":3,\"item\":{\"@type\":\"WebPage\",\"@id\":\"https:\/\/www.comercialanma.es\/?product=pate-la-piera-tapa-negra-800gr\",\"url\":\"https:\/\/www.comercialanma.es\/?product=pate-la-piera-tapa-negra-800gr\",\"name\":\"Pat\\u00e9 La Piara Tapa negra 800gr.\"}}]}]}<\/script>\n<!-- \/ Yoast SEO plugin. -->","_links":{"self":[{"href":"https:\/\/www.comercialanma.es\/index.php?rest_route=\/wp\/v2\/product\/17315"}],"collection":[{"href":"https:\/\/www.comercialanma.es\/index.php?rest_route=\/wp\/v2\/product"}],"about":[{"href":"https:\/\/www.comercialanma.es\/index.php?rest_route=\/wp\/v2\/types\/product"}],"version-history":[{"count":1,"href":"https:\/\/www.comercialanma.es\/index.php?rest_route=\/wp\/v2\/product\/17315\/revisions"}],"predecessor-version":[{"id":17317,"href":"https:\/\/www.comercialanma.es\/index.php?rest_route=\/wp\/v2\/product\/17315\/revisions\/17317"}],"wp:featuredmedia":[{"embeddable":true,"href":"https:\/\/www.comercialanma.es\/index.php?rest_route=\/wp\/v2\/media\/17316"}],"wp:attachment":[{"href":"https:\/\/www.comercialanma.es\/index.php?rest_route=%2Fwp%2Fv2%2Fmedia&parent=17315"}],"curies":[{"name":"wp","href":"https:\/\/api.w.org\/{rel}","templated":true}]}}