
{"id":18049,"date":"2021-07-30T08:36:48","date_gmt":"2021-07-30T06:36:48","guid":{"rendered":"https:\/\/www.comercialanma.es\/?post_type=product&#038;p=18049"},"modified":"2021-07-30T08:42:28","modified_gmt":"2021-07-30T06:42:28","slug":"lays-al-punto-de-sal","status":"publish","type":"product","link":"https:\/\/www.comercialanma.es\/?product=lays-al-punto-de-sal","title":{"rendered":"Patatas fritas Lay&#8217;s al punto de sal 145gr."},"content":{"rendered":"<div class=\"productTabContent grupo\">\n<div class=\"productDescriptionText\">\n<div class=\"foodIngredients\">\n<h3>Ingredientes:<\/h3>\n<p>Patatas, aceites vegetales (ma\u00edz y girasol en proporciones variables), sal (1,2%).<\/p>\n<\/div>\n<\/div>\n<\/div>\n","protected":false},"excerpt":{"rendered":"<p>Patatas fritas sabor pollo asado | Lay&#8217;s | 125gr.|<\/p>\n<p>Estas patatas fritas te permitir\u00e1n disfrutar de distintos momentos que t\u00fa desees con un snack salado que tendr\u00e1 ese sabor original de unas patatas fritas hechas con aceite de ma\u00edz y el toque justo de sal perfecto para que puedas disfrutarlo<\/p>\n","protected":false},"featured_media":18050,"template":"","meta":{"spay_email":""},"yoast_head":"<!-- This site is optimized with the Yoast SEO plugin v15.9 - https:\/\/yoast.com\/wordpress\/plugins\/seo\/ -->\n<title>Patatas fritas Lay&#039;s al punto de sal 145gr. - Comercial de Hosteleria Anma<\/title>\n<meta name=\"description\" content=\"Patatas fritas Lay&#039;s al punto de sal | 145gr. | Te permitir\u00e1n disfrutar de distintos momentos que t\u00fa desees con un snack salado .\" \/>\n<meta name=\"robots\" content=\"index, follow, max-snippet:-1, max-image-preview:large, max-video-preview:-1\" \/>\n<link rel=\"canonical\" href=\"https:\/\/www.comercialanma.es\/?product=lays-al-punto-de-sal\" \/>\n<meta property=\"og:locale\" content=\"es_ES\" \/>\n<meta property=\"og:type\" content=\"article\" \/>\n<meta property=\"og:title\" content=\"Patatas fritas Lay&#039;s al punto de sal 145gr. - Comercial de Hosteleria Anma\" \/>\n<meta property=\"og:description\" content=\"Patatas fritas Lay&#039;s al punto de sal | 145gr. | Te permitir\u00e1n disfrutar de distintos momentos que t\u00fa desees con un snack salado .\" \/>\n<meta property=\"og:url\" content=\"https:\/\/www.comercialanma.es\/?product=lays-al-punto-de-sal\" \/>\n<meta property=\"og:site_name\" content=\"Comercial de Hosteleria Anma\" \/>\n<meta property=\"article:publisher\" content=\"https:\/\/www.facebook.com\/AnmaHosteleria\" \/>\n<meta property=\"article:modified_time\" content=\"2021-07-30T06:42:28+00:00\" \/>\n<meta property=\"og:image\" content=\"https:\/\/i1.wp.com\/www.comercialanma.es\/wp-content\/uploads\/2021\/07\/LAYS-AL-PUNTO-DE-SAL-125.jpg?fit=1080%2C1080&#038;ssl=1\" \/>\n\t<meta property=\"og:image:width\" content=\"1080\" \/>\n\t<meta property=\"og:image:height\" content=\"1080\" \/>\n<meta name=\"twitter:card\" content=\"summary_large_image\" \/>\n<meta name=\"twitter:label1\" content=\"Tiempo de lectura\">\n\t<meta name=\"twitter:data1\" content=\"1 minuto\">\n<script type=\"application\/ld+json\" class=\"yoast-schema-graph\">{\"@context\":\"https:\/\/schema.org\",\"@graph\":[{\"@type\":\"Organization\",\"@id\":\"https:\/\/www.comercialanma.es\/#organization\",\"name\":\"Comercial Anma\",\"url\":\"https:\/\/www.comercialanma.es\/\",\"sameAs\":[\"https:\/\/www.facebook.com\/AnmaHosteleria\",\"https:\/\/www.instagram.com\/anmahosteleria\/?hl=es\",\"https:\/\/www.youtube.com\/channel\/UCT2nmn08Ntks0hmpZPnDgCA\"],\"logo\":{\"@type\":\"ImageObject\",\"@id\":\"https:\/\/www.comercialanma.es\/#logo\",\"inLanguage\":\"es\",\"url\":\"https:\/\/i2.wp.com\/www.comercialanma.es\/wp-content\/uploads\/2019\/06\/logo-anma-color.png?fit=247%2C101&ssl=1\",\"width\":247,\"height\":101,\"caption\":\"Comercial Anma\"},\"image\":{\"@id\":\"https:\/\/www.comercialanma.es\/#logo\"}},{\"@type\":\"WebSite\",\"@id\":\"https:\/\/www.comercialanma.es\/#website\",\"url\":\"https:\/\/www.comercialanma.es\/\",\"name\":\"Comercial de Hosteleria Anma\",\"description\":\"\",\"publisher\":{\"@id\":\"https:\/\/www.comercialanma.es\/#organization\"},\"potentialAction\":[{\"@type\":\"SearchAction\",\"target\":\"https:\/\/www.comercialanma.es\/?s={search_term_string}\",\"query-input\":\"required name=search_term_string\"}],\"inLanguage\":\"es\"},{\"@type\":\"ImageObject\",\"@id\":\"https:\/\/www.comercialanma.es\/?product=lays-al-punto-de-sal#primaryimage\",\"inLanguage\":\"es\",\"url\":\"https:\/\/i1.wp.com\/www.comercialanma.es\/wp-content\/uploads\/2021\/07\/LAYS-AL-PUNTO-DE-SAL-125.jpg?fit=1080%2C1080&ssl=1\",\"width\":1080,\"height\":1080},{\"@type\":\"WebPage\",\"@id\":\"https:\/\/www.comercialanma.es\/?product=lays-al-punto-de-sal#webpage\",\"url\":\"https:\/\/www.comercialanma.es\/?product=lays-al-punto-de-sal\",\"name\":\"Patatas fritas Lay's al punto de sal 145gr. - Comercial de Hosteleria Anma\",\"isPartOf\":{\"@id\":\"https:\/\/www.comercialanma.es\/#website\"},\"primaryImageOfPage\":{\"@id\":\"https:\/\/www.comercialanma.es\/?product=lays-al-punto-de-sal#primaryimage\"},\"datePublished\":\"2021-07-30T06:36:48+00:00\",\"dateModified\":\"2021-07-30T06:42:28+00:00\",\"description\":\"Patatas fritas Lay's al punto de sal | 145gr. | Te permitir\\u00e1n disfrutar de distintos momentos que t\\u00fa desees con un snack salado .\",\"breadcrumb\":{\"@id\":\"https:\/\/www.comercialanma.es\/?product=lays-al-punto-de-sal#breadcrumb\"},\"inLanguage\":\"es\",\"potentialAction\":[{\"@type\":\"ReadAction\",\"target\":[\"https:\/\/www.comercialanma.es\/?product=lays-al-punto-de-sal\"]}]},{\"@type\":\"BreadcrumbList\",\"@id\":\"https:\/\/www.comercialanma.es\/?product=lays-al-punto-de-sal#breadcrumb\",\"itemListElement\":[{\"@type\":\"ListItem\",\"position\":1,\"item\":{\"@type\":\"WebPage\",\"@id\":\"https:\/\/www.comercialanma.es\/\",\"url\":\"https:\/\/www.comercialanma.es\/\",\"name\":\"Portada\"}},{\"@type\":\"ListItem\",\"position\":2,\"item\":{\"@type\":\"WebPage\",\"@id\":\"https:\/\/www.comercialanma.es\/?page_id=3963\",\"url\":\"https:\/\/www.comercialanma.es\/?page_id=3963\",\"name\":\"Cat\\u00e1logo de Productos\"}},{\"@type\":\"ListItem\",\"position\":3,\"item\":{\"@type\":\"WebPage\",\"@id\":\"https:\/\/www.comercialanma.es\/?product=lays-al-punto-de-sal\",\"url\":\"https:\/\/www.comercialanma.es\/?product=lays-al-punto-de-sal\",\"name\":\"Patatas fritas Lay&#8217;s al punto de sal 145gr.\"}}]}]}<\/script>\n<!-- \/ Yoast SEO plugin. -->","_links":{"self":[{"href":"https:\/\/www.comercialanma.es\/index.php?rest_route=\/wp\/v2\/product\/18049"}],"collection":[{"href":"https:\/\/www.comercialanma.es\/index.php?rest_route=\/wp\/v2\/product"}],"about":[{"href":"https:\/\/www.comercialanma.es\/index.php?rest_route=\/wp\/v2\/types\/product"}],"version-history":[{"count":1,"href":"https:\/\/www.comercialanma.es\/index.php?rest_route=\/wp\/v2\/product\/18049\/revisions"}],"predecessor-version":[{"id":18051,"href":"https:\/\/www.comercialanma.es\/index.php?rest_route=\/wp\/v2\/product\/18049\/revisions\/18051"}],"wp:featuredmedia":[{"embeddable":true,"href":"https:\/\/www.comercialanma.es\/index.php?rest_route=\/wp\/v2\/media\/18050"}],"wp:attachment":[{"href":"https:\/\/www.comercialanma.es\/index.php?rest_route=%2Fwp%2Fv2%2Fmedia&parent=18049"}],"curies":[{"name":"wp","href":"https:\/\/api.w.org\/{rel}","templated":true}]}}