
{"id":18621,"date":"2021-09-02T15:16:40","date_gmt":"2021-09-02T13:16:40","guid":{"rendered":"https:\/\/www.comercialanma.es\/?post_type=product&#038;p=18621"},"modified":"2021-09-02T15:33:55","modified_gmt":"2021-09-02T13:33:55","slug":"paellera-asas-silicona-lacor-32","status":"publish","type":"product","link":"https:\/\/www.comercialanma.es\/?product=paellera-asas-silicona-lacor-32","title":{"rendered":"Paellera Eco-piedra black 32cm."},"content":{"rendered":"<ul class=\"a-unordered-list a-vertical a-spacing-mini\">\n<li><span class=\"a-list-item\"> Fabricada en aluminio fundido de gran calidad y espesor, y reforzada con part\u00edculas a base de piedra <\/span><\/li>\n<li><span class=\"a-list-item\"> M\u00e1xima resistencia al rayado, duraci\u00f3n y desgaste <\/span><\/li>\n<li><span class=\"a-list-item\"> Fondo difusor full induction <\/span><\/li>\n<li><span class=\"a-list-item\"> Antiadherente tricapa de m\u00e1xima calidad, libre de materiales t\u00f3xicos y pesados; ecol\u00f3gico y libre de pfoa <\/span><\/li>\n<li><span class=\"a-list-item\"> N\u00ba raciones: 5 <\/span><\/li>\n<li><span class=\"a-list-item\"> Incluye asas de silicona de m\u00e1xima calidad, termo aislantes, altamente resistentes y ergon\u00f3micas para un agarre seguro de la paellera <\/span><\/li>\n<li><span class=\"a-list-item\"> Compatibilidad: todo tipo de cocinas (incluidas las de inducci\u00f3n) y horno <\/span><\/li>\n<li><span class=\"a-list-item\"> No apta para el lavavajillas <\/span><\/li>\n<\/ul>\n","protected":false},"excerpt":{"rendered":"<p>Paellera con Asas de Silicona | Lacor | 32cm. |<\/p>\n<p>Recubrimiento Antiadherente| Apta para Inducci\u00f3n | Ecol\u00f3gica | Sin PFOA | Aluminio Fundido.<\/p>\n","protected":false},"featured_media":18622,"template":"","meta":{"spay_email":""},"yoast_head":"<!-- This site is optimized with the Yoast SEO plugin v15.9 - https:\/\/yoast.com\/wordpress\/plugins\/seo\/ -->\n<title>Paellera Eco-piedra black 32cm. - Comercial de Hosteleria Anma<\/title>\n<meta name=\"description\" content=\"Paellera con Asas de Silicona | Lacor | 32cm. | Recubrimiento Antiadherente| Apta para Inducci\u00f3n | Ecol\u00f3gica | Sin PFOA | Aluminio Fundido.\" \/>\n<meta name=\"robots\" content=\"index, follow, max-snippet:-1, max-image-preview:large, max-video-preview:-1\" \/>\n<link rel=\"canonical\" href=\"https:\/\/www.comercialanma.es\/?product=paellera-asas-silicona-lacor-32\" \/>\n<meta property=\"og:locale\" content=\"es_ES\" \/>\n<meta property=\"og:type\" content=\"article\" \/>\n<meta property=\"og:title\" content=\"Paellera Eco-piedra black 32cm. - Comercial de Hosteleria Anma\" \/>\n<meta property=\"og:description\" content=\"Paellera con Asas de Silicona | Lacor | 32cm. | Recubrimiento Antiadherente| Apta para Inducci\u00f3n | Ecol\u00f3gica | Sin PFOA | Aluminio Fundido.\" \/>\n<meta property=\"og:url\" content=\"https:\/\/www.comercialanma.es\/?product=paellera-asas-silicona-lacor-32\" \/>\n<meta property=\"og:site_name\" content=\"Comercial de Hosteleria Anma\" \/>\n<meta property=\"article:publisher\" content=\"https:\/\/www.facebook.com\/AnmaHosteleria\" \/>\n<meta property=\"article:modified_time\" content=\"2021-09-02T13:33:55+00:00\" \/>\n<meta property=\"og:image\" content=\"https:\/\/i0.wp.com\/www.comercialanma.es\/wp-content\/uploads\/2021\/09\/paellera-asas-silicona.jpg?fit=1080%2C1080&#038;ssl=1\" \/>\n\t<meta property=\"og:image:width\" content=\"1080\" \/>\n\t<meta property=\"og:image:height\" content=\"1080\" \/>\n<meta name=\"twitter:card\" content=\"summary_large_image\" \/>\n<meta name=\"twitter:label1\" content=\"Tiempo de lectura\">\n\t<meta name=\"twitter:data1\" content=\"1 minuto\">\n<script type=\"application\/ld+json\" class=\"yoast-schema-graph\">{\"@context\":\"https:\/\/schema.org\",\"@graph\":[{\"@type\":\"Organization\",\"@id\":\"https:\/\/www.comercialanma.es\/#organization\",\"name\":\"Comercial Anma\",\"url\":\"https:\/\/www.comercialanma.es\/\",\"sameAs\":[\"https:\/\/www.facebook.com\/AnmaHosteleria\",\"https:\/\/www.instagram.com\/anmahosteleria\/?hl=es\",\"https:\/\/www.youtube.com\/channel\/UCT2nmn08Ntks0hmpZPnDgCA\"],\"logo\":{\"@type\":\"ImageObject\",\"@id\":\"https:\/\/www.comercialanma.es\/#logo\",\"inLanguage\":\"es\",\"url\":\"https:\/\/i2.wp.com\/www.comercialanma.es\/wp-content\/uploads\/2019\/06\/logo-anma-color.png?fit=247%2C101&ssl=1\",\"width\":247,\"height\":101,\"caption\":\"Comercial Anma\"},\"image\":{\"@id\":\"https:\/\/www.comercialanma.es\/#logo\"}},{\"@type\":\"WebSite\",\"@id\":\"https:\/\/www.comercialanma.es\/#website\",\"url\":\"https:\/\/www.comercialanma.es\/\",\"name\":\"Comercial de Hosteleria Anma\",\"description\":\"\",\"publisher\":{\"@id\":\"https:\/\/www.comercialanma.es\/#organization\"},\"potentialAction\":[{\"@type\":\"SearchAction\",\"target\":\"https:\/\/www.comercialanma.es\/?s={search_term_string}\",\"query-input\":\"required name=search_term_string\"}],\"inLanguage\":\"es\"},{\"@type\":\"ImageObject\",\"@id\":\"https:\/\/www.comercialanma.es\/?product=paellera-asas-silicona-lacor-32#primaryimage\",\"inLanguage\":\"es\",\"url\":\"https:\/\/i0.wp.com\/www.comercialanma.es\/wp-content\/uploads\/2021\/09\/paellera-asas-silicona.jpg?fit=1080%2C1080&ssl=1\",\"width\":1080,\"height\":1080},{\"@type\":\"WebPage\",\"@id\":\"https:\/\/www.comercialanma.es\/?product=paellera-asas-silicona-lacor-32#webpage\",\"url\":\"https:\/\/www.comercialanma.es\/?product=paellera-asas-silicona-lacor-32\",\"name\":\"Paellera Eco-piedra black 32cm. - Comercial de Hosteleria Anma\",\"isPartOf\":{\"@id\":\"https:\/\/www.comercialanma.es\/#website\"},\"primaryImageOfPage\":{\"@id\":\"https:\/\/www.comercialanma.es\/?product=paellera-asas-silicona-lacor-32#primaryimage\"},\"datePublished\":\"2021-09-02T13:16:40+00:00\",\"dateModified\":\"2021-09-02T13:33:55+00:00\",\"description\":\"Paellera con Asas de Silicona | Lacor | 32cm. | Recubrimiento Antiadherente| Apta para Inducci\\u00f3n | Ecol\\u00f3gica | Sin PFOA | Aluminio Fundido.\",\"breadcrumb\":{\"@id\":\"https:\/\/www.comercialanma.es\/?product=paellera-asas-silicona-lacor-32#breadcrumb\"},\"inLanguage\":\"es\",\"potentialAction\":[{\"@type\":\"ReadAction\",\"target\":[\"https:\/\/www.comercialanma.es\/?product=paellera-asas-silicona-lacor-32\"]}]},{\"@type\":\"BreadcrumbList\",\"@id\":\"https:\/\/www.comercialanma.es\/?product=paellera-asas-silicona-lacor-32#breadcrumb\",\"itemListElement\":[{\"@type\":\"ListItem\",\"position\":1,\"item\":{\"@type\":\"WebPage\",\"@id\":\"https:\/\/www.comercialanma.es\/\",\"url\":\"https:\/\/www.comercialanma.es\/\",\"name\":\"Portada\"}},{\"@type\":\"ListItem\",\"position\":2,\"item\":{\"@type\":\"WebPage\",\"@id\":\"https:\/\/www.comercialanma.es\/?page_id=3963\",\"url\":\"https:\/\/www.comercialanma.es\/?page_id=3963\",\"name\":\"Cat\\u00e1logo de Productos\"}},{\"@type\":\"ListItem\",\"position\":3,\"item\":{\"@type\":\"WebPage\",\"@id\":\"https:\/\/www.comercialanma.es\/?product=paellera-asas-silicona-lacor-32\",\"url\":\"https:\/\/www.comercialanma.es\/?product=paellera-asas-silicona-lacor-32\",\"name\":\"Paellera Eco-piedra black 32cm.\"}}]}]}<\/script>\n<!-- \/ Yoast SEO plugin. -->","_links":{"self":[{"href":"https:\/\/www.comercialanma.es\/index.php?rest_route=\/wp\/v2\/product\/18621"}],"collection":[{"href":"https:\/\/www.comercialanma.es\/index.php?rest_route=\/wp\/v2\/product"}],"about":[{"href":"https:\/\/www.comercialanma.es\/index.php?rest_route=\/wp\/v2\/types\/product"}],"version-history":[{"count":1,"href":"https:\/\/www.comercialanma.es\/index.php?rest_route=\/wp\/v2\/product\/18621\/revisions"}],"predecessor-version":[{"id":18623,"href":"https:\/\/www.comercialanma.es\/index.php?rest_route=\/wp\/v2\/product\/18621\/revisions\/18623"}],"wp:featuredmedia":[{"embeddable":true,"href":"https:\/\/www.comercialanma.es\/index.php?rest_route=\/wp\/v2\/media\/18622"}],"wp:attachment":[{"href":"https:\/\/www.comercialanma.es\/index.php?rest_route=%2Fwp%2Fv2%2Fmedia&parent=18621"}],"curies":[{"name":"wp","href":"https:\/\/api.w.org\/{rel}","templated":true}]}}