
{"id":18782,"date":"2021-09-07T12:34:23","date_gmt":"2021-09-07T10:34:23","guid":{"rendered":"https:\/\/www.comercialanma.es\/?post_type=product&#038;p=18782"},"modified":"2021-09-09T11:34:11","modified_gmt":"2021-09-09T09:34:11","slug":"flanero-rizado-lacor-22","status":"publish","type":"product","link":"https:\/\/www.comercialanma.es\/?product=flanero-rizado-lacor-22","title":{"rendered":"Flaneros rizado aluminio antiadherente 22cm."},"content":{"rendered":"<p>Marca Lacor<\/p>\n<p>Medida\u00a0 22cm.<\/p>\n<p>Aluminio antiadherente.<\/p>\n<p>Apto para horno y congelador.<\/p>\n","protected":false},"excerpt":{"rendered":"<p>Flaneros rizado aluminio antiadherente | Lacor | 22cm.<\/p>\n<p>Molde de aluminio para flan con antiadherente para horno ligero y c\u00f3modo de usar. Est\u00e1 dise\u00f1ado para elaborar postres con dise\u00f1o rizado. Resistente a altas temperaturas y con recubrimiento antiadherente por toda la superficie. Recomendado para su uso en pasteler\u00edas. Apto para horno y congelador.<\/p>\n","protected":false},"featured_media":18783,"template":"","meta":{"spay_email":""},"yoast_head":"<!-- This site is optimized with the Yoast SEO plugin v15.9 - https:\/\/yoast.com\/wordpress\/plugins\/seo\/ -->\n<title>Flaneros rizado aluminio antiadherente 22cm. - Comercial de Hosteleria Anma<\/title>\n<meta name=\"description\" content=\"Flaneros rizado aluminio antiadherente | Lacor | 22cm. | Est\u00e1 dise\u00f1ado para elaborar postres con dise\u00f1o rizado.\" \/>\n<meta name=\"robots\" content=\"index, follow, max-snippet:-1, max-image-preview:large, max-video-preview:-1\" \/>\n<link rel=\"canonical\" href=\"https:\/\/www.comercialanma.es\/?product=flanero-rizado-lacor-22\" \/>\n<meta property=\"og:locale\" content=\"es_ES\" \/>\n<meta property=\"og:type\" content=\"article\" \/>\n<meta property=\"og:title\" content=\"Flaneros rizado aluminio antiadherente 22cm. - Comercial de Hosteleria Anma\" \/>\n<meta property=\"og:description\" content=\"Flaneros rizado aluminio antiadherente | Lacor | 22cm. | Est\u00e1 dise\u00f1ado para elaborar postres con dise\u00f1o rizado.\" \/>\n<meta property=\"og:url\" content=\"https:\/\/www.comercialanma.es\/?product=flanero-rizado-lacor-22\" \/>\n<meta property=\"og:site_name\" content=\"Comercial de Hosteleria Anma\" \/>\n<meta property=\"article:publisher\" content=\"https:\/\/www.facebook.com\/AnmaHosteleria\" \/>\n<meta property=\"article:modified_time\" content=\"2021-09-09T09:34:11+00:00\" \/>\n<meta property=\"og:image\" content=\"https:\/\/i2.wp.com\/www.comercialanma.es\/wp-content\/uploads\/2021\/09\/flanera-aluminio-lacor-1.jpg?fit=1080%2C1080&#038;ssl=1\" \/>\n\t<meta property=\"og:image:width\" content=\"1080\" \/>\n\t<meta property=\"og:image:height\" content=\"1080\" \/>\n<meta name=\"twitter:card\" content=\"summary_large_image\" \/>\n<meta name=\"twitter:label1\" content=\"Tiempo de lectura\">\n\t<meta name=\"twitter:data1\" content=\"1 minuto\">\n<script type=\"application\/ld+json\" class=\"yoast-schema-graph\">{\"@context\":\"https:\/\/schema.org\",\"@graph\":[{\"@type\":\"Organization\",\"@id\":\"https:\/\/www.comercialanma.es\/#organization\",\"name\":\"Comercial Anma\",\"url\":\"https:\/\/www.comercialanma.es\/\",\"sameAs\":[\"https:\/\/www.facebook.com\/AnmaHosteleria\",\"https:\/\/www.instagram.com\/anmahosteleria\/?hl=es\",\"https:\/\/www.youtube.com\/channel\/UCT2nmn08Ntks0hmpZPnDgCA\"],\"logo\":{\"@type\":\"ImageObject\",\"@id\":\"https:\/\/www.comercialanma.es\/#logo\",\"inLanguage\":\"es\",\"url\":\"https:\/\/i2.wp.com\/www.comercialanma.es\/wp-content\/uploads\/2019\/06\/logo-anma-color.png?fit=247%2C101&ssl=1\",\"width\":247,\"height\":101,\"caption\":\"Comercial Anma\"},\"image\":{\"@id\":\"https:\/\/www.comercialanma.es\/#logo\"}},{\"@type\":\"WebSite\",\"@id\":\"https:\/\/www.comercialanma.es\/#website\",\"url\":\"https:\/\/www.comercialanma.es\/\",\"name\":\"Comercial de Hosteleria Anma\",\"description\":\"\",\"publisher\":{\"@id\":\"https:\/\/www.comercialanma.es\/#organization\"},\"potentialAction\":[{\"@type\":\"SearchAction\",\"target\":\"https:\/\/www.comercialanma.es\/?s={search_term_string}\",\"query-input\":\"required name=search_term_string\"}],\"inLanguage\":\"es\"},{\"@type\":\"ImageObject\",\"@id\":\"https:\/\/www.comercialanma.es\/?product=flanero-rizado-lacor-22#primaryimage\",\"inLanguage\":\"es\",\"url\":\"https:\/\/i2.wp.com\/www.comercialanma.es\/wp-content\/uploads\/2021\/09\/flanera-aluminio-lacor-1.jpg?fit=1080%2C1080&ssl=1\",\"width\":1080,\"height\":1080},{\"@type\":\"WebPage\",\"@id\":\"https:\/\/www.comercialanma.es\/?product=flanero-rizado-lacor-22#webpage\",\"url\":\"https:\/\/www.comercialanma.es\/?product=flanero-rizado-lacor-22\",\"name\":\"Flaneros rizado aluminio antiadherente 22cm. - Comercial de Hosteleria Anma\",\"isPartOf\":{\"@id\":\"https:\/\/www.comercialanma.es\/#website\"},\"primaryImageOfPage\":{\"@id\":\"https:\/\/www.comercialanma.es\/?product=flanero-rizado-lacor-22#primaryimage\"},\"datePublished\":\"2021-09-07T10:34:23+00:00\",\"dateModified\":\"2021-09-09T09:34:11+00:00\",\"description\":\"Flaneros rizado aluminio antiadherente | Lacor | 22cm. | Est\\u00e1 dise\\u00f1ado para elaborar postres con dise\\u00f1o rizado.\",\"breadcrumb\":{\"@id\":\"https:\/\/www.comercialanma.es\/?product=flanero-rizado-lacor-22#breadcrumb\"},\"inLanguage\":\"es\",\"potentialAction\":[{\"@type\":\"ReadAction\",\"target\":[\"https:\/\/www.comercialanma.es\/?product=flanero-rizado-lacor-22\"]}]},{\"@type\":\"BreadcrumbList\",\"@id\":\"https:\/\/www.comercialanma.es\/?product=flanero-rizado-lacor-22#breadcrumb\",\"itemListElement\":[{\"@type\":\"ListItem\",\"position\":1,\"item\":{\"@type\":\"WebPage\",\"@id\":\"https:\/\/www.comercialanma.es\/\",\"url\":\"https:\/\/www.comercialanma.es\/\",\"name\":\"Portada\"}},{\"@type\":\"ListItem\",\"position\":2,\"item\":{\"@type\":\"WebPage\",\"@id\":\"https:\/\/www.comercialanma.es\/?page_id=3963\",\"url\":\"https:\/\/www.comercialanma.es\/?page_id=3963\",\"name\":\"Cat\\u00e1logo de Productos\"}},{\"@type\":\"ListItem\",\"position\":3,\"item\":{\"@type\":\"WebPage\",\"@id\":\"https:\/\/www.comercialanma.es\/?product=flanero-rizado-lacor-22\",\"url\":\"https:\/\/www.comercialanma.es\/?product=flanero-rizado-lacor-22\",\"name\":\"Flaneros rizado aluminio antiadherente 22cm.\"}}]}]}<\/script>\n<!-- \/ Yoast SEO plugin. -->","_links":{"self":[{"href":"https:\/\/www.comercialanma.es\/index.php?rest_route=\/wp\/v2\/product\/18782"}],"collection":[{"href":"https:\/\/www.comercialanma.es\/index.php?rest_route=\/wp\/v2\/product"}],"about":[{"href":"https:\/\/www.comercialanma.es\/index.php?rest_route=\/wp\/v2\/types\/product"}],"version-history":[{"count":2,"href":"https:\/\/www.comercialanma.es\/index.php?rest_route=\/wp\/v2\/product\/18782\/revisions"}],"predecessor-version":[{"id":18786,"href":"https:\/\/www.comercialanma.es\/index.php?rest_route=\/wp\/v2\/product\/18782\/revisions\/18786"}],"wp:featuredmedia":[{"embeddable":true,"href":"https:\/\/www.comercialanma.es\/index.php?rest_route=\/wp\/v2\/media\/18783"}],"wp:attachment":[{"href":"https:\/\/www.comercialanma.es\/index.php?rest_route=%2Fwp%2Fv2%2Fmedia&parent=18782"}],"curies":[{"name":"wp","href":"https:\/\/api.w.org\/{rel}","templated":true}]}}