
{"id":19068,"date":"2021-09-23T11:11:07","date_gmt":"2021-09-23T09:11:07","guid":{"rendered":"https:\/\/www.comercialanma.es\/?post_type=product&#038;p=19068"},"modified":"2021-09-23T11:34:41","modified_gmt":"2021-09-23T09:34:41","slug":"avellana-tostada-crit-or-1kg","status":"publish","type":"product","link":"https:\/\/www.comercialanma.es\/?product=avellana-tostada-crit-or-1kg","title":{"rendered":"Avellana tostada Crit d\u00b4Or 1kg."},"content":{"rendered":"<ul>\n<li>Fabricante: Crit d\u00b4or<\/li>\n<li>Formato: Bolsa 1kg.<\/li>\n<li>Avellana tostada<\/li>\n<\/ul>\n","protected":false},"excerpt":{"rendered":"<p>Avellana tostada | Crit d\u00b4Or | 1kg.|<\/p>\n<p class=\"uk-text-bold uk-h3 titol-descripcio\">Avellana tostada de forma artesanal para potenciar su sabor. Producto muy t\u00edpico de Catalu\u00f1a. Ideal como snack o bien como postre acompa\u00f1ado de otros frutos secos y un vaso de vino dulce.<\/p>\n","protected":false},"featured_media":19069,"template":"","meta":{"spay_email":""},"yoast_head":"<!-- This site is optimized with the Yoast SEO plugin v15.9 - https:\/\/yoast.com\/wordpress\/plugins\/seo\/ -->\n<title>Avellana tostada Crit d\u00b4Or 1kg. - Comercial de Hosteleria Anma<\/title>\n<meta name=\"description\" content=\"Avellana tostada | Crit d\u00b4Or | 1kg.| Ideal como snack o bien como postre acompa\u00f1ado de otros frutos secos y un vaso de vino dulce.\" \/>\n<meta name=\"robots\" content=\"index, follow, max-snippet:-1, max-image-preview:large, max-video-preview:-1\" \/>\n<link rel=\"canonical\" href=\"https:\/\/www.comercialanma.es\/?product=avellana-tostada-crit-or-1kg\" \/>\n<meta property=\"og:locale\" content=\"es_ES\" \/>\n<meta property=\"og:type\" content=\"article\" \/>\n<meta property=\"og:title\" content=\"Avellana tostada Crit d\u00b4Or 1kg. - Comercial de Hosteleria Anma\" \/>\n<meta property=\"og:description\" content=\"Avellana tostada | Crit d\u00b4Or | 1kg.| Ideal como snack o bien como postre acompa\u00f1ado de otros frutos secos y un vaso de vino dulce.\" \/>\n<meta property=\"og:url\" content=\"https:\/\/www.comercialanma.es\/?product=avellana-tostada-crit-or-1kg\" \/>\n<meta property=\"og:site_name\" content=\"Comercial de Hosteleria Anma\" \/>\n<meta property=\"article:publisher\" content=\"https:\/\/www.facebook.com\/AnmaHosteleria\" \/>\n<meta property=\"article:modified_time\" content=\"2021-09-23T09:34:41+00:00\" \/>\n<meta property=\"og:image\" content=\"https:\/\/i2.wp.com\/www.comercialanma.es\/wp-content\/uploads\/2021\/09\/avellana-tostada-1kg-crit-or.jpg?fit=1080%2C1080&#038;ssl=1\" \/>\n\t<meta property=\"og:image:width\" content=\"1080\" \/>\n\t<meta property=\"og:image:height\" content=\"1080\" \/>\n<meta name=\"twitter:card\" content=\"summary_large_image\" \/>\n<meta name=\"twitter:label1\" content=\"Tiempo de lectura\">\n\t<meta name=\"twitter:data1\" content=\"1 minuto\">\n<script type=\"application\/ld+json\" class=\"yoast-schema-graph\">{\"@context\":\"https:\/\/schema.org\",\"@graph\":[{\"@type\":\"Organization\",\"@id\":\"https:\/\/www.comercialanma.es\/#organization\",\"name\":\"Comercial Anma\",\"url\":\"https:\/\/www.comercialanma.es\/\",\"sameAs\":[\"https:\/\/www.facebook.com\/AnmaHosteleria\",\"https:\/\/www.instagram.com\/anmahosteleria\/?hl=es\",\"https:\/\/www.youtube.com\/channel\/UCT2nmn08Ntks0hmpZPnDgCA\"],\"logo\":{\"@type\":\"ImageObject\",\"@id\":\"https:\/\/www.comercialanma.es\/#logo\",\"inLanguage\":\"es\",\"url\":\"https:\/\/i2.wp.com\/www.comercialanma.es\/wp-content\/uploads\/2019\/06\/logo-anma-color.png?fit=247%2C101&ssl=1\",\"width\":247,\"height\":101,\"caption\":\"Comercial Anma\"},\"image\":{\"@id\":\"https:\/\/www.comercialanma.es\/#logo\"}},{\"@type\":\"WebSite\",\"@id\":\"https:\/\/www.comercialanma.es\/#website\",\"url\":\"https:\/\/www.comercialanma.es\/\",\"name\":\"Comercial de Hosteleria Anma\",\"description\":\"\",\"publisher\":{\"@id\":\"https:\/\/www.comercialanma.es\/#organization\"},\"potentialAction\":[{\"@type\":\"SearchAction\",\"target\":\"https:\/\/www.comercialanma.es\/?s={search_term_string}\",\"query-input\":\"required name=search_term_string\"}],\"inLanguage\":\"es\"},{\"@type\":\"ImageObject\",\"@id\":\"https:\/\/www.comercialanma.es\/?product=avellana-tostada-crit-or-1kg#primaryimage\",\"inLanguage\":\"es\",\"url\":\"https:\/\/i2.wp.com\/www.comercialanma.es\/wp-content\/uploads\/2021\/09\/avellana-tostada-1kg-crit-or.jpg?fit=1080%2C1080&ssl=1\",\"width\":1080,\"height\":1080},{\"@type\":\"WebPage\",\"@id\":\"https:\/\/www.comercialanma.es\/?product=avellana-tostada-crit-or-1kg#webpage\",\"url\":\"https:\/\/www.comercialanma.es\/?product=avellana-tostada-crit-or-1kg\",\"name\":\"Avellana tostada Crit d\\u00b4Or 1kg. - Comercial de Hosteleria Anma\",\"isPartOf\":{\"@id\":\"https:\/\/www.comercialanma.es\/#website\"},\"primaryImageOfPage\":{\"@id\":\"https:\/\/www.comercialanma.es\/?product=avellana-tostada-crit-or-1kg#primaryimage\"},\"datePublished\":\"2021-09-23T09:11:07+00:00\",\"dateModified\":\"2021-09-23T09:34:41+00:00\",\"description\":\"Avellana tostada | Crit d\\u00b4Or | 1kg.| Ideal como snack o bien como postre acompa\\u00f1ado de otros frutos secos y un vaso de vino dulce.\",\"breadcrumb\":{\"@id\":\"https:\/\/www.comercialanma.es\/?product=avellana-tostada-crit-or-1kg#breadcrumb\"},\"inLanguage\":\"es\",\"potentialAction\":[{\"@type\":\"ReadAction\",\"target\":[\"https:\/\/www.comercialanma.es\/?product=avellana-tostada-crit-or-1kg\"]}]},{\"@type\":\"BreadcrumbList\",\"@id\":\"https:\/\/www.comercialanma.es\/?product=avellana-tostada-crit-or-1kg#breadcrumb\",\"itemListElement\":[{\"@type\":\"ListItem\",\"position\":1,\"item\":{\"@type\":\"WebPage\",\"@id\":\"https:\/\/www.comercialanma.es\/\",\"url\":\"https:\/\/www.comercialanma.es\/\",\"name\":\"Portada\"}},{\"@type\":\"ListItem\",\"position\":2,\"item\":{\"@type\":\"WebPage\",\"@id\":\"https:\/\/www.comercialanma.es\/?page_id=3963\",\"url\":\"https:\/\/www.comercialanma.es\/?page_id=3963\",\"name\":\"Cat\\u00e1logo de Productos\"}},{\"@type\":\"ListItem\",\"position\":3,\"item\":{\"@type\":\"WebPage\",\"@id\":\"https:\/\/www.comercialanma.es\/?product=avellana-tostada-crit-or-1kg\",\"url\":\"https:\/\/www.comercialanma.es\/?product=avellana-tostada-crit-or-1kg\",\"name\":\"Avellana tostada Crit d\\u00b4Or 1kg.\"}}]}]}<\/script>\n<!-- \/ Yoast SEO plugin. -->","_links":{"self":[{"href":"https:\/\/www.comercialanma.es\/index.php?rest_route=\/wp\/v2\/product\/19068"}],"collection":[{"href":"https:\/\/www.comercialanma.es\/index.php?rest_route=\/wp\/v2\/product"}],"about":[{"href":"https:\/\/www.comercialanma.es\/index.php?rest_route=\/wp\/v2\/types\/product"}],"version-history":[{"count":1,"href":"https:\/\/www.comercialanma.es\/index.php?rest_route=\/wp\/v2\/product\/19068\/revisions"}],"predecessor-version":[{"id":19070,"href":"https:\/\/www.comercialanma.es\/index.php?rest_route=\/wp\/v2\/product\/19068\/revisions\/19070"}],"wp:featuredmedia":[{"embeddable":true,"href":"https:\/\/www.comercialanma.es\/index.php?rest_route=\/wp\/v2\/media\/19069"}],"wp:attachment":[{"href":"https:\/\/www.comercialanma.es\/index.php?rest_route=%2Fwp%2Fv2%2Fmedia&parent=19068"}],"curies":[{"name":"wp","href":"https:\/\/api.w.org\/{rel}","templated":true}]}}