
{"id":19134,"date":"2021-09-27T12:28:15","date_gmt":"2021-09-27T10:28:15","guid":{"rendered":"https:\/\/www.comercialanma.es\/?post_type=product&#038;p=19134"},"modified":"2021-09-27T12:36:42","modified_gmt":"2021-09-27T10:36:42","slug":"queso-semi-curado-albeniz","status":"publish","type":"product","link":"https:\/\/www.comercialanma.es\/?product=queso-semi-curado-albeniz","title":{"rendered":"Queso semi curado Alb\u00e9niz 3Kg."},"content":{"rendered":"<p>Marca: Alb\u00e9niz<\/p>\n<p>Queso mezcla (vaca (min. 80%) y oveja (min. 5%)) semicurado.<\/p>\n<p>Formato: 3Kg.<\/p>\n<p>Composici\u00f3n: Leche pasteurizada de vaca (min. 80%), leche pasteurizada de oveja (min. 5%), sal, cuajo, fermentos l\u00e1cticos. Conservador: E252. Corteza no comestible. Valor energ\u00e9tico: 1553,5 kj &#8211; 374,5 kcal Grasas: 30,5 gr de las cuales saturadas: 21 gr Hidratos de carbono: 1 gr de los cuales az\u00facares: &lt;0,5 gr Prote\u00ednas: 24 gr Sal: 1,8 gr Calcio: 750 mg (94% *VRN)<\/p>\n","protected":false},"excerpt":{"rendered":"<p>Queso semi curado | Alb\u00e9niz | 3Kg. |<\/p>\n<p>Compra el queso semicurado Alb\u00e9niz al mejor precio en nuestra tienda online y te lo enviamos en un periodo de tiempo entre 24 y 48 horas. Este queso adem\u00e1s de ser muy rico y tener un sabor \u00fanico, se trata de un producto que no contiene organismos gen\u00e9ticamente modificados.<\/p>\n<p>&nbsp;<\/p>\n","protected":false},"featured_media":19135,"template":"","meta":{"spay_email":""},"yoast_head":"<!-- This site is optimized with the Yoast SEO plugin v15.9 - https:\/\/yoast.com\/wordpress\/plugins\/seo\/ -->\n<title>Queso semi curado Alb\u00e9niz 3Kg. - Comercial de Hosteleria Anma<\/title>\n<meta name=\"description\" content=\"Queso semi curado | Alb\u00e9niz | 3Kg. |\" \/>\n<meta name=\"robots\" content=\"index, follow, max-snippet:-1, max-image-preview:large, max-video-preview:-1\" \/>\n<link rel=\"canonical\" href=\"https:\/\/www.comercialanma.es\/?product=queso-semi-curado-albeniz\" \/>\n<meta property=\"og:locale\" content=\"es_ES\" \/>\n<meta property=\"og:type\" content=\"article\" \/>\n<meta property=\"og:title\" content=\"Queso semi curado Alb\u00e9niz 3Kg. - Comercial de Hosteleria Anma\" \/>\n<meta property=\"og:description\" content=\"Queso semi curado | Alb\u00e9niz | 3Kg. |\" \/>\n<meta property=\"og:url\" content=\"https:\/\/www.comercialanma.es\/?product=queso-semi-curado-albeniz\" \/>\n<meta property=\"og:site_name\" content=\"Comercial de Hosteleria Anma\" \/>\n<meta property=\"article:publisher\" content=\"https:\/\/www.facebook.com\/AnmaHosteleria\" \/>\n<meta property=\"article:modified_time\" content=\"2021-09-27T10:36:42+00:00\" \/>\n<meta property=\"og:image\" content=\"https:\/\/i2.wp.com\/www.comercialanma.es\/wp-content\/uploads\/2021\/09\/queso-semi-albeniz.jpg?fit=1080%2C1080&#038;ssl=1\" \/>\n\t<meta property=\"og:image:width\" content=\"1080\" \/>\n\t<meta property=\"og:image:height\" content=\"1080\" \/>\n<meta name=\"twitter:card\" content=\"summary_large_image\" \/>\n<meta name=\"twitter:label1\" content=\"Tiempo de lectura\">\n\t<meta name=\"twitter:data1\" content=\"1 minuto\">\n<script type=\"application\/ld+json\" class=\"yoast-schema-graph\">{\"@context\":\"https:\/\/schema.org\",\"@graph\":[{\"@type\":\"Organization\",\"@id\":\"https:\/\/www.comercialanma.es\/#organization\",\"name\":\"Comercial Anma\",\"url\":\"https:\/\/www.comercialanma.es\/\",\"sameAs\":[\"https:\/\/www.facebook.com\/AnmaHosteleria\",\"https:\/\/www.instagram.com\/anmahosteleria\/?hl=es\",\"https:\/\/www.youtube.com\/channel\/UCT2nmn08Ntks0hmpZPnDgCA\"],\"logo\":{\"@type\":\"ImageObject\",\"@id\":\"https:\/\/www.comercialanma.es\/#logo\",\"inLanguage\":\"es\",\"url\":\"https:\/\/i2.wp.com\/www.comercialanma.es\/wp-content\/uploads\/2019\/06\/logo-anma-color.png?fit=247%2C101&ssl=1\",\"width\":247,\"height\":101,\"caption\":\"Comercial Anma\"},\"image\":{\"@id\":\"https:\/\/www.comercialanma.es\/#logo\"}},{\"@type\":\"WebSite\",\"@id\":\"https:\/\/www.comercialanma.es\/#website\",\"url\":\"https:\/\/www.comercialanma.es\/\",\"name\":\"Comercial de Hosteleria Anma\",\"description\":\"\",\"publisher\":{\"@id\":\"https:\/\/www.comercialanma.es\/#organization\"},\"potentialAction\":[{\"@type\":\"SearchAction\",\"target\":\"https:\/\/www.comercialanma.es\/?s={search_term_string}\",\"query-input\":\"required name=search_term_string\"}],\"inLanguage\":\"es\"},{\"@type\":\"ImageObject\",\"@id\":\"https:\/\/www.comercialanma.es\/?product=queso-semi-curado-albeniz#primaryimage\",\"inLanguage\":\"es\",\"url\":\"https:\/\/i2.wp.com\/www.comercialanma.es\/wp-content\/uploads\/2021\/09\/queso-semi-albeniz.jpg?fit=1080%2C1080&ssl=1\",\"width\":1080,\"height\":1080},{\"@type\":\"WebPage\",\"@id\":\"https:\/\/www.comercialanma.es\/?product=queso-semi-curado-albeniz#webpage\",\"url\":\"https:\/\/www.comercialanma.es\/?product=queso-semi-curado-albeniz\",\"name\":\"Queso semi curado Alb\\u00e9niz 3Kg. - Comercial de Hosteleria Anma\",\"isPartOf\":{\"@id\":\"https:\/\/www.comercialanma.es\/#website\"},\"primaryImageOfPage\":{\"@id\":\"https:\/\/www.comercialanma.es\/?product=queso-semi-curado-albeniz#primaryimage\"},\"datePublished\":\"2021-09-27T10:28:15+00:00\",\"dateModified\":\"2021-09-27T10:36:42+00:00\",\"description\":\"Queso semi curado | Alb\\u00e9niz | 3Kg. |\",\"breadcrumb\":{\"@id\":\"https:\/\/www.comercialanma.es\/?product=queso-semi-curado-albeniz#breadcrumb\"},\"inLanguage\":\"es\",\"potentialAction\":[{\"@type\":\"ReadAction\",\"target\":[\"https:\/\/www.comercialanma.es\/?product=queso-semi-curado-albeniz\"]}]},{\"@type\":\"BreadcrumbList\",\"@id\":\"https:\/\/www.comercialanma.es\/?product=queso-semi-curado-albeniz#breadcrumb\",\"itemListElement\":[{\"@type\":\"ListItem\",\"position\":1,\"item\":{\"@type\":\"WebPage\",\"@id\":\"https:\/\/www.comercialanma.es\/\",\"url\":\"https:\/\/www.comercialanma.es\/\",\"name\":\"Portada\"}},{\"@type\":\"ListItem\",\"position\":2,\"item\":{\"@type\":\"WebPage\",\"@id\":\"https:\/\/www.comercialanma.es\/?page_id=3963\",\"url\":\"https:\/\/www.comercialanma.es\/?page_id=3963\",\"name\":\"Cat\\u00e1logo de Productos\"}},{\"@type\":\"ListItem\",\"position\":3,\"item\":{\"@type\":\"WebPage\",\"@id\":\"https:\/\/www.comercialanma.es\/?product=queso-semi-curado-albeniz\",\"url\":\"https:\/\/www.comercialanma.es\/?product=queso-semi-curado-albeniz\",\"name\":\"Queso semi curado Alb\\u00e9niz 3Kg.\"}}]}]}<\/script>\n<!-- \/ Yoast SEO plugin. -->","_links":{"self":[{"href":"https:\/\/www.comercialanma.es\/index.php?rest_route=\/wp\/v2\/product\/19134"}],"collection":[{"href":"https:\/\/www.comercialanma.es\/index.php?rest_route=\/wp\/v2\/product"}],"about":[{"href":"https:\/\/www.comercialanma.es\/index.php?rest_route=\/wp\/v2\/types\/product"}],"version-history":[{"count":1,"href":"https:\/\/www.comercialanma.es\/index.php?rest_route=\/wp\/v2\/product\/19134\/revisions"}],"predecessor-version":[{"id":19136,"href":"https:\/\/www.comercialanma.es\/index.php?rest_route=\/wp\/v2\/product\/19134\/revisions\/19136"}],"wp:featuredmedia":[{"embeddable":true,"href":"https:\/\/www.comercialanma.es\/index.php?rest_route=\/wp\/v2\/media\/19135"}],"wp:attachment":[{"href":"https:\/\/www.comercialanma.es\/index.php?rest_route=%2Fwp%2Fv2%2Fmedia&parent=19134"}],"curies":[{"name":"wp","href":"https:\/\/api.w.org\/{rel}","templated":true}]}}