
{"id":19156,"date":"2021-09-28T17:14:59","date_gmt":"2021-09-28T15:14:59","guid":{"rendered":"https:\/\/www.comercialanma.es\/?post_type=product&#038;p=19156"},"modified":"2021-09-28T17:26:42","modified_gmt":"2021-09-28T15:26:42","slug":"tribuca","status":"publish","type":"product","link":"https:\/\/www.comercialanma.es\/?product=tribuca","title":{"rendered":"Set 2 platos + 2 tazas Tribeca"},"content":{"rendered":"<p>Material: Vidrio.<\/p>\n<p>Capacidad de cada taza: 400ml\/ 13.2oz.<\/p>\n<p>Medidas de cada taza: 9cm\/ 3.5plg de ancho y 11.3cm\/ 4.5plg de alto.<\/p>\n<p>Medidas del plato: 1.6cm\/ 0.6plg de alto, 18.4cm\/ 7.2plg de ancho y 13cm\/ 5.1plg de profundidad.<\/p>\n","protected":false},"excerpt":{"rendered":"<p>Set 2 platos + 2 tazas Tribeca<\/p>\n<p>Elegante y moderno set de 2 amplias tazas con sus 2 platos peque\u00f1os ideal para acompa\u00f1ar el caf\u00e9 con galletas o bocadillos.<\/p>\n","protected":false},"featured_media":19157,"template":"","meta":{"spay_email":""},"yoast_head":"<!-- This site is optimized with the Yoast SEO plugin v15.9 - https:\/\/yoast.com\/wordpress\/plugins\/seo\/ -->\n<title>Set 2 platos + 2 tazas Tribeca - Comercial de Hosteleria Anma<\/title>\n<meta name=\"description\" content=\"Set 2 platos + 2 tazas | Elegante set de 2 amplias tazas con sus 2 platos peque\u00f1os ideal para acompa\u00f1ar el caf\u00e9 con galletas o bocadillos.\" \/>\n<meta name=\"robots\" content=\"index, follow, max-snippet:-1, max-image-preview:large, max-video-preview:-1\" \/>\n<link rel=\"canonical\" href=\"https:\/\/www.comercialanma.es\/?product=tribuca\" \/>\n<meta property=\"og:locale\" content=\"es_ES\" \/>\n<meta property=\"og:type\" content=\"article\" \/>\n<meta property=\"og:title\" content=\"Set 2 platos + 2 tazas Tribeca - Comercial de Hosteleria Anma\" \/>\n<meta property=\"og:description\" content=\"Set 2 platos + 2 tazas | Elegante set de 2 amplias tazas con sus 2 platos peque\u00f1os ideal para acompa\u00f1ar el caf\u00e9 con galletas o bocadillos.\" \/>\n<meta property=\"og:url\" content=\"https:\/\/www.comercialanma.es\/?product=tribuca\" \/>\n<meta property=\"og:site_name\" content=\"Comercial de Hosteleria Anma\" \/>\n<meta property=\"article:publisher\" content=\"https:\/\/www.facebook.com\/AnmaHosteleria\" \/>\n<meta property=\"article:modified_time\" content=\"2021-09-28T15:26:42+00:00\" \/>\n<meta property=\"og:image\" content=\"https:\/\/i0.wp.com\/www.comercialanma.es\/wp-content\/uploads\/2021\/09\/TRIBECA-2-PLATO-2-TAZAS.jpg?fit=1080%2C1080&#038;ssl=1\" \/>\n\t<meta property=\"og:image:width\" content=\"1080\" \/>\n\t<meta property=\"og:image:height\" content=\"1080\" \/>\n<meta name=\"twitter:card\" content=\"summary_large_image\" \/>\n<meta name=\"twitter:label1\" content=\"Tiempo de lectura\">\n\t<meta name=\"twitter:data1\" content=\"1 minuto\">\n<script type=\"application\/ld+json\" class=\"yoast-schema-graph\">{\"@context\":\"https:\/\/schema.org\",\"@graph\":[{\"@type\":\"Organization\",\"@id\":\"https:\/\/www.comercialanma.es\/#organization\",\"name\":\"Comercial Anma\",\"url\":\"https:\/\/www.comercialanma.es\/\",\"sameAs\":[\"https:\/\/www.facebook.com\/AnmaHosteleria\",\"https:\/\/www.instagram.com\/anmahosteleria\/?hl=es\",\"https:\/\/www.youtube.com\/channel\/UCT2nmn08Ntks0hmpZPnDgCA\"],\"logo\":{\"@type\":\"ImageObject\",\"@id\":\"https:\/\/www.comercialanma.es\/#logo\",\"inLanguage\":\"es\",\"url\":\"https:\/\/i2.wp.com\/www.comercialanma.es\/wp-content\/uploads\/2019\/06\/logo-anma-color.png?fit=247%2C101&ssl=1\",\"width\":247,\"height\":101,\"caption\":\"Comercial Anma\"},\"image\":{\"@id\":\"https:\/\/www.comercialanma.es\/#logo\"}},{\"@type\":\"WebSite\",\"@id\":\"https:\/\/www.comercialanma.es\/#website\",\"url\":\"https:\/\/www.comercialanma.es\/\",\"name\":\"Comercial de Hosteleria Anma\",\"description\":\"\",\"publisher\":{\"@id\":\"https:\/\/www.comercialanma.es\/#organization\"},\"potentialAction\":[{\"@type\":\"SearchAction\",\"target\":\"https:\/\/www.comercialanma.es\/?s={search_term_string}\",\"query-input\":\"required name=search_term_string\"}],\"inLanguage\":\"es\"},{\"@type\":\"ImageObject\",\"@id\":\"https:\/\/www.comercialanma.es\/?product=tribuca#primaryimage\",\"inLanguage\":\"es\",\"url\":\"https:\/\/i0.wp.com\/www.comercialanma.es\/wp-content\/uploads\/2021\/09\/TRIBECA-2-PLATO-2-TAZAS.jpg?fit=1080%2C1080&ssl=1\",\"width\":1080,\"height\":1080},{\"@type\":\"WebPage\",\"@id\":\"https:\/\/www.comercialanma.es\/?product=tribuca#webpage\",\"url\":\"https:\/\/www.comercialanma.es\/?product=tribuca\",\"name\":\"Set 2 platos + 2 tazas Tribeca - Comercial de Hosteleria Anma\",\"isPartOf\":{\"@id\":\"https:\/\/www.comercialanma.es\/#website\"},\"primaryImageOfPage\":{\"@id\":\"https:\/\/www.comercialanma.es\/?product=tribuca#primaryimage\"},\"datePublished\":\"2021-09-28T15:14:59+00:00\",\"dateModified\":\"2021-09-28T15:26:42+00:00\",\"description\":\"Set 2 platos + 2 tazas | Elegante set de 2 amplias tazas con sus 2 platos peque\\u00f1os ideal para acompa\\u00f1ar el caf\\u00e9 con galletas o bocadillos.\",\"breadcrumb\":{\"@id\":\"https:\/\/www.comercialanma.es\/?product=tribuca#breadcrumb\"},\"inLanguage\":\"es\",\"potentialAction\":[{\"@type\":\"ReadAction\",\"target\":[\"https:\/\/www.comercialanma.es\/?product=tribuca\"]}]},{\"@type\":\"BreadcrumbList\",\"@id\":\"https:\/\/www.comercialanma.es\/?product=tribuca#breadcrumb\",\"itemListElement\":[{\"@type\":\"ListItem\",\"position\":1,\"item\":{\"@type\":\"WebPage\",\"@id\":\"https:\/\/www.comercialanma.es\/\",\"url\":\"https:\/\/www.comercialanma.es\/\",\"name\":\"Portada\"}},{\"@type\":\"ListItem\",\"position\":2,\"item\":{\"@type\":\"WebPage\",\"@id\":\"https:\/\/www.comercialanma.es\/?page_id=3963\",\"url\":\"https:\/\/www.comercialanma.es\/?page_id=3963\",\"name\":\"Cat\\u00e1logo de Productos\"}},{\"@type\":\"ListItem\",\"position\":3,\"item\":{\"@type\":\"WebPage\",\"@id\":\"https:\/\/www.comercialanma.es\/?product=tribuca\",\"url\":\"https:\/\/www.comercialanma.es\/?product=tribuca\",\"name\":\"Set 2 platos + 2 tazas Tribeca\"}}]}]}<\/script>\n<!-- \/ Yoast SEO plugin. -->","_links":{"self":[{"href":"https:\/\/www.comercialanma.es\/index.php?rest_route=\/wp\/v2\/product\/19156"}],"collection":[{"href":"https:\/\/www.comercialanma.es\/index.php?rest_route=\/wp\/v2\/product"}],"about":[{"href":"https:\/\/www.comercialanma.es\/index.php?rest_route=\/wp\/v2\/types\/product"}],"version-history":[{"count":1,"href":"https:\/\/www.comercialanma.es\/index.php?rest_route=\/wp\/v2\/product\/19156\/revisions"}],"predecessor-version":[{"id":19158,"href":"https:\/\/www.comercialanma.es\/index.php?rest_route=\/wp\/v2\/product\/19156\/revisions\/19158"}],"wp:featuredmedia":[{"embeddable":true,"href":"https:\/\/www.comercialanma.es\/index.php?rest_route=\/wp\/v2\/media\/19157"}],"wp:attachment":[{"href":"https:\/\/www.comercialanma.es\/index.php?rest_route=%2Fwp%2Fv2%2Fmedia&parent=19156"}],"curies":[{"name":"wp","href":"https:\/\/api.w.org\/{rel}","templated":true}]}}