
{"id":19642,"date":"2021-10-19T10:10:16","date_gmt":"2021-10-19T08:10:16","guid":{"rendered":"https:\/\/www.comercialanma.es\/?post_type=product&#038;p=19642"},"modified":"2021-10-19T10:20:35","modified_gmt":"2021-10-19T08:20:35","slug":"mono-dulce-150-aniversario","status":"publish","type":"product","link":"https:\/\/www.comercialanma.es\/?product=mono-dulce-150-aniversario","title":{"rendered":"An\u00eds del mono dulce Edici\u00f3n limitada 150 Aniversario 70cl."},"content":{"rendered":"<h3>NOTAS DE CATA<\/h3>\n<ul>\n<li>A la vista: An\u00eds del Mono es incoloro, transparente y brillante.<\/li>\n<li>A la nariz: Aroma suave y lleno.<\/li>\n<li>A la boca: Dulce y persistente.<\/li>\n<\/ul>\n<h3>Graduaci\u00f3n<\/h3>\n<ul>\n<li>35\u00ba vol.<\/li>\n<\/ul>\n","protected":false},"excerpt":{"rendered":"<p>An\u00eds del mono dulce Edici\u00f3n limitada | 150 Aniversario | 70cl.|<\/p>\n<p>ANIS DEL MONO se viste de gala para celebrar el 150 Aniversario de la marca. A lo largo de estas d\u00e9cadas hemos mantenido la esencia intacta, y a la vez a adapt\u00e1ndonos a los nuevos tiempos. Ahora la podemos disfrutar en una edici\u00f3n limitada decorada para la ocasi\u00f3n.<\/p>\n","protected":false},"featured_media":19643,"template":"","meta":{"spay_email":""},"yoast_head":"<!-- This site is optimized with the Yoast SEO plugin v15.9 - https:\/\/yoast.com\/wordpress\/plugins\/seo\/ -->\n<title>An\u00eds del mono dulce Edici\u00f3n limitada 150 Aniversario 70cl. - Comercial de Hosteleria Anma<\/title>\n<meta name=\"description\" content=\"An\u00eds del mono dulce Edici\u00f3n limitada | 150 Aniversario | 70cl.| Esencia intacta, y a la vez a adapt\u00e1ndonos a los nuevos tiempos.\" \/>\n<meta name=\"robots\" content=\"index, follow, max-snippet:-1, max-image-preview:large, max-video-preview:-1\" \/>\n<link rel=\"canonical\" href=\"https:\/\/www.comercialanma.es\/?product=mono-dulce-150-aniversario\" \/>\n<meta property=\"og:locale\" content=\"es_ES\" \/>\n<meta property=\"og:type\" content=\"article\" \/>\n<meta property=\"og:title\" content=\"An\u00eds del mono dulce Edici\u00f3n limitada 150 Aniversario 70cl. - Comercial de Hosteleria Anma\" \/>\n<meta property=\"og:description\" content=\"An\u00eds del mono dulce Edici\u00f3n limitada | 150 Aniversario | 70cl.| Esencia intacta, y a la vez a adapt\u00e1ndonos a los nuevos tiempos.\" \/>\n<meta property=\"og:url\" content=\"https:\/\/www.comercialanma.es\/?product=mono-dulce-150-aniversario\" \/>\n<meta property=\"og:site_name\" content=\"Comercial de Hosteleria Anma\" \/>\n<meta property=\"article:publisher\" content=\"https:\/\/www.facebook.com\/AnmaHosteleria\" \/>\n<meta property=\"article:modified_time\" content=\"2021-10-19T08:20:35+00:00\" \/>\n<meta property=\"og:image\" content=\"https:\/\/i1.wp.com\/www.comercialanma.es\/wp-content\/uploads\/2021\/10\/anis-del-mono-150-aniversario.jpg?fit=1080%2C1080&#038;ssl=1\" \/>\n\t<meta property=\"og:image:width\" content=\"1080\" \/>\n\t<meta property=\"og:image:height\" content=\"1080\" \/>\n<meta name=\"twitter:card\" content=\"summary_large_image\" \/>\n<meta name=\"twitter:label1\" content=\"Tiempo de lectura\">\n\t<meta name=\"twitter:data1\" content=\"1 minuto\">\n<script type=\"application\/ld+json\" class=\"yoast-schema-graph\">{\"@context\":\"https:\/\/schema.org\",\"@graph\":[{\"@type\":\"Organization\",\"@id\":\"https:\/\/www.comercialanma.es\/#organization\",\"name\":\"Comercial Anma\",\"url\":\"https:\/\/www.comercialanma.es\/\",\"sameAs\":[\"https:\/\/www.facebook.com\/AnmaHosteleria\",\"https:\/\/www.instagram.com\/anmahosteleria\/?hl=es\",\"https:\/\/www.youtube.com\/channel\/UCT2nmn08Ntks0hmpZPnDgCA\"],\"logo\":{\"@type\":\"ImageObject\",\"@id\":\"https:\/\/www.comercialanma.es\/#logo\",\"inLanguage\":\"es\",\"url\":\"https:\/\/i2.wp.com\/www.comercialanma.es\/wp-content\/uploads\/2019\/06\/logo-anma-color.png?fit=247%2C101&ssl=1\",\"width\":247,\"height\":101,\"caption\":\"Comercial Anma\"},\"image\":{\"@id\":\"https:\/\/www.comercialanma.es\/#logo\"}},{\"@type\":\"WebSite\",\"@id\":\"https:\/\/www.comercialanma.es\/#website\",\"url\":\"https:\/\/www.comercialanma.es\/\",\"name\":\"Comercial de Hosteleria Anma\",\"description\":\"\",\"publisher\":{\"@id\":\"https:\/\/www.comercialanma.es\/#organization\"},\"potentialAction\":[{\"@type\":\"SearchAction\",\"target\":\"https:\/\/www.comercialanma.es\/?s={search_term_string}\",\"query-input\":\"required name=search_term_string\"}],\"inLanguage\":\"es\"},{\"@type\":\"ImageObject\",\"@id\":\"https:\/\/www.comercialanma.es\/?product=mono-dulce-150-aniversario#primaryimage\",\"inLanguage\":\"es\",\"url\":\"https:\/\/i1.wp.com\/www.comercialanma.es\/wp-content\/uploads\/2021\/10\/anis-del-mono-150-aniversario.jpg?fit=1080%2C1080&ssl=1\",\"width\":1080,\"height\":1080},{\"@type\":\"WebPage\",\"@id\":\"https:\/\/www.comercialanma.es\/?product=mono-dulce-150-aniversario#webpage\",\"url\":\"https:\/\/www.comercialanma.es\/?product=mono-dulce-150-aniversario\",\"name\":\"An\\u00eds del mono dulce Edici\\u00f3n limitada 150 Aniversario 70cl. - Comercial de Hosteleria Anma\",\"isPartOf\":{\"@id\":\"https:\/\/www.comercialanma.es\/#website\"},\"primaryImageOfPage\":{\"@id\":\"https:\/\/www.comercialanma.es\/?product=mono-dulce-150-aniversario#primaryimage\"},\"datePublished\":\"2021-10-19T08:10:16+00:00\",\"dateModified\":\"2021-10-19T08:20:35+00:00\",\"description\":\"An\\u00eds del mono dulce Edici\\u00f3n limitada | 150 Aniversario | 70cl.| Esencia intacta, y a la vez a adapt\\u00e1ndonos a los nuevos tiempos.\",\"breadcrumb\":{\"@id\":\"https:\/\/www.comercialanma.es\/?product=mono-dulce-150-aniversario#breadcrumb\"},\"inLanguage\":\"es\",\"potentialAction\":[{\"@type\":\"ReadAction\",\"target\":[\"https:\/\/www.comercialanma.es\/?product=mono-dulce-150-aniversario\"]}]},{\"@type\":\"BreadcrumbList\",\"@id\":\"https:\/\/www.comercialanma.es\/?product=mono-dulce-150-aniversario#breadcrumb\",\"itemListElement\":[{\"@type\":\"ListItem\",\"position\":1,\"item\":{\"@type\":\"WebPage\",\"@id\":\"https:\/\/www.comercialanma.es\/\",\"url\":\"https:\/\/www.comercialanma.es\/\",\"name\":\"Portada\"}},{\"@type\":\"ListItem\",\"position\":2,\"item\":{\"@type\":\"WebPage\",\"@id\":\"https:\/\/www.comercialanma.es\/?page_id=3963\",\"url\":\"https:\/\/www.comercialanma.es\/?page_id=3963\",\"name\":\"Cat\\u00e1logo de Productos\"}},{\"@type\":\"ListItem\",\"position\":3,\"item\":{\"@type\":\"WebPage\",\"@id\":\"https:\/\/www.comercialanma.es\/?product=mono-dulce-150-aniversario\",\"url\":\"https:\/\/www.comercialanma.es\/?product=mono-dulce-150-aniversario\",\"name\":\"An\\u00eds del mono dulce Edici\\u00f3n limitada 150 Aniversario 70cl.\"}}]}]}<\/script>\n<!-- \/ Yoast SEO plugin. -->","_links":{"self":[{"href":"https:\/\/www.comercialanma.es\/index.php?rest_route=\/wp\/v2\/product\/19642"}],"collection":[{"href":"https:\/\/www.comercialanma.es\/index.php?rest_route=\/wp\/v2\/product"}],"about":[{"href":"https:\/\/www.comercialanma.es\/index.php?rest_route=\/wp\/v2\/types\/product"}],"version-history":[{"count":1,"href":"https:\/\/www.comercialanma.es\/index.php?rest_route=\/wp\/v2\/product\/19642\/revisions"}],"predecessor-version":[{"id":19645,"href":"https:\/\/www.comercialanma.es\/index.php?rest_route=\/wp\/v2\/product\/19642\/revisions\/19645"}],"wp:featuredmedia":[{"embeddable":true,"href":"https:\/\/www.comercialanma.es\/index.php?rest_route=\/wp\/v2\/media\/19643"}],"wp:attachment":[{"href":"https:\/\/www.comercialanma.es\/index.php?rest_route=%2Fwp%2Fv2%2Fmedia&parent=19642"}],"curies":[{"name":"wp","href":"https:\/\/api.w.org\/{rel}","templated":true}]}}