
{"id":20148,"date":"2021-12-20T16:27:06","date_gmt":"2021-12-20T15:27:06","guid":{"rendered":"https:\/\/www.comercialanma.es\/?post_type=product&#038;p=20148"},"modified":"2021-12-20T16:31:07","modified_gmt":"2021-12-20T15:31:07","slug":"vaso-bajo-salto-azul-32cl","status":"publish","type":"product","link":"https:\/\/www.comercialanma.es\/?product=vaso-bajo-salto-azul-32cl","title":{"rendered":"Vaso Bajo Salto azul 32cl."},"content":{"rendered":"<section class=\"content\">Fabricante: Arcoroc<\/section>\n<section class=\"content\">Vaso fabricado en vidrio de larga duraci\u00f3n azul.<\/section>\n<section class=\"content\">Dimensiones: 35cl.<\/section>\n<section class=\"content\">6 unidades<\/section>\n","protected":false},"excerpt":{"rendered":"<p>Vaso Bajo Salto azul 35cl.<\/p>\n<p>De la mano de Arcoroc nos llega este Vaso en color azul para dar alegr\u00eda a tu mesa, el color en cristaler\u00eda esta tomando fuerza, a esto se le une su dise\u00f1o en forma redondeada cada vez mas actual.<\/p>\n<p>&nbsp;<\/p>\n","protected":false},"featured_media":20150,"template":"","meta":{"spay_email":""},"yoast_head":"<!-- This site is optimized with the Yoast SEO plugin v15.9 - https:\/\/yoast.com\/wordpress\/plugins\/seo\/ -->\n<title>Vaso Bajo Salto azul 32cl. - Comercial de Hosteleria Anma<\/title>\n<meta name=\"description\" content=\"Vaso Bajo Salto |32cl.| Su dise\u00f1o redondeado le da un aspecto sencillo pero elegante por lo que encajar\u00e1 en todo tipo de dise\u00f1o de mesa.\" \/>\n<meta name=\"robots\" content=\"index, follow, max-snippet:-1, max-image-preview:large, max-video-preview:-1\" \/>\n<link rel=\"canonical\" href=\"https:\/\/www.comercialanma.es\/?product=vaso-bajo-salto-azul-32cl\" \/>\n<meta property=\"og:locale\" content=\"es_ES\" \/>\n<meta property=\"og:type\" content=\"article\" \/>\n<meta property=\"og:title\" content=\"Vaso Bajo Salto azul 32cl. - Comercial de Hosteleria Anma\" \/>\n<meta property=\"og:description\" content=\"Vaso Bajo Salto |32cl.| Su dise\u00f1o redondeado le da un aspecto sencillo pero elegante por lo que encajar\u00e1 en todo tipo de dise\u00f1o de mesa.\" \/>\n<meta property=\"og:url\" content=\"https:\/\/www.comercialanma.es\/?product=vaso-bajo-salto-azul-32cl\" \/>\n<meta property=\"og:site_name\" content=\"Comercial de Hosteleria Anma\" \/>\n<meta property=\"article:publisher\" content=\"https:\/\/www.facebook.com\/AnmaHosteleria\" \/>\n<meta property=\"article:modified_time\" content=\"2021-12-20T15:31:07+00:00\" \/>\n<meta property=\"og:image\" content=\"https:\/\/i1.wp.com\/www.comercialanma.es\/wp-content\/uploads\/2021\/12\/vaso-bajo-salto-azul-35cl.jpg?fit=1080%2C1080&#038;ssl=1\" \/>\n\t<meta property=\"og:image:width\" content=\"1080\" \/>\n\t<meta property=\"og:image:height\" content=\"1080\" \/>\n<meta name=\"twitter:card\" content=\"summary_large_image\" \/>\n<meta name=\"twitter:label1\" content=\"Tiempo de lectura\">\n\t<meta name=\"twitter:data1\" content=\"1 minuto\">\n<script type=\"application\/ld+json\" class=\"yoast-schema-graph\">{\"@context\":\"https:\/\/schema.org\",\"@graph\":[{\"@type\":\"Organization\",\"@id\":\"https:\/\/www.comercialanma.es\/#organization\",\"name\":\"Comercial Anma\",\"url\":\"https:\/\/www.comercialanma.es\/\",\"sameAs\":[\"https:\/\/www.facebook.com\/AnmaHosteleria\",\"https:\/\/www.instagram.com\/anmahosteleria\/?hl=es\",\"https:\/\/www.youtube.com\/channel\/UCT2nmn08Ntks0hmpZPnDgCA\"],\"logo\":{\"@type\":\"ImageObject\",\"@id\":\"https:\/\/www.comercialanma.es\/#logo\",\"inLanguage\":\"es\",\"url\":\"https:\/\/i2.wp.com\/www.comercialanma.es\/wp-content\/uploads\/2019\/06\/logo-anma-color.png?fit=247%2C101&ssl=1\",\"width\":247,\"height\":101,\"caption\":\"Comercial Anma\"},\"image\":{\"@id\":\"https:\/\/www.comercialanma.es\/#logo\"}},{\"@type\":\"WebSite\",\"@id\":\"https:\/\/www.comercialanma.es\/#website\",\"url\":\"https:\/\/www.comercialanma.es\/\",\"name\":\"Comercial de Hosteleria Anma\",\"description\":\"\",\"publisher\":{\"@id\":\"https:\/\/www.comercialanma.es\/#organization\"},\"potentialAction\":[{\"@type\":\"SearchAction\",\"target\":\"https:\/\/www.comercialanma.es\/?s={search_term_string}\",\"query-input\":\"required name=search_term_string\"}],\"inLanguage\":\"es\"},{\"@type\":\"ImageObject\",\"@id\":\"https:\/\/www.comercialanma.es\/?product=vaso-bajo-salto-azul-32cl#primaryimage\",\"inLanguage\":\"es\",\"url\":\"https:\/\/i1.wp.com\/www.comercialanma.es\/wp-content\/uploads\/2021\/12\/vaso-bajo-salto-azul-35cl.jpg?fit=1080%2C1080&ssl=1\",\"width\":1080,\"height\":1080},{\"@type\":\"WebPage\",\"@id\":\"https:\/\/www.comercialanma.es\/?product=vaso-bajo-salto-azul-32cl#webpage\",\"url\":\"https:\/\/www.comercialanma.es\/?product=vaso-bajo-salto-azul-32cl\",\"name\":\"Vaso Bajo Salto azul 32cl. - Comercial de Hosteleria Anma\",\"isPartOf\":{\"@id\":\"https:\/\/www.comercialanma.es\/#website\"},\"primaryImageOfPage\":{\"@id\":\"https:\/\/www.comercialanma.es\/?product=vaso-bajo-salto-azul-32cl#primaryimage\"},\"datePublished\":\"2021-12-20T15:27:06+00:00\",\"dateModified\":\"2021-12-20T15:31:07+00:00\",\"description\":\"Vaso Bajo Salto |32cl.| Su dise\\u00f1o redondeado le da un aspecto sencillo pero elegante por lo que encajar\\u00e1 en todo tipo de dise\\u00f1o de mesa.\",\"breadcrumb\":{\"@id\":\"https:\/\/www.comercialanma.es\/?product=vaso-bajo-salto-azul-32cl#breadcrumb\"},\"inLanguage\":\"es\",\"potentialAction\":[{\"@type\":\"ReadAction\",\"target\":[\"https:\/\/www.comercialanma.es\/?product=vaso-bajo-salto-azul-32cl\"]}]},{\"@type\":\"BreadcrumbList\",\"@id\":\"https:\/\/www.comercialanma.es\/?product=vaso-bajo-salto-azul-32cl#breadcrumb\",\"itemListElement\":[{\"@type\":\"ListItem\",\"position\":1,\"item\":{\"@type\":\"WebPage\",\"@id\":\"https:\/\/www.comercialanma.es\/\",\"url\":\"https:\/\/www.comercialanma.es\/\",\"name\":\"Portada\"}},{\"@type\":\"ListItem\",\"position\":2,\"item\":{\"@type\":\"WebPage\",\"@id\":\"https:\/\/www.comercialanma.es\/?page_id=3963\",\"url\":\"https:\/\/www.comercialanma.es\/?page_id=3963\",\"name\":\"Cat\\u00e1logo de Productos\"}},{\"@type\":\"ListItem\",\"position\":3,\"item\":{\"@type\":\"WebPage\",\"@id\":\"https:\/\/www.comercialanma.es\/?product=vaso-bajo-salto-azul-32cl\",\"url\":\"https:\/\/www.comercialanma.es\/?product=vaso-bajo-salto-azul-32cl\",\"name\":\"Vaso Bajo Salto azul 32cl.\"}}]}]}<\/script>\n<!-- \/ Yoast SEO plugin. -->","_links":{"self":[{"href":"https:\/\/www.comercialanma.es\/index.php?rest_route=\/wp\/v2\/product\/20148"}],"collection":[{"href":"https:\/\/www.comercialanma.es\/index.php?rest_route=\/wp\/v2\/product"}],"about":[{"href":"https:\/\/www.comercialanma.es\/index.php?rest_route=\/wp\/v2\/types\/product"}],"version-history":[{"count":1,"href":"https:\/\/www.comercialanma.es\/index.php?rest_route=\/wp\/v2\/product\/20148\/revisions"}],"predecessor-version":[{"id":20151,"href":"https:\/\/www.comercialanma.es\/index.php?rest_route=\/wp\/v2\/product\/20148\/revisions\/20151"}],"wp:featuredmedia":[{"embeddable":true,"href":"https:\/\/www.comercialanma.es\/index.php?rest_route=\/wp\/v2\/media\/20150"}],"wp:attachment":[{"href":"https:\/\/www.comercialanma.es\/index.php?rest_route=%2Fwp%2Fv2%2Fmedia&parent=20148"}],"curies":[{"name":"wp","href":"https:\/\/api.w.org\/{rel}","templated":true}]}}