
{"id":20266,"date":"2021-12-22T17:56:17","date_gmt":"2021-12-22T16:56:17","guid":{"rendered":"https:\/\/www.comercialanma.es\/?post_type=product&#038;p=20266"},"modified":"2021-12-22T17:57:24","modified_gmt":"2021-12-22T16:57:24","slug":"copa-conac-degustacion-25","status":"publish","type":"product","link":"https:\/\/www.comercialanma.es\/?product=copa-conac-degustacion-25","title":{"rendered":"Copa co\u00f1ac Degustaci\u00f3n 25cl."},"content":{"rendered":"<section class=\"content\">\n<div class=\"anim\">\n<ul>\n<li>Arcoroc<\/li>\n<li>Copa co\u00f1ac degustaci\u00f3n<\/li>\n<li>Apta lavavajillas<\/li>\n<li><span class=\"s1\">25cl.<\/span><\/li>\n<\/ul>\n<\/div>\n<\/section>\n","protected":false},"excerpt":{"rendered":"<p>Copa co\u00f1ac degustaci\u00f3n| 25cl.| Arcoroc |<\/p>\n<p>Modelo en forma de bal\u00f3n con pie bajos y vidrio extra resistente.<\/p>\n","protected":false},"featured_media":20258,"template":"","meta":{"spay_email":""},"yoast_head":"<!-- This site is optimized with the Yoast SEO plugin v15.9 - https:\/\/yoast.com\/wordpress\/plugins\/seo\/ -->\n<title>Copa co\u00f1ac Degustaci\u00f3n 25cl. - Comercial de Hosteleria Anma<\/title>\n<meta name=\"description\" content=\"Copa co\u00f1ac degustaci\u00f3n| 25cl.| Arcoroc | Modelo en forma de bal\u00f3n con pie bajos y vidrio extra resistente.\" \/>\n<meta name=\"robots\" content=\"index, follow, max-snippet:-1, max-image-preview:large, max-video-preview:-1\" \/>\n<link rel=\"canonical\" href=\"https:\/\/www.comercialanma.es\/?product=copa-conac-degustacion-25\" \/>\n<meta property=\"og:locale\" content=\"es_ES\" \/>\n<meta property=\"og:type\" content=\"article\" \/>\n<meta property=\"og:title\" content=\"Copa co\u00f1ac Degustaci\u00f3n 25cl. - Comercial de Hosteleria Anma\" \/>\n<meta property=\"og:description\" content=\"Copa co\u00f1ac degustaci\u00f3n| 25cl.| Arcoroc | Modelo en forma de bal\u00f3n con pie bajos y vidrio extra resistente.\" \/>\n<meta property=\"og:url\" content=\"https:\/\/www.comercialanma.es\/?product=copa-conac-degustacion-25\" \/>\n<meta property=\"og:site_name\" content=\"Comercial de Hosteleria Anma\" \/>\n<meta property=\"article:publisher\" content=\"https:\/\/www.facebook.com\/AnmaHosteleria\" \/>\n<meta property=\"article:modified_time\" content=\"2021-12-22T16:57:24+00:00\" \/>\n<meta property=\"og:image\" content=\"https:\/\/i2.wp.com\/www.comercialanma.es\/wp-content\/uploads\/2021\/12\/copa-con\u0303ac-degustacion-41.jpg?fit=1080%2C1080&#038;ssl=1\" \/>\n\t<meta property=\"og:image:width\" content=\"1080\" \/>\n\t<meta property=\"og:image:height\" content=\"1080\" \/>\n<meta name=\"twitter:card\" content=\"summary_large_image\" \/>\n<meta name=\"twitter:label1\" content=\"Tiempo de lectura\">\n\t<meta name=\"twitter:data1\" content=\"1 minuto\">\n<script type=\"application\/ld+json\" class=\"yoast-schema-graph\">{\"@context\":\"https:\/\/schema.org\",\"@graph\":[{\"@type\":\"Organization\",\"@id\":\"https:\/\/www.comercialanma.es\/#organization\",\"name\":\"Comercial Anma\",\"url\":\"https:\/\/www.comercialanma.es\/\",\"sameAs\":[\"https:\/\/www.facebook.com\/AnmaHosteleria\",\"https:\/\/www.instagram.com\/anmahosteleria\/?hl=es\",\"https:\/\/www.youtube.com\/channel\/UCT2nmn08Ntks0hmpZPnDgCA\"],\"logo\":{\"@type\":\"ImageObject\",\"@id\":\"https:\/\/www.comercialanma.es\/#logo\",\"inLanguage\":\"es\",\"url\":\"https:\/\/i2.wp.com\/www.comercialanma.es\/wp-content\/uploads\/2019\/06\/logo-anma-color.png?fit=247%2C101&ssl=1\",\"width\":247,\"height\":101,\"caption\":\"Comercial Anma\"},\"image\":{\"@id\":\"https:\/\/www.comercialanma.es\/#logo\"}},{\"@type\":\"WebSite\",\"@id\":\"https:\/\/www.comercialanma.es\/#website\",\"url\":\"https:\/\/www.comercialanma.es\/\",\"name\":\"Comercial de Hosteleria Anma\",\"description\":\"\",\"publisher\":{\"@id\":\"https:\/\/www.comercialanma.es\/#organization\"},\"potentialAction\":[{\"@type\":\"SearchAction\",\"target\":\"https:\/\/www.comercialanma.es\/?s={search_term_string}\",\"query-input\":\"required name=search_term_string\"}],\"inLanguage\":\"es\"},{\"@type\":\"ImageObject\",\"@id\":\"https:\/\/www.comercialanma.es\/?product=copa-conac-degustacion-25#primaryimage\",\"inLanguage\":\"es\",\"url\":\"https:\/\/i2.wp.com\/www.comercialanma.es\/wp-content\/uploads\/2021\/12\/copa-con\\u0303ac-degustacion-41.jpg?fit=1080%2C1080&ssl=1\",\"width\":1080,\"height\":1080},{\"@type\":\"WebPage\",\"@id\":\"https:\/\/www.comercialanma.es\/?product=copa-conac-degustacion-25#webpage\",\"url\":\"https:\/\/www.comercialanma.es\/?product=copa-conac-degustacion-25\",\"name\":\"Copa co\\u00f1ac Degustaci\\u00f3n 25cl. - Comercial de Hosteleria Anma\",\"isPartOf\":{\"@id\":\"https:\/\/www.comercialanma.es\/#website\"},\"primaryImageOfPage\":{\"@id\":\"https:\/\/www.comercialanma.es\/?product=copa-conac-degustacion-25#primaryimage\"},\"datePublished\":\"2021-12-22T16:56:17+00:00\",\"dateModified\":\"2021-12-22T16:57:24+00:00\",\"description\":\"Copa co\\u00f1ac degustaci\\u00f3n| 25cl.| Arcoroc | Modelo en forma de bal\\u00f3n con pie bajos y vidrio extra resistente.\",\"breadcrumb\":{\"@id\":\"https:\/\/www.comercialanma.es\/?product=copa-conac-degustacion-25#breadcrumb\"},\"inLanguage\":\"es\",\"potentialAction\":[{\"@type\":\"ReadAction\",\"target\":[\"https:\/\/www.comercialanma.es\/?product=copa-conac-degustacion-25\"]}]},{\"@type\":\"BreadcrumbList\",\"@id\":\"https:\/\/www.comercialanma.es\/?product=copa-conac-degustacion-25#breadcrumb\",\"itemListElement\":[{\"@type\":\"ListItem\",\"position\":1,\"item\":{\"@type\":\"WebPage\",\"@id\":\"https:\/\/www.comercialanma.es\/\",\"url\":\"https:\/\/www.comercialanma.es\/\",\"name\":\"Portada\"}},{\"@type\":\"ListItem\",\"position\":2,\"item\":{\"@type\":\"WebPage\",\"@id\":\"https:\/\/www.comercialanma.es\/?page_id=3963\",\"url\":\"https:\/\/www.comercialanma.es\/?page_id=3963\",\"name\":\"Cat\\u00e1logo de Productos\"}},{\"@type\":\"ListItem\",\"position\":3,\"item\":{\"@type\":\"WebPage\",\"@id\":\"https:\/\/www.comercialanma.es\/?product=copa-conac-degustacion-25\",\"url\":\"https:\/\/www.comercialanma.es\/?product=copa-conac-degustacion-25\",\"name\":\"Copa co\\u00f1ac Degustaci\\u00f3n 25cl.\"}}]}]}<\/script>\n<!-- \/ Yoast SEO plugin. -->","_links":{"self":[{"href":"https:\/\/www.comercialanma.es\/index.php?rest_route=\/wp\/v2\/product\/20266"}],"collection":[{"href":"https:\/\/www.comercialanma.es\/index.php?rest_route=\/wp\/v2\/product"}],"about":[{"href":"https:\/\/www.comercialanma.es\/index.php?rest_route=\/wp\/v2\/types\/product"}],"version-history":[{"count":1,"href":"https:\/\/www.comercialanma.es\/index.php?rest_route=\/wp\/v2\/product\/20266\/revisions"}],"predecessor-version":[{"id":20267,"href":"https:\/\/www.comercialanma.es\/index.php?rest_route=\/wp\/v2\/product\/20266\/revisions\/20267"}],"wp:featuredmedia":[{"embeddable":true,"href":"https:\/\/www.comercialanma.es\/index.php?rest_route=\/wp\/v2\/media\/20258"}],"wp:attachment":[{"href":"https:\/\/www.comercialanma.es\/index.php?rest_route=%2Fwp%2Fv2%2Fmedia&parent=20266"}],"curies":[{"name":"wp","href":"https:\/\/api.w.org\/{rel}","templated":true}]}}