
{"id":20431,"date":"2021-12-28T09:34:02","date_gmt":"2021-12-28T08:34:02","guid":{"rendered":"https:\/\/www.comercialanma.es\/?post_type=product&#038;p=20431"},"modified":"2021-12-28T10:13:04","modified_gmt":"2021-12-28T09:13:04","slug":"bote-especiero-araven","status":"publish","type":"product","link":"https:\/\/www.comercialanma.es\/?product=bote-especiero-araven","title":{"rendered":"Bote especiero pl\u00e1stico 350gr."},"content":{"rendered":"<p>Bote especiero pl\u00e1stico | Araven | 350gr. |<\/p>\n<p>Dispensador grano grueso apto para especias o condimentos. Su boquilla de color verde permite una identificaci\u00f3n r\u00e1pida y la diferencia del resto de dispensadores como los de sal. Sus orificios de salida son de 4 mm. de di\u00e1metro.<\/p>\n","protected":false},"excerpt":{"rendered":"<ul>\n<li>Fabricante: Araven<\/li>\n<li>Material: Pl\u00e1stico<\/li>\n<li>Medidas: 60&#215;162 mm.\n<div class=\"row\">\n<div class=\"col-md-7 col-sm-7\">\n<div class=\"field field-name-field-medidas-pulgadas field-type-text field-label-hidden\"><\/div>\n<\/div>\n<\/div>\n<div class=\"row\">\n<div class=\"col-md-7 col-sm-7\">\n<div class=\"field field-name-field-capacidad-en-litros field-type-text field-label-hidden\"><\/div>\n<\/div>\n<\/div>\n<div class=\"row\">\n<div class=\"col-md-7 col-sm-7\">\n<div class=\"field field-name-field-capacidad-en-qt-oz- field-type-text field-label-hidden\"><\/div>\n<\/div>\n<\/div>\n<\/li>\n<\/ul>\n","protected":false},"featured_media":20432,"template":"","meta":{"spay_email":""},"yoast_head":"<!-- This site is optimized with the Yoast SEO plugin v15.9 - https:\/\/yoast.com\/wordpress\/plugins\/seo\/ -->\n<title>Bote especiero pl\u00e1stico 350gr. - Comercial de Hosteleria Anma<\/title>\n<meta name=\"description\" content=\"Bote especiero pl\u00e1stico | Araven | 350gr. | Dispensador de grano grueso apto para especias o condimentos. Orificios de 4 mm. de di\u00e1metro.\" \/>\n<meta name=\"robots\" content=\"index, follow, max-snippet:-1, max-image-preview:large, max-video-preview:-1\" \/>\n<link rel=\"canonical\" href=\"https:\/\/www.comercialanma.es\/?product=bote-especiero-araven\" \/>\n<meta property=\"og:locale\" content=\"es_ES\" \/>\n<meta property=\"og:type\" content=\"article\" \/>\n<meta property=\"og:title\" content=\"Bote especiero pl\u00e1stico 350gr. - Comercial de Hosteleria Anma\" \/>\n<meta property=\"og:description\" content=\"Bote especiero pl\u00e1stico | Araven | 350gr. | Dispensador de grano grueso apto para especias o condimentos. Orificios de 4 mm. de di\u00e1metro.\" \/>\n<meta property=\"og:url\" content=\"https:\/\/www.comercialanma.es\/?product=bote-especiero-araven\" \/>\n<meta property=\"og:site_name\" content=\"Comercial de Hosteleria Anma\" \/>\n<meta property=\"article:publisher\" content=\"https:\/\/www.facebook.com\/AnmaHosteleria\" \/>\n<meta property=\"article:modified_time\" content=\"2021-12-28T09:13:04+00:00\" \/>\n<meta property=\"og:image\" content=\"https:\/\/i0.wp.com\/www.comercialanma.es\/wp-content\/uploads\/2021\/12\/Bote-especiero-araven-350gr..jpg?fit=1080%2C1080&#038;ssl=1\" \/>\n\t<meta property=\"og:image:width\" content=\"1080\" \/>\n\t<meta property=\"og:image:height\" content=\"1080\" \/>\n<meta name=\"twitter:card\" content=\"summary_large_image\" \/>\n<meta name=\"twitter:label1\" content=\"Tiempo de lectura\">\n\t<meta name=\"twitter:data1\" content=\"1 minuto\">\n<script type=\"application\/ld+json\" class=\"yoast-schema-graph\">{\"@context\":\"https:\/\/schema.org\",\"@graph\":[{\"@type\":\"Organization\",\"@id\":\"https:\/\/www.comercialanma.es\/#organization\",\"name\":\"Comercial Anma\",\"url\":\"https:\/\/www.comercialanma.es\/\",\"sameAs\":[\"https:\/\/www.facebook.com\/AnmaHosteleria\",\"https:\/\/www.instagram.com\/anmahosteleria\/?hl=es\",\"https:\/\/www.youtube.com\/channel\/UCT2nmn08Ntks0hmpZPnDgCA\"],\"logo\":{\"@type\":\"ImageObject\",\"@id\":\"https:\/\/www.comercialanma.es\/#logo\",\"inLanguage\":\"es\",\"url\":\"https:\/\/i2.wp.com\/www.comercialanma.es\/wp-content\/uploads\/2019\/06\/logo-anma-color.png?fit=247%2C101&ssl=1\",\"width\":247,\"height\":101,\"caption\":\"Comercial Anma\"},\"image\":{\"@id\":\"https:\/\/www.comercialanma.es\/#logo\"}},{\"@type\":\"WebSite\",\"@id\":\"https:\/\/www.comercialanma.es\/#website\",\"url\":\"https:\/\/www.comercialanma.es\/\",\"name\":\"Comercial de Hosteleria Anma\",\"description\":\"\",\"publisher\":{\"@id\":\"https:\/\/www.comercialanma.es\/#organization\"},\"potentialAction\":[{\"@type\":\"SearchAction\",\"target\":\"https:\/\/www.comercialanma.es\/?s={search_term_string}\",\"query-input\":\"required name=search_term_string\"}],\"inLanguage\":\"es\"},{\"@type\":\"ImageObject\",\"@id\":\"https:\/\/www.comercialanma.es\/?product=bote-especiero-araven#primaryimage\",\"inLanguage\":\"es\",\"url\":\"https:\/\/i0.wp.com\/www.comercialanma.es\/wp-content\/uploads\/2021\/12\/Bote-especiero-araven-350gr..jpg?fit=1080%2C1080&ssl=1\",\"width\":1080,\"height\":1080},{\"@type\":\"WebPage\",\"@id\":\"https:\/\/www.comercialanma.es\/?product=bote-especiero-araven#webpage\",\"url\":\"https:\/\/www.comercialanma.es\/?product=bote-especiero-araven\",\"name\":\"Bote especiero pl\\u00e1stico 350gr. - Comercial de Hosteleria Anma\",\"isPartOf\":{\"@id\":\"https:\/\/www.comercialanma.es\/#website\"},\"primaryImageOfPage\":{\"@id\":\"https:\/\/www.comercialanma.es\/?product=bote-especiero-araven#primaryimage\"},\"datePublished\":\"2021-12-28T08:34:02+00:00\",\"dateModified\":\"2021-12-28T09:13:04+00:00\",\"description\":\"Bote especiero pl\\u00e1stico | Araven | 350gr. | Dispensador de grano grueso apto para especias o condimentos. Orificios de 4 mm. de di\\u00e1metro.\",\"breadcrumb\":{\"@id\":\"https:\/\/www.comercialanma.es\/?product=bote-especiero-araven#breadcrumb\"},\"inLanguage\":\"es\",\"potentialAction\":[{\"@type\":\"ReadAction\",\"target\":[\"https:\/\/www.comercialanma.es\/?product=bote-especiero-araven\"]}]},{\"@type\":\"BreadcrumbList\",\"@id\":\"https:\/\/www.comercialanma.es\/?product=bote-especiero-araven#breadcrumb\",\"itemListElement\":[{\"@type\":\"ListItem\",\"position\":1,\"item\":{\"@type\":\"WebPage\",\"@id\":\"https:\/\/www.comercialanma.es\/\",\"url\":\"https:\/\/www.comercialanma.es\/\",\"name\":\"Portada\"}},{\"@type\":\"ListItem\",\"position\":2,\"item\":{\"@type\":\"WebPage\",\"@id\":\"https:\/\/www.comercialanma.es\/?page_id=3963\",\"url\":\"https:\/\/www.comercialanma.es\/?page_id=3963\",\"name\":\"Cat\\u00e1logo de Productos\"}},{\"@type\":\"ListItem\",\"position\":3,\"item\":{\"@type\":\"WebPage\",\"@id\":\"https:\/\/www.comercialanma.es\/?product=bote-especiero-araven\",\"url\":\"https:\/\/www.comercialanma.es\/?product=bote-especiero-araven\",\"name\":\"Bote especiero pl\\u00e1stico 350gr.\"}}]}]}<\/script>\n<!-- \/ Yoast SEO plugin. -->","_links":{"self":[{"href":"https:\/\/www.comercialanma.es\/index.php?rest_route=\/wp\/v2\/product\/20431"}],"collection":[{"href":"https:\/\/www.comercialanma.es\/index.php?rest_route=\/wp\/v2\/product"}],"about":[{"href":"https:\/\/www.comercialanma.es\/index.php?rest_route=\/wp\/v2\/types\/product"}],"version-history":[{"count":1,"href":"https:\/\/www.comercialanma.es\/index.php?rest_route=\/wp\/v2\/product\/20431\/revisions"}],"predecessor-version":[{"id":20433,"href":"https:\/\/www.comercialanma.es\/index.php?rest_route=\/wp\/v2\/product\/20431\/revisions\/20433"}],"wp:featuredmedia":[{"embeddable":true,"href":"https:\/\/www.comercialanma.es\/index.php?rest_route=\/wp\/v2\/media\/20432"}],"wp:attachment":[{"href":"https:\/\/www.comercialanma.es\/index.php?rest_route=%2Fwp%2Fv2%2Fmedia&parent=20431"}],"curies":[{"name":"wp","href":"https:\/\/api.w.org\/{rel}","templated":true}]}}