
{"id":20803,"date":"2022-01-07T17:18:35","date_gmt":"2022-01-07T16:18:35","guid":{"rendered":"https:\/\/www.comercialanma.es\/?post_type=product&#038;p=20803"},"modified":"2022-01-07T17:27:23","modified_gmt":"2022-01-07T16:27:23","slug":"botella-de-cristal-para-tapas","status":"publish","type":"product","link":"https:\/\/www.comercialanma.es\/?product=botella-de-cristal-para-tapas","title":{"rendered":"Botella cristal para tapas 24,5x7cm."},"content":{"rendered":"<p>Con estas nuevas botellas de cristal para tapas con medidas 7&#215;24,5cms. no tendr\u00e1s m\u00e1s opci\u00f3n que dejarte llevar. Son irresistibles, con un dise\u00f1o muy personal y las puedes combinar con otras medidas. Elige aqu\u00ed el modelo que mejor te convenga.<\/p>\n","protected":false},"excerpt":{"rendered":"<ul>\n<li>Fabricante: Supreminox<\/li>\n<li>Botella cerveza para tapas<\/li>\n<li>Medida 24,5x7cm.<\/li>\n<\/ul>\n","protected":false},"featured_media":20804,"template":"","meta":{"spay_email":""},"yoast_head":"<!-- This site is optimized with the Yoast SEO plugin v15.9 - https:\/\/yoast.com\/wordpress\/plugins\/seo\/ -->\n<title>Botella cristal para tapas 24,5x7cm. - Comercial de Hosteleria Anma<\/title>\n<meta name=\"description\" content=\"Botella cerveza para tapas | 24,5 x 7cm.| Son irresistibles, con un dise\u00f1o muy personal y las puedes combinar con otras medidas\" \/>\n<meta name=\"robots\" content=\"index, follow, max-snippet:-1, max-image-preview:large, max-video-preview:-1\" \/>\n<link rel=\"canonical\" href=\"https:\/\/www.comercialanma.es\/?product=botella-de-cristal-para-tapas\" \/>\n<meta property=\"og:locale\" content=\"es_ES\" \/>\n<meta property=\"og:type\" content=\"article\" \/>\n<meta property=\"og:title\" content=\"Botella cristal para tapas 24,5x7cm. - Comercial de Hosteleria Anma\" \/>\n<meta property=\"og:description\" content=\"Botella cerveza para tapas | 24,5 x 7cm.| Son irresistibles, con un dise\u00f1o muy personal y las puedes combinar con otras medidas\" \/>\n<meta property=\"og:url\" content=\"https:\/\/www.comercialanma.es\/?product=botella-de-cristal-para-tapas\" \/>\n<meta property=\"og:site_name\" content=\"Comercial de Hosteleria Anma\" \/>\n<meta property=\"article:publisher\" content=\"https:\/\/www.facebook.com\/AnmaHosteleria\" \/>\n<meta property=\"article:modified_time\" content=\"2022-01-07T16:27:23+00:00\" \/>\n<meta property=\"og:image\" content=\"https:\/\/i0.wp.com\/www.comercialanma.es\/wp-content\/uploads\/2022\/01\/botella-para-tapas.jpg?fit=1080%2C1080&#038;ssl=1\" \/>\n\t<meta property=\"og:image:width\" content=\"1080\" \/>\n\t<meta property=\"og:image:height\" content=\"1080\" \/>\n<meta name=\"twitter:card\" content=\"summary_large_image\" \/>\n<meta name=\"twitter:label1\" content=\"Tiempo de lectura\">\n\t<meta name=\"twitter:data1\" content=\"1 minuto\">\n<script type=\"application\/ld+json\" class=\"yoast-schema-graph\">{\"@context\":\"https:\/\/schema.org\",\"@graph\":[{\"@type\":\"Organization\",\"@id\":\"https:\/\/www.comercialanma.es\/#organization\",\"name\":\"Comercial Anma\",\"url\":\"https:\/\/www.comercialanma.es\/\",\"sameAs\":[\"https:\/\/www.facebook.com\/AnmaHosteleria\",\"https:\/\/www.instagram.com\/anmahosteleria\/?hl=es\",\"https:\/\/www.youtube.com\/channel\/UCT2nmn08Ntks0hmpZPnDgCA\"],\"logo\":{\"@type\":\"ImageObject\",\"@id\":\"https:\/\/www.comercialanma.es\/#logo\",\"inLanguage\":\"es\",\"url\":\"https:\/\/i2.wp.com\/www.comercialanma.es\/wp-content\/uploads\/2019\/06\/logo-anma-color.png?fit=247%2C101&ssl=1\",\"width\":247,\"height\":101,\"caption\":\"Comercial Anma\"},\"image\":{\"@id\":\"https:\/\/www.comercialanma.es\/#logo\"}},{\"@type\":\"WebSite\",\"@id\":\"https:\/\/www.comercialanma.es\/#website\",\"url\":\"https:\/\/www.comercialanma.es\/\",\"name\":\"Comercial de Hosteleria Anma\",\"description\":\"\",\"publisher\":{\"@id\":\"https:\/\/www.comercialanma.es\/#organization\"},\"potentialAction\":[{\"@type\":\"SearchAction\",\"target\":\"https:\/\/www.comercialanma.es\/?s={search_term_string}\",\"query-input\":\"required name=search_term_string\"}],\"inLanguage\":\"es\"},{\"@type\":\"ImageObject\",\"@id\":\"https:\/\/www.comercialanma.es\/?product=botella-de-cristal-para-tapas#primaryimage\",\"inLanguage\":\"es\",\"url\":\"https:\/\/i0.wp.com\/www.comercialanma.es\/wp-content\/uploads\/2022\/01\/botella-para-tapas.jpg?fit=1080%2C1080&ssl=1\",\"width\":1080,\"height\":1080},{\"@type\":\"WebPage\",\"@id\":\"https:\/\/www.comercialanma.es\/?product=botella-de-cristal-para-tapas#webpage\",\"url\":\"https:\/\/www.comercialanma.es\/?product=botella-de-cristal-para-tapas\",\"name\":\"Botella cristal para tapas 24,5x7cm. - Comercial de Hosteleria Anma\",\"isPartOf\":{\"@id\":\"https:\/\/www.comercialanma.es\/#website\"},\"primaryImageOfPage\":{\"@id\":\"https:\/\/www.comercialanma.es\/?product=botella-de-cristal-para-tapas#primaryimage\"},\"datePublished\":\"2022-01-07T16:18:35+00:00\",\"dateModified\":\"2022-01-07T16:27:23+00:00\",\"description\":\"Botella cerveza para tapas | 24,5 x 7cm.| Son irresistibles, con un dise\\u00f1o muy personal y las puedes combinar con otras medidas\",\"breadcrumb\":{\"@id\":\"https:\/\/www.comercialanma.es\/?product=botella-de-cristal-para-tapas#breadcrumb\"},\"inLanguage\":\"es\",\"potentialAction\":[{\"@type\":\"ReadAction\",\"target\":[\"https:\/\/www.comercialanma.es\/?product=botella-de-cristal-para-tapas\"]}]},{\"@type\":\"BreadcrumbList\",\"@id\":\"https:\/\/www.comercialanma.es\/?product=botella-de-cristal-para-tapas#breadcrumb\",\"itemListElement\":[{\"@type\":\"ListItem\",\"position\":1,\"item\":{\"@type\":\"WebPage\",\"@id\":\"https:\/\/www.comercialanma.es\/\",\"url\":\"https:\/\/www.comercialanma.es\/\",\"name\":\"Portada\"}},{\"@type\":\"ListItem\",\"position\":2,\"item\":{\"@type\":\"WebPage\",\"@id\":\"https:\/\/www.comercialanma.es\/?page_id=3963\",\"url\":\"https:\/\/www.comercialanma.es\/?page_id=3963\",\"name\":\"Cat\\u00e1logo de Productos\"}},{\"@type\":\"ListItem\",\"position\":3,\"item\":{\"@type\":\"WebPage\",\"@id\":\"https:\/\/www.comercialanma.es\/?product=botella-de-cristal-para-tapas\",\"url\":\"https:\/\/www.comercialanma.es\/?product=botella-de-cristal-para-tapas\",\"name\":\"Botella cristal para tapas 24,5x7cm.\"}}]}]}<\/script>\n<!-- \/ Yoast SEO plugin. -->","_links":{"self":[{"href":"https:\/\/www.comercialanma.es\/index.php?rest_route=\/wp\/v2\/product\/20803"}],"collection":[{"href":"https:\/\/www.comercialanma.es\/index.php?rest_route=\/wp\/v2\/product"}],"about":[{"href":"https:\/\/www.comercialanma.es\/index.php?rest_route=\/wp\/v2\/types\/product"}],"version-history":[{"count":2,"href":"https:\/\/www.comercialanma.es\/index.php?rest_route=\/wp\/v2\/product\/20803\/revisions"}],"predecessor-version":[{"id":20806,"href":"https:\/\/www.comercialanma.es\/index.php?rest_route=\/wp\/v2\/product\/20803\/revisions\/20806"}],"wp:featuredmedia":[{"embeddable":true,"href":"https:\/\/www.comercialanma.es\/index.php?rest_route=\/wp\/v2\/media\/20804"}],"wp:attachment":[{"href":"https:\/\/www.comercialanma.es\/index.php?rest_route=%2Fwp%2Fv2%2Fmedia&parent=20803"}],"curies":[{"name":"wp","href":"https:\/\/api.w.org\/{rel}","templated":true}]}}