
{"id":20811,"date":"2022-01-10T09:25:07","date_gmt":"2022-01-10T08:25:07","guid":{"rendered":"https:\/\/www.comercialanma.es\/?post_type=product&#038;p=20811"},"modified":"2022-01-10T09:26:37","modified_gmt":"2022-01-10T08:26:37","slug":"platillo-aroma-14","status":"publish","type":"product","link":"https:\/\/www.comercialanma.es\/?product=platillo-aroma-14","title":{"rendered":"Platillo Aroma Arcoroc 14cm."},"content":{"rendered":"<p>Platillo Aroma | 14cm. | Arcoroc |<\/p>\n<p>Plato de vidrio transparente para las tazas para caf\u00e9 o t\u00e9 de Arcoroc. Fabricado en Francia mediante vidrio templado o tensionado, lo que le confiere una gran resistencia tanto a choques t\u00e9rmicos como mec\u00e1nicos, com\u00famente ocurridos con el choque de dos platos. Se trata de un plato perfecto para los profesionales de la hosteler\u00eda y la restauraci\u00f3n por su facilidad de apilado y su resistencia y durabilidad.<\/p>\n","protected":false},"excerpt":{"rendered":"<ul>\n<li>Fabricante: Arcoroc<\/li>\n<li>Platillo aroma<\/li>\n<li>Cristal<\/li>\n<li>Tama\u00f1o 14cm.<\/li>\n<\/ul>\n","protected":false},"featured_media":20808,"template":"","meta":{"spay_email":""},"yoast_head":"<!-- This site is optimized with the Yoast SEO plugin v15.9 - https:\/\/yoast.com\/wordpress\/plugins\/seo\/ -->\n<title>Platillo Aroma Arcoroc 14cm. - Comercial de Hosteleria Anma<\/title>\n<meta name=\"description\" content=\"Platillo aroma | 14cm. | Arcoroc | Plato de vidrio transparente para tazas para caf\u00e9 o t\u00e9. Plato perfecto para profesionales de la hosteler\u00eda.\" \/>\n<meta name=\"robots\" content=\"index, follow, max-snippet:-1, max-image-preview:large, max-video-preview:-1\" \/>\n<link rel=\"canonical\" href=\"https:\/\/www.comercialanma.es\/?product=platillo-aroma-14\" \/>\n<meta property=\"og:locale\" content=\"es_ES\" \/>\n<meta property=\"og:type\" content=\"article\" \/>\n<meta property=\"og:title\" content=\"Platillo Aroma Arcoroc 14cm. - Comercial de Hosteleria Anma\" \/>\n<meta property=\"og:description\" content=\"Platillo aroma | 14cm. | Arcoroc | Plato de vidrio transparente para tazas para caf\u00e9 o t\u00e9. Plato perfecto para profesionales de la hosteler\u00eda.\" \/>\n<meta property=\"og:url\" content=\"https:\/\/www.comercialanma.es\/?product=platillo-aroma-14\" \/>\n<meta property=\"og:site_name\" content=\"Comercial de Hosteleria Anma\" \/>\n<meta property=\"article:publisher\" content=\"https:\/\/www.facebook.com\/AnmaHosteleria\" \/>\n<meta property=\"article:modified_time\" content=\"2022-01-10T08:26:37+00:00\" \/>\n<meta property=\"og:image\" content=\"https:\/\/i2.wp.com\/www.comercialanma.es\/wp-content\/uploads\/2022\/01\/platillo-aroma-12-arcoroc.jpg?fit=1080%2C1080&#038;ssl=1\" \/>\n\t<meta property=\"og:image:width\" content=\"1080\" \/>\n\t<meta property=\"og:image:height\" content=\"1080\" \/>\n<meta name=\"twitter:card\" content=\"summary_large_image\" \/>\n<meta name=\"twitter:label1\" content=\"Tiempo de lectura\">\n\t<meta name=\"twitter:data1\" content=\"1 minuto\">\n<script type=\"application\/ld+json\" class=\"yoast-schema-graph\">{\"@context\":\"https:\/\/schema.org\",\"@graph\":[{\"@type\":\"Organization\",\"@id\":\"https:\/\/www.comercialanma.es\/#organization\",\"name\":\"Comercial Anma\",\"url\":\"https:\/\/www.comercialanma.es\/\",\"sameAs\":[\"https:\/\/www.facebook.com\/AnmaHosteleria\",\"https:\/\/www.instagram.com\/anmahosteleria\/?hl=es\",\"https:\/\/www.youtube.com\/channel\/UCT2nmn08Ntks0hmpZPnDgCA\"],\"logo\":{\"@type\":\"ImageObject\",\"@id\":\"https:\/\/www.comercialanma.es\/#logo\",\"inLanguage\":\"es\",\"url\":\"https:\/\/i2.wp.com\/www.comercialanma.es\/wp-content\/uploads\/2019\/06\/logo-anma-color.png?fit=247%2C101&ssl=1\",\"width\":247,\"height\":101,\"caption\":\"Comercial Anma\"},\"image\":{\"@id\":\"https:\/\/www.comercialanma.es\/#logo\"}},{\"@type\":\"WebSite\",\"@id\":\"https:\/\/www.comercialanma.es\/#website\",\"url\":\"https:\/\/www.comercialanma.es\/\",\"name\":\"Comercial de Hosteleria Anma\",\"description\":\"\",\"publisher\":{\"@id\":\"https:\/\/www.comercialanma.es\/#organization\"},\"potentialAction\":[{\"@type\":\"SearchAction\",\"target\":\"https:\/\/www.comercialanma.es\/?s={search_term_string}\",\"query-input\":\"required name=search_term_string\"}],\"inLanguage\":\"es\"},{\"@type\":\"ImageObject\",\"@id\":\"https:\/\/www.comercialanma.es\/?product=platillo-aroma-14#primaryimage\",\"inLanguage\":\"es\",\"url\":\"https:\/\/i2.wp.com\/www.comercialanma.es\/wp-content\/uploads\/2022\/01\/platillo-aroma-12-arcoroc.jpg?fit=1080%2C1080&ssl=1\",\"width\":1080,\"height\":1080},{\"@type\":\"WebPage\",\"@id\":\"https:\/\/www.comercialanma.es\/?product=platillo-aroma-14#webpage\",\"url\":\"https:\/\/www.comercialanma.es\/?product=platillo-aroma-14\",\"name\":\"Platillo Aroma Arcoroc 14cm. - Comercial de Hosteleria Anma\",\"isPartOf\":{\"@id\":\"https:\/\/www.comercialanma.es\/#website\"},\"primaryImageOfPage\":{\"@id\":\"https:\/\/www.comercialanma.es\/?product=platillo-aroma-14#primaryimage\"},\"datePublished\":\"2022-01-10T08:25:07+00:00\",\"dateModified\":\"2022-01-10T08:26:37+00:00\",\"description\":\"Platillo aroma | 14cm. | Arcoroc | Plato de vidrio transparente para tazas para caf\\u00e9 o t\\u00e9. Plato perfecto para profesionales de la hosteler\\u00eda.\",\"breadcrumb\":{\"@id\":\"https:\/\/www.comercialanma.es\/?product=platillo-aroma-14#breadcrumb\"},\"inLanguage\":\"es\",\"potentialAction\":[{\"@type\":\"ReadAction\",\"target\":[\"https:\/\/www.comercialanma.es\/?product=platillo-aroma-14\"]}]},{\"@type\":\"BreadcrumbList\",\"@id\":\"https:\/\/www.comercialanma.es\/?product=platillo-aroma-14#breadcrumb\",\"itemListElement\":[{\"@type\":\"ListItem\",\"position\":1,\"item\":{\"@type\":\"WebPage\",\"@id\":\"https:\/\/www.comercialanma.es\/\",\"url\":\"https:\/\/www.comercialanma.es\/\",\"name\":\"Portada\"}},{\"@type\":\"ListItem\",\"position\":2,\"item\":{\"@type\":\"WebPage\",\"@id\":\"https:\/\/www.comercialanma.es\/?page_id=3963\",\"url\":\"https:\/\/www.comercialanma.es\/?page_id=3963\",\"name\":\"Cat\\u00e1logo de Productos\"}},{\"@type\":\"ListItem\",\"position\":3,\"item\":{\"@type\":\"WebPage\",\"@id\":\"https:\/\/www.comercialanma.es\/?product=platillo-aroma-14\",\"url\":\"https:\/\/www.comercialanma.es\/?product=platillo-aroma-14\",\"name\":\"Platillo Aroma Arcoroc 14cm.\"}}]}]}<\/script>\n<!-- \/ Yoast SEO plugin. -->","_links":{"self":[{"href":"https:\/\/www.comercialanma.es\/index.php?rest_route=\/wp\/v2\/product\/20811"}],"collection":[{"href":"https:\/\/www.comercialanma.es\/index.php?rest_route=\/wp\/v2\/product"}],"about":[{"href":"https:\/\/www.comercialanma.es\/index.php?rest_route=\/wp\/v2\/types\/product"}],"version-history":[{"count":1,"href":"https:\/\/www.comercialanma.es\/index.php?rest_route=\/wp\/v2\/product\/20811\/revisions"}],"predecessor-version":[{"id":20812,"href":"https:\/\/www.comercialanma.es\/index.php?rest_route=\/wp\/v2\/product\/20811\/revisions\/20812"}],"wp:featuredmedia":[{"embeddable":true,"href":"https:\/\/www.comercialanma.es\/index.php?rest_route=\/wp\/v2\/media\/20808"}],"wp:attachment":[{"href":"https:\/\/www.comercialanma.es\/index.php?rest_route=%2Fwp%2Fv2%2Fmedia&parent=20811"}],"curies":[{"name":"wp","href":"https:\/\/api.w.org\/{rel}","templated":true}]}}