
{"id":20837,"date":"2022-01-10T15:47:14","date_gmt":"2022-01-10T14:47:14","guid":{"rendered":"https:\/\/www.comercialanma.es\/?post_type=product&#038;p=20837"},"modified":"2022-01-10T15:50:19","modified_gmt":"2022-01-10T14:50:19","slug":"plato-postre-naos-20","status":"publish","type":"product","link":"https:\/\/www.comercialanma.es\/?product=plato-postre-naos-20","title":{"rendered":"Plato postre Naos Blue 20cm."},"content":{"rendered":"<p>Plato postre azul fabricado en vitroporcelana de la mejor calidad. Este plato pertenece a la colecci\u00f3n Naos Blue de Qualitat.<br \/>\nEste precioso color azul de la vajilla ha sido aplicado a mano, lo que hacen que cada pieza de esta colecci\u00f3n sea completamente \u00fanica. Puede combinar este plato con otros de la misma colecci\u00f3n Naos, lo que le permitir\u00e1 mezclar varios colores y tama\u00f1os, d\u00e1ndole la oportunidad al chef de ofrecer una nueva perspectiva a sus platos.<\/p>\n","protected":false},"excerpt":{"rendered":"<ul>\n<li>Tama\u00f1o: 20 cent\u00edmetros<\/li>\n<li>Pack de 6 unidades<\/li>\n<li>Apto para microhondas y lavavajillas<\/li>\n<li>Acabado en brillo<\/li>\n<\/ul>\n","protected":false},"featured_media":20838,"template":"","meta":{"spay_email":""},"yoast_head":"<!-- This site is optimized with the Yoast SEO plugin v15.9 - https:\/\/yoast.com\/wordpress\/plugins\/seo\/ -->\n<title>Plato postre Naos Blue 20cm. - Comercial de Hosteleria Anma<\/title>\n<meta name=\"description\" content=\"Plato postre Naos Blue | Quality | 20cm.| Ha sido aplicado a mano, lo que hacen que cada pieza de esta colecci\u00f3n sea completamente \u00fanica.\" \/>\n<meta name=\"robots\" content=\"index, follow, max-snippet:-1, max-image-preview:large, max-video-preview:-1\" \/>\n<link rel=\"canonical\" href=\"https:\/\/www.comercialanma.es\/?product=plato-postre-naos-20\" \/>\n<meta property=\"og:locale\" content=\"es_ES\" \/>\n<meta property=\"og:type\" content=\"article\" \/>\n<meta property=\"og:title\" content=\"Plato postre Naos Blue 20cm. - Comercial de Hosteleria Anma\" \/>\n<meta property=\"og:description\" content=\"Plato postre Naos Blue | Quality | 20cm.| Ha sido aplicado a mano, lo que hacen que cada pieza de esta colecci\u00f3n sea completamente \u00fanica.\" \/>\n<meta property=\"og:url\" content=\"https:\/\/www.comercialanma.es\/?product=plato-postre-naos-20\" \/>\n<meta property=\"og:site_name\" content=\"Comercial de Hosteleria Anma\" \/>\n<meta property=\"article:publisher\" content=\"https:\/\/www.facebook.com\/AnmaHosteleria\" \/>\n<meta property=\"article:modified_time\" content=\"2022-01-10T14:50:19+00:00\" \/>\n<meta property=\"og:image\" content=\"https:\/\/i0.wp.com\/www.comercialanma.es\/wp-content\/uploads\/2022\/01\/plato-postre-naos-20cm.jpg?fit=1080%2C1080&#038;ssl=1\" \/>\n\t<meta property=\"og:image:width\" content=\"1080\" \/>\n\t<meta property=\"og:image:height\" content=\"1080\" \/>\n<meta name=\"twitter:card\" content=\"summary_large_image\" \/>\n<meta name=\"twitter:label1\" content=\"Tiempo de lectura\">\n\t<meta name=\"twitter:data1\" content=\"1 minuto\">\n<script type=\"application\/ld+json\" class=\"yoast-schema-graph\">{\"@context\":\"https:\/\/schema.org\",\"@graph\":[{\"@type\":\"Organization\",\"@id\":\"https:\/\/www.comercialanma.es\/#organization\",\"name\":\"Comercial Anma\",\"url\":\"https:\/\/www.comercialanma.es\/\",\"sameAs\":[\"https:\/\/www.facebook.com\/AnmaHosteleria\",\"https:\/\/www.instagram.com\/anmahosteleria\/?hl=es\",\"https:\/\/www.youtube.com\/channel\/UCT2nmn08Ntks0hmpZPnDgCA\"],\"logo\":{\"@type\":\"ImageObject\",\"@id\":\"https:\/\/www.comercialanma.es\/#logo\",\"inLanguage\":\"es\",\"url\":\"https:\/\/i2.wp.com\/www.comercialanma.es\/wp-content\/uploads\/2019\/06\/logo-anma-color.png?fit=247%2C101&ssl=1\",\"width\":247,\"height\":101,\"caption\":\"Comercial Anma\"},\"image\":{\"@id\":\"https:\/\/www.comercialanma.es\/#logo\"}},{\"@type\":\"WebSite\",\"@id\":\"https:\/\/www.comercialanma.es\/#website\",\"url\":\"https:\/\/www.comercialanma.es\/\",\"name\":\"Comercial de Hosteleria Anma\",\"description\":\"\",\"publisher\":{\"@id\":\"https:\/\/www.comercialanma.es\/#organization\"},\"potentialAction\":[{\"@type\":\"SearchAction\",\"target\":\"https:\/\/www.comercialanma.es\/?s={search_term_string}\",\"query-input\":\"required name=search_term_string\"}],\"inLanguage\":\"es\"},{\"@type\":\"ImageObject\",\"@id\":\"https:\/\/www.comercialanma.es\/?product=plato-postre-naos-20#primaryimage\",\"inLanguage\":\"es\",\"url\":\"https:\/\/i0.wp.com\/www.comercialanma.es\/wp-content\/uploads\/2022\/01\/plato-postre-naos-20cm.jpg?fit=1080%2C1080&ssl=1\",\"width\":1080,\"height\":1080},{\"@type\":\"WebPage\",\"@id\":\"https:\/\/www.comercialanma.es\/?product=plato-postre-naos-20#webpage\",\"url\":\"https:\/\/www.comercialanma.es\/?product=plato-postre-naos-20\",\"name\":\"Plato postre Naos Blue 20cm. - Comercial de Hosteleria Anma\",\"isPartOf\":{\"@id\":\"https:\/\/www.comercialanma.es\/#website\"},\"primaryImageOfPage\":{\"@id\":\"https:\/\/www.comercialanma.es\/?product=plato-postre-naos-20#primaryimage\"},\"datePublished\":\"2022-01-10T14:47:14+00:00\",\"dateModified\":\"2022-01-10T14:50:19+00:00\",\"description\":\"Plato postre Naos Blue | Quality | 20cm.| Ha sido aplicado a mano, lo que hacen que cada pieza de esta colecci\\u00f3n sea completamente \\u00fanica.\",\"breadcrumb\":{\"@id\":\"https:\/\/www.comercialanma.es\/?product=plato-postre-naos-20#breadcrumb\"},\"inLanguage\":\"es\",\"potentialAction\":[{\"@type\":\"ReadAction\",\"target\":[\"https:\/\/www.comercialanma.es\/?product=plato-postre-naos-20\"]}]},{\"@type\":\"BreadcrumbList\",\"@id\":\"https:\/\/www.comercialanma.es\/?product=plato-postre-naos-20#breadcrumb\",\"itemListElement\":[{\"@type\":\"ListItem\",\"position\":1,\"item\":{\"@type\":\"WebPage\",\"@id\":\"https:\/\/www.comercialanma.es\/\",\"url\":\"https:\/\/www.comercialanma.es\/\",\"name\":\"Portada\"}},{\"@type\":\"ListItem\",\"position\":2,\"item\":{\"@type\":\"WebPage\",\"@id\":\"https:\/\/www.comercialanma.es\/?page_id=3963\",\"url\":\"https:\/\/www.comercialanma.es\/?page_id=3963\",\"name\":\"Cat\\u00e1logo de Productos\"}},{\"@type\":\"ListItem\",\"position\":3,\"item\":{\"@type\":\"WebPage\",\"@id\":\"https:\/\/www.comercialanma.es\/?product=plato-postre-naos-20\",\"url\":\"https:\/\/www.comercialanma.es\/?product=plato-postre-naos-20\",\"name\":\"Plato postre Naos Blue 20cm.\"}}]}]}<\/script>\n<!-- \/ Yoast SEO plugin. -->","_links":{"self":[{"href":"https:\/\/www.comercialanma.es\/index.php?rest_route=\/wp\/v2\/product\/20837"}],"collection":[{"href":"https:\/\/www.comercialanma.es\/index.php?rest_route=\/wp\/v2\/product"}],"about":[{"href":"https:\/\/www.comercialanma.es\/index.php?rest_route=\/wp\/v2\/types\/product"}],"version-history":[{"count":1,"href":"https:\/\/www.comercialanma.es\/index.php?rest_route=\/wp\/v2\/product\/20837\/revisions"}],"predecessor-version":[{"id":20839,"href":"https:\/\/www.comercialanma.es\/index.php?rest_route=\/wp\/v2\/product\/20837\/revisions\/20839"}],"wp:featuredmedia":[{"embeddable":true,"href":"https:\/\/www.comercialanma.es\/index.php?rest_route=\/wp\/v2\/media\/20838"}],"wp:attachment":[{"href":"https:\/\/www.comercialanma.es\/index.php?rest_route=%2Fwp%2Fv2%2Fmedia&parent=20837"}],"curies":[{"name":"wp","href":"https:\/\/api.w.org\/{rel}","templated":true}]}}