
{"id":21376,"date":"2022-06-17T12:44:43","date_gmt":"2022-06-17T10:44:43","guid":{"rendered":"https:\/\/www.comercialanma.es\/?post_type=product&#038;p=21376"},"modified":"2022-06-20T08:18:33","modified_gmt":"2022-06-20T06:18:33","slug":"all-i-oli-tarrina-millas-200ml","status":"publish","type":"product","link":"https:\/\/www.comercialanma.es\/?product=all-i-oli-tarrina-millas-200ml","title":{"rendered":"All i oli tarrina Mill\u00e1s 200ml."},"content":{"rendered":"<ul>\n<li>Fabricante: Mill\u00e1s<\/li>\n<li>Formato: Tarrina<\/li>\n<li>Envase: 200ml.<\/li>\n<\/ul>\n","protected":false},"excerpt":{"rendered":"<div>\n<p>Salsa All i oli Mill\u00e1s tarrina | 200ml.<\/p>\n<p>Salsa de origen mediterr\u00e1neo, utilizada como ingrediente y aderezo de m\u00faltiples platos de carne, pescado, arroces, ensaladas, en frio o en caliente, gratinado\u2026 EL ALLIOLI MILL\u00c0S destaca por emplear AJOS FRESCOS en su elaboraci\u00f3n y por su justo equilibrio entre aceite de girasol y el ACEITE DE OLIVA VIRGEN EXTRA.<\/p>\n<p>Caracter\u00edsticas: Emulsi\u00f3n de aceite con ajo natural y huevo, consistencia elevada, color blanco. Olor y sabor caracter\u00edstico a ajo natural.<\/p>\n<\/div>\n","protected":false},"featured_media":21377,"template":"","meta":{"spay_email":""},"yoast_head":"<!-- This site is optimized with the Yoast SEO plugin v15.9 - https:\/\/yoast.com\/wordpress\/plugins\/seo\/ -->\n<title>All i oli tarrina Mill\u00e1s 200ml. - Comercial de Hosteleria Anma<\/title>\n<meta name=\"description\" content=\"Salsa All i oli Mill\u00e1s tarrina | 200ml. | Salsa de origen mediterr\u00e1neo, utilizada como ingrediente y aderezo.\" \/>\n<meta name=\"robots\" content=\"index, follow, max-snippet:-1, max-image-preview:large, max-video-preview:-1\" \/>\n<link rel=\"canonical\" href=\"https:\/\/www.comercialanma.es\/?product=all-i-oli-tarrina-millas-200ml\" \/>\n<meta property=\"og:locale\" content=\"es_ES\" \/>\n<meta property=\"og:type\" content=\"article\" \/>\n<meta property=\"og:title\" content=\"All i oli tarrina Mill\u00e1s 200ml. - Comercial de Hosteleria Anma\" \/>\n<meta property=\"og:description\" content=\"Salsa All i oli Mill\u00e1s tarrina | 200ml. | Salsa de origen mediterr\u00e1neo, utilizada como ingrediente y aderezo.\" \/>\n<meta property=\"og:url\" content=\"https:\/\/www.comercialanma.es\/?product=all-i-oli-tarrina-millas-200ml\" \/>\n<meta property=\"og:site_name\" content=\"Comercial de Hosteleria Anma\" \/>\n<meta property=\"article:publisher\" content=\"https:\/\/www.facebook.com\/AnmaHosteleria\" \/>\n<meta property=\"article:modified_time\" content=\"2022-06-20T06:18:33+00:00\" \/>\n<meta property=\"og:image\" content=\"https:\/\/i0.wp.com\/www.comercialanma.es\/wp-content\/uploads\/2022\/06\/tarrina-all-i-oli-millas-200.jpg?fit=1080%2C1080&#038;ssl=1\" \/>\n\t<meta property=\"og:image:width\" content=\"1080\" \/>\n\t<meta property=\"og:image:height\" content=\"1080\" \/>\n<meta name=\"twitter:card\" content=\"summary_large_image\" \/>\n<meta name=\"twitter:label1\" content=\"Tiempo de lectura\">\n\t<meta name=\"twitter:data1\" content=\"1 minuto\">\n<script type=\"application\/ld+json\" class=\"yoast-schema-graph\">{\"@context\":\"https:\/\/schema.org\",\"@graph\":[{\"@type\":\"Organization\",\"@id\":\"https:\/\/www.comercialanma.es\/#organization\",\"name\":\"Comercial Anma\",\"url\":\"https:\/\/www.comercialanma.es\/\",\"sameAs\":[\"https:\/\/www.facebook.com\/AnmaHosteleria\",\"https:\/\/www.instagram.com\/anmahosteleria\/?hl=es\",\"https:\/\/www.youtube.com\/channel\/UCT2nmn08Ntks0hmpZPnDgCA\"],\"logo\":{\"@type\":\"ImageObject\",\"@id\":\"https:\/\/www.comercialanma.es\/#logo\",\"inLanguage\":\"es\",\"url\":\"https:\/\/i2.wp.com\/www.comercialanma.es\/wp-content\/uploads\/2019\/06\/logo-anma-color.png?fit=247%2C101&ssl=1\",\"width\":247,\"height\":101,\"caption\":\"Comercial Anma\"},\"image\":{\"@id\":\"https:\/\/www.comercialanma.es\/#logo\"}},{\"@type\":\"WebSite\",\"@id\":\"https:\/\/www.comercialanma.es\/#website\",\"url\":\"https:\/\/www.comercialanma.es\/\",\"name\":\"Comercial de Hosteleria Anma\",\"description\":\"\",\"publisher\":{\"@id\":\"https:\/\/www.comercialanma.es\/#organization\"},\"potentialAction\":[{\"@type\":\"SearchAction\",\"target\":\"https:\/\/www.comercialanma.es\/?s={search_term_string}\",\"query-input\":\"required name=search_term_string\"}],\"inLanguage\":\"es\"},{\"@type\":\"ImageObject\",\"@id\":\"https:\/\/www.comercialanma.es\/?product=all-i-oli-tarrina-millas-200ml#primaryimage\",\"inLanguage\":\"es\",\"url\":\"https:\/\/i0.wp.com\/www.comercialanma.es\/wp-content\/uploads\/2022\/06\/tarrina-all-i-oli-millas-200.jpg?fit=1080%2C1080&ssl=1\",\"width\":1080,\"height\":1080},{\"@type\":\"WebPage\",\"@id\":\"https:\/\/www.comercialanma.es\/?product=all-i-oli-tarrina-millas-200ml#webpage\",\"url\":\"https:\/\/www.comercialanma.es\/?product=all-i-oli-tarrina-millas-200ml\",\"name\":\"All i oli tarrina Mill\\u00e1s 200ml. - Comercial de Hosteleria Anma\",\"isPartOf\":{\"@id\":\"https:\/\/www.comercialanma.es\/#website\"},\"primaryImageOfPage\":{\"@id\":\"https:\/\/www.comercialanma.es\/?product=all-i-oli-tarrina-millas-200ml#primaryimage\"},\"datePublished\":\"2022-06-17T10:44:43+00:00\",\"dateModified\":\"2022-06-20T06:18:33+00:00\",\"description\":\"Salsa All i oli Mill\\u00e1s tarrina | 200ml. | Salsa de origen mediterr\\u00e1neo, utilizada como ingrediente y aderezo.\",\"breadcrumb\":{\"@id\":\"https:\/\/www.comercialanma.es\/?product=all-i-oli-tarrina-millas-200ml#breadcrumb\"},\"inLanguage\":\"es\",\"potentialAction\":[{\"@type\":\"ReadAction\",\"target\":[\"https:\/\/www.comercialanma.es\/?product=all-i-oli-tarrina-millas-200ml\"]}]},{\"@type\":\"BreadcrumbList\",\"@id\":\"https:\/\/www.comercialanma.es\/?product=all-i-oli-tarrina-millas-200ml#breadcrumb\",\"itemListElement\":[{\"@type\":\"ListItem\",\"position\":1,\"item\":{\"@type\":\"WebPage\",\"@id\":\"https:\/\/www.comercialanma.es\/\",\"url\":\"https:\/\/www.comercialanma.es\/\",\"name\":\"Portada\"}},{\"@type\":\"ListItem\",\"position\":2,\"item\":{\"@type\":\"WebPage\",\"@id\":\"https:\/\/www.comercialanma.es\/?page_id=3963\",\"url\":\"https:\/\/www.comercialanma.es\/?page_id=3963\",\"name\":\"Cat\\u00e1logo de Productos\"}},{\"@type\":\"ListItem\",\"position\":3,\"item\":{\"@type\":\"WebPage\",\"@id\":\"https:\/\/www.comercialanma.es\/?product=all-i-oli-tarrina-millas-200ml\",\"url\":\"https:\/\/www.comercialanma.es\/?product=all-i-oli-tarrina-millas-200ml\",\"name\":\"All i oli tarrina Mill\\u00e1s 200ml.\"}}]}]}<\/script>\n<!-- \/ Yoast SEO plugin. -->","_links":{"self":[{"href":"https:\/\/www.comercialanma.es\/index.php?rest_route=\/wp\/v2\/product\/21376"}],"collection":[{"href":"https:\/\/www.comercialanma.es\/index.php?rest_route=\/wp\/v2\/product"}],"about":[{"href":"https:\/\/www.comercialanma.es\/index.php?rest_route=\/wp\/v2\/types\/product"}],"version-history":[{"count":1,"href":"https:\/\/www.comercialanma.es\/index.php?rest_route=\/wp\/v2\/product\/21376\/revisions"}],"predecessor-version":[{"id":21378,"href":"https:\/\/www.comercialanma.es\/index.php?rest_route=\/wp\/v2\/product\/21376\/revisions\/21378"}],"wp:featuredmedia":[{"embeddable":true,"href":"https:\/\/www.comercialanma.es\/index.php?rest_route=\/wp\/v2\/media\/21377"}],"wp:attachment":[{"href":"https:\/\/www.comercialanma.es\/index.php?rest_route=%2Fwp%2Fv2%2Fmedia&parent=21376"}],"curies":[{"name":"wp","href":"https:\/\/api.w.org\/{rel}","templated":true}]}}