
{"id":21502,"date":"2022-07-08T10:25:04","date_gmt":"2022-07-08T08:25:04","guid":{"rendered":"https:\/\/www.comercialanma.es\/?post_type=product&#038;p=21502"},"modified":"2022-07-25T17:24:43","modified_gmt":"2022-07-25T15:24:43","slug":"bol-cana-azucar-350ml","status":"publish","type":"product","link":"https:\/\/www.comercialanma.es\/?product=bol-cana-azucar-350ml","title":{"rendered":"Bol ca\u00f1a az\u00facar 350ml."},"content":{"rendered":"<ul>\n<li>Biodegradable<\/li>\n<li>Color: blanco<\/li>\n<li>Medida: 350ml.<\/li>\n<li>Envase: Retractilado<\/li>\n<\/ul>\n","protected":false},"excerpt":{"rendered":"<p>Bol ca\u00f1a az\u00facar biodegradable | Betik | 350ml.| 50u. |<\/p>\n<p>Los Bol de Pulpa de Ca\u00f1a de Az\u00facar destacan por ser respetuosas con el medio ambiente, ecol\u00f3gicos, resistentes y aptas para usar en microondas. Los bol desechables Ecol\u00f3gicos de Ca\u00f1a de Az\u00facar son ideales para eventos y fiestas al aire libre.<\/p>\n","protected":false},"featured_media":15415,"template":"","meta":{"spay_email":""},"yoast_head":"<!-- This site is optimized with the Yoast SEO plugin v15.9 - https:\/\/yoast.com\/wordpress\/plugins\/seo\/ -->\n<title>Bol ca\u00f1a az\u00facar 350ml. - Comercial de Hosteleria Anma<\/title>\n<meta name=\"description\" content=\"Bol ca\u00f1a az\u00facar biodegradable | Betik | 350ml.| 50u. | Ecol\u00f3gicos, resistentes y aptos para usar en microondas.\" \/>\n<meta name=\"robots\" content=\"index, follow, max-snippet:-1, max-image-preview:large, max-video-preview:-1\" \/>\n<link rel=\"canonical\" href=\"https:\/\/www.comercialanma.es\/?product=bol-cana-azucar-350ml\" \/>\n<meta property=\"og:locale\" content=\"es_ES\" \/>\n<meta property=\"og:type\" content=\"article\" \/>\n<meta property=\"og:title\" content=\"Bol ca\u00f1a az\u00facar 350ml. - Comercial de Hosteleria Anma\" \/>\n<meta property=\"og:description\" content=\"Bol ca\u00f1a az\u00facar biodegradable | Betik | 350ml.| 50u. | Ecol\u00f3gicos, resistentes y aptos para usar en microondas.\" \/>\n<meta property=\"og:url\" content=\"https:\/\/www.comercialanma.es\/?product=bol-cana-azucar-350ml\" \/>\n<meta property=\"og:site_name\" content=\"Comercial de Hosteleria Anma\" \/>\n<meta property=\"article:publisher\" content=\"https:\/\/www.facebook.com\/AnmaHosteleria\" \/>\n<meta property=\"article:modified_time\" content=\"2022-07-25T15:24:43+00:00\" \/>\n<meta property=\"og:image\" content=\"https:\/\/i2.wp.com\/www.comercialanma.es\/wp-content\/uploads\/2021\/02\/bol-can\u0303a-azucar-400ml.jpg?fit=1080%2C1080&#038;ssl=1\" \/>\n\t<meta property=\"og:image:width\" content=\"1080\" \/>\n\t<meta property=\"og:image:height\" content=\"1080\" \/>\n<meta name=\"twitter:card\" content=\"summary_large_image\" \/>\n<meta name=\"twitter:label1\" content=\"Tiempo de lectura\">\n\t<meta name=\"twitter:data1\" content=\"1 minuto\">\n<script type=\"application\/ld+json\" class=\"yoast-schema-graph\">{\"@context\":\"https:\/\/schema.org\",\"@graph\":[{\"@type\":\"Organization\",\"@id\":\"https:\/\/www.comercialanma.es\/#organization\",\"name\":\"Comercial Anma\",\"url\":\"https:\/\/www.comercialanma.es\/\",\"sameAs\":[\"https:\/\/www.facebook.com\/AnmaHosteleria\",\"https:\/\/www.instagram.com\/anmahosteleria\/?hl=es\",\"https:\/\/www.youtube.com\/channel\/UCT2nmn08Ntks0hmpZPnDgCA\"],\"logo\":{\"@type\":\"ImageObject\",\"@id\":\"https:\/\/www.comercialanma.es\/#logo\",\"inLanguage\":\"es\",\"url\":\"https:\/\/i2.wp.com\/www.comercialanma.es\/wp-content\/uploads\/2019\/06\/logo-anma-color.png?fit=247%2C101&ssl=1\",\"width\":247,\"height\":101,\"caption\":\"Comercial Anma\"},\"image\":{\"@id\":\"https:\/\/www.comercialanma.es\/#logo\"}},{\"@type\":\"WebSite\",\"@id\":\"https:\/\/www.comercialanma.es\/#website\",\"url\":\"https:\/\/www.comercialanma.es\/\",\"name\":\"Comercial de Hosteleria Anma\",\"description\":\"\",\"publisher\":{\"@id\":\"https:\/\/www.comercialanma.es\/#organization\"},\"potentialAction\":[{\"@type\":\"SearchAction\",\"target\":\"https:\/\/www.comercialanma.es\/?s={search_term_string}\",\"query-input\":\"required name=search_term_string\"}],\"inLanguage\":\"es\"},{\"@type\":\"ImageObject\",\"@id\":\"https:\/\/www.comercialanma.es\/?product=bol-cana-azucar-350ml#primaryimage\",\"inLanguage\":\"es\",\"url\":\"https:\/\/i2.wp.com\/www.comercialanma.es\/wp-content\/uploads\/2021\/02\/bol-can\\u0303a-azucar-400ml.jpg?fit=1080%2C1080&ssl=1\",\"width\":1080,\"height\":1080},{\"@type\":\"WebPage\",\"@id\":\"https:\/\/www.comercialanma.es\/?product=bol-cana-azucar-350ml#webpage\",\"url\":\"https:\/\/www.comercialanma.es\/?product=bol-cana-azucar-350ml\",\"name\":\"Bol ca\\u00f1a az\\u00facar 350ml. - Comercial de Hosteleria Anma\",\"isPartOf\":{\"@id\":\"https:\/\/www.comercialanma.es\/#website\"},\"primaryImageOfPage\":{\"@id\":\"https:\/\/www.comercialanma.es\/?product=bol-cana-azucar-350ml#primaryimage\"},\"datePublished\":\"2022-07-08T08:25:04+00:00\",\"dateModified\":\"2022-07-25T15:24:43+00:00\",\"description\":\"Bol ca\\u00f1a az\\u00facar biodegradable | Betik | 350ml.| 50u. | Ecol\\u00f3gicos, resistentes y aptos para usar en microondas.\",\"breadcrumb\":{\"@id\":\"https:\/\/www.comercialanma.es\/?product=bol-cana-azucar-350ml#breadcrumb\"},\"inLanguage\":\"es\",\"potentialAction\":[{\"@type\":\"ReadAction\",\"target\":[\"https:\/\/www.comercialanma.es\/?product=bol-cana-azucar-350ml\"]}]},{\"@type\":\"BreadcrumbList\",\"@id\":\"https:\/\/www.comercialanma.es\/?product=bol-cana-azucar-350ml#breadcrumb\",\"itemListElement\":[{\"@type\":\"ListItem\",\"position\":1,\"item\":{\"@type\":\"WebPage\",\"@id\":\"https:\/\/www.comercialanma.es\/\",\"url\":\"https:\/\/www.comercialanma.es\/\",\"name\":\"Portada\"}},{\"@type\":\"ListItem\",\"position\":2,\"item\":{\"@type\":\"WebPage\",\"@id\":\"https:\/\/www.comercialanma.es\/?page_id=3963\",\"url\":\"https:\/\/www.comercialanma.es\/?page_id=3963\",\"name\":\"Cat\\u00e1logo de Productos\"}},{\"@type\":\"ListItem\",\"position\":3,\"item\":{\"@type\":\"WebPage\",\"@id\":\"https:\/\/www.comercialanma.es\/?product=bol-cana-azucar-350ml\",\"url\":\"https:\/\/www.comercialanma.es\/?product=bol-cana-azucar-350ml\",\"name\":\"Bol ca\\u00f1a az\\u00facar 350ml.\"}}]}]}<\/script>\n<!-- \/ Yoast SEO plugin. -->","_links":{"self":[{"href":"https:\/\/www.comercialanma.es\/index.php?rest_route=\/wp\/v2\/product\/21502"}],"collection":[{"href":"https:\/\/www.comercialanma.es\/index.php?rest_route=\/wp\/v2\/product"}],"about":[{"href":"https:\/\/www.comercialanma.es\/index.php?rest_route=\/wp\/v2\/types\/product"}],"version-history":[{"count":3,"href":"https:\/\/www.comercialanma.es\/index.php?rest_route=\/wp\/v2\/product\/21502\/revisions"}],"predecessor-version":[{"id":21740,"href":"https:\/\/www.comercialanma.es\/index.php?rest_route=\/wp\/v2\/product\/21502\/revisions\/21740"}],"wp:featuredmedia":[{"embeddable":true,"href":"https:\/\/www.comercialanma.es\/index.php?rest_route=\/wp\/v2\/media\/15415"}],"wp:attachment":[{"href":"https:\/\/www.comercialanma.es\/index.php?rest_route=%2Fwp%2Fv2%2Fmedia&parent=21502"}],"curies":[{"name":"wp","href":"https:\/\/api.w.org\/{rel}","templated":true}]}}