
{"id":22004,"date":"2023-01-03T12:50:14","date_gmt":"2023-01-03T11:50:14","guid":{"rendered":"https:\/\/www.comercialanma.es\/?post_type=product&#038;p=22004"},"modified":"2023-01-03T12:55:54","modified_gmt":"2023-01-03T11:55:54","slug":"porta-paella-62","status":"publish","type":"product","link":"https:\/\/www.comercialanma.es\/?product=porta-paella-62","title":{"rendered":"CAJA PORTA-PAELLAS KRAFT 62.5CM PACK 25"},"content":{"rendered":"<p class=\"h1 product-detail-name\"><strong>Medida:<\/strong> 62,5 cm.<\/p>\n<p class=\"h1 product-detail-name\"><strong>Envase:<\/strong> Pack 25 unidades<\/p>\n<p class=\"h1 product-detail-name\"><strong>Material:<\/strong> Kraft<\/p>\n","protected":false},"excerpt":{"rendered":"<p>Caja porta paellas cart\u00f3n eco kraft de 62,5cm. Una soluci\u00f3n pr\u00e1ctica, ecol\u00f3gica y econ\u00f3mica para transportar paellas con total seguridad evitando derrames, con ranuras para las asas de la paellera y agujeros de ventilaci\u00f3n para evitar la sobre cocci\u00f3n.<\/p>\n","protected":false},"featured_media":22005,"template":"","meta":{"spay_email":""},"yoast_head":"<!-- This site is optimized with the Yoast SEO plugin v15.9 - https:\/\/yoast.com\/wordpress\/plugins\/seo\/ -->\n<title>CAJA PORTA-PAELLAS KRAFT 62.5CM PACK 25 - Comercial de Hosteleria Anma<\/title>\n<meta name=\"description\" content=\"Caja porta paella kraft | 25u. | 62,5cm.| Soluci\u00f3n pr\u00e1ctica, ecol\u00f3gica y econ\u00f3mica para transportar paellas con total seguridad.\" \/>\n<meta name=\"robots\" content=\"index, follow, max-snippet:-1, max-image-preview:large, max-video-preview:-1\" \/>\n<link rel=\"canonical\" href=\"https:\/\/www.comercialanma.es\/?product=porta-paella-62\" \/>\n<meta property=\"og:locale\" content=\"es_ES\" \/>\n<meta property=\"og:type\" content=\"article\" \/>\n<meta property=\"og:title\" content=\"CAJA PORTA-PAELLAS KRAFT 62.5CM PACK 25 - Comercial de Hosteleria Anma\" \/>\n<meta property=\"og:description\" content=\"Caja porta paella kraft | 25u. | 62,5cm.| Soluci\u00f3n pr\u00e1ctica, ecol\u00f3gica y econ\u00f3mica para transportar paellas con total seguridad.\" \/>\n<meta property=\"og:url\" content=\"https:\/\/www.comercialanma.es\/?product=porta-paella-62\" \/>\n<meta property=\"og:site_name\" content=\"Comercial de Hosteleria Anma\" \/>\n<meta property=\"article:publisher\" content=\"https:\/\/www.facebook.com\/AnmaHosteleria\" \/>\n<meta property=\"article:modified_time\" content=\"2023-01-03T11:55:54+00:00\" \/>\n<meta property=\"og:image\" content=\"https:\/\/i0.wp.com\/www.comercialanma.es\/wp-content\/uploads\/2023\/01\/Caja-porta-paella-kraft.jpg?fit=1080%2C1080&#038;ssl=1\" \/>\n\t<meta property=\"og:image:width\" content=\"1080\" \/>\n\t<meta property=\"og:image:height\" content=\"1080\" \/>\n<meta name=\"twitter:card\" content=\"summary_large_image\" \/>\n<meta name=\"twitter:label1\" content=\"Tiempo de lectura\">\n\t<meta name=\"twitter:data1\" content=\"1 minuto\">\n<script type=\"application\/ld+json\" class=\"yoast-schema-graph\">{\"@context\":\"https:\/\/schema.org\",\"@graph\":[{\"@type\":\"Organization\",\"@id\":\"https:\/\/www.comercialanma.es\/#organization\",\"name\":\"Comercial Anma\",\"url\":\"https:\/\/www.comercialanma.es\/\",\"sameAs\":[\"https:\/\/www.facebook.com\/AnmaHosteleria\",\"https:\/\/www.instagram.com\/anmahosteleria\/?hl=es\",\"https:\/\/www.youtube.com\/channel\/UCT2nmn08Ntks0hmpZPnDgCA\"],\"logo\":{\"@type\":\"ImageObject\",\"@id\":\"https:\/\/www.comercialanma.es\/#logo\",\"inLanguage\":\"es\",\"url\":\"https:\/\/i2.wp.com\/www.comercialanma.es\/wp-content\/uploads\/2019\/06\/logo-anma-color.png?fit=247%2C101&ssl=1\",\"width\":247,\"height\":101,\"caption\":\"Comercial Anma\"},\"image\":{\"@id\":\"https:\/\/www.comercialanma.es\/#logo\"}},{\"@type\":\"WebSite\",\"@id\":\"https:\/\/www.comercialanma.es\/#website\",\"url\":\"https:\/\/www.comercialanma.es\/\",\"name\":\"Comercial de Hosteleria Anma\",\"description\":\"\",\"publisher\":{\"@id\":\"https:\/\/www.comercialanma.es\/#organization\"},\"potentialAction\":[{\"@type\":\"SearchAction\",\"target\":\"https:\/\/www.comercialanma.es\/?s={search_term_string}\",\"query-input\":\"required name=search_term_string\"}],\"inLanguage\":\"es\"},{\"@type\":\"ImageObject\",\"@id\":\"https:\/\/www.comercialanma.es\/?product=porta-paella-62#primaryimage\",\"inLanguage\":\"es\",\"url\":\"https:\/\/i0.wp.com\/www.comercialanma.es\/wp-content\/uploads\/2023\/01\/Caja-porta-paella-kraft.jpg?fit=1080%2C1080&ssl=1\",\"width\":1080,\"height\":1080},{\"@type\":\"WebPage\",\"@id\":\"https:\/\/www.comercialanma.es\/?product=porta-paella-62#webpage\",\"url\":\"https:\/\/www.comercialanma.es\/?product=porta-paella-62\",\"name\":\"CAJA PORTA-PAELLAS KRAFT 62.5CM PACK 25 - Comercial de Hosteleria Anma\",\"isPartOf\":{\"@id\":\"https:\/\/www.comercialanma.es\/#website\"},\"primaryImageOfPage\":{\"@id\":\"https:\/\/www.comercialanma.es\/?product=porta-paella-62#primaryimage\"},\"datePublished\":\"2023-01-03T11:50:14+00:00\",\"dateModified\":\"2023-01-03T11:55:54+00:00\",\"description\":\"Caja porta paella kraft | 25u. | 62,5cm.| Soluci\\u00f3n pr\\u00e1ctica, ecol\\u00f3gica y econ\\u00f3mica para transportar paellas con total seguridad.\",\"breadcrumb\":{\"@id\":\"https:\/\/www.comercialanma.es\/?product=porta-paella-62#breadcrumb\"},\"inLanguage\":\"es\",\"potentialAction\":[{\"@type\":\"ReadAction\",\"target\":[\"https:\/\/www.comercialanma.es\/?product=porta-paella-62\"]}]},{\"@type\":\"BreadcrumbList\",\"@id\":\"https:\/\/www.comercialanma.es\/?product=porta-paella-62#breadcrumb\",\"itemListElement\":[{\"@type\":\"ListItem\",\"position\":1,\"item\":{\"@type\":\"WebPage\",\"@id\":\"https:\/\/www.comercialanma.es\/\",\"url\":\"https:\/\/www.comercialanma.es\/\",\"name\":\"Portada\"}},{\"@type\":\"ListItem\",\"position\":2,\"item\":{\"@type\":\"WebPage\",\"@id\":\"https:\/\/www.comercialanma.es\/?page_id=3963\",\"url\":\"https:\/\/www.comercialanma.es\/?page_id=3963\",\"name\":\"Cat\\u00e1logo de Productos\"}},{\"@type\":\"ListItem\",\"position\":3,\"item\":{\"@type\":\"WebPage\",\"@id\":\"https:\/\/www.comercialanma.es\/?product=porta-paella-62\",\"url\":\"https:\/\/www.comercialanma.es\/?product=porta-paella-62\",\"name\":\"CAJA PORTA-PAELLAS KRAFT 62.5CM PACK 25\"}}]}]}<\/script>\n<!-- \/ Yoast SEO plugin. -->","_links":{"self":[{"href":"https:\/\/www.comercialanma.es\/index.php?rest_route=\/wp\/v2\/product\/22004"}],"collection":[{"href":"https:\/\/www.comercialanma.es\/index.php?rest_route=\/wp\/v2\/product"}],"about":[{"href":"https:\/\/www.comercialanma.es\/index.php?rest_route=\/wp\/v2\/types\/product"}],"version-history":[{"count":1,"href":"https:\/\/www.comercialanma.es\/index.php?rest_route=\/wp\/v2\/product\/22004\/revisions"}],"predecessor-version":[{"id":22006,"href":"https:\/\/www.comercialanma.es\/index.php?rest_route=\/wp\/v2\/product\/22004\/revisions\/22006"}],"wp:featuredmedia":[{"embeddable":true,"href":"https:\/\/www.comercialanma.es\/index.php?rest_route=\/wp\/v2\/media\/22005"}],"wp:attachment":[{"href":"https:\/\/www.comercialanma.es\/index.php?rest_route=%2Fwp%2Fv2%2Fmedia&parent=22004"}],"curies":[{"name":"wp","href":"https:\/\/api.w.org\/{rel}","templated":true}]}}