
{"id":22535,"date":"2023-09-19T17:40:52","date_gmt":"2023-09-19T15:40:52","guid":{"rendered":"https:\/\/www.comercialanma.es\/?post_type=product&#038;p=22535"},"modified":"2023-09-19T17:47:30","modified_gmt":"2023-09-19T15:47:30","slug":"centro-paleta-cebo-iberica-sanchez-bermejo","status":"publish","type":"product","link":"https:\/\/www.comercialanma.es\/?product=centro-paleta-cebo-iberica-sanchez-bermejo","title":{"rendered":"Centro paleta cebo ib\u00e9rica Sanchez Bermejo"},"content":{"rendered":"<ul>\n<li>Centro paleta cebo Ib\u00e9rica<\/li>\n<li>2,5Kg .\/Aprox.<\/li>\n<li>Curaci\u00f3n 20 meses.<\/li>\n<li>S\u00e1nchez Bermejo<\/li>\n<\/ul>\n","protected":false},"excerpt":{"rendered":"<p>La Paleta de Cebo Ib\u00e9rica proviene de cerdos ib\u00e9ricos seleccionados grasos y con edad, que permiten que se desarrolle tan exclusiva materia prima. Su curaci\u00f3n es de 20 meses, la cual tiene lugar en Salamanca en secaderos naturales, que se distingue por un aroma y sabor extraordinario<\/p>\n<p>&nbsp;<\/p>\n<p>&nbsp;<\/p>\n<p>&nbsp;<\/p>\n<p>&nbsp;<\/p>\n<p>&nbsp;<\/p>\n","protected":false},"featured_media":22536,"template":"","meta":{"spay_email":""},"yoast_head":"<!-- This site is optimized with the Yoast SEO plugin v15.9 - https:\/\/yoast.com\/wordpress\/plugins\/seo\/ -->\n<title>Centro paleta cebo ib\u00e9rica Sanchez Bermejo - Comercial de Hosteleria Anma<\/title>\n<meta name=\"description\" content=\"Centro paleta cebo ib\u00e9rica | Sanchez Bermejo | Proviene de cerdos ib\u00e9ricos seleccionados grasos. +20 meses de curaci\u00f3n.\" \/>\n<meta name=\"robots\" content=\"index, follow, max-snippet:-1, max-image-preview:large, max-video-preview:-1\" \/>\n<link rel=\"canonical\" href=\"https:\/\/www.comercialanma.es\/?product=centro-paleta-cebo-iberica-sanchez-bermejo\" \/>\n<meta property=\"og:locale\" content=\"es_ES\" \/>\n<meta property=\"og:type\" content=\"article\" \/>\n<meta property=\"og:title\" content=\"Centro paleta cebo ib\u00e9rica Sanchez Bermejo - Comercial de Hosteleria Anma\" \/>\n<meta property=\"og:description\" content=\"Centro paleta cebo ib\u00e9rica | Sanchez Bermejo | Proviene de cerdos ib\u00e9ricos seleccionados grasos. +20 meses de curaci\u00f3n.\" \/>\n<meta property=\"og:url\" content=\"https:\/\/www.comercialanma.es\/?product=centro-paleta-cebo-iberica-sanchez-bermejo\" \/>\n<meta property=\"og:site_name\" content=\"Comercial de Hosteleria Anma\" \/>\n<meta property=\"article:publisher\" content=\"https:\/\/www.facebook.com\/AnmaHosteleria\" \/>\n<meta property=\"article:modified_time\" content=\"2023-09-19T15:47:30+00:00\" \/>\n<meta property=\"og:image\" content=\"https:\/\/i2.wp.com\/www.comercialanma.es\/wp-content\/uploads\/2023\/09\/centro-paleta-iberica-cebo-sanchez-bermejo.jpg?fit=1080%2C1080&#038;ssl=1\" \/>\n\t<meta property=\"og:image:width\" content=\"1080\" \/>\n\t<meta property=\"og:image:height\" content=\"1080\" \/>\n<meta name=\"twitter:card\" content=\"summary_large_image\" \/>\n<meta name=\"twitter:label1\" content=\"Tiempo de lectura\">\n\t<meta name=\"twitter:data1\" content=\"1 minuto\">\n<script type=\"application\/ld+json\" class=\"yoast-schema-graph\">{\"@context\":\"https:\/\/schema.org\",\"@graph\":[{\"@type\":\"Organization\",\"@id\":\"https:\/\/www.comercialanma.es\/#organization\",\"name\":\"Comercial Anma\",\"url\":\"https:\/\/www.comercialanma.es\/\",\"sameAs\":[\"https:\/\/www.facebook.com\/AnmaHosteleria\",\"https:\/\/www.instagram.com\/anmahosteleria\/?hl=es\",\"https:\/\/www.youtube.com\/channel\/UCT2nmn08Ntks0hmpZPnDgCA\"],\"logo\":{\"@type\":\"ImageObject\",\"@id\":\"https:\/\/www.comercialanma.es\/#logo\",\"inLanguage\":\"es\",\"url\":\"https:\/\/i2.wp.com\/www.comercialanma.es\/wp-content\/uploads\/2019\/06\/logo-anma-color.png?fit=247%2C101&ssl=1\",\"width\":247,\"height\":101,\"caption\":\"Comercial Anma\"},\"image\":{\"@id\":\"https:\/\/www.comercialanma.es\/#logo\"}},{\"@type\":\"WebSite\",\"@id\":\"https:\/\/www.comercialanma.es\/#website\",\"url\":\"https:\/\/www.comercialanma.es\/\",\"name\":\"Comercial de Hosteleria Anma\",\"description\":\"\",\"publisher\":{\"@id\":\"https:\/\/www.comercialanma.es\/#organization\"},\"potentialAction\":[{\"@type\":\"SearchAction\",\"target\":\"https:\/\/www.comercialanma.es\/?s={search_term_string}\",\"query-input\":\"required name=search_term_string\"}],\"inLanguage\":\"es\"},{\"@type\":\"ImageObject\",\"@id\":\"https:\/\/www.comercialanma.es\/?product=centro-paleta-cebo-iberica-sanchez-bermejo#primaryimage\",\"inLanguage\":\"es\",\"url\":\"https:\/\/i2.wp.com\/www.comercialanma.es\/wp-content\/uploads\/2023\/09\/centro-paleta-iberica-cebo-sanchez-bermejo.jpg?fit=1080%2C1080&ssl=1\",\"width\":1080,\"height\":1080},{\"@type\":\"WebPage\",\"@id\":\"https:\/\/www.comercialanma.es\/?product=centro-paleta-cebo-iberica-sanchez-bermejo#webpage\",\"url\":\"https:\/\/www.comercialanma.es\/?product=centro-paleta-cebo-iberica-sanchez-bermejo\",\"name\":\"Centro paleta cebo ib\\u00e9rica Sanchez Bermejo - Comercial de Hosteleria Anma\",\"isPartOf\":{\"@id\":\"https:\/\/www.comercialanma.es\/#website\"},\"primaryImageOfPage\":{\"@id\":\"https:\/\/www.comercialanma.es\/?product=centro-paleta-cebo-iberica-sanchez-bermejo#primaryimage\"},\"datePublished\":\"2023-09-19T15:40:52+00:00\",\"dateModified\":\"2023-09-19T15:47:30+00:00\",\"description\":\"Centro paleta cebo ib\\u00e9rica | Sanchez Bermejo | Proviene de cerdos ib\\u00e9ricos seleccionados grasos. +20 meses de curaci\\u00f3n.\",\"breadcrumb\":{\"@id\":\"https:\/\/www.comercialanma.es\/?product=centro-paleta-cebo-iberica-sanchez-bermejo#breadcrumb\"},\"inLanguage\":\"es\",\"potentialAction\":[{\"@type\":\"ReadAction\",\"target\":[\"https:\/\/www.comercialanma.es\/?product=centro-paleta-cebo-iberica-sanchez-bermejo\"]}]},{\"@type\":\"BreadcrumbList\",\"@id\":\"https:\/\/www.comercialanma.es\/?product=centro-paleta-cebo-iberica-sanchez-bermejo#breadcrumb\",\"itemListElement\":[{\"@type\":\"ListItem\",\"position\":1,\"item\":{\"@type\":\"WebPage\",\"@id\":\"https:\/\/www.comercialanma.es\/\",\"url\":\"https:\/\/www.comercialanma.es\/\",\"name\":\"Portada\"}},{\"@type\":\"ListItem\",\"position\":2,\"item\":{\"@type\":\"WebPage\",\"@id\":\"https:\/\/www.comercialanma.es\/?page_id=3963\",\"url\":\"https:\/\/www.comercialanma.es\/?page_id=3963\",\"name\":\"Cat\\u00e1logo de Productos\"}},{\"@type\":\"ListItem\",\"position\":3,\"item\":{\"@type\":\"WebPage\",\"@id\":\"https:\/\/www.comercialanma.es\/?product=centro-paleta-cebo-iberica-sanchez-bermejo\",\"url\":\"https:\/\/www.comercialanma.es\/?product=centro-paleta-cebo-iberica-sanchez-bermejo\",\"name\":\"Centro paleta cebo ib\\u00e9rica Sanchez Bermejo\"}}]}]}<\/script>\n<!-- \/ Yoast SEO plugin. -->","_links":{"self":[{"href":"https:\/\/www.comercialanma.es\/index.php?rest_route=\/wp\/v2\/product\/22535"}],"collection":[{"href":"https:\/\/www.comercialanma.es\/index.php?rest_route=\/wp\/v2\/product"}],"about":[{"href":"https:\/\/www.comercialanma.es\/index.php?rest_route=\/wp\/v2\/types\/product"}],"version-history":[{"count":1,"href":"https:\/\/www.comercialanma.es\/index.php?rest_route=\/wp\/v2\/product\/22535\/revisions"}],"predecessor-version":[{"id":22537,"href":"https:\/\/www.comercialanma.es\/index.php?rest_route=\/wp\/v2\/product\/22535\/revisions\/22537"}],"wp:featuredmedia":[{"embeddable":true,"href":"https:\/\/www.comercialanma.es\/index.php?rest_route=\/wp\/v2\/media\/22536"}],"wp:attachment":[{"href":"https:\/\/www.comercialanma.es\/index.php?rest_route=%2Fwp%2Fv2%2Fmedia&parent=22535"}],"curies":[{"name":"wp","href":"https:\/\/api.w.org\/{rel}","templated":true}]}}