
{"id":22553,"date":"2023-09-20T11:45:02","date_gmt":"2023-09-20T09:45:02","guid":{"rendered":"https:\/\/www.comercialanma.es\/?post_type=product&#038;p=22553"},"modified":"2023-09-20T12:08:56","modified_gmt":"2023-09-20T10:08:56","slug":"segayo","status":"publish","type":"product","link":"https:\/\/www.comercialanma.es\/?product=segayo","title":{"rendered":"Segayo 75cl."},"content":{"rendered":"<h3>D.O.:<\/h3>\n<ul>\n<li>Somontano<\/li>\n<\/ul>\n<h3>Variedades de uva:<\/h3>\n<ul>\n<li>Gewurztraminer.<\/li>\n<\/ul>\n<h3>Graduaci\u00f3n:<\/h3>\n<ul>\n<li>Graduaci\u00f3n: 12,5 % vol.<\/li>\n<\/ul>\n<h3>Nota de cata:<\/h3>\n<div class=\"field\">\n<div class=\"wpb_column vc_column_container vc_col-sm-4\">\n<div class=\"vc_column-inner vc_custom_1562151285845\">\n<div class=\"wpb_wrapper\">\n<ul>\n<li class=\"vc_acf vc_txt_align_center field_5d1c80cc72f2c\">Amarillo p\u00e1lido con reflejos verdosos<\/li>\n<li class=\"vc_acf vc_txt_align_center field_5d1c80cc72f2c\">Aroma frutal , limpio con matices de frutas ex\u00f3ticas y notas florales de gran complejidad<\/li>\n<li class=\"vc_acf vc_txt_align_center field_5d1c80cc72f2c\">Suave en su entrada. , de gran vivacidad y estructura equilibrada y largo postgusto<\/li>\n<\/ul>\n<\/div>\n<\/div>\n<\/div>\n<\/div>\n<h3>Maridaje:<\/h3>\n<ul>\n<li>Servir entre 8 y 10\u00ba , acompa\u00f1ar\u00e1 bien cualquier plato de pato y en especial un foie de oca.<\/li>\n<\/ul>\n","protected":false},"excerpt":{"rendered":"<p>La pasi\u00f3n por lo aut\u00f3ctono es lo que impuls\u00f3 a esta bodega a instalarse en Laguarres, en la parte de mayor altitud del Somontano.<br \/>\nPartiendo de peque\u00f1as parcelas de vi\u00f1edos, ha querido recuperar variedades de uva propias de la regi\u00f3n; algunas poco conocidas, otras casi extintas, como la Garnacha Blanca o la Moristel.<\/p>\n","protected":false},"featured_media":22557,"template":"","meta":{"spay_email":""},"yoast_head":"<!-- This site is optimized with the Yoast SEO plugin v15.9 - https:\/\/yoast.com\/wordpress\/plugins\/seo\/ -->\n<title>Segayo 75cl. - Comercial de Hosteleria Anma<\/title>\n<meta name=\"description\" content=\"Segayo | 75cl. | D.O Somontano | La pasi\u00f3n por lo aut\u00f3ctono peque\u00f1as parcelas de vi\u00f1edos en la parte de mayor altitud del Somontano.\" \/>\n<meta name=\"robots\" content=\"index, follow, max-snippet:-1, max-image-preview:large, max-video-preview:-1\" \/>\n<link rel=\"canonical\" href=\"https:\/\/www.comercialanma.es\/?product=segayo\" \/>\n<meta property=\"og:locale\" content=\"es_ES\" \/>\n<meta property=\"og:type\" content=\"article\" \/>\n<meta property=\"og:title\" content=\"Segayo 75cl. - Comercial de Hosteleria Anma\" \/>\n<meta property=\"og:description\" content=\"Segayo | 75cl. | D.O Somontano | La pasi\u00f3n por lo aut\u00f3ctono peque\u00f1as parcelas de vi\u00f1edos en la parte de mayor altitud del Somontano.\" \/>\n<meta property=\"og:url\" content=\"https:\/\/www.comercialanma.es\/?product=segayo\" \/>\n<meta property=\"og:site_name\" content=\"Comercial de Hosteleria Anma\" \/>\n<meta property=\"article:publisher\" content=\"https:\/\/www.facebook.com\/AnmaHosteleria\" \/>\n<meta property=\"article:modified_time\" content=\"2023-09-20T10:08:56+00:00\" \/>\n<meta property=\"og:image\" content=\"https:\/\/i2.wp.com\/www.comercialanma.es\/wp-content\/uploads\/2023\/09\/segayo.jpg?fit=1080%2C1080&#038;ssl=1\" \/>\n\t<meta property=\"og:image:width\" content=\"1080\" \/>\n\t<meta property=\"og:image:height\" content=\"1080\" \/>\n<meta name=\"twitter:card\" content=\"summary_large_image\" \/>\n<meta name=\"twitter:label1\" content=\"Tiempo de lectura\">\n\t<meta name=\"twitter:data1\" content=\"1 minuto\">\n<script type=\"application\/ld+json\" class=\"yoast-schema-graph\">{\"@context\":\"https:\/\/schema.org\",\"@graph\":[{\"@type\":\"Organization\",\"@id\":\"https:\/\/www.comercialanma.es\/#organization\",\"name\":\"Comercial Anma\",\"url\":\"https:\/\/www.comercialanma.es\/\",\"sameAs\":[\"https:\/\/www.facebook.com\/AnmaHosteleria\",\"https:\/\/www.instagram.com\/anmahosteleria\/?hl=es\",\"https:\/\/www.youtube.com\/channel\/UCT2nmn08Ntks0hmpZPnDgCA\"],\"logo\":{\"@type\":\"ImageObject\",\"@id\":\"https:\/\/www.comercialanma.es\/#logo\",\"inLanguage\":\"es\",\"url\":\"https:\/\/i2.wp.com\/www.comercialanma.es\/wp-content\/uploads\/2019\/06\/logo-anma-color.png?fit=247%2C101&ssl=1\",\"width\":247,\"height\":101,\"caption\":\"Comercial Anma\"},\"image\":{\"@id\":\"https:\/\/www.comercialanma.es\/#logo\"}},{\"@type\":\"WebSite\",\"@id\":\"https:\/\/www.comercialanma.es\/#website\",\"url\":\"https:\/\/www.comercialanma.es\/\",\"name\":\"Comercial de Hosteleria Anma\",\"description\":\"\",\"publisher\":{\"@id\":\"https:\/\/www.comercialanma.es\/#organization\"},\"potentialAction\":[{\"@type\":\"SearchAction\",\"target\":\"https:\/\/www.comercialanma.es\/?s={search_term_string}\",\"query-input\":\"required name=search_term_string\"}],\"inLanguage\":\"es\"},{\"@type\":\"ImageObject\",\"@id\":\"https:\/\/www.comercialanma.es\/?product=segayo#primaryimage\",\"inLanguage\":\"es\",\"url\":\"https:\/\/i2.wp.com\/www.comercialanma.es\/wp-content\/uploads\/2023\/09\/segayo.jpg?fit=1080%2C1080&ssl=1\",\"width\":1080,\"height\":1080},{\"@type\":\"WebPage\",\"@id\":\"https:\/\/www.comercialanma.es\/?product=segayo#webpage\",\"url\":\"https:\/\/www.comercialanma.es\/?product=segayo\",\"name\":\"Segayo 75cl. - Comercial de Hosteleria Anma\",\"isPartOf\":{\"@id\":\"https:\/\/www.comercialanma.es\/#website\"},\"primaryImageOfPage\":{\"@id\":\"https:\/\/www.comercialanma.es\/?product=segayo#primaryimage\"},\"datePublished\":\"2023-09-20T09:45:02+00:00\",\"dateModified\":\"2023-09-20T10:08:56+00:00\",\"description\":\"Segayo | 75cl. | D.O Somontano | La pasi\\u00f3n por lo aut\\u00f3ctono peque\\u00f1as parcelas de vi\\u00f1edos en la parte de mayor altitud del Somontano.\",\"breadcrumb\":{\"@id\":\"https:\/\/www.comercialanma.es\/?product=segayo#breadcrumb\"},\"inLanguage\":\"es\",\"potentialAction\":[{\"@type\":\"ReadAction\",\"target\":[\"https:\/\/www.comercialanma.es\/?product=segayo\"]}]},{\"@type\":\"BreadcrumbList\",\"@id\":\"https:\/\/www.comercialanma.es\/?product=segayo#breadcrumb\",\"itemListElement\":[{\"@type\":\"ListItem\",\"position\":1,\"item\":{\"@type\":\"WebPage\",\"@id\":\"https:\/\/www.comercialanma.es\/\",\"url\":\"https:\/\/www.comercialanma.es\/\",\"name\":\"Portada\"}},{\"@type\":\"ListItem\",\"position\":2,\"item\":{\"@type\":\"WebPage\",\"@id\":\"https:\/\/www.comercialanma.es\/?page_id=3963\",\"url\":\"https:\/\/www.comercialanma.es\/?page_id=3963\",\"name\":\"Cat\\u00e1logo de Productos\"}},{\"@type\":\"ListItem\",\"position\":3,\"item\":{\"@type\":\"WebPage\",\"@id\":\"https:\/\/www.comercialanma.es\/?product=segayo\",\"url\":\"https:\/\/www.comercialanma.es\/?product=segayo\",\"name\":\"Segayo 75cl.\"}}]}]}<\/script>\n<!-- \/ Yoast SEO plugin. -->","_links":{"self":[{"href":"https:\/\/www.comercialanma.es\/index.php?rest_route=\/wp\/v2\/product\/22553"}],"collection":[{"href":"https:\/\/www.comercialanma.es\/index.php?rest_route=\/wp\/v2\/product"}],"about":[{"href":"https:\/\/www.comercialanma.es\/index.php?rest_route=\/wp\/v2\/types\/product"}],"version-history":[{"count":2,"href":"https:\/\/www.comercialanma.es\/index.php?rest_route=\/wp\/v2\/product\/22553\/revisions"}],"predecessor-version":[{"id":22558,"href":"https:\/\/www.comercialanma.es\/index.php?rest_route=\/wp\/v2\/product\/22553\/revisions\/22558"}],"wp:featuredmedia":[{"embeddable":true,"href":"https:\/\/www.comercialanma.es\/index.php?rest_route=\/wp\/v2\/media\/22557"}],"wp:attachment":[{"href":"https:\/\/www.comercialanma.es\/index.php?rest_route=%2Fwp%2Fv2%2Fmedia&parent=22553"}],"curies":[{"name":"wp","href":"https:\/\/api.w.org\/{rel}","templated":true}]}}