
{"id":22777,"date":"2023-09-28T15:51:50","date_gmt":"2023-09-28T13:51:50","guid":{"rendered":"https:\/\/www.comercialanma.es\/?post_type=product&#038;p=22777"},"modified":"2023-09-28T15:58:05","modified_gmt":"2023-09-28T13:58:05","slug":"llanega-gris-urdet-275gr","status":"publish","type":"product","link":"https:\/\/www.comercialanma.es\/?product=llanega-gris-urdet-275gr","title":{"rendered":"Llanega gris Urdet 275gr."},"content":{"rendered":"<h3>Descripci\u00f3n:<\/h3>\n<p>Llenega Negra (Hygrophorus dichrous) es una seta carnosa y melosa.<\/p>\n<p>Son exquisitas asadas y acompa\u00f1antes ideales para diferentes platos, especialmente los guisos de carnes o de aves.<\/p>\n<p>&nbsp;<\/p>\n","protected":false},"excerpt":{"rendered":"<p>En el coraz\u00f3n de los Pirineos leridanos, dentro de la peque\u00f1a\u00a0Vall de Lord, encontramos el pueblo de Sant Lloren\u00e7 de Morunys. En esta zona, regada por los r\u00edos Cardener y Agua de Valls y rodeada de monta\u00f1as y bosques,\u00a0se recolectan importantes cantidades de setas y trufas.\u00a0Es en este lugar donde encontramos Urdet, nacida en 1989 como ampliaci\u00f3n de la empresa familiar Conservas Urdet que contaba con una gran experiencia generacional con las setas y trufas de la zona. Urdet SA se especializ\u00f3 en la producci\u00f3n artesanal de conservas y el desecado de setas silvestres y trufas. Adem\u00e1s, cuenta con una larga\u00a0tradici\u00f3n en asar artesanalmente pimiento, berenjena y cebolla. Su largo recorrido los distingue a la hora de tener un especial cuidado con la recolecta y elaboraci\u00f3n artesana de los productos, que junto con los medios y conocimientos tecnol\u00f3gicos de la empresa, elimina la necesidad de a\u00f1adir aditivos a sus productos de gran calidad.<\/p>\n","protected":false},"featured_media":22778,"template":"","meta":{"spay_email":""},"yoast_head":"<!-- This site is optimized with the Yoast SEO plugin v15.9 - https:\/\/yoast.com\/wordpress\/plugins\/seo\/ -->\n<title>Llanega gris Urdet 275gr. - Comercial de Hosteleria Anma<\/title>\n<meta name=\"description\" content=\"Llanega gris | Cap d\u00b4Urdet | 275gr.| El rossinyol deshidratat, \u00e9s processat de forma artesanal i no porta conservants ni colorants.\" \/>\n<meta name=\"robots\" content=\"index, follow, max-snippet:-1, max-image-preview:large, max-video-preview:-1\" \/>\n<link rel=\"canonical\" href=\"https:\/\/www.comercialanma.es\/?product=llanega-gris-urdet-275gr\" \/>\n<meta property=\"og:locale\" content=\"es_ES\" \/>\n<meta property=\"og:type\" content=\"article\" \/>\n<meta property=\"og:title\" content=\"Llanega gris Urdet 275gr. - Comercial de Hosteleria Anma\" \/>\n<meta property=\"og:description\" content=\"Llanega gris | Cap d\u00b4Urdet | 275gr.| El rossinyol deshidratat, \u00e9s processat de forma artesanal i no porta conservants ni colorants.\" \/>\n<meta property=\"og:url\" content=\"https:\/\/www.comercialanma.es\/?product=llanega-gris-urdet-275gr\" \/>\n<meta property=\"og:site_name\" content=\"Comercial de Hosteleria Anma\" \/>\n<meta property=\"article:publisher\" content=\"https:\/\/www.facebook.com\/AnmaHosteleria\" \/>\n<meta property=\"article:modified_time\" content=\"2023-09-28T13:58:05+00:00\" \/>\n<meta property=\"og:image\" content=\"https:\/\/i2.wp.com\/www.comercialanma.es\/wp-content\/uploads\/2023\/09\/Llanega-gris-275gr.jpg?fit=1080%2C1080&#038;ssl=1\" \/>\n\t<meta property=\"og:image:width\" content=\"1080\" \/>\n\t<meta property=\"og:image:height\" content=\"1080\" \/>\n<meta name=\"twitter:card\" content=\"summary_large_image\" \/>\n<meta name=\"twitter:label1\" content=\"Tiempo de lectura\">\n\t<meta name=\"twitter:data1\" content=\"1 minuto\">\n<script type=\"application\/ld+json\" class=\"yoast-schema-graph\">{\"@context\":\"https:\/\/schema.org\",\"@graph\":[{\"@type\":\"Organization\",\"@id\":\"https:\/\/www.comercialanma.es\/#organization\",\"name\":\"Comercial Anma\",\"url\":\"https:\/\/www.comercialanma.es\/\",\"sameAs\":[\"https:\/\/www.facebook.com\/AnmaHosteleria\",\"https:\/\/www.instagram.com\/anmahosteleria\/?hl=es\",\"https:\/\/www.youtube.com\/channel\/UCT2nmn08Ntks0hmpZPnDgCA\"],\"logo\":{\"@type\":\"ImageObject\",\"@id\":\"https:\/\/www.comercialanma.es\/#logo\",\"inLanguage\":\"es\",\"url\":\"https:\/\/i2.wp.com\/www.comercialanma.es\/wp-content\/uploads\/2019\/06\/logo-anma-color.png?fit=247%2C101&ssl=1\",\"width\":247,\"height\":101,\"caption\":\"Comercial Anma\"},\"image\":{\"@id\":\"https:\/\/www.comercialanma.es\/#logo\"}},{\"@type\":\"WebSite\",\"@id\":\"https:\/\/www.comercialanma.es\/#website\",\"url\":\"https:\/\/www.comercialanma.es\/\",\"name\":\"Comercial de Hosteleria Anma\",\"description\":\"\",\"publisher\":{\"@id\":\"https:\/\/www.comercialanma.es\/#organization\"},\"potentialAction\":[{\"@type\":\"SearchAction\",\"target\":\"https:\/\/www.comercialanma.es\/?s={search_term_string}\",\"query-input\":\"required name=search_term_string\"}],\"inLanguage\":\"es\"},{\"@type\":\"ImageObject\",\"@id\":\"https:\/\/www.comercialanma.es\/?product=llanega-gris-urdet-275gr#primaryimage\",\"inLanguage\":\"es\",\"url\":\"https:\/\/i2.wp.com\/www.comercialanma.es\/wp-content\/uploads\/2023\/09\/Llanega-gris-275gr.jpg?fit=1080%2C1080&ssl=1\",\"width\":1080,\"height\":1080},{\"@type\":\"WebPage\",\"@id\":\"https:\/\/www.comercialanma.es\/?product=llanega-gris-urdet-275gr#webpage\",\"url\":\"https:\/\/www.comercialanma.es\/?product=llanega-gris-urdet-275gr\",\"name\":\"Llanega gris Urdet 275gr. - Comercial de Hosteleria Anma\",\"isPartOf\":{\"@id\":\"https:\/\/www.comercialanma.es\/#website\"},\"primaryImageOfPage\":{\"@id\":\"https:\/\/www.comercialanma.es\/?product=llanega-gris-urdet-275gr#primaryimage\"},\"datePublished\":\"2023-09-28T13:51:50+00:00\",\"dateModified\":\"2023-09-28T13:58:05+00:00\",\"description\":\"Llanega gris | Cap d\\u00b4Urdet | 275gr.| El rossinyol deshidratat, \\u00e9s processat de forma artesanal i no porta conservants ni colorants.\",\"breadcrumb\":{\"@id\":\"https:\/\/www.comercialanma.es\/?product=llanega-gris-urdet-275gr#breadcrumb\"},\"inLanguage\":\"es\",\"potentialAction\":[{\"@type\":\"ReadAction\",\"target\":[\"https:\/\/www.comercialanma.es\/?product=llanega-gris-urdet-275gr\"]}]},{\"@type\":\"BreadcrumbList\",\"@id\":\"https:\/\/www.comercialanma.es\/?product=llanega-gris-urdet-275gr#breadcrumb\",\"itemListElement\":[{\"@type\":\"ListItem\",\"position\":1,\"item\":{\"@type\":\"WebPage\",\"@id\":\"https:\/\/www.comercialanma.es\/\",\"url\":\"https:\/\/www.comercialanma.es\/\",\"name\":\"Portada\"}},{\"@type\":\"ListItem\",\"position\":2,\"item\":{\"@type\":\"WebPage\",\"@id\":\"https:\/\/www.comercialanma.es\/?page_id=3963\",\"url\":\"https:\/\/www.comercialanma.es\/?page_id=3963\",\"name\":\"Cat\\u00e1logo de Productos\"}},{\"@type\":\"ListItem\",\"position\":3,\"item\":{\"@type\":\"WebPage\",\"@id\":\"https:\/\/www.comercialanma.es\/?product=llanega-gris-urdet-275gr\",\"url\":\"https:\/\/www.comercialanma.es\/?product=llanega-gris-urdet-275gr\",\"name\":\"Llanega gris Urdet 275gr.\"}}]}]}<\/script>\n<!-- \/ Yoast SEO plugin. -->","_links":{"self":[{"href":"https:\/\/www.comercialanma.es\/index.php?rest_route=\/wp\/v2\/product\/22777"}],"collection":[{"href":"https:\/\/www.comercialanma.es\/index.php?rest_route=\/wp\/v2\/product"}],"about":[{"href":"https:\/\/www.comercialanma.es\/index.php?rest_route=\/wp\/v2\/types\/product"}],"version-history":[{"count":1,"href":"https:\/\/www.comercialanma.es\/index.php?rest_route=\/wp\/v2\/product\/22777\/revisions"}],"predecessor-version":[{"id":22779,"href":"https:\/\/www.comercialanma.es\/index.php?rest_route=\/wp\/v2\/product\/22777\/revisions\/22779"}],"wp:featuredmedia":[{"embeddable":true,"href":"https:\/\/www.comercialanma.es\/index.php?rest_route=\/wp\/v2\/media\/22778"}],"wp:attachment":[{"href":"https:\/\/www.comercialanma.es\/index.php?rest_route=%2Fwp%2Fv2%2Fmedia&parent=22777"}],"curies":[{"name":"wp","href":"https:\/\/api.w.org\/{rel}","templated":true}]}}