
{"id":22794,"date":"2023-09-28T17:51:34","date_gmt":"2023-09-28T15:51:34","guid":{"rendered":"https:\/\/www.comercialanma.es\/?post_type=product&#038;p=22794"},"modified":"2023-09-28T17:58:44","modified_gmt":"2023-09-28T15:58:44","slug":"yema-de-esparrago-la-riberena-340gr","status":"publish","type":"product","link":"https:\/\/www.comercialanma.es\/?product=yema-de-esparrago-la-riberena-340gr","title":{"rendered":"Yema de Esp\u00e1rrago La Ribere\u00f1a 340gr."},"content":{"rendered":"<h3>Ingredientes:<\/h3>\n<p><span class=\"s1\"><span id=\"page159R_mcid8\" class=\"markedContent\"><span dir=\"ltr\">Yema de Esp\u00e1rrago, agua, sal, az\u00facar, \u00e1cido c\u00edtrico y \u00e1cido asc\u00f3rbico.<\/span><\/span><\/span><\/p>\n<p>&nbsp;<\/p>\n","protected":false},"excerpt":{"rendered":"<p>Blancos, sin fibras y con el caracter\u00edstico punto amargo del esp\u00e1rrago de la Denominaci\u00f3n. Los cultivamos siempre cerca de nuestras instalaciones, y los escaldamos antes de pelar para que la piel proteja sus propiedades y aromas.<\/p>\n","protected":false},"featured_media":22795,"template":"","meta":{"spay_email":""},"yoast_head":"<!-- This site is optimized with the Yoast SEO plugin v15.9 - https:\/\/yoast.com\/wordpress\/plugins\/seo\/ -->\n<title>Yema de Esp\u00e1rrago La Ribere\u00f1a 340gr. - Comercial de Hosteleria Anma<\/title>\n<meta name=\"description\" content=\"Yema de Esp\u00e1rrago | La Ribere\u00f1a | 340gr.| Blancos, sin fibras y con el caracter\u00edstico punto amargo del esp\u00e1rrago de la Denominaci\u00f3n.\" \/>\n<meta name=\"robots\" content=\"index, follow, max-snippet:-1, max-image-preview:large, max-video-preview:-1\" \/>\n<link rel=\"canonical\" href=\"https:\/\/www.comercialanma.es\/?product=yema-de-esparrago-la-riberena-340gr\" \/>\n<meta property=\"og:locale\" content=\"es_ES\" \/>\n<meta property=\"og:type\" content=\"article\" \/>\n<meta property=\"og:title\" content=\"Yema de Esp\u00e1rrago La Ribere\u00f1a 340gr. - Comercial de Hosteleria Anma\" \/>\n<meta property=\"og:description\" content=\"Yema de Esp\u00e1rrago | La Ribere\u00f1a | 340gr.| Blancos, sin fibras y con el caracter\u00edstico punto amargo del esp\u00e1rrago de la Denominaci\u00f3n.\" \/>\n<meta property=\"og:url\" content=\"https:\/\/www.comercialanma.es\/?product=yema-de-esparrago-la-riberena-340gr\" \/>\n<meta property=\"og:site_name\" content=\"Comercial de Hosteleria Anma\" \/>\n<meta property=\"article:publisher\" content=\"https:\/\/www.facebook.com\/AnmaHosteleria\" \/>\n<meta property=\"article:modified_time\" content=\"2023-09-28T15:58:44+00:00\" \/>\n<meta property=\"og:image\" content=\"https:\/\/i0.wp.com\/www.comercialanma.es\/wp-content\/uploads\/2023\/09\/la-riberen\u0303a-yema-esparragos-.jpg?fit=1080%2C1080&#038;ssl=1\" \/>\n\t<meta property=\"og:image:width\" content=\"1080\" \/>\n\t<meta property=\"og:image:height\" content=\"1080\" \/>\n<meta name=\"twitter:card\" content=\"summary_large_image\" \/>\n<meta name=\"twitter:label1\" content=\"Tiempo de lectura\">\n\t<meta name=\"twitter:data1\" content=\"1 minuto\">\n<script type=\"application\/ld+json\" class=\"yoast-schema-graph\">{\"@context\":\"https:\/\/schema.org\",\"@graph\":[{\"@type\":\"Organization\",\"@id\":\"https:\/\/www.comercialanma.es\/#organization\",\"name\":\"Comercial Anma\",\"url\":\"https:\/\/www.comercialanma.es\/\",\"sameAs\":[\"https:\/\/www.facebook.com\/AnmaHosteleria\",\"https:\/\/www.instagram.com\/anmahosteleria\/?hl=es\",\"https:\/\/www.youtube.com\/channel\/UCT2nmn08Ntks0hmpZPnDgCA\"],\"logo\":{\"@type\":\"ImageObject\",\"@id\":\"https:\/\/www.comercialanma.es\/#logo\",\"inLanguage\":\"es\",\"url\":\"https:\/\/i2.wp.com\/www.comercialanma.es\/wp-content\/uploads\/2019\/06\/logo-anma-color.png?fit=247%2C101&ssl=1\",\"width\":247,\"height\":101,\"caption\":\"Comercial Anma\"},\"image\":{\"@id\":\"https:\/\/www.comercialanma.es\/#logo\"}},{\"@type\":\"WebSite\",\"@id\":\"https:\/\/www.comercialanma.es\/#website\",\"url\":\"https:\/\/www.comercialanma.es\/\",\"name\":\"Comercial de Hosteleria Anma\",\"description\":\"\",\"publisher\":{\"@id\":\"https:\/\/www.comercialanma.es\/#organization\"},\"potentialAction\":[{\"@type\":\"SearchAction\",\"target\":\"https:\/\/www.comercialanma.es\/?s={search_term_string}\",\"query-input\":\"required name=search_term_string\"}],\"inLanguage\":\"es\"},{\"@type\":\"ImageObject\",\"@id\":\"https:\/\/www.comercialanma.es\/?product=yema-de-esparrago-la-riberena-340gr#primaryimage\",\"inLanguage\":\"es\",\"url\":\"https:\/\/i0.wp.com\/www.comercialanma.es\/wp-content\/uploads\/2023\/09\/la-riberen\\u0303a-yema-esparragos-.jpg?fit=1080%2C1080&ssl=1\",\"width\":1080,\"height\":1080},{\"@type\":\"WebPage\",\"@id\":\"https:\/\/www.comercialanma.es\/?product=yema-de-esparrago-la-riberena-340gr#webpage\",\"url\":\"https:\/\/www.comercialanma.es\/?product=yema-de-esparrago-la-riberena-340gr\",\"name\":\"Yema de Esp\\u00e1rrago La Ribere\\u00f1a 340gr. - Comercial de Hosteleria Anma\",\"isPartOf\":{\"@id\":\"https:\/\/www.comercialanma.es\/#website\"},\"primaryImageOfPage\":{\"@id\":\"https:\/\/www.comercialanma.es\/?product=yema-de-esparrago-la-riberena-340gr#primaryimage\"},\"datePublished\":\"2023-09-28T15:51:34+00:00\",\"dateModified\":\"2023-09-28T15:58:44+00:00\",\"description\":\"Yema de Esp\\u00e1rrago | La Ribere\\u00f1a | 340gr.| Blancos, sin fibras y con el caracter\\u00edstico punto amargo del esp\\u00e1rrago de la Denominaci\\u00f3n.\",\"breadcrumb\":{\"@id\":\"https:\/\/www.comercialanma.es\/?product=yema-de-esparrago-la-riberena-340gr#breadcrumb\"},\"inLanguage\":\"es\",\"potentialAction\":[{\"@type\":\"ReadAction\",\"target\":[\"https:\/\/www.comercialanma.es\/?product=yema-de-esparrago-la-riberena-340gr\"]}]},{\"@type\":\"BreadcrumbList\",\"@id\":\"https:\/\/www.comercialanma.es\/?product=yema-de-esparrago-la-riberena-340gr#breadcrumb\",\"itemListElement\":[{\"@type\":\"ListItem\",\"position\":1,\"item\":{\"@type\":\"WebPage\",\"@id\":\"https:\/\/www.comercialanma.es\/\",\"url\":\"https:\/\/www.comercialanma.es\/\",\"name\":\"Portada\"}},{\"@type\":\"ListItem\",\"position\":2,\"item\":{\"@type\":\"WebPage\",\"@id\":\"https:\/\/www.comercialanma.es\/?page_id=3963\",\"url\":\"https:\/\/www.comercialanma.es\/?page_id=3963\",\"name\":\"Cat\\u00e1logo de Productos\"}},{\"@type\":\"ListItem\",\"position\":3,\"item\":{\"@type\":\"WebPage\",\"@id\":\"https:\/\/www.comercialanma.es\/?product=yema-de-esparrago-la-riberena-340gr\",\"url\":\"https:\/\/www.comercialanma.es\/?product=yema-de-esparrago-la-riberena-340gr\",\"name\":\"Yema de Esp\\u00e1rrago La Ribere\\u00f1a 340gr.\"}}]}]}<\/script>\n<!-- \/ Yoast SEO plugin. -->","_links":{"self":[{"href":"https:\/\/www.comercialanma.es\/index.php?rest_route=\/wp\/v2\/product\/22794"}],"collection":[{"href":"https:\/\/www.comercialanma.es\/index.php?rest_route=\/wp\/v2\/product"}],"about":[{"href":"https:\/\/www.comercialanma.es\/index.php?rest_route=\/wp\/v2\/types\/product"}],"version-history":[{"count":1,"href":"https:\/\/www.comercialanma.es\/index.php?rest_route=\/wp\/v2\/product\/22794\/revisions"}],"predecessor-version":[{"id":22796,"href":"https:\/\/www.comercialanma.es\/index.php?rest_route=\/wp\/v2\/product\/22794\/revisions\/22796"}],"wp:featuredmedia":[{"embeddable":true,"href":"https:\/\/www.comercialanma.es\/index.php?rest_route=\/wp\/v2\/media\/22795"}],"wp:attachment":[{"href":"https:\/\/www.comercialanma.es\/index.php?rest_route=%2Fwp%2Fv2%2Fmedia&parent=22794"}],"curies":[{"name":"wp","href":"https:\/\/api.w.org\/{rel}","templated":true}]}}