
{"id":24415,"date":"2025-09-23T12:35:39","date_gmt":"2025-09-23T10:35:39","guid":{"rendered":"https:\/\/www.comercialanma.es\/?post_type=product&#038;p=24415"},"modified":"2025-09-23T15:49:10","modified_gmt":"2025-09-23T13:49:10","slug":"senorio-de-sarria","status":"publish","type":"product","link":"https:\/\/www.comercialanma.es\/?product=senorio-de-sarria","title":{"rendered":"Se\u00f1or\u00edo de Sarri\u00e1 75cl."},"content":{"rendered":"<h3>D.O.:<\/h3>\n<ul>\n<li>Navarra<\/li>\n<\/ul>\n<h3>Variedades de uva:<\/h3>\n<ul>\n<li><span class=\"tlid-translation translation\" lang=\"es\"><span title=\"\"><span class=\"tablaValorContenido\">Garnacha.<\/span><\/span><\/span><\/li>\n<\/ul>\n<h3>Nota de cata:<\/h3>\n<ul>\n<li>Vermell gerds intens.<\/li>\n<li>Intenses aromes de fruita vermella fresca i madura.<\/li>\n<li>Fresc i afruitat i persistent. Fruita vermella. Bon recorregut i persist\u00e8ncia.<\/li>\n<\/ul>\n<h3>Maridaje:<\/h3>\n<ul>\n<li>Arroces, pastas y verduras.<\/li>\n<\/ul>\n","protected":false},"excerpt":{"rendered":"<p>Este\u00a0rosado\u00a0de\u00a0Se\u00f1or\u00edo de Sarr\u00eda\u00a0se elabora exclusivamente con\u00a0Garnacha\u00a0y es un gran ejemplo del estilo\u00a0armonioso, intenso y gastron\u00f3mico\u00a0que esta variedad exhibe en\u00a0Navarra.<\/p>\n","protected":false},"featured_media":24416,"template":"","meta":{"spay_email":""},"yoast_head":"<!-- This site is optimized with the Yoast SEO plugin v15.9 - https:\/\/yoast.com\/wordpress\/plugins\/seo\/ -->\n<title>Se\u00f1or\u00edo de Sarri\u00e1 75cl. - Comercial de Hosteleria Anma<\/title>\n<meta name=\"description\" content=\"Se\u00f1or\u00edo de Sarria | 75cl.| Rosado de estilo armonioso, intenso y gastron\u00f3mico que esta variedad exhibe en Navarra.\" \/>\n<meta name=\"robots\" content=\"index, follow, max-snippet:-1, max-image-preview:large, max-video-preview:-1\" \/>\n<link rel=\"canonical\" href=\"https:\/\/www.comercialanma.es\/?product=senorio-de-sarria\" \/>\n<meta property=\"og:locale\" content=\"es_ES\" \/>\n<meta property=\"og:type\" content=\"article\" \/>\n<meta property=\"og:title\" content=\"Se\u00f1or\u00edo de Sarri\u00e1 75cl. - Comercial de Hosteleria Anma\" \/>\n<meta property=\"og:description\" content=\"Se\u00f1or\u00edo de Sarria | 75cl.| Rosado de estilo armonioso, intenso y gastron\u00f3mico que esta variedad exhibe en Navarra.\" \/>\n<meta property=\"og:url\" content=\"https:\/\/www.comercialanma.es\/?product=senorio-de-sarria\" \/>\n<meta property=\"og:site_name\" content=\"Comercial de Hosteleria Anma\" \/>\n<meta property=\"article:publisher\" content=\"https:\/\/www.facebook.com\/AnmaHosteleria\" \/>\n<meta property=\"article:modified_time\" content=\"2025-09-23T13:49:10+00:00\" \/>\n<meta property=\"og:image\" content=\"https:\/\/i0.wp.com\/www.comercialanma.es\/wp-content\/uploads\/2025\/09\/sen\u0303orio-de-sarria-rosado.jpg?fit=1080%2C1080&#038;ssl=1\" \/>\n\t<meta property=\"og:image:width\" content=\"1080\" \/>\n\t<meta property=\"og:image:height\" content=\"1080\" \/>\n<meta name=\"twitter:card\" content=\"summary_large_image\" \/>\n<meta name=\"twitter:label1\" content=\"Tiempo de lectura\">\n\t<meta name=\"twitter:data1\" content=\"1 minuto\">\n<script type=\"application\/ld+json\" class=\"yoast-schema-graph\">{\"@context\":\"https:\/\/schema.org\",\"@graph\":[{\"@type\":\"Organization\",\"@id\":\"https:\/\/www.comercialanma.es\/#organization\",\"name\":\"Comercial Anma\",\"url\":\"https:\/\/www.comercialanma.es\/\",\"sameAs\":[\"https:\/\/www.facebook.com\/AnmaHosteleria\",\"https:\/\/www.instagram.com\/anmahosteleria\/?hl=es\",\"https:\/\/www.youtube.com\/channel\/UCT2nmn08Ntks0hmpZPnDgCA\"],\"logo\":{\"@type\":\"ImageObject\",\"@id\":\"https:\/\/www.comercialanma.es\/#logo\",\"inLanguage\":\"es\",\"url\":\"https:\/\/i2.wp.com\/www.comercialanma.es\/wp-content\/uploads\/2019\/06\/logo-anma-color.png?fit=247%2C101&ssl=1\",\"width\":247,\"height\":101,\"caption\":\"Comercial Anma\"},\"image\":{\"@id\":\"https:\/\/www.comercialanma.es\/#logo\"}},{\"@type\":\"WebSite\",\"@id\":\"https:\/\/www.comercialanma.es\/#website\",\"url\":\"https:\/\/www.comercialanma.es\/\",\"name\":\"Comercial de Hosteleria Anma\",\"description\":\"\",\"publisher\":{\"@id\":\"https:\/\/www.comercialanma.es\/#organization\"},\"potentialAction\":[{\"@type\":\"SearchAction\",\"target\":\"https:\/\/www.comercialanma.es\/?s={search_term_string}\",\"query-input\":\"required name=search_term_string\"}],\"inLanguage\":\"es\"},{\"@type\":\"ImageObject\",\"@id\":\"https:\/\/www.comercialanma.es\/?product=senorio-de-sarria#primaryimage\",\"inLanguage\":\"es\",\"url\":\"https:\/\/i0.wp.com\/www.comercialanma.es\/wp-content\/uploads\/2025\/09\/sen\\u0303orio-de-sarria-rosado.jpg?fit=1080%2C1080&ssl=1\",\"width\":1080,\"height\":1080},{\"@type\":\"WebPage\",\"@id\":\"https:\/\/www.comercialanma.es\/?product=senorio-de-sarria#webpage\",\"url\":\"https:\/\/www.comercialanma.es\/?product=senorio-de-sarria\",\"name\":\"Se\\u00f1or\\u00edo de Sarri\\u00e1 75cl. - Comercial de Hosteleria Anma\",\"isPartOf\":{\"@id\":\"https:\/\/www.comercialanma.es\/#website\"},\"primaryImageOfPage\":{\"@id\":\"https:\/\/www.comercialanma.es\/?product=senorio-de-sarria#primaryimage\"},\"datePublished\":\"2025-09-23T10:35:39+00:00\",\"dateModified\":\"2025-09-23T13:49:10+00:00\",\"description\":\"Se\\u00f1or\\u00edo de Sarria | 75cl.| Rosado de estilo armonioso, intenso y gastron\\u00f3mico que esta variedad exhibe en Navarra.\",\"breadcrumb\":{\"@id\":\"https:\/\/www.comercialanma.es\/?product=senorio-de-sarria#breadcrumb\"},\"inLanguage\":\"es\",\"potentialAction\":[{\"@type\":\"ReadAction\",\"target\":[\"https:\/\/www.comercialanma.es\/?product=senorio-de-sarria\"]}]},{\"@type\":\"BreadcrumbList\",\"@id\":\"https:\/\/www.comercialanma.es\/?product=senorio-de-sarria#breadcrumb\",\"itemListElement\":[{\"@type\":\"ListItem\",\"position\":1,\"item\":{\"@type\":\"WebPage\",\"@id\":\"https:\/\/www.comercialanma.es\/\",\"url\":\"https:\/\/www.comercialanma.es\/\",\"name\":\"Portada\"}},{\"@type\":\"ListItem\",\"position\":2,\"item\":{\"@type\":\"WebPage\",\"@id\":\"https:\/\/www.comercialanma.es\/?page_id=3963\",\"url\":\"https:\/\/www.comercialanma.es\/?page_id=3963\",\"name\":\"Cat\\u00e1logo de Productos\"}},{\"@type\":\"ListItem\",\"position\":3,\"item\":{\"@type\":\"WebPage\",\"@id\":\"https:\/\/www.comercialanma.es\/?product=senorio-de-sarria\",\"url\":\"https:\/\/www.comercialanma.es\/?product=senorio-de-sarria\",\"name\":\"Se\\u00f1or\\u00edo de Sarri\\u00e1 75cl.\"}}]}]}<\/script>\n<!-- \/ Yoast SEO plugin. -->","_links":{"self":[{"href":"https:\/\/www.comercialanma.es\/index.php?rest_route=\/wp\/v2\/product\/24415"}],"collection":[{"href":"https:\/\/www.comercialanma.es\/index.php?rest_route=\/wp\/v2\/product"}],"about":[{"href":"https:\/\/www.comercialanma.es\/index.php?rest_route=\/wp\/v2\/types\/product"}],"version-history":[{"count":2,"href":"https:\/\/www.comercialanma.es\/index.php?rest_route=\/wp\/v2\/product\/24415\/revisions"}],"predecessor-version":[{"id":24418,"href":"https:\/\/www.comercialanma.es\/index.php?rest_route=\/wp\/v2\/product\/24415\/revisions\/24418"}],"wp:featuredmedia":[{"embeddable":true,"href":"https:\/\/www.comercialanma.es\/index.php?rest_route=\/wp\/v2\/media\/24416"}],"wp:attachment":[{"href":"https:\/\/www.comercialanma.es\/index.php?rest_route=%2Fwp%2Fv2%2Fmedia&parent=24415"}],"curies":[{"name":"wp","href":"https:\/\/api.w.org\/{rel}","templated":true}]}}