
{"id":24474,"date":"2025-10-16T10:21:39","date_gmt":"2025-10-16T08:21:39","guid":{"rendered":"https:\/\/www.comercialanma.es\/?post_type=product&#038;p=24474"},"modified":"2025-10-16T10:34:13","modified_gmt":"2025-10-16T08:34:13","slug":"blanco-granito","status":"publish","type":"product","link":"https:\/\/www.comercialanma.es\/?product=blanco-granito","title":{"rendered":"Blanco Granito 75cl."},"content":{"rendered":"<h3>D.O.:<\/h3>\n<ul>\n<li>R\u00edas Baixas<\/li>\n<\/ul>\n<h3>Variedades de uva:<\/h3>\n<ul>\n<li>Albari\u00f1o.<\/li>\n<\/ul>\n<h3>Graduaci\u00f3n:<\/h3>\n<ul>\n<li>Graduaci\u00f3n: 13,0% vol.<\/li>\n<\/ul>\n<h3>Nota de cata:<\/h3>\n<div class=\"field\">\n<ul>\n<li>Color verde con reflejos dorados, se muestra limpio y brillante.<\/li>\n<li>Arom\u00e1ticamente conserva una carga varietal intensa, con notas de agua de mar, c\u00edtricos y fruta de hueso.<\/li>\n<li>En boca muestra una acidez marcada, bien integrada en el vino. Tiene un marcado car\u00e1cter salino, arropado por el gran volumen. Equilibrado, largo y expresivo.<\/li>\n<\/ul>\n<\/div>\n<h3>Maridaje:<\/h3>\n<ul>\n<li>Ideal para acompa\u00f1ar\u00a0platos de marisco, arroces, guisos de pescado o un buen tartar de At\u00fan.<\/li>\n<\/ul>\n","protected":false},"excerpt":{"rendered":"<p>Primer vino elaborado totalmente en granito, desde la fermentaci\u00f3n hasta la crianza posterior. Se trata de un vino experimental con una producci\u00f3n muy limitada, que responde al af\u00e1n de innovar y experimentar para realzar la singularidad del vi\u00f1edo, plantado en suelo gran\u00edticos.<\/p>\n","protected":false},"featured_media":24475,"template":"","meta":{"spay_email":""},"yoast_head":"<!-- This site is optimized with the Yoast SEO plugin v15.9 - https:\/\/yoast.com\/wordpress\/plugins\/seo\/ -->\n<title>Blanco Granito 75cl. - Comercial de Hosteleria Anma<\/title>\n<meta name=\"description\" content=\"Blanco Granito | 75cl. | R\u00edas Baixas | 13,0\u00ba | Se trata de un vino experimental con una producci\u00f3n muy limitada\" \/>\n<meta name=\"robots\" content=\"index, follow, max-snippet:-1, max-image-preview:large, max-video-preview:-1\" \/>\n<link rel=\"canonical\" href=\"https:\/\/www.comercialanma.es\/?product=blanco-granito\" \/>\n<meta property=\"og:locale\" content=\"es_ES\" \/>\n<meta property=\"og:type\" content=\"article\" \/>\n<meta property=\"og:title\" content=\"Blanco Granito 75cl. - Comercial de Hosteleria Anma\" \/>\n<meta property=\"og:description\" content=\"Blanco Granito | 75cl. | R\u00edas Baixas | 13,0\u00ba | Se trata de un vino experimental con una producci\u00f3n muy limitada\" \/>\n<meta property=\"og:url\" content=\"https:\/\/www.comercialanma.es\/?product=blanco-granito\" \/>\n<meta property=\"og:site_name\" content=\"Comercial de Hosteleria Anma\" \/>\n<meta property=\"article:publisher\" content=\"https:\/\/www.facebook.com\/AnmaHosteleria\" \/>\n<meta property=\"article:modified_time\" content=\"2025-10-16T08:34:13+00:00\" \/>\n<meta property=\"og:image\" content=\"https:\/\/i0.wp.com\/www.comercialanma.es\/wp-content\/uploads\/2025\/10\/Blanco-Granito.jpg?fit=1080%2C1080&#038;ssl=1\" \/>\n\t<meta property=\"og:image:width\" content=\"1080\" \/>\n\t<meta property=\"og:image:height\" content=\"1080\" \/>\n<meta name=\"twitter:card\" content=\"summary_large_image\" \/>\n<meta name=\"twitter:label1\" content=\"Tiempo de lectura\">\n\t<meta name=\"twitter:data1\" content=\"1 minuto\">\n<script type=\"application\/ld+json\" class=\"yoast-schema-graph\">{\"@context\":\"https:\/\/schema.org\",\"@graph\":[{\"@type\":\"Organization\",\"@id\":\"https:\/\/www.comercialanma.es\/#organization\",\"name\":\"Comercial Anma\",\"url\":\"https:\/\/www.comercialanma.es\/\",\"sameAs\":[\"https:\/\/www.facebook.com\/AnmaHosteleria\",\"https:\/\/www.instagram.com\/anmahosteleria\/?hl=es\",\"https:\/\/www.youtube.com\/channel\/UCT2nmn08Ntks0hmpZPnDgCA\"],\"logo\":{\"@type\":\"ImageObject\",\"@id\":\"https:\/\/www.comercialanma.es\/#logo\",\"inLanguage\":\"es\",\"url\":\"https:\/\/i2.wp.com\/www.comercialanma.es\/wp-content\/uploads\/2019\/06\/logo-anma-color.png?fit=247%2C101&ssl=1\",\"width\":247,\"height\":101,\"caption\":\"Comercial Anma\"},\"image\":{\"@id\":\"https:\/\/www.comercialanma.es\/#logo\"}},{\"@type\":\"WebSite\",\"@id\":\"https:\/\/www.comercialanma.es\/#website\",\"url\":\"https:\/\/www.comercialanma.es\/\",\"name\":\"Comercial de Hosteleria Anma\",\"description\":\"\",\"publisher\":{\"@id\":\"https:\/\/www.comercialanma.es\/#organization\"},\"potentialAction\":[{\"@type\":\"SearchAction\",\"target\":\"https:\/\/www.comercialanma.es\/?s={search_term_string}\",\"query-input\":\"required name=search_term_string\"}],\"inLanguage\":\"es\"},{\"@type\":\"ImageObject\",\"@id\":\"https:\/\/www.comercialanma.es\/?product=blanco-granito#primaryimage\",\"inLanguage\":\"es\",\"url\":\"https:\/\/i0.wp.com\/www.comercialanma.es\/wp-content\/uploads\/2025\/10\/Blanco-Granito.jpg?fit=1080%2C1080&ssl=1\",\"width\":1080,\"height\":1080},{\"@type\":\"WebPage\",\"@id\":\"https:\/\/www.comercialanma.es\/?product=blanco-granito#webpage\",\"url\":\"https:\/\/www.comercialanma.es\/?product=blanco-granito\",\"name\":\"Blanco Granito 75cl. - Comercial de Hosteleria Anma\",\"isPartOf\":{\"@id\":\"https:\/\/www.comercialanma.es\/#website\"},\"primaryImageOfPage\":{\"@id\":\"https:\/\/www.comercialanma.es\/?product=blanco-granito#primaryimage\"},\"datePublished\":\"2025-10-16T08:21:39+00:00\",\"dateModified\":\"2025-10-16T08:34:13+00:00\",\"description\":\"Blanco Granito | 75cl. | R\\u00edas Baixas | 13,0\\u00ba | Se trata de un vino experimental con una producci\\u00f3n muy limitada\",\"breadcrumb\":{\"@id\":\"https:\/\/www.comercialanma.es\/?product=blanco-granito#breadcrumb\"},\"inLanguage\":\"es\",\"potentialAction\":[{\"@type\":\"ReadAction\",\"target\":[\"https:\/\/www.comercialanma.es\/?product=blanco-granito\"]}]},{\"@type\":\"BreadcrumbList\",\"@id\":\"https:\/\/www.comercialanma.es\/?product=blanco-granito#breadcrumb\",\"itemListElement\":[{\"@type\":\"ListItem\",\"position\":1,\"item\":{\"@type\":\"WebPage\",\"@id\":\"https:\/\/www.comercialanma.es\/\",\"url\":\"https:\/\/www.comercialanma.es\/\",\"name\":\"Portada\"}},{\"@type\":\"ListItem\",\"position\":2,\"item\":{\"@type\":\"WebPage\",\"@id\":\"https:\/\/www.comercialanma.es\/?page_id=3963\",\"url\":\"https:\/\/www.comercialanma.es\/?page_id=3963\",\"name\":\"Cat\\u00e1logo de Productos\"}},{\"@type\":\"ListItem\",\"position\":3,\"item\":{\"@type\":\"WebPage\",\"@id\":\"https:\/\/www.comercialanma.es\/?product=blanco-granito\",\"url\":\"https:\/\/www.comercialanma.es\/?product=blanco-granito\",\"name\":\"Blanco Granito 75cl.\"}}]}]}<\/script>\n<!-- \/ Yoast SEO plugin. -->","_links":{"self":[{"href":"https:\/\/www.comercialanma.es\/index.php?rest_route=\/wp\/v2\/product\/24474"}],"collection":[{"href":"https:\/\/www.comercialanma.es\/index.php?rest_route=\/wp\/v2\/product"}],"about":[{"href":"https:\/\/www.comercialanma.es\/index.php?rest_route=\/wp\/v2\/types\/product"}],"version-history":[{"count":3,"href":"https:\/\/www.comercialanma.es\/index.php?rest_route=\/wp\/v2\/product\/24474\/revisions"}],"predecessor-version":[{"id":24478,"href":"https:\/\/www.comercialanma.es\/index.php?rest_route=\/wp\/v2\/product\/24474\/revisions\/24478"}],"wp:featuredmedia":[{"embeddable":true,"href":"https:\/\/www.comercialanma.es\/index.php?rest_route=\/wp\/v2\/media\/24475"}],"wp:attachment":[{"href":"https:\/\/www.comercialanma.es\/index.php?rest_route=%2Fwp%2Fv2%2Fmedia&parent=24474"}],"curies":[{"name":"wp","href":"https:\/\/api.w.org\/{rel}","templated":true}]}}