
{"id":6718,"date":"2019-06-25T17:34:51","date_gmt":"2019-06-25T15:34:51","guid":{"rendered":"http:\/\/www.comercialanma.es\/?post_type=product&#038;p=6718"},"modified":"2019-06-28T12:51:40","modified_gmt":"2019-06-28T10:51:40","slug":"anis-seco-deva","status":"publish","type":"product","link":"https:\/\/www.comercialanma.es\/?product=anis-seco-deva","title":{"rendered":"Anis seco extra Deva 3L"},"content":{"rendered":"<div id=\"idTab1\" class=\"rte\">\n<p>Una bebida con un sabor puro y unas propiedades excepcionales para cualquier amante de la bebida anisada, con un grado alcoh\u00f3lico del 43%, y un nivel bajo en az\u00facar, lo que hace un perfecto an\u00eds seco.<\/p>\n<p>Una selecci\u00f3n del fruto con los mejores complementos hace de \u00e9sta una bebida con un sabor \u00fanico que no pierde la esencia del mejor an\u00eds seco perfecto para cualquier momento del d\u00eda. Gracias a sus propiedades digestivas, tambi\u00e9n es se\u00f1alado para sus sobremesas, siempre sorprendiendo con un sabor exquisito y agradable.<\/p>\n<\/div>\n","protected":false},"excerpt":{"rendered":"<p>Una bebida con un sabor puro y unas propiedades excepcionales para cualquier amante de la bebida anisada, con un grado alcoh\u00f3lico del 43%, y un nivel bajo en az\u00facar, lo que hace un perfecto an\u00eds seco. Una selecci\u00f3n del fruto con los mejores complementos hace de \u00e9sta una bebida con un sabor \u00fanico que no &hellip;<\/p>\n","protected":false},"featured_media":6719,"template":"","meta":{"spay_email":""},"yoast_head":"<!-- This site is optimized with the Yoast SEO plugin v15.9 - https:\/\/yoast.com\/wordpress\/plugins\/seo\/ -->\n<title>Anis seco extra Deva 3L - Comercial de Hosteleria Anma<\/title>\n<meta name=\"robots\" content=\"index, follow, max-snippet:-1, max-image-preview:large, max-video-preview:-1\" \/>\n<link rel=\"canonical\" href=\"https:\/\/www.comercialanma.es\/?product=anis-seco-deva\" \/>\n<meta property=\"og:locale\" content=\"es_ES\" \/>\n<meta property=\"og:type\" content=\"article\" \/>\n<meta property=\"og:title\" content=\"Anis seco extra Deva 3L - Comercial de Hosteleria Anma\" \/>\n<meta property=\"og:description\" content=\"Una bebida con un sabor puro y unas propiedades excepcionales para cualquier amante de la bebida anisada, con un grado alcoh\u00f3lico del 43%, y un nivel bajo en az\u00facar, lo que hace un perfecto an\u00eds seco. Una selecci\u00f3n del fruto con los mejores complementos hace de \u00e9sta una bebida con un sabor \u00fanico que no &hellip;\" \/>\n<meta property=\"og:url\" content=\"https:\/\/www.comercialanma.es\/?product=anis-seco-deva\" \/>\n<meta property=\"og:site_name\" content=\"Comercial de Hosteleria Anma\" \/>\n<meta property=\"article:publisher\" content=\"https:\/\/www.facebook.com\/AnmaHosteleria\" \/>\n<meta property=\"article:modified_time\" content=\"2019-06-28T10:51:40+00:00\" \/>\n<meta property=\"og:image\" content=\"https:\/\/i2.wp.com\/www.comercialanma.es\/wp-content\/uploads\/2019\/06\/anis-seco-deva.jpg?fit=1200%2C1200&#038;ssl=1\" \/>\n\t<meta property=\"og:image:width\" content=\"1200\" \/>\n\t<meta property=\"og:image:height\" content=\"1200\" \/>\n<meta name=\"twitter:card\" content=\"summary_large_image\" \/>\n<script type=\"application\/ld+json\" class=\"yoast-schema-graph\">{\"@context\":\"https:\/\/schema.org\",\"@graph\":[{\"@type\":\"Organization\",\"@id\":\"https:\/\/www.comercialanma.es\/#organization\",\"name\":\"Comercial Anma\",\"url\":\"https:\/\/www.comercialanma.es\/\",\"sameAs\":[\"https:\/\/www.facebook.com\/AnmaHosteleria\",\"https:\/\/www.instagram.com\/anmahosteleria\/?hl=es\",\"https:\/\/www.youtube.com\/channel\/UCT2nmn08Ntks0hmpZPnDgCA\"],\"logo\":{\"@type\":\"ImageObject\",\"@id\":\"https:\/\/www.comercialanma.es\/#logo\",\"inLanguage\":\"es\",\"url\":\"https:\/\/i2.wp.com\/www.comercialanma.es\/wp-content\/uploads\/2019\/06\/logo-anma-color.png?fit=247%2C101&ssl=1\",\"width\":247,\"height\":101,\"caption\":\"Comercial Anma\"},\"image\":{\"@id\":\"https:\/\/www.comercialanma.es\/#logo\"}},{\"@type\":\"WebSite\",\"@id\":\"https:\/\/www.comercialanma.es\/#website\",\"url\":\"https:\/\/www.comercialanma.es\/\",\"name\":\"Comercial de Hosteleria Anma\",\"description\":\"\",\"publisher\":{\"@id\":\"https:\/\/www.comercialanma.es\/#organization\"},\"potentialAction\":[{\"@type\":\"SearchAction\",\"target\":\"https:\/\/www.comercialanma.es\/?s={search_term_string}\",\"query-input\":\"required name=search_term_string\"}],\"inLanguage\":\"es\"},{\"@type\":\"ImageObject\",\"@id\":\"https:\/\/www.comercialanma.es\/?product=anis-seco-deva#primaryimage\",\"inLanguage\":\"es\",\"url\":\"https:\/\/i2.wp.com\/www.comercialanma.es\/wp-content\/uploads\/2019\/06\/anis-seco-deva.jpg?fit=1200%2C1200&ssl=1\",\"width\":1200,\"height\":1200},{\"@type\":\"WebPage\",\"@id\":\"https:\/\/www.comercialanma.es\/?product=anis-seco-deva#webpage\",\"url\":\"https:\/\/www.comercialanma.es\/?product=anis-seco-deva\",\"name\":\"Anis seco extra Deva 3L - Comercial de Hosteleria Anma\",\"isPartOf\":{\"@id\":\"https:\/\/www.comercialanma.es\/#website\"},\"primaryImageOfPage\":{\"@id\":\"https:\/\/www.comercialanma.es\/?product=anis-seco-deva#primaryimage\"},\"datePublished\":\"2019-06-25T15:34:51+00:00\",\"dateModified\":\"2019-06-28T10:51:40+00:00\",\"breadcrumb\":{\"@id\":\"https:\/\/www.comercialanma.es\/?product=anis-seco-deva#breadcrumb\"},\"inLanguage\":\"es\",\"potentialAction\":[{\"@type\":\"ReadAction\",\"target\":[\"https:\/\/www.comercialanma.es\/?product=anis-seco-deva\"]}]},{\"@type\":\"BreadcrumbList\",\"@id\":\"https:\/\/www.comercialanma.es\/?product=anis-seco-deva#breadcrumb\",\"itemListElement\":[{\"@type\":\"ListItem\",\"position\":1,\"item\":{\"@type\":\"WebPage\",\"@id\":\"https:\/\/www.comercialanma.es\/\",\"url\":\"https:\/\/www.comercialanma.es\/\",\"name\":\"Portada\"}},{\"@type\":\"ListItem\",\"position\":2,\"item\":{\"@type\":\"WebPage\",\"@id\":\"https:\/\/www.comercialanma.es\/?page_id=3963\",\"url\":\"https:\/\/www.comercialanma.es\/?page_id=3963\",\"name\":\"Cat\\u00e1logo de Productos\"}},{\"@type\":\"ListItem\",\"position\":3,\"item\":{\"@type\":\"WebPage\",\"@id\":\"https:\/\/www.comercialanma.es\/?product=anis-seco-deva\",\"url\":\"https:\/\/www.comercialanma.es\/?product=anis-seco-deva\",\"name\":\"Anis seco extra Deva 3L\"}}]}]}<\/script>\n<!-- \/ Yoast SEO plugin. -->","_links":{"self":[{"href":"https:\/\/www.comercialanma.es\/index.php?rest_route=\/wp\/v2\/product\/6718"}],"collection":[{"href":"https:\/\/www.comercialanma.es\/index.php?rest_route=\/wp\/v2\/product"}],"about":[{"href":"https:\/\/www.comercialanma.es\/index.php?rest_route=\/wp\/v2\/types\/product"}],"version-history":[{"count":2,"href":"https:\/\/www.comercialanma.es\/index.php?rest_route=\/wp\/v2\/product\/6718\/revisions"}],"predecessor-version":[{"id":6721,"href":"https:\/\/www.comercialanma.es\/index.php?rest_route=\/wp\/v2\/product\/6718\/revisions\/6721"}],"wp:featuredmedia":[{"embeddable":true,"href":"https:\/\/www.comercialanma.es\/index.php?rest_route=\/wp\/v2\/media\/6719"}],"wp:attachment":[{"href":"https:\/\/www.comercialanma.es\/index.php?rest_route=%2Fwp%2Fv2%2Fmedia&parent=6718"}],"curies":[{"name":"wp","href":"https:\/\/api.w.org\/{rel}","templated":true}]}}