
{"id":6935,"date":"2019-07-02T10:32:50","date_gmt":"2019-07-02T08:32:50","guid":{"rendered":"http:\/\/www.comercialanma.es\/?post_type=product&#038;p=6935"},"modified":"2019-07-02T10:49:09","modified_gmt":"2019-07-02T08:49:09","slug":"orujo-de-hierbas-valdomino","status":"publish","type":"product","link":"https:\/\/www.comercialanma.es\/?product=orujo-de-hierbas-valdomino","title":{"rendered":"Orujo de caf\u00e9 Pazo de Valdomi\u00f1o 70cl."},"content":{"rendered":"<ul>\n<li>Licor elaborado macerando en Aguardiente de Orujo de Galicia los mejores caf\u00e9s de la zona de Cerrado (Brasil) durante 31 d\u00edas. Transcurrido este tiempo, se filtra y se a\u00f1ade az\u00facar hasta su perfecta disoluci\u00f3n. Posteriormente, se mantiene en reposo doce meses antes de ser embotellado.<\/li>\n<li>Producto Premium acogido a la Indicaci\u00f3n Geogr\u00e1fica Licor Caf\u00e9 de Galicia.<\/li>\n<li>Graduaci\u00f3n 30\u00ba.<\/li>\n<li>Gran intensidad arom\u00e1tica con notas c\u00edtricas, de cacao, vainilla y frutos secos.<\/li>\n<\/ul>\n","protected":false},"excerpt":{"rendered":"<p>Licor elaborado macerando en Aguardiente de Orujo de Galicia los mejores caf\u00e9s de la zona de Cerrado (Brasil) durante 31 d\u00edas.<\/p>\n","protected":false},"featured_media":6936,"template":"","meta":{"spay_email":""},"yoast_head":"<!-- This site is optimized with the Yoast SEO plugin v15.9 - https:\/\/yoast.com\/wordpress\/plugins\/seo\/ -->\n<title>Orujo de caf\u00e9 Pazo de Valdomi\u00f1o 70cl. - Comercial de Hosteleria Anma<\/title>\n<meta name=\"robots\" content=\"index, follow, max-snippet:-1, max-image-preview:large, max-video-preview:-1\" \/>\n<link rel=\"canonical\" href=\"https:\/\/www.comercialanma.es\/?product=orujo-de-hierbas-valdomino\" \/>\n<meta property=\"og:locale\" content=\"es_ES\" \/>\n<meta property=\"og:type\" content=\"article\" \/>\n<meta property=\"og:title\" content=\"Orujo de caf\u00e9 Pazo de Valdomi\u00f1o 70cl. - Comercial de Hosteleria Anma\" \/>\n<meta property=\"og:description\" content=\"Licor elaborado macerando en Aguardiente de Orujo de Galicia los mejores caf\u00e9s de la zona de Cerrado (Brasil) durante 31 d\u00edas.\" \/>\n<meta property=\"og:url\" content=\"https:\/\/www.comercialanma.es\/?product=orujo-de-hierbas-valdomino\" \/>\n<meta property=\"og:site_name\" content=\"Comercial de Hosteleria Anma\" \/>\n<meta property=\"article:publisher\" content=\"https:\/\/www.facebook.com\/AnmaHosteleria\" \/>\n<meta property=\"article:modified_time\" content=\"2019-07-02T08:49:09+00:00\" \/>\n<meta property=\"og:image\" content=\"https:\/\/i0.wp.com\/www.comercialanma.es\/wp-content\/uploads\/2019\/07\/orujo-cafe-pazo-valdomin\u0303o.jpg?fit=1200%2C1200&#038;ssl=1\" \/>\n\t<meta property=\"og:image:width\" content=\"1200\" \/>\n\t<meta property=\"og:image:height\" content=\"1200\" \/>\n<meta name=\"twitter:card\" content=\"summary_large_image\" \/>\n<script type=\"application\/ld+json\" class=\"yoast-schema-graph\">{\"@context\":\"https:\/\/schema.org\",\"@graph\":[{\"@type\":\"Organization\",\"@id\":\"https:\/\/www.comercialanma.es\/#organization\",\"name\":\"Comercial Anma\",\"url\":\"https:\/\/www.comercialanma.es\/\",\"sameAs\":[\"https:\/\/www.facebook.com\/AnmaHosteleria\",\"https:\/\/www.instagram.com\/anmahosteleria\/?hl=es\",\"https:\/\/www.youtube.com\/channel\/UCT2nmn08Ntks0hmpZPnDgCA\"],\"logo\":{\"@type\":\"ImageObject\",\"@id\":\"https:\/\/www.comercialanma.es\/#logo\",\"inLanguage\":\"es\",\"url\":\"https:\/\/i2.wp.com\/www.comercialanma.es\/wp-content\/uploads\/2019\/06\/logo-anma-color.png?fit=247%2C101&ssl=1\",\"width\":247,\"height\":101,\"caption\":\"Comercial Anma\"},\"image\":{\"@id\":\"https:\/\/www.comercialanma.es\/#logo\"}},{\"@type\":\"WebSite\",\"@id\":\"https:\/\/www.comercialanma.es\/#website\",\"url\":\"https:\/\/www.comercialanma.es\/\",\"name\":\"Comercial de Hosteleria Anma\",\"description\":\"\",\"publisher\":{\"@id\":\"https:\/\/www.comercialanma.es\/#organization\"},\"potentialAction\":[{\"@type\":\"SearchAction\",\"target\":\"https:\/\/www.comercialanma.es\/?s={search_term_string}\",\"query-input\":\"required name=search_term_string\"}],\"inLanguage\":\"es\"},{\"@type\":\"ImageObject\",\"@id\":\"https:\/\/www.comercialanma.es\/?product=orujo-de-hierbas-valdomino#primaryimage\",\"inLanguage\":\"es\",\"url\":\"https:\/\/i0.wp.com\/www.comercialanma.es\/wp-content\/uploads\/2019\/07\/orujo-cafe-pazo-valdomin\\u0303o.jpg?fit=1200%2C1200&ssl=1\",\"width\":1200,\"height\":1200},{\"@type\":\"WebPage\",\"@id\":\"https:\/\/www.comercialanma.es\/?product=orujo-de-hierbas-valdomino#webpage\",\"url\":\"https:\/\/www.comercialanma.es\/?product=orujo-de-hierbas-valdomino\",\"name\":\"Orujo de caf\\u00e9 Pazo de Valdomi\\u00f1o 70cl. - Comercial de Hosteleria Anma\",\"isPartOf\":{\"@id\":\"https:\/\/www.comercialanma.es\/#website\"},\"primaryImageOfPage\":{\"@id\":\"https:\/\/www.comercialanma.es\/?product=orujo-de-hierbas-valdomino#primaryimage\"},\"datePublished\":\"2019-07-02T08:32:50+00:00\",\"dateModified\":\"2019-07-02T08:49:09+00:00\",\"breadcrumb\":{\"@id\":\"https:\/\/www.comercialanma.es\/?product=orujo-de-hierbas-valdomino#breadcrumb\"},\"inLanguage\":\"es\",\"potentialAction\":[{\"@type\":\"ReadAction\",\"target\":[\"https:\/\/www.comercialanma.es\/?product=orujo-de-hierbas-valdomino\"]}]},{\"@type\":\"BreadcrumbList\",\"@id\":\"https:\/\/www.comercialanma.es\/?product=orujo-de-hierbas-valdomino#breadcrumb\",\"itemListElement\":[{\"@type\":\"ListItem\",\"position\":1,\"item\":{\"@type\":\"WebPage\",\"@id\":\"https:\/\/www.comercialanma.es\/\",\"url\":\"https:\/\/www.comercialanma.es\/\",\"name\":\"Portada\"}},{\"@type\":\"ListItem\",\"position\":2,\"item\":{\"@type\":\"WebPage\",\"@id\":\"https:\/\/www.comercialanma.es\/?page_id=3963\",\"url\":\"https:\/\/www.comercialanma.es\/?page_id=3963\",\"name\":\"Cat\\u00e1logo de Productos\"}},{\"@type\":\"ListItem\",\"position\":3,\"item\":{\"@type\":\"WebPage\",\"@id\":\"https:\/\/www.comercialanma.es\/?product=orujo-de-hierbas-valdomino\",\"url\":\"https:\/\/www.comercialanma.es\/?product=orujo-de-hierbas-valdomino\",\"name\":\"Orujo de caf\\u00e9 Pazo de Valdomi\\u00f1o 70cl.\"}}]}]}<\/script>\n<!-- \/ Yoast SEO plugin. -->","_links":{"self":[{"href":"https:\/\/www.comercialanma.es\/index.php?rest_route=\/wp\/v2\/product\/6935"}],"collection":[{"href":"https:\/\/www.comercialanma.es\/index.php?rest_route=\/wp\/v2\/product"}],"about":[{"href":"https:\/\/www.comercialanma.es\/index.php?rest_route=\/wp\/v2\/types\/product"}],"version-history":[{"count":1,"href":"https:\/\/www.comercialanma.es\/index.php?rest_route=\/wp\/v2\/product\/6935\/revisions"}],"predecessor-version":[{"id":6937,"href":"https:\/\/www.comercialanma.es\/index.php?rest_route=\/wp\/v2\/product\/6935\/revisions\/6937"}],"wp:featuredmedia":[{"embeddable":true,"href":"https:\/\/www.comercialanma.es\/index.php?rest_route=\/wp\/v2\/media\/6936"}],"wp:attachment":[{"href":"https:\/\/www.comercialanma.es\/index.php?rest_route=%2Fwp%2Fv2%2Fmedia&parent=6935"}],"curies":[{"name":"wp","href":"https:\/\/api.w.org\/{rel}","templated":true}]}}