
{"id":6965,"date":"2019-07-02T12:18:33","date_gmt":"2019-07-02T10:18:33","guid":{"rendered":"http:\/\/www.comercialanma.es\/?post_type=product&#038;p=6965"},"modified":"2026-04-28T15:40:36","modified_gmt":"2026-04-28T13:40:36","slug":"terras-celtas-crema-orujo","status":"publish","type":"product","link":"https:\/\/www.comercialanma.es\/?product=terras-celtas-crema-orujo","title":{"rendered":"Crema de orujo Terras Celtas 70cl."},"content":{"rendered":"<div>\n<div>\n<p>La Crema de Licor Terras Celtas est\u00e1 elaborado por\u00a0La destiler\u00eda Pazo de Valdomi\u00f1o\u00a0que es un referente en el mundo de los Licores en Galicia.<\/p>\n<p>Cuidada materia prima, calidad y dise\u00f1o se fusionan para dar vida a productos y gamas que, por sus caracter\u00edsticas \u00fanicas, nunca pasan desapercibidas ante el gusto y la vista de los amantes de los destilados tradicionales.<\/p>\n<p>Licor elaborado a partir de base l\u00e1ctea con un alto contenido en materia grasa, la cual le aporta untuosidad y persistencia. Aromatizada con extractos naturales, donde se le aporta un gusto y fragancia a toffee y vainilla.<\/p>\n<p>Mant\u00e9ngase en la nevera. No se recomienda el congelador para no desvirtuar su paladar original. Se puede servir con hielo<\/p>\n<p>Graducaci\u00f3n alcoh\u00f3lica Crema de Licor Terras Celtas: 17% vol.<\/p>\n<p>NOTA DE CATA CREMA DE LICOR<\/p>\n<ul>\n<li>Vista:\u00a0color caf\u00e9 con leche.<\/li>\n<li>Nariz:\u00a0goloso en nariz\u00a0con recuerdos de cacao, chocolate, caf\u00e9, junto a notas l\u00e1cteas de nata y fondo especiado de vainilla y toffe.<\/li>\n<li>Boca:\u00a0 muy untuoso con notas de toffee y vainilla.<\/li>\n<\/ul>\n<\/div>\n<\/div>\n","protected":false},"excerpt":{"rendered":"<p>La Crema de Licor Terras Celtas est\u00e1 elaborado por\u00a0La destiler\u00eda Pazo de Valdomi\u00f1o\u00a0que es un referente en el mundo de los Licores en Galicia.<\/p>\n","protected":false},"featured_media":24847,"template":"","meta":{"spay_email":""},"yoast_head":"<!-- This site is optimized with the Yoast SEO plugin v15.9 - https:\/\/yoast.com\/wordpress\/plugins\/seo\/ -->\n<title>Crema de orujo Terras Celtas 70cl. - Comercial de Hosteleria Anma<\/title>\n<meta name=\"robots\" content=\"index, follow, max-snippet:-1, max-image-preview:large, max-video-preview:-1\" \/>\n<link rel=\"canonical\" href=\"https:\/\/www.comercialanma.es\/?product=terras-celtas-crema-orujo\" \/>\n<meta property=\"og:locale\" content=\"es_ES\" \/>\n<meta property=\"og:type\" content=\"article\" \/>\n<meta property=\"og:title\" content=\"Crema de orujo Terras Celtas 70cl. - Comercial de Hosteleria Anma\" \/>\n<meta property=\"og:description\" content=\"La Crema de Licor Terras Celtas est\u00e1 elaborado por\u00a0La destiler\u00eda Pazo de Valdomi\u00f1o\u00a0que es un referente en el mundo de los Licores en Galicia.\" \/>\n<meta property=\"og:url\" content=\"https:\/\/www.comercialanma.es\/?product=terras-celtas-crema-orujo\" \/>\n<meta property=\"og:site_name\" content=\"Comercial de Hosteleria Anma\" \/>\n<meta property=\"article:publisher\" content=\"https:\/\/www.facebook.com\/AnmaHosteleria\" \/>\n<meta property=\"article:modified_time\" content=\"2026-04-28T13:40:36+00:00\" \/>\n<meta property=\"og:image\" content=\"https:\/\/i2.wp.com\/www.comercialanma.es\/wp-content\/uploads\/2019\/07\/terras-celtas-licor-de-crema-2026.jpg?fit=1080%2C1080&#038;ssl=1\" \/>\n\t<meta property=\"og:image:width\" content=\"1080\" \/>\n\t<meta property=\"og:image:height\" content=\"1080\" \/>\n<meta name=\"twitter:card\" content=\"summary_large_image\" \/>\n<meta name=\"twitter:label1\" content=\"Tiempo de lectura\">\n\t<meta name=\"twitter:data1\" content=\"1 minuto\">\n<script type=\"application\/ld+json\" class=\"yoast-schema-graph\">{\"@context\":\"https:\/\/schema.org\",\"@graph\":[{\"@type\":\"Organization\",\"@id\":\"https:\/\/www.comercialanma.es\/#organization\",\"name\":\"Comercial Anma\",\"url\":\"https:\/\/www.comercialanma.es\/\",\"sameAs\":[\"https:\/\/www.facebook.com\/AnmaHosteleria\",\"https:\/\/www.instagram.com\/anmahosteleria\/?hl=es\",\"https:\/\/www.youtube.com\/channel\/UCT2nmn08Ntks0hmpZPnDgCA\"],\"logo\":{\"@type\":\"ImageObject\",\"@id\":\"https:\/\/www.comercialanma.es\/#logo\",\"inLanguage\":\"es\",\"url\":\"https:\/\/i2.wp.com\/www.comercialanma.es\/wp-content\/uploads\/2019\/06\/logo-anma-color.png?fit=247%2C101&ssl=1\",\"width\":247,\"height\":101,\"caption\":\"Comercial Anma\"},\"image\":{\"@id\":\"https:\/\/www.comercialanma.es\/#logo\"}},{\"@type\":\"WebSite\",\"@id\":\"https:\/\/www.comercialanma.es\/#website\",\"url\":\"https:\/\/www.comercialanma.es\/\",\"name\":\"Comercial de Hosteleria Anma\",\"description\":\"\",\"publisher\":{\"@id\":\"https:\/\/www.comercialanma.es\/#organization\"},\"potentialAction\":[{\"@type\":\"SearchAction\",\"target\":\"https:\/\/www.comercialanma.es\/?s={search_term_string}\",\"query-input\":\"required name=search_term_string\"}],\"inLanguage\":\"es\"},{\"@type\":\"ImageObject\",\"@id\":\"https:\/\/www.comercialanma.es\/?product=terras-celtas-crema-orujo#primaryimage\",\"inLanguage\":\"es\",\"url\":\"https:\/\/i2.wp.com\/www.comercialanma.es\/wp-content\/uploads\/2019\/07\/terras-celtas-licor-de-crema-2026.jpg?fit=1080%2C1080&ssl=1\",\"width\":1080,\"height\":1080},{\"@type\":\"WebPage\",\"@id\":\"https:\/\/www.comercialanma.es\/?product=terras-celtas-crema-orujo#webpage\",\"url\":\"https:\/\/www.comercialanma.es\/?product=terras-celtas-crema-orujo\",\"name\":\"Crema de orujo Terras Celtas 70cl. - Comercial de Hosteleria Anma\",\"isPartOf\":{\"@id\":\"https:\/\/www.comercialanma.es\/#website\"},\"primaryImageOfPage\":{\"@id\":\"https:\/\/www.comercialanma.es\/?product=terras-celtas-crema-orujo#primaryimage\"},\"datePublished\":\"2019-07-02T10:18:33+00:00\",\"dateModified\":\"2026-04-28T13:40:36+00:00\",\"breadcrumb\":{\"@id\":\"https:\/\/www.comercialanma.es\/?product=terras-celtas-crema-orujo#breadcrumb\"},\"inLanguage\":\"es\",\"potentialAction\":[{\"@type\":\"ReadAction\",\"target\":[\"https:\/\/www.comercialanma.es\/?product=terras-celtas-crema-orujo\"]}]},{\"@type\":\"BreadcrumbList\",\"@id\":\"https:\/\/www.comercialanma.es\/?product=terras-celtas-crema-orujo#breadcrumb\",\"itemListElement\":[{\"@type\":\"ListItem\",\"position\":1,\"item\":{\"@type\":\"WebPage\",\"@id\":\"https:\/\/www.comercialanma.es\/\",\"url\":\"https:\/\/www.comercialanma.es\/\",\"name\":\"Portada\"}},{\"@type\":\"ListItem\",\"position\":2,\"item\":{\"@type\":\"WebPage\",\"@id\":\"https:\/\/www.comercialanma.es\/?page_id=3963\",\"url\":\"https:\/\/www.comercialanma.es\/?page_id=3963\",\"name\":\"Cat\\u00e1logo de Productos\"}},{\"@type\":\"ListItem\",\"position\":3,\"item\":{\"@type\":\"WebPage\",\"@id\":\"https:\/\/www.comercialanma.es\/?product=terras-celtas-crema-orujo\",\"url\":\"https:\/\/www.comercialanma.es\/?product=terras-celtas-crema-orujo\",\"name\":\"Crema de orujo Terras Celtas 70cl.\"}}]}]}<\/script>\n<!-- \/ Yoast SEO plugin. -->","_links":{"self":[{"href":"https:\/\/www.comercialanma.es\/index.php?rest_route=\/wp\/v2\/product\/6965"}],"collection":[{"href":"https:\/\/www.comercialanma.es\/index.php?rest_route=\/wp\/v2\/product"}],"about":[{"href":"https:\/\/www.comercialanma.es\/index.php?rest_route=\/wp\/v2\/types\/product"}],"version-history":[{"count":1,"href":"https:\/\/www.comercialanma.es\/index.php?rest_route=\/wp\/v2\/product\/6965\/revisions"}],"predecessor-version":[{"id":6966,"href":"https:\/\/www.comercialanma.es\/index.php?rest_route=\/wp\/v2\/product\/6965\/revisions\/6966"}],"wp:featuredmedia":[{"embeddable":true,"href":"https:\/\/www.comercialanma.es\/index.php?rest_route=\/wp\/v2\/media\/24847"}],"wp:attachment":[{"href":"https:\/\/www.comercialanma.es\/index.php?rest_route=%2Fwp%2Fv2%2Fmedia&parent=6965"}],"curies":[{"name":"wp","href":"https:\/\/api.w.org\/{rel}","templated":true}]}}