
{"id":7109,"date":"2019-07-04T09:14:53","date_gmt":"2019-07-04T07:14:53","guid":{"rendered":"http:\/\/www.comercialanma.es\/?post_type=product&#038;p=7109"},"modified":"2019-07-04T09:20:31","modified_gmt":"2019-07-04T07:20:31","slug":"vermut-espinaler-negro","status":"publish","type":"product","link":"https:\/\/www.comercialanma.es\/?product=vermut-espinaler-negro","title":{"rendered":"Vermut negro Espinaler 75cl."},"content":{"rendered":"<article>\n<div id=\"herramientas_producto\">\n<div id=\"my-tab-content\">\n<div id=\"descri_product\">\n<div>\n<div id=\"tab-description\">\n<ul>\n<li>En este proceso, la materia primera pasa por una delicada y elegante maceraci\u00f3n con hierbas arom\u00e1ticas como la artemisia vulgaris, el d\u00edctamo de Creta y la Kina.<\/li>\n<li>Es esta combinaci\u00f3n la que consigue darle\u00a0un buqu\u00e9 \u00fanico.<\/li>\n<li>El resultado es un\u00a0vermut rojo rub\u00ed con tonalidades teja, dulce, brillante y con un aroma intenso y fresco a or\u00e9gano, menta y caramelo.<\/li>\n<\/ul>\n<\/div>\n<\/div>\n<\/div>\n<\/div>\n<\/div>\n<\/article>\n<aside class=\"col-md-3 col-sm-6 col-xs-12\">\n<h3><\/h3>\n<\/aside>\n","protected":false},"excerpt":{"rendered":"<div id=\"info_valoracion\">\n<p>El vermut negro (o rojo) Espinaler se elabora a partir de una receta \u00fanica basada en vino blanco de alta calidad.<\/p>\n<\/div>\n<p>&nbsp;<\/p>\n","protected":false},"featured_media":7110,"template":"","meta":{"spay_email":""},"yoast_head":"<!-- This site is optimized with the Yoast SEO plugin v15.9 - https:\/\/yoast.com\/wordpress\/plugins\/seo\/ -->\n<title>Vermut negro Espinaler 75cl. - Comercial de Hosteleria Anma<\/title>\n<meta name=\"robots\" content=\"index, follow, max-snippet:-1, max-image-preview:large, max-video-preview:-1\" \/>\n<link rel=\"canonical\" href=\"https:\/\/www.comercialanma.es\/?product=vermut-espinaler-negro\" \/>\n<meta property=\"og:locale\" content=\"es_ES\" \/>\n<meta property=\"og:type\" content=\"article\" \/>\n<meta property=\"og:title\" content=\"Vermut negro Espinaler 75cl. - Comercial de Hosteleria Anma\" \/>\n<meta property=\"og:description\" content=\"El vermut negro (o rojo) Espinaler se elabora a partir de una receta \u00fanica basada en vino blanco de alta calidad.   &nbsp;\" \/>\n<meta property=\"og:url\" content=\"https:\/\/www.comercialanma.es\/?product=vermut-espinaler-negro\" \/>\n<meta property=\"og:site_name\" content=\"Comercial de Hosteleria Anma\" \/>\n<meta property=\"article:publisher\" content=\"https:\/\/www.facebook.com\/AnmaHosteleria\" \/>\n<meta property=\"article:modified_time\" content=\"2019-07-04T07:20:31+00:00\" \/>\n<meta property=\"og:image\" content=\"https:\/\/i2.wp.com\/www.comercialanma.es\/wp-content\/uploads\/2019\/07\/vermut-espinaler.jpg?fit=1200%2C1200&#038;ssl=1\" \/>\n\t<meta property=\"og:image:width\" content=\"1200\" \/>\n\t<meta property=\"og:image:height\" content=\"1200\" \/>\n<meta name=\"twitter:card\" content=\"summary_large_image\" \/>\n<script type=\"application\/ld+json\" class=\"yoast-schema-graph\">{\"@context\":\"https:\/\/schema.org\",\"@graph\":[{\"@type\":\"Organization\",\"@id\":\"https:\/\/www.comercialanma.es\/#organization\",\"name\":\"Comercial Anma\",\"url\":\"https:\/\/www.comercialanma.es\/\",\"sameAs\":[\"https:\/\/www.facebook.com\/AnmaHosteleria\",\"https:\/\/www.instagram.com\/anmahosteleria\/?hl=es\",\"https:\/\/www.youtube.com\/channel\/UCT2nmn08Ntks0hmpZPnDgCA\"],\"logo\":{\"@type\":\"ImageObject\",\"@id\":\"https:\/\/www.comercialanma.es\/#logo\",\"inLanguage\":\"es\",\"url\":\"https:\/\/i2.wp.com\/www.comercialanma.es\/wp-content\/uploads\/2019\/06\/logo-anma-color.png?fit=247%2C101&ssl=1\",\"width\":247,\"height\":101,\"caption\":\"Comercial Anma\"},\"image\":{\"@id\":\"https:\/\/www.comercialanma.es\/#logo\"}},{\"@type\":\"WebSite\",\"@id\":\"https:\/\/www.comercialanma.es\/#website\",\"url\":\"https:\/\/www.comercialanma.es\/\",\"name\":\"Comercial de Hosteleria Anma\",\"description\":\"\",\"publisher\":{\"@id\":\"https:\/\/www.comercialanma.es\/#organization\"},\"potentialAction\":[{\"@type\":\"SearchAction\",\"target\":\"https:\/\/www.comercialanma.es\/?s={search_term_string}\",\"query-input\":\"required name=search_term_string\"}],\"inLanguage\":\"es\"},{\"@type\":\"ImageObject\",\"@id\":\"https:\/\/www.comercialanma.es\/?product=vermut-espinaler-negro#primaryimage\",\"inLanguage\":\"es\",\"url\":\"https:\/\/i2.wp.com\/www.comercialanma.es\/wp-content\/uploads\/2019\/07\/vermut-espinaler.jpg?fit=1200%2C1200&ssl=1\",\"width\":1200,\"height\":1200},{\"@type\":\"WebPage\",\"@id\":\"https:\/\/www.comercialanma.es\/?product=vermut-espinaler-negro#webpage\",\"url\":\"https:\/\/www.comercialanma.es\/?product=vermut-espinaler-negro\",\"name\":\"Vermut negro Espinaler 75cl. - Comercial de Hosteleria Anma\",\"isPartOf\":{\"@id\":\"https:\/\/www.comercialanma.es\/#website\"},\"primaryImageOfPage\":{\"@id\":\"https:\/\/www.comercialanma.es\/?product=vermut-espinaler-negro#primaryimage\"},\"datePublished\":\"2019-07-04T07:14:53+00:00\",\"dateModified\":\"2019-07-04T07:20:31+00:00\",\"breadcrumb\":{\"@id\":\"https:\/\/www.comercialanma.es\/?product=vermut-espinaler-negro#breadcrumb\"},\"inLanguage\":\"es\",\"potentialAction\":[{\"@type\":\"ReadAction\",\"target\":[\"https:\/\/www.comercialanma.es\/?product=vermut-espinaler-negro\"]}]},{\"@type\":\"BreadcrumbList\",\"@id\":\"https:\/\/www.comercialanma.es\/?product=vermut-espinaler-negro#breadcrumb\",\"itemListElement\":[{\"@type\":\"ListItem\",\"position\":1,\"item\":{\"@type\":\"WebPage\",\"@id\":\"https:\/\/www.comercialanma.es\/\",\"url\":\"https:\/\/www.comercialanma.es\/\",\"name\":\"Portada\"}},{\"@type\":\"ListItem\",\"position\":2,\"item\":{\"@type\":\"WebPage\",\"@id\":\"https:\/\/www.comercialanma.es\/?page_id=3963\",\"url\":\"https:\/\/www.comercialanma.es\/?page_id=3963\",\"name\":\"Cat\\u00e1logo de Productos\"}},{\"@type\":\"ListItem\",\"position\":3,\"item\":{\"@type\":\"WebPage\",\"@id\":\"https:\/\/www.comercialanma.es\/?product=vermut-espinaler-negro\",\"url\":\"https:\/\/www.comercialanma.es\/?product=vermut-espinaler-negro\",\"name\":\"Vermut negro Espinaler 75cl.\"}}]}]}<\/script>\n<!-- \/ Yoast SEO plugin. -->","_links":{"self":[{"href":"https:\/\/www.comercialanma.es\/index.php?rest_route=\/wp\/v2\/product\/7109"}],"collection":[{"href":"https:\/\/www.comercialanma.es\/index.php?rest_route=\/wp\/v2\/product"}],"about":[{"href":"https:\/\/www.comercialanma.es\/index.php?rest_route=\/wp\/v2\/types\/product"}],"version-history":[{"count":2,"href":"https:\/\/www.comercialanma.es\/index.php?rest_route=\/wp\/v2\/product\/7109\/revisions"}],"predecessor-version":[{"id":7112,"href":"https:\/\/www.comercialanma.es\/index.php?rest_route=\/wp\/v2\/product\/7109\/revisions\/7112"}],"wp:featuredmedia":[{"embeddable":true,"href":"https:\/\/www.comercialanma.es\/index.php?rest_route=\/wp\/v2\/media\/7110"}],"wp:attachment":[{"href":"https:\/\/www.comercialanma.es\/index.php?rest_route=%2Fwp%2Fv2%2Fmedia&parent=7109"}],"curies":[{"name":"wp","href":"https:\/\/api.w.org\/{rel}","templated":true}]}}