
{"id":7170,"date":"2019-07-04T12:09:11","date_gmt":"2019-07-04T10:09:11","guid":{"rendered":"http:\/\/www.comercialanma.es\/?post_type=product&#038;p=7170"},"modified":"2019-07-04T12:13:47","modified_gmt":"2019-07-04T10:13:47","slug":"vermouth-dry-la-quintinye-royal-75cl","status":"publish","type":"product","link":"https:\/\/www.comercialanma.es\/?product=vermouth-dry-la-quintinye-royal-75cl","title":{"rendered":"Vermouth Dry La Quintinye Royal 75cl."},"content":{"rendered":"<p>Nacido en los vi\u00f1edos de Maison Villevert, en pleno coraz\u00f3n de la regi\u00f3n de Charente, Francia, La Quintinye Vermouth Royal es un elegante y delicado vermut de alta calidad y refinado sabor. Su base v\u00ednica ha sido cuidadosamente seleccionada, y por primera vez en un vermut, incluye Pineau des Charentes; un reconocido vino fortificado hecho a partir de la combinaci\u00f3n de mosto de uva y Cognac (los cuales est\u00e1n producidos en una finca con la misma denominaci\u00f3n de origen).<\/p>\n<div class=\"cont_des_large\">\n<h3>Nota de cata de La Quintinye Vermouth Royal Extra Dry<\/h3>\n<ul>\n<li>La Quintinye Vermouth Royal Extra Dry est\u00e1 elaborado con una selecci\u00f3n de 27 plantas y especias junto con una mezcla de vinos blancos y de Pineau des Charentes blanco, La Quintinye Extra-Dry resalta con sus potentes notas herb\u00e1ceas.<\/li>\n<li>Es de color dorado. En nariz es floral, equilibrado con tonos especiados y la mezcla de toques licorosos y aromas anisados.<br \/>\nEn boca es fresco y complejo, se perciben tonos florales y c\u00edtricos que acompa\u00f1an un final sabroso aportado por el Pineau.<\/li>\n<\/ul>\n<\/div>\n","protected":false},"excerpt":{"rendered":"<p><strong>La Quintinye Vermouth Royal<\/strong> es un elegante y delicado vermut de alta calidad y refinado sabor.<\/p>\n<p>La variedad La Quintinye Extra Dry tiene una base de vino Pineau des Charentes blanco. La Quintinye es un vermut perfectamente equilibrado gracias a la combinaci\u00f3n de aromas del Pineau des Charentes, que aportan cuerpo e intensidad al amargor de los bot\u00e1nicos.<\/p>\n","protected":false},"featured_media":7171,"template":"","meta":{"spay_email":""},"yoast_head":"<!-- This site is optimized with the Yoast SEO plugin v15.9 - https:\/\/yoast.com\/wordpress\/plugins\/seo\/ -->\n<title>Vermouth Dry La Quintinye Royal 75cl. - Comercial de Hosteleria Anma<\/title>\n<meta name=\"robots\" content=\"index, follow, max-snippet:-1, max-image-preview:large, max-video-preview:-1\" \/>\n<link rel=\"canonical\" href=\"https:\/\/www.comercialanma.es\/?product=vermouth-dry-la-quintinye-royal-75cl\" \/>\n<meta property=\"og:locale\" content=\"es_ES\" \/>\n<meta property=\"og:type\" content=\"article\" \/>\n<meta property=\"og:title\" content=\"Vermouth Dry La Quintinye Royal 75cl. - Comercial de Hosteleria Anma\" \/>\n<meta property=\"og:description\" content=\"La Quintinye Vermouth Royal es un elegante y delicado vermut de alta calidad y refinado sabor.  La variedad La Quintinye Extra Dry tiene una base de vino Pineau des Charentes blanco. La Quintinye es un vermut perfectamente equilibrado gracias a la combinaci\u00f3n de aromas del Pineau des Charentes, que aportan cuerpo e intensidad al amargor de los bot\u00e1nicos.\" \/>\n<meta property=\"og:url\" content=\"https:\/\/www.comercialanma.es\/?product=vermouth-dry-la-quintinye-royal-75cl\" \/>\n<meta property=\"og:site_name\" content=\"Comercial de Hosteleria Anma\" \/>\n<meta property=\"article:publisher\" content=\"https:\/\/www.facebook.com\/AnmaHosteleria\" \/>\n<meta property=\"article:modified_time\" content=\"2019-07-04T10:13:47+00:00\" \/>\n<meta property=\"og:image\" content=\"https:\/\/i1.wp.com\/www.comercialanma.es\/wp-content\/uploads\/2019\/07\/quintinye-dry.jpg?fit=1200%2C1200&#038;ssl=1\" \/>\n\t<meta property=\"og:image:width\" content=\"1200\" \/>\n\t<meta property=\"og:image:height\" content=\"1200\" \/>\n<meta name=\"twitter:card\" content=\"summary_large_image\" \/>\n<meta name=\"twitter:label1\" content=\"Tiempo de lectura\">\n\t<meta name=\"twitter:data1\" content=\"1 minuto\">\n<script type=\"application\/ld+json\" class=\"yoast-schema-graph\">{\"@context\":\"https:\/\/schema.org\",\"@graph\":[{\"@type\":\"Organization\",\"@id\":\"https:\/\/www.comercialanma.es\/#organization\",\"name\":\"Comercial Anma\",\"url\":\"https:\/\/www.comercialanma.es\/\",\"sameAs\":[\"https:\/\/www.facebook.com\/AnmaHosteleria\",\"https:\/\/www.instagram.com\/anmahosteleria\/?hl=es\",\"https:\/\/www.youtube.com\/channel\/UCT2nmn08Ntks0hmpZPnDgCA\"],\"logo\":{\"@type\":\"ImageObject\",\"@id\":\"https:\/\/www.comercialanma.es\/#logo\",\"inLanguage\":\"es\",\"url\":\"https:\/\/i2.wp.com\/www.comercialanma.es\/wp-content\/uploads\/2019\/06\/logo-anma-color.png?fit=247%2C101&ssl=1\",\"width\":247,\"height\":101,\"caption\":\"Comercial Anma\"},\"image\":{\"@id\":\"https:\/\/www.comercialanma.es\/#logo\"}},{\"@type\":\"WebSite\",\"@id\":\"https:\/\/www.comercialanma.es\/#website\",\"url\":\"https:\/\/www.comercialanma.es\/\",\"name\":\"Comercial de Hosteleria Anma\",\"description\":\"\",\"publisher\":{\"@id\":\"https:\/\/www.comercialanma.es\/#organization\"},\"potentialAction\":[{\"@type\":\"SearchAction\",\"target\":\"https:\/\/www.comercialanma.es\/?s={search_term_string}\",\"query-input\":\"required name=search_term_string\"}],\"inLanguage\":\"es\"},{\"@type\":\"ImageObject\",\"@id\":\"https:\/\/www.comercialanma.es\/?product=vermouth-dry-la-quintinye-royal-75cl#primaryimage\",\"inLanguage\":\"es\",\"url\":\"https:\/\/i1.wp.com\/www.comercialanma.es\/wp-content\/uploads\/2019\/07\/quintinye-dry.jpg?fit=1200%2C1200&ssl=1\",\"width\":1200,\"height\":1200},{\"@type\":\"WebPage\",\"@id\":\"https:\/\/www.comercialanma.es\/?product=vermouth-dry-la-quintinye-royal-75cl#webpage\",\"url\":\"https:\/\/www.comercialanma.es\/?product=vermouth-dry-la-quintinye-royal-75cl\",\"name\":\"Vermouth Dry La Quintinye Royal 75cl. - Comercial de Hosteleria Anma\",\"isPartOf\":{\"@id\":\"https:\/\/www.comercialanma.es\/#website\"},\"primaryImageOfPage\":{\"@id\":\"https:\/\/www.comercialanma.es\/?product=vermouth-dry-la-quintinye-royal-75cl#primaryimage\"},\"datePublished\":\"2019-07-04T10:09:11+00:00\",\"dateModified\":\"2019-07-04T10:13:47+00:00\",\"breadcrumb\":{\"@id\":\"https:\/\/www.comercialanma.es\/?product=vermouth-dry-la-quintinye-royal-75cl#breadcrumb\"},\"inLanguage\":\"es\",\"potentialAction\":[{\"@type\":\"ReadAction\",\"target\":[\"https:\/\/www.comercialanma.es\/?product=vermouth-dry-la-quintinye-royal-75cl\"]}]},{\"@type\":\"BreadcrumbList\",\"@id\":\"https:\/\/www.comercialanma.es\/?product=vermouth-dry-la-quintinye-royal-75cl#breadcrumb\",\"itemListElement\":[{\"@type\":\"ListItem\",\"position\":1,\"item\":{\"@type\":\"WebPage\",\"@id\":\"https:\/\/www.comercialanma.es\/\",\"url\":\"https:\/\/www.comercialanma.es\/\",\"name\":\"Portada\"}},{\"@type\":\"ListItem\",\"position\":2,\"item\":{\"@type\":\"WebPage\",\"@id\":\"https:\/\/www.comercialanma.es\/?page_id=3963\",\"url\":\"https:\/\/www.comercialanma.es\/?page_id=3963\",\"name\":\"Cat\\u00e1logo de Productos\"}},{\"@type\":\"ListItem\",\"position\":3,\"item\":{\"@type\":\"WebPage\",\"@id\":\"https:\/\/www.comercialanma.es\/?product=vermouth-dry-la-quintinye-royal-75cl\",\"url\":\"https:\/\/www.comercialanma.es\/?product=vermouth-dry-la-quintinye-royal-75cl\",\"name\":\"Vermouth Dry La Quintinye Royal 75cl.\"}}]}]}<\/script>\n<!-- \/ Yoast SEO plugin. -->","_links":{"self":[{"href":"https:\/\/www.comercialanma.es\/index.php?rest_route=\/wp\/v2\/product\/7170"}],"collection":[{"href":"https:\/\/www.comercialanma.es\/index.php?rest_route=\/wp\/v2\/product"}],"about":[{"href":"https:\/\/www.comercialanma.es\/index.php?rest_route=\/wp\/v2\/types\/product"}],"version-history":[{"count":1,"href":"https:\/\/www.comercialanma.es\/index.php?rest_route=\/wp\/v2\/product\/7170\/revisions"}],"predecessor-version":[{"id":7172,"href":"https:\/\/www.comercialanma.es\/index.php?rest_route=\/wp\/v2\/product\/7170\/revisions\/7172"}],"wp:featuredmedia":[{"embeddable":true,"href":"https:\/\/www.comercialanma.es\/index.php?rest_route=\/wp\/v2\/media\/7171"}],"wp:attachment":[{"href":"https:\/\/www.comercialanma.es\/index.php?rest_route=%2Fwp%2Fv2%2Fmedia&parent=7170"}],"curies":[{"name":"wp","href":"https:\/\/api.w.org\/{rel}","templated":true}]}}